{"id":22444,"date":"2025-02-24T10:17:53","date_gmt":"2025-02-24T09:17:53","guid":{"rendered":"https:\/\/wiersholm.no\/en\/?page_id=22444"},"modified":"2026-03-10T13:10:00","modified_gmt":"2026-03-10T12:10:00","slug":"looking-back-at-the-nordic-buy-out-forum-2011-2024","status":"publish","type":"page","link":"https:\/\/wiersholm.no\/en\/looking-back-at-the-nordic-buy-out-forum-2011-2024\/","title":{"rendered":"Looking back at the Nordic Buy Out Forum 2011-2024"},"content":{"rendered":"<h1 class=\"wp-block-post-title\">Looking back at the Nordic Buy Out Forum 2011-2024<\/h1>\n\n\n<p>Nordic Buy Out Forum is the largest annual M&amp;A conference in the Nordic region. The conference was established in 2011 and is organised by Wiersholm, with support from the Norwegian Venture Capital &amp; Private Equity Association (NVCA). Nordic Buy Out Forum is a recognised arena for networking and knowledge sharing for the venture capital and private equity industry and others involved in the transaction market in Norway and the other Nordic countries.<\/p>\n\n\n\n<p>Over the past 14 years, we have had a number of prominent speakers, both from the Nordic region and other countries.<\/p>\n\n\n\n<figure class=\"wp-block-image size-large\"><img decoding=\"async\" src=\"https:\/\/wiersholm.no\/content\/uploads\/2024\/12\/Jarle-1-1024x576.jpg\" alt=\"\" class=\"wp-image-22971\"\/><\/figure>\n\n\n\n<h2 class=\"wp-block-heading\" id=\"h-agendas-2011-2024\">Agendas 2011-2024<\/h2>\n\n\n<div class=\"t2-accordion wp-block-t2-accordion\" data-allow-multiple=\"1\" role=\"list\">\n<div class=\"t2-accordion-item wp-block-t2-accordion-item\" role=\"listitem\">\n\t\t\t<h2 class=\"t2-accordion-title\">\n\t\t\t\t<button type=\"button\" class=\"t2-accordion-trigger\" id=\"nordic-buy-out-forum-2024\" aria-controls=\"accordion-panel\" aria-expanded=\"false\">\n\t\t\t\t\tNordic Buy Out Forum 2024\n\t\t\t\t\t<span class=\"t2-accordion-icon is-closed-icon\"><svg xmlns=\"http:\/\/www.w3.org\/2000\/svg\" viewBox=\"0 0 24 24\" height=\"24\" width=\"24\" class=\"t2-icon t2-icon-add\" aria-hidden=\"true\" focusable=\"false\"><g stroke=\"currentColor\" stroke-linecap=\"round\" stroke-linejoin=\"round\" stroke-width=\"1\" style=\"transform: scale(1);vector-effect: non-scaling-stroke;\"><path d=\"M12 4V20\" stroke=\"currentColor\" stroke-linecap=\"round\" stroke-linejoin=\"round\"\/><path d=\"M4 12H20\" stroke=\"currentColor\" stroke-linecap=\"round\" stroke-linejoin=\"round\"\/><\/g><\/svg><\/span>\n\t\t\t\t\t<span class=\"t2-accordion-icon is-open-icon\"><svg xmlns=\"http:\/\/www.w3.org\/2000\/svg\" viewBox=\"0 0 24 24\" height=\"24\" width=\"24\" class=\"t2-icon t2-icon-remove\" aria-hidden=\"true\" focusable=\"false\"><g stroke=\"currentColor\" stroke-linecap=\"round\" stroke-linejoin=\"round\" stroke-width=\"1\" style=\"transform: scale(1);vector-effect: non-scaling-stroke;\"><path d=\"M4 12H20\" stroke=\"currentColor\" stroke-linecap=\"round\" stroke-linejoin=\"round\"\/><\/g><\/svg><\/span>\n\t\t\t\t<\/button>\n\t\t\t<\/h2>\n\t\t\t<div class=\"t2-accordion-item__inner-container is-layout-flow\" id=\"accordion-panel\" aria-labelledby=\"nordic-buy-out-forum-2024\" role=\"region\" hidden>\n\t\t\t\t\n\n<p><strong>Welcome<\/strong><\/p>\n\n\n\n<ul class=\"wp-block-list\">\n<li>Opening Remarks \/\/ Jarle Kvam and Andreas Gustavson, Wiersholm<\/li>\n\n\n\n<li>State of the Nordic fundraising climate \/\/ Ellen Amalie Vold, NVCA<\/li>\n<\/ul>\n\n\n\n<p><strong>Part 1 | Navigating growth and value creation during turbulent market conditions<\/strong><\/p>\n\n\n\n<ul class=\"wp-block-list\">\n<li>Private equity outlook &#8211; poised for resurgence after significant reset, albeit with new rules of the game <em>\/\/ Guillaume Rubens, BCG<\/em><\/li>\n\n\n\n<li>Picking the Right Startups to Invest In: The Good, the Bad, and the Ugly Truths <em>\/\/ Raja <\/em><em>Skogland<\/em><em>, The Visionary Company<\/em><\/li>\n\n\n\n<li>The role of venture capital in accelerating the growth of successful next generation companies <em>\/\/ Trond Riiber Knudsen, TRK Group<\/em> From Small Shop to Nordic Leader in 4 years: A CEO\u2019s Key Takeaways for M&amp;A Success <em>\/\/ Sten-Roger Karlsen, Investinor<\/em><\/li>\n\n\n\n<li>Achieving More <em>\/\/ Frode Strand-Nilsen, FSN Capital<\/em><\/li>\n\n\n\n<li>Buy-out financing \u2013 a commodity or a forgotten superpower <em>\/\/ Karl Dalby Skjelbred and Christel <\/em><em>Heckmann<\/em><em>, Danske Bank<\/em><\/li>\n<\/ul>\n\n\n\n<p><strong>Part 2 | Industry and sector deep dives &#8211; and strategies for success<\/strong><\/p>\n\n\n\n<ul class=\"wp-block-list\">\n<li>A Thousand and One Sector: Navigating Health Care Investing <em>\/\/ Adina <\/em><em>Symreng<\/em><em>, BCG<\/em><\/li>\n\n\n\n<li>Navigating in the tide; Kverva&#8217;s buy and build strategy <em>\/\/ Torgeir <\/em><em>Svae<\/em><em>, <\/em><em>Kverva<\/em><\/li>\n\n\n\n<li>Why and how the Nordic Bond market plays\/can play an active role in construction financing of critical mineral providers domestically and internationally <em>\/\/ Hans-Arne L&#8217;Orange, Clarksons Securities<\/em><\/li>\n\n\n\n<li>The Schibsted story: a year of big bang transactions turning Schibsted from a media tech conglomerate to a pure play marketplace company<br><em>\/\/ Fredrik Bj\u00f8rland, Schibsted<\/em><\/li>\n<\/ul>\n\n\n\n<p><strong>Part 3 | AI &#8211; Transforming and disrupting business landscapes<\/strong><\/p>\n\n\n\n<ul class=\"wp-block-list\">\n<li>Using AI to transform businesses <em>\/\/ Bj\u00f8rn Olstad, Microsoft<\/em><\/li>\n\n\n\n<li>Implementing AI in Transactions: Concrete Use Cases <em>\/\/ Maged Helmy, <\/em><em>Newcode<\/em><\/li>\n\n\n\n<li>Investing in AI businesses \u2013 key legal considerations <em>\/\/ Theresa Schumacher Walberg, Wiersholm<\/em><\/li>\n<\/ul>\n\n\n\n<p><strong>Part 4 | Future outlooks and geopolitics post US elections<\/strong><\/p>\n\n\n\n<ul class=\"wp-block-list\">\n<li>Calm before the trade storm <em>\/\/ Nora <\/em><em>Szentivanyi<\/em><em>, JP Morgan<\/em><\/li>\n\n\n\n<li>Closing Remarks <em>\/\/ Jarle Kvam, Wiersholm<\/em><\/li>\n<\/ul>\n\n\n\t\t\t<\/div>\n\t\t<\/div>\n\n<div class=\"t2-accordion-item wp-block-t2-accordion-item\" role=\"listitem\">\n\t\t\t<h2 class=\"t2-accordion-title\">\n\t\t\t\t<button type=\"button\" class=\"t2-accordion-trigger\" id=\"nordic-buy-out-forum-2023\" aria-controls=\"accordion-panel-1\" aria-expanded=\"false\">\n\t\t\t\t\tNordic Buy Out Forum 2023\n\t\t\t\t\t<span class=\"t2-accordion-icon is-closed-icon\"><svg xmlns=\"http:\/\/www.w3.org\/2000\/svg\" viewBox=\"0 0 24 24\" height=\"24\" width=\"24\" class=\"t2-icon t2-icon-add\" aria-hidden=\"true\" focusable=\"false\"><g stroke=\"currentColor\" stroke-linecap=\"round\" stroke-linejoin=\"round\" stroke-width=\"1\" style=\"transform: scale(1);vector-effect: non-scaling-stroke;\"><path d=\"M12 4V20\" stroke=\"currentColor\" stroke-linecap=\"round\" stroke-linejoin=\"round\"\/><path d=\"M4 12H20\" stroke=\"currentColor\" stroke-linecap=\"round\" stroke-linejoin=\"round\"\/><\/g><\/svg><\/span>\n\t\t\t\t\t<span class=\"t2-accordion-icon is-open-icon\"><svg xmlns=\"http:\/\/www.w3.org\/2000\/svg\" viewBox=\"0 0 24 24\" height=\"24\" width=\"24\" class=\"t2-icon t2-icon-remove\" aria-hidden=\"true\" focusable=\"false\"><g stroke=\"currentColor\" stroke-linecap=\"round\" stroke-linejoin=\"round\" stroke-width=\"1\" style=\"transform: scale(1);vector-effect: non-scaling-stroke;\"><path d=\"M4 12H20\" stroke=\"currentColor\" stroke-linecap=\"round\" stroke-linejoin=\"round\"\/><\/g><\/svg><\/span>\n\t\t\t\t<\/button>\n\t\t\t<\/h2>\n\t\t\t<div class=\"t2-accordion-item__inner-container is-layout-flow\" id=\"accordion-panel-1\" aria-labelledby=\"nordic-buy-out-forum-2023\" role=\"region\" hidden>\n\t\t\t\t\n\n<p><strong>Part 1 | Market Trends &amp; Outlooks<\/strong><\/p>\n\n\n\n<ul class=\"wp-block-list\">\n<li>Opening remarks: M&amp;A highlights \/\/ Jarle Kvam, Wiersholm<\/li>\n\n\n\n<li>Private Equity in the Nordics \u2013 A Status Report \/\/ Ellen Amalie Vold, NVCA<\/li>\n\n\n\n<li>Where Is the World Heading? \/\/ Klas Eklund, Mannheimer Swartling<\/li>\n\n\n\n<li>Getting the Deal Done in a Changing M&amp;A Environment \/\/ Henrik Bjerregaard, Deutsche Bank<\/li>\n<\/ul>\n\n\n\n<p><strong>Part 2 | AI \u2013 Where Are We Heading?<\/strong><\/p>\n\n\n\n<ul class=\"wp-block-list\">\n<li>ChatG(PE) and ChatGP(E): AI and Machine Learning for Private Equity and ESG \/\/ Andrew Ang, BlackRock<\/li>\n\n\n\n<li>EQT\u2019s Journey:&nbsp;Building an AI-Literate Investment Organization \/\/ Alexandra Lutz, EQT<\/li>\n<\/ul>\n\n\n\n<p><strong>Part 3 | Private Equity and the Challenges in Value Creation Strategy Execution<\/strong><\/p>\n\n\n\n<ul class=\"wp-block-list\">\n<li>Value Creation in Turbulent Times \/\/ Hugo Maurstad, Monte Rosa Capital<\/li>\n\n\n\n<li>Tech Investing in the New Normal \/\/ Rolf Tors\u00f8e, Nordic Capital<\/li>\n\n\n\n<li>Building Companies in a Perfect Storm \/\/ Martin Sch\u00fctt, Askeladden &amp; Co<\/li>\n<\/ul>\n\n\n\n<p><strong>Part 4 | Grow the Pie<\/strong><\/p>\n\n\n\n<ul class=\"wp-block-list\">\n<li>How Great Companies Deliver Both Purpose and Profit \/\/ Alex Edmans, London Business School<\/li>\n\n\n\n<li>Beyond Compliance \u2013 ESG for Long-Term Value Creation \/\/ Kai Jordahl, Longship<\/li>\n\n\n\n<li>The Changing Regulatory Landscape for M&amp;A \/\/ Karsten Kreiling and Elisabeth Lian Haugsdal, Wiersholm<\/li>\n\n\n\n<li>What Is a Continuation Vehicle Transaction and Why Does It Matter? \/\/ Reidun Tysseland and Johan Nord, Cubera<\/li>\n\n\n\n<li>Closing Remarks \/\/ Jarle Kvam, Wiersholm<\/li>\n<\/ul>\n\n\n\t\t\t<\/div>\n\t\t<\/div>\n\n<div class=\"t2-accordion-item wp-block-t2-accordion-item\" role=\"listitem\">\n\t\t\t<h2 class=\"t2-accordion-title\">\n\t\t\t\t<button type=\"button\" class=\"t2-accordion-trigger\" id=\"nordic-buy-out-forum-2022\" aria-controls=\"accordion-panel-2\" aria-expanded=\"false\">\n\t\t\t\t\tNordic Buy Out Forum 2022\n\t\t\t\t\t<span class=\"t2-accordion-icon is-closed-icon\"><svg xmlns=\"http:\/\/www.w3.org\/2000\/svg\" viewBox=\"0 0 24 24\" height=\"24\" width=\"24\" class=\"t2-icon t2-icon-add\" aria-hidden=\"true\" focusable=\"false\"><g stroke=\"currentColor\" stroke-linecap=\"round\" stroke-linejoin=\"round\" stroke-width=\"1\" style=\"transform: scale(1);vector-effect: non-scaling-stroke;\"><path d=\"M12 4V20\" stroke=\"currentColor\" stroke-linecap=\"round\" stroke-linejoin=\"round\"\/><path d=\"M4 12H20\" stroke=\"currentColor\" stroke-linecap=\"round\" stroke-linejoin=\"round\"\/><\/g><\/svg><\/span>\n\t\t\t\t\t<span class=\"t2-accordion-icon is-open-icon\"><svg xmlns=\"http:\/\/www.w3.org\/2000\/svg\" viewBox=\"0 0 24 24\" height=\"24\" width=\"24\" class=\"t2-icon t2-icon-remove\" aria-hidden=\"true\" focusable=\"false\"><g stroke=\"currentColor\" stroke-linecap=\"round\" stroke-linejoin=\"round\" stroke-width=\"1\" style=\"transform: scale(1);vector-effect: non-scaling-stroke;\"><path d=\"M4 12H20\" stroke=\"currentColor\" stroke-linecap=\"round\" stroke-linejoin=\"round\"\/><\/g><\/svg><\/span>\n\t\t\t\t<\/button>\n\t\t\t<\/h2>\n\t\t\t<div class=\"t2-accordion-item__inner-container is-layout-flow\" id=\"accordion-panel-2\" aria-labelledby=\"nordic-buy-out-forum-2022\" role=\"region\" hidden>\n\t\t\t\t\n\n<p><strong>Part 1 | M&amp;A Trends and Outlook<\/strong><\/p>\n\n\n\n<ul class=\"wp-block-list\">\n<li>Opening remarks: M&amp;A highlights \/\/ Jarle Kvam, Wiersholm<\/li>\n\n\n\n<li>What is on the other side, and the impact on Nordic M&amp;A activity \/\/ Kristian B. Fyksen and Bengt Jonassen, ABG Sundal Collier<\/li>\n\n\n\n<li>Private equity at work \u2013 value creation and employment through a time of crisis \/\/ Ellen Amalie Vold, NVCA<\/li>\n<\/ul>\n\n\n\n<p><strong>Part 2 | Investing in Turbulent Times<\/strong><\/p>\n\n\n\n<ul class=\"wp-block-list\">\n<li>Corporate venture: How to invest strategically and find the next winners? \/\/ Kjersti Reinsnos and B\u00f8rre Stokholm, Equinor Ventures<\/li>\n\n\n\n<li>Corporate carve-outs, family and entrepreneur businesses: How to unlock a PE deal in turbulent times \/\/ Mark Taylor and Marius \u00d8stlie, Exponent Private Equity<\/li>\n\n\n\n<li>Scandinavian capitalism \u2013 our approach to sustainability and value creation \/\/ Christian Sinding, EQT<\/li>\n\n\n\n<li>High yield bonds \u2013 flexible funding for private equity owned companies \/\/ Christian Jomaas and Lisa Karlsen, Pareto Securities<\/li>\n<\/ul>\n\n\n\n<ul class=\"wp-block-list\">\n<li>Opportunities in industrial green transition \/\/ Tom Jovik, Altor Equity Partners<\/li>\n<\/ul>\n\n\n\n<p><strong>Part 3 | Energy Crisis and Energy Transition<\/strong><\/p>\n\n\n\n<ul class=\"wp-block-list\">\n<li>Energy transition and complex adaptive systems \u2013 identifying new niches and investment opportunities \/\/ Anne Maria Eikeset, Norges Bank Investment Management<\/li>\n\n\n\n<li>The energy crises and consequences for the energy transition and energy M&amp;A \/\/ Jarand Rystad, Rystad Energy<\/li>\n<\/ul>\n\n\n\n<ul class=\"wp-block-list\">\n<li>Energy investments in transition \/\/ Ove Gusevik, HitecVision<\/li>\n\n\n\n<li>Infrastructure opportunity in a changing market environments: energy transition, inflation and digitalization \/\/ Daniel von der Schulenburg, Ardian<\/li>\n<\/ul>\n\n\n\n<p><strong>Part 4 | Tech Sector Turmoil \u2013 What\u2019s Next?<\/strong><\/p>\n\n\n\n<ul class=\"wp-block-list\">\n<li>Carve-out transactions: Who owns the data and important considerations to make \/\/ Kristian Elvestad Ottesen, Wiersholm<\/li>\n\n\n\n<li>From local hero to international star: How do you scale B2B software companies? \/\/ Erik Fjellv\u00e6r Hagen, Viking Venture<\/li>\n\n\n\n<li>8 digital trends which will impact private equity investments \/\/ Stefan C. Heilmann, IEG Investment Banking Group<\/li>\n\n\n\n<li>Closing remarks \/\/ Jarle Kvam, Wiersholm<\/li>\n<\/ul>\n\n\n\t\t\t<\/div>\n\t\t<\/div>\n\n<div class=\"t2-accordion-item wp-block-t2-accordion-item\" role=\"listitem\">\n\t\t\t<h2 class=\"t2-accordion-title\">\n\t\t\t\t<button type=\"button\" class=\"t2-accordion-trigger\" id=\"nordic-buy-out-forum-2021\" aria-controls=\"accordion-panel-3\" aria-expanded=\"false\">\n\t\t\t\t\tNordic Buy Out Forum 2021\n\t\t\t\t\t<span class=\"t2-accordion-icon is-closed-icon\"><svg xmlns=\"http:\/\/www.w3.org\/2000\/svg\" viewBox=\"0 0 24 24\" height=\"24\" width=\"24\" class=\"t2-icon t2-icon-add\" aria-hidden=\"true\" focusable=\"false\"><g stroke=\"currentColor\" stroke-linecap=\"round\" stroke-linejoin=\"round\" stroke-width=\"1\" style=\"transform: scale(1);vector-effect: non-scaling-stroke;\"><path d=\"M12 4V20\" stroke=\"currentColor\" stroke-linecap=\"round\" stroke-linejoin=\"round\"\/><path d=\"M4 12H20\" stroke=\"currentColor\" stroke-linecap=\"round\" stroke-linejoin=\"round\"\/><\/g><\/svg><\/span>\n\t\t\t\t\t<span class=\"t2-accordion-icon is-open-icon\"><svg xmlns=\"http:\/\/www.w3.org\/2000\/svg\" viewBox=\"0 0 24 24\" height=\"24\" width=\"24\" class=\"t2-icon t2-icon-remove\" aria-hidden=\"true\" focusable=\"false\"><g stroke=\"currentColor\" stroke-linecap=\"round\" stroke-linejoin=\"round\" stroke-width=\"1\" style=\"transform: scale(1);vector-effect: non-scaling-stroke;\"><path d=\"M4 12H20\" stroke=\"currentColor\" stroke-linecap=\"round\" stroke-linejoin=\"round\"\/><\/g><\/svg><\/span>\n\t\t\t\t<\/button>\n\t\t\t<\/h2>\n\t\t\t<div class=\"t2-accordion-item__inner-container is-layout-flow\" id=\"accordion-panel-3\" aria-labelledby=\"nordic-buy-out-forum-2021\" role=\"region\" hidden>\n\t\t\t\t\n\n<p><strong>Market Overview<\/strong><\/p>\n\n\n\n<ul class=\"wp-block-list\">\n<li><em>Opening remarks: Looking back \u2013 looking forward \/<\/em>\/ Jarle Kvam, Wiersholm<\/li>\n\n\n\n<li><em>Trends and developments in M&amp;A: How will the future differ from the past?<\/em>&nbsp;\/\/ Are Andersen and Knut Brundtland, ABG Sundal Collier<\/li>\n<\/ul>\n\n\n\n<p><strong>Part 1 | Climate Change and the Road to Net Zero<\/strong><\/p>\n\n\n\n<ul class=\"wp-block-list\">\n<li><em>EU towards net zero and potential implications for M&amp;A<\/em>&nbsp;\/\/ Christer Tryggestad, McKinsey &amp; Company<\/li>\n\n\n\n<li><em>Boom and bust, and boom again: What the next decade of cleantech investment will bring<\/em>&nbsp;\/\/ Kristin Aamodt and Tom Rand, ArcTern Ventures<\/li>\n\n\n\n<li><em>Opportunities of the green energy transition \u2013 from an investor perspective<\/em>&nbsp;\/\/ Christian Skakkeb\u00e6k, Copenhagen Infrastructure Partners<\/li>\n\n\n\n<li><em>Take-overs on Euronext Growth<\/em>&nbsp;\/\/ Svein-Helge Hanken and Anne Lise E. Gryte, Wiersholm<\/li>\n<\/ul>\n\n\n\n<p><strong>Part 2 | Next Stage of the Information Revolution<\/strong><\/p>\n\n\n\n<ul class=\"wp-block-list\">\n<li><em>HG \u2013 a new model of PE ownership<\/em>&nbsp;\/\/ Mikael M\u00e4nnik, HG Capital<\/li>\n\n\n\n<li><em>Digitally enabled consumption \u2013 a driver of increased emissions or part of the sustainability solution?<\/em>&nbsp;\/\/ Bjarne Lie, Verdane<\/li>\n<\/ul>\n\n\n\n<p><strong>Part 3 | Road Ahead for PE<\/strong><\/p>\n\n\n\n<ul class=\"wp-block-list\">\n<li><em>Transformations at scale \u2013 and on steroids<\/em>&nbsp;\/\/ Halvor Meyer Horten, Bain Capital<\/li>\n\n\n\n<li><em>Can Private Equity save capitalism?<\/em>&nbsp;\/\/ Reynir Indahl, Summa Equity<\/li>\n\n\n\n<li><em>ESG efforts in Private Equity<\/em>&nbsp;\/\/ Ellen Amalie Vold, NVCA<\/li>\n\n\n\n<li><em>Our commercial approach to ESG and net zero<\/em>&nbsp;\/\/ Frode Strand-Nielsen and Rebecca Svens\u00f8y, FSN Capital<\/li>\n\n\n\n<li><em>Direction of travel for the PE industry the next 10 years \u2013 implications for Nordic buyout and PE market<\/em>&nbsp;\/\/ Grete R\u00f8d, Bain &amp; Co<\/li>\n\n\n\n<li><em>Closing remarks<\/em>&nbsp;\/\/ Jarle Kvam, Wiersholm<\/li>\n<\/ul>\n\n\n\t\t\t<\/div>\n\t\t<\/div>\n\n<div class=\"t2-accordion-item wp-block-t2-accordion-item\" role=\"listitem\">\n\t\t\t<h2 class=\"t2-accordion-title\">\n\t\t\t\t<button type=\"button\" class=\"t2-accordion-trigger\" id=\"nordic-buy-out-forum-2020\" aria-controls=\"accordion-panel-4\" aria-expanded=\"false\">\n\t\t\t\t\tNordic Buy Out Forum 2020\n\t\t\t\t\t<span class=\"t2-accordion-icon is-closed-icon\"><svg xmlns=\"http:\/\/www.w3.org\/2000\/svg\" viewBox=\"0 0 24 24\" height=\"24\" width=\"24\" class=\"t2-icon t2-icon-add\" aria-hidden=\"true\" focusable=\"false\"><g stroke=\"currentColor\" stroke-linecap=\"round\" stroke-linejoin=\"round\" stroke-width=\"1\" style=\"transform: scale(1);vector-effect: non-scaling-stroke;\"><path d=\"M12 4V20\" stroke=\"currentColor\" stroke-linecap=\"round\" stroke-linejoin=\"round\"\/><path d=\"M4 12H20\" stroke=\"currentColor\" stroke-linecap=\"round\" stroke-linejoin=\"round\"\/><\/g><\/svg><\/span>\n\t\t\t\t\t<span class=\"t2-accordion-icon is-open-icon\"><svg xmlns=\"http:\/\/www.w3.org\/2000\/svg\" viewBox=\"0 0 24 24\" height=\"24\" width=\"24\" class=\"t2-icon t2-icon-remove\" aria-hidden=\"true\" focusable=\"false\"><g stroke=\"currentColor\" stroke-linecap=\"round\" stroke-linejoin=\"round\" stroke-width=\"1\" style=\"transform: scale(1);vector-effect: non-scaling-stroke;\"><path d=\"M4 12H20\" stroke=\"currentColor\" stroke-linecap=\"round\" stroke-linejoin=\"round\"\/><\/g><\/svg><\/span>\n\t\t\t\t<\/button>\n\t\t\t<\/h2>\n\t\t\t<div class=\"t2-accordion-item__inner-container is-layout-flow\" id=\"accordion-panel-4\" aria-labelledby=\"nordic-buy-out-forum-2020\" role=\"region\" hidden>\n\t\t\t\t\n\n<p><strong>Market Overview<\/strong><\/p>\n\n\n\n<ul class=\"wp-block-list\">\n<li><em>Welcome and Introduction&nbsp;<\/em>with Jarle Kvam, Wiersholm<\/li>\n<\/ul>\n\n\n\n<p><strong>Part 1 | Private Equity during Corona \u2013 what trends do we see?<\/strong><\/p>\n\n\n\n<ul class=\"wp-block-list\">\n<li><em>The Age of Private Capital&nbsp;<\/em>with Johan \u00d6berg, BCG<\/li>\n\n\n\n<li><em>Lock Down Experiences &amp; Key Take Aways for Private Equity going forward&nbsp;<\/em>with Frode Strand-Nielsen, FSN Capital<\/li>\n\n\n\n<li><em>The New Normal or Trend Deviation \u2013 backing Online Disruptors through Turbulent Times&nbsp;<\/em>with Bjarne Kveim Lie, Verdane<\/li>\n<\/ul>\n\n\n\n<p><strong>Part 2 | Today\u2019s Capital Markets \u2013 bubble to burst<\/strong><\/p>\n\n\n\n<ul class=\"wp-block-list\">\n<li><em>Merkur Market\/Euronext Growth Market \u2013 Intro and Facts<\/em>&nbsp;with Anne Lise E. Gryte, Wiersholm<\/li>\n\n\n\n<li><em>Reflections on Market Development<\/em>&nbsp;with Alexaner Opstad, DNB Markets, and Ketil Gjerstad BCG<\/li>\n\n\n\n<li><em>NVCA Status Summary<\/em>&nbsp;with Ellen Amalie Vold, NVCA<\/li>\n<\/ul>\n\n\n\n<p><strong>Part 3 | ESG, Climate Change and Capitalism<\/strong><\/p>\n\n\n\n<ul class=\"wp-block-list\">\n<li><em>Private Equity 4.0 \u2013 Integrating ESG in&nbsp; Value Creation<\/em>&nbsp;with Reynir Indahl, Summa Equity<\/li>\n\n\n\n<li><em>The Case for Climate Capitalism \u2013 Can Capitalism stop Climate Change?<\/em>&nbsp;with Kristin Aamodt and Tom Rand, ArcTern Ventures<\/li>\n\n\n\n<li><em>Reflections on ESG and Climate Change<\/em>&nbsp;with Reynir Indahl, Bjarne Kveim Lie and Frode Strand-Nielsen<\/li>\n<\/ul>\n\n\n\t\t\t<\/div>\n\t\t<\/div>\n\n<div class=\"t2-accordion-item wp-block-t2-accordion-item\" role=\"listitem\">\n\t\t\t<h2 class=\"t2-accordion-title\">\n\t\t\t\t<button type=\"button\" class=\"t2-accordion-trigger\" id=\"nordic-buy-out-forum-2019\" aria-controls=\"accordion-panel-5\" aria-expanded=\"false\">\n\t\t\t\t\tNordic Buy Out Forum 2019\n\t\t\t\t\t<span class=\"t2-accordion-icon is-closed-icon\"><svg xmlns=\"http:\/\/www.w3.org\/2000\/svg\" viewBox=\"0 0 24 24\" height=\"24\" width=\"24\" class=\"t2-icon t2-icon-add\" aria-hidden=\"true\" focusable=\"false\"><g stroke=\"currentColor\" stroke-linecap=\"round\" stroke-linejoin=\"round\" stroke-width=\"1\" style=\"transform: scale(1);vector-effect: non-scaling-stroke;\"><path d=\"M12 4V20\" stroke=\"currentColor\" stroke-linecap=\"round\" stroke-linejoin=\"round\"\/><path d=\"M4 12H20\" stroke=\"currentColor\" stroke-linecap=\"round\" stroke-linejoin=\"round\"\/><\/g><\/svg><\/span>\n\t\t\t\t\t<span class=\"t2-accordion-icon is-open-icon\"><svg xmlns=\"http:\/\/www.w3.org\/2000\/svg\" viewBox=\"0 0 24 24\" height=\"24\" width=\"24\" class=\"t2-icon t2-icon-remove\" aria-hidden=\"true\" focusable=\"false\"><g stroke=\"currentColor\" stroke-linecap=\"round\" stroke-linejoin=\"round\" stroke-width=\"1\" style=\"transform: scale(1);vector-effect: non-scaling-stroke;\"><path d=\"M4 12H20\" stroke=\"currentColor\" stroke-linecap=\"round\" stroke-linejoin=\"round\"\/><\/g><\/svg><\/span>\n\t\t\t\t<\/button>\n\t\t\t<\/h2>\n\t\t\t<div class=\"t2-accordion-item__inner-container is-layout-flow\" id=\"accordion-panel-5\" aria-labelledby=\"nordic-buy-out-forum-2019\" role=\"region\" hidden>\n\t\t\t\t\n\n<p><strong>Opening Remarks<\/strong><\/p>\n\n\n\n<ul class=\"wp-block-list\">\n<li><em>Welcome and Introduction<\/em>&nbsp;with Jarle Kvam, Wiersholm<\/li>\n\n\n\n<li><em>Private Equity in Norway \u2013 A Status Report<\/em>&nbsp;with Rikke Eckhoff H\u00f8vding, NVCA<\/li>\n<\/ul>\n\n\n\n<p><strong>Part 1 | Changing the World \u2013 Impact Investments<\/strong><\/p>\n\n\n\n<ul class=\"wp-block-list\">\n<li><em>How to Address Global Challanges by Enabling Impact Unicorns<\/em>&nbsp;with Erik Engellau-Nilsson and Tove R\u00e5delius, Norrsken Foundation<\/li>\n\n\n\n<li><em>The S**t Revolution<\/em>&nbsp;with Trond Lund, N2 Applied<\/li>\n\n\n\n<li><em>The Social Capital Continuum, from ESG, to Impact, to the Power of Positive Equity<\/em>&nbsp;with Marina Ergatoude and Pete Witte, EY<\/li>\n\n\n\n<li><em>Headless Chickens or Professional Investors? Three Deadly Sins of the Capital Ecosystem Today<\/em>&nbsp;with Martin Sch\u00fctt and Linn N\u00e6rup B\u00f8rke, Askeladden &amp; Co<\/li>\n<\/ul>\n\n\n\n<p><strong>Part 2 | We Have the Money \u2013 Where Are the (Good) Targets?<\/strong><\/p>\n\n\n\n<ul class=\"wp-block-list\">\n<li><em>Supporting European and Nordic Tech Software Platforms to Go Global<\/em>&nbsp;with Roland Pezzutto, Marlin Equity Partners<\/li>\n\n\n\n<li><em>From Nedre Vats to the Pinnacle of Global Automation<\/em>&nbsp;with Magnus Tornling, EQT Partners<\/li>\n\n\n\n<li><em>Finding and Creating Value in The Nordic Tech through Sector Specialization&nbsp;<\/em>with Rolf Tors\u00f8e, Nordic Capital<\/li>\n<\/ul>\n\n\n\n<p><strong>Part 3 | Food for Thought\u2026and Future Prospects<\/strong><\/p>\n\n\n\n<ul class=\"wp-block-list\">\n<li><em>Perspectives on Private Equity<\/em>&nbsp;with Ulrik Smith, FSN Capital<\/li>\n\n\n\n<li><em>Exit \u2013 How Lawyers Add Value<\/em>&nbsp;with Ingjerd R\u00f8yn\u00e5s, Wiersholm<\/li>\n\n\n\n<li><em>Our View on the Current M&amp;A Market and how to Strucutre for Success<\/em>&nbsp;with Jo Isaksen and Magnus Berning, DNB Markets<\/li>\n\n\n\n<li><em>Economic Outlook in an Era og De-Globalization<\/em>&nbsp;with \u00d8ystein D\u00f8rum, NHO<\/li>\n<\/ul>\n\n\n\t\t\t<\/div>\n\t\t<\/div>\n\n<div class=\"t2-accordion-item wp-block-t2-accordion-item\" role=\"listitem\">\n\t\t\t<h2 class=\"t2-accordion-title\">\n\t\t\t\t<button type=\"button\" class=\"t2-accordion-trigger\" id=\"nordic-buy-out-forum-2018\" aria-controls=\"accordion-panel-6\" aria-expanded=\"false\">\n\t\t\t\t\tNordic Buy Out Forum 2018\n\t\t\t\t\t<span class=\"t2-accordion-icon is-closed-icon\"><svg xmlns=\"http:\/\/www.w3.org\/2000\/svg\" viewBox=\"0 0 24 24\" height=\"24\" width=\"24\" class=\"t2-icon t2-icon-add\" aria-hidden=\"true\" focusable=\"false\"><g stroke=\"currentColor\" stroke-linecap=\"round\" stroke-linejoin=\"round\" stroke-width=\"1\" style=\"transform: scale(1);vector-effect: non-scaling-stroke;\"><path d=\"M12 4V20\" stroke=\"currentColor\" stroke-linecap=\"round\" stroke-linejoin=\"round\"\/><path d=\"M4 12H20\" stroke=\"currentColor\" stroke-linecap=\"round\" stroke-linejoin=\"round\"\/><\/g><\/svg><\/span>\n\t\t\t\t\t<span class=\"t2-accordion-icon is-open-icon\"><svg xmlns=\"http:\/\/www.w3.org\/2000\/svg\" viewBox=\"0 0 24 24\" height=\"24\" width=\"24\" class=\"t2-icon t2-icon-remove\" aria-hidden=\"true\" focusable=\"false\"><g stroke=\"currentColor\" stroke-linecap=\"round\" stroke-linejoin=\"round\" stroke-width=\"1\" style=\"transform: scale(1);vector-effect: non-scaling-stroke;\"><path d=\"M4 12H20\" stroke=\"currentColor\" stroke-linecap=\"round\" stroke-linejoin=\"round\"\/><\/g><\/svg><\/span>\n\t\t\t\t<\/button>\n\t\t\t<\/h2>\n\t\t\t<div class=\"t2-accordion-item__inner-container is-layout-flow\" id=\"accordion-panel-6\" aria-labelledby=\"nordic-buy-out-forum-2018\" role=\"region\" hidden>\n\t\t\t\t\n\n<p><strong>Market Overview<\/strong><\/p>\n\n\n\n<ul class=\"wp-block-list\">\n<li><em>Welcome and Introduction<\/em>&nbsp;with Jarle Kvam, Wiersholm<\/li>\n\n\n\n<li><em>Gravity\u2019s Rainbow \u2013 the 2018 Market Overview<\/em>&nbsp;with Jim Strang, Hamilton Lane<\/li>\n<\/ul>\n\n\n\n<p><strong>Part 1 | The Changing Worlds of Start-ups and Venture Capital<\/strong><\/p>\n\n\n\n<ul class=\"wp-block-list\">\n<li><em>Pushing the boundaries of imagination and technology within the Energy industry with Kristin Aamodt<\/em>, Equinor Technology Ventures<\/li>\n\n\n\n<li><em>How a corporate giant successfully works with start-ups<\/em>&nbsp;with Audun Abelsnes, Techstars, and Jens Festervoll, Equinor<\/li>\n\n\n\n<li><em>Rising North \u2013 the promise of Nordic venture market<\/em>&nbsp;with Rikke Eckhoff H\u00f8vding, NVCA<\/li>\n<\/ul>\n\n\n\n<p><strong>Part 2 | Private Equity Investments int Times of Red Hot Competition<\/strong><\/p>\n\n\n\n<ul class=\"wp-block-list\">\n<li><em>\u201cYour margin is my profit\u201d \u2013 what will the pending Amazon entry mean for Nordic (e)retail?<\/em>&nbsp;with Bjarne Lie, Verdane<\/li>\n\n\n\n<li><em>Long Durration Investing \u2013 a growing asset class<\/em>&nbsp;with Lubna Qunash annd Karthic Jayaraman, Carlyle Group<\/li>\n\n\n\n<li><em>End of a bull market? How we invest while we wait\u2026<\/em>&nbsp;with Halvor Meyer Horten, Bain Capital<\/li>\n\n\n\n<li><em>Management incentives \u2013 flexibility vs. cost<\/em>&nbsp;with Kristian martin Lind, Wiersholm<\/li>\n<\/ul>\n\n\n\n<p><strong>Part 3 | Social Responsible Investments \u2013 and Other Hot Topics<\/strong><\/p>\n\n\n\n<ul class=\"wp-block-list\">\n<li><em>Private Equity investing in public minority stakes<\/em>&nbsp;with Maria Tallaksen, Altor<\/li>\n\n\n\n<li><em>Investing to solve global challenges<\/em>&nbsp;with Hannah G. Jacobsen, Summa Equity<\/li>\n\n\n\n<li><em>IFRS 16 impact on key financing terms<\/em>&nbsp;with Heidi Willumsen, DNB<\/li>\n\n\n\n<li><em>The current government\u2019s view of PE and investment funds<\/em>&nbsp;with Sigbj\u00f8rn Aanes, First House<\/li>\n<\/ul>\n\n\n\t\t\t<\/div>\n\t\t<\/div>\n\n<div class=\"t2-accordion-item wp-block-t2-accordion-item\" role=\"listitem\">\n\t\t\t<h2 class=\"t2-accordion-title\">\n\t\t\t\t<button type=\"button\" class=\"t2-accordion-trigger\" id=\"nordic-buy-out-forum-2017\" aria-controls=\"accordion-panel-7\" aria-expanded=\"false\">\n\t\t\t\t\tNordic Buy Out Forum 2017\n\t\t\t\t\t<span class=\"t2-accordion-icon is-closed-icon\"><svg xmlns=\"http:\/\/www.w3.org\/2000\/svg\" viewBox=\"0 0 24 24\" height=\"24\" width=\"24\" class=\"t2-icon t2-icon-add\" aria-hidden=\"true\" focusable=\"false\"><g stroke=\"currentColor\" stroke-linecap=\"round\" stroke-linejoin=\"round\" stroke-width=\"1\" style=\"transform: scale(1);vector-effect: non-scaling-stroke;\"><path d=\"M12 4V20\" stroke=\"currentColor\" stroke-linecap=\"round\" stroke-linejoin=\"round\"\/><path d=\"M4 12H20\" stroke=\"currentColor\" stroke-linecap=\"round\" stroke-linejoin=\"round\"\/><\/g><\/svg><\/span>\n\t\t\t\t\t<span class=\"t2-accordion-icon is-open-icon\"><svg xmlns=\"http:\/\/www.w3.org\/2000\/svg\" viewBox=\"0 0 24 24\" height=\"24\" width=\"24\" class=\"t2-icon t2-icon-remove\" aria-hidden=\"true\" focusable=\"false\"><g stroke=\"currentColor\" stroke-linecap=\"round\" stroke-linejoin=\"round\" stroke-width=\"1\" style=\"transform: scale(1);vector-effect: non-scaling-stroke;\"><path d=\"M4 12H20\" stroke=\"currentColor\" stroke-linecap=\"round\" stroke-linejoin=\"round\"\/><\/g><\/svg><\/span>\n\t\t\t\t<\/button>\n\t\t\t<\/h2>\n\t\t\t<div class=\"t2-accordion-item__inner-container is-layout-flow\" id=\"accordion-panel-7\" aria-labelledby=\"nordic-buy-out-forum-2017\" role=\"region\" hidden>\n\t\t\t\t\n\n<p><strong>Market Overview<\/strong><\/p>\n\n\n\n<ul class=\"wp-block-list\">\n<li><em>Welcome and Introduction<\/em>&nbsp;with Jarle Kvam, Wiersholm<\/li>\n<\/ul>\n\n\n\n<p><strong>Part 1 | Technology and investments<\/strong><\/p>\n\n\n\n<ul class=\"wp-block-list\">\n<li><em>Status of the PE og VC industries<\/em>&nbsp;with Rikke Eckhoff H\u00f8vding, NVCA<\/li>\n\n\n\n<li><em>Disruption<\/em>&nbsp;with Anders Borg, KKR<\/li>\n\n\n\n<li><em>The technology takeover<\/em>&nbsp;with Ketil Gjerstad, BCG<\/li>\n\n\n\n<li><em>How blockchain technology can be used to establish direct contact between companies and how this can revolutionise the financial sector&nbsp;<\/em>with Richard Tynan, TradelX<\/li>\n\n\n\n<li><em>New legislation \u2013 in arrears of the technological development<\/em>&nbsp;with Rune Opdahl, Wiersholm<\/li>\n<\/ul>\n\n\n\n<p><strong>Part 2 | Investments in Norway and Europe, and Trends and Outlooks for 2018<\/strong><\/p>\n\n\n\n<ul class=\"wp-block-list\">\n<li><em>The geopolitical uncertainty&nbsp;<\/em>with Jan Petter Collier and Are Andersen, ABG Sundal Collier<\/li>\n\n\n\n<li><em>About the advisory role and the importance of the transaction process itself in creating added value for clients<\/em>&nbsp;with Jarle Kvam, Wiersholm<\/li>\n\n\n\n<li><em>Forecasts for the acquisition market<\/em>&nbsp;with&nbsp;John Arbuckle, BofA Merrill Lynch<\/li>\n<\/ul>\n\n\n\n<p><strong>Part 3 | Artificial Intelligence \u2013 a tool or a threat?<\/strong><\/p>\n\n\n\n<ul class=\"wp-block-list\">\n<li><em>EQT\u2019s strategies and how we digitalise to realise the opportunities in each company<\/em>&nbsp;with&nbsp;Anders Misund og Sven T\u00f6rnkvist, EQT<\/li>\n\n\n\n<li><em>How to face a digitalized world<\/em>&nbsp;with Nina Olufsen, Norr\u00f8na<\/li>\n\n\n\n<li><em>How technology and artificial intelligence may help us solve issues that might otherwise be difficult for humanity to handle&nbsp;<\/em>with Hannes Sj\u00f6blad, Epicenter Stockholm<\/li>\n<\/ul>\n\n\n\t\t\t<\/div>\n\t\t<\/div>\n\n<div class=\"t2-accordion-item wp-block-t2-accordion-item\" role=\"listitem\">\n\t\t\t<h2 class=\"t2-accordion-title\">\n\t\t\t\t<button type=\"button\" class=\"t2-accordion-trigger\" id=\"nordic-buy-out-forum-2016\" aria-controls=\"accordion-panel-8\" aria-expanded=\"false\">\n\t\t\t\t\tNordic Buy Out Forum 2016\n\t\t\t\t\t<span class=\"t2-accordion-icon is-closed-icon\"><svg xmlns=\"http:\/\/www.w3.org\/2000\/svg\" viewBox=\"0 0 24 24\" height=\"24\" width=\"24\" class=\"t2-icon t2-icon-add\" aria-hidden=\"true\" focusable=\"false\"><g stroke=\"currentColor\" stroke-linecap=\"round\" stroke-linejoin=\"round\" stroke-width=\"1\" style=\"transform: scale(1);vector-effect: non-scaling-stroke;\"><path d=\"M12 4V20\" stroke=\"currentColor\" stroke-linecap=\"round\" stroke-linejoin=\"round\"\/><path d=\"M4 12H20\" stroke=\"currentColor\" stroke-linecap=\"round\" stroke-linejoin=\"round\"\/><\/g><\/svg><\/span>\n\t\t\t\t\t<span class=\"t2-accordion-icon is-open-icon\"><svg xmlns=\"http:\/\/www.w3.org\/2000\/svg\" viewBox=\"0 0 24 24\" height=\"24\" width=\"24\" class=\"t2-icon t2-icon-remove\" aria-hidden=\"true\" focusable=\"false\"><g stroke=\"currentColor\" stroke-linecap=\"round\" stroke-linejoin=\"round\" stroke-width=\"1\" style=\"transform: scale(1);vector-effect: non-scaling-stroke;\"><path d=\"M4 12H20\" stroke=\"currentColor\" stroke-linecap=\"round\" stroke-linejoin=\"round\"\/><\/g><\/svg><\/span>\n\t\t\t\t<\/button>\n\t\t\t<\/h2>\n\t\t\t<div class=\"t2-accordion-item__inner-container is-layout-flow\" id=\"accordion-panel-8\" aria-labelledby=\"nordic-buy-out-forum-2016\" role=\"region\" hidden>\n\t\t\t\t\n\n<p><strong>Market Overview<\/strong><\/p>\n\n\n\n<ul class=\"wp-block-list\">\n<li><em>Welcome and Introduction<\/em>&nbsp;with Jarle Kvam, Wiersholm<\/li>\n<\/ul>\n\n\n\n<p><strong>Part 1 | The Art of Dealmaking<\/strong><\/p>\n\n\n\n<ul class=\"wp-block-list\">\n<li><em>Introduction to Guhan Subramanian \u2013 A Lawyer\u2019s Perspective<\/em>&nbsp;with Harald Hellebust, Wiersholm<\/li>\n\n\n\n<li><em>Deal Process Design \u2013 Auctions, Negotiations &amp; \u201cNegotiauctions\u201d in PE Dealmaking<\/em>&nbsp;with Guhan Subramanian, Harvard Law School\/Harvard Business School<\/li>\n\n\n\n<li><em>Q&amp;A<\/em>&nbsp;moderated by Harald Hellebust<\/li>\n<\/ul>\n\n\n\n<p><strong>Part 2 | Value Creation in the Digital Age<\/strong><\/p>\n\n\n\n<ul class=\"wp-block-list\">\n<li><em>Acquiring in the Digital Age \u2013 Assessing Technology Debt and Properties vs. Financial DD<\/em>&nbsp;with \u00d8ystein Moan, Visma<\/li>\n\n\n\n<li><em>Digital Innovation and Disruption within the Buy Out Industry<\/em>&nbsp;with Frode Strand-Nielsen, FSN Capital<\/li>\n<\/ul>\n\n\n\n<p><strong>Part 3 | Investments in the Nordics<\/strong><\/p>\n\n\n\n<ul class=\"wp-block-list\">\n<li><em>Private Equity 2016 \u2013 The Global Perspective<\/em>&nbsp;with Jim Strang, Hamilton Lane<\/li>\n\n\n\n<li><em>Investing in the Nordics \u2013 An External Perspective on the Region and Lessons from other Markets<\/em>&nbsp;with Graeme Gunn, SL Capital Partners<\/li>\n\n\n\n<li><em>Investing in a Volatile and Low Growth Environment<\/em>&nbsp;with Reynir Indahl, Summa Equity<\/li>\n\n\n\n<li><em>Q&amp;A<\/em>&nbsp;moderated by Reynir Indahl<\/li>\n<\/ul>\n\n\n\n<p><strong>Part 4 | Market Developments and Trends<\/strong><\/p>\n\n\n\n<ul class=\"wp-block-list\">\n<li><em>Market Report, Beyond Alpha \u2013 How Private Equity adds Value<\/em>&nbsp;with Rikke Eckhoff H\u00f8vding, NVCA<\/li>\n\n\n\n<li><em>Economic and Capital Market Outlooks<\/em>&nbsp;with Harald Magnus Andreassen, Swedbank<\/li>\n<\/ul>\n\n\n\t\t\t<\/div>\n\t\t<\/div>\n\n<div class=\"t2-accordion-item wp-block-t2-accordion-item\" role=\"listitem\">\n\t\t\t<h2 class=\"t2-accordion-title\">\n\t\t\t\t<button type=\"button\" class=\"t2-accordion-trigger\" id=\"nordic-buy-out-forum-2015\" aria-controls=\"accordion-panel-9\" aria-expanded=\"false\">\n\t\t\t\t\tNordic Buy Out Forum 2015\n\t\t\t\t\t<span class=\"t2-accordion-icon is-closed-icon\"><svg xmlns=\"http:\/\/www.w3.org\/2000\/svg\" viewBox=\"0 0 24 24\" height=\"24\" width=\"24\" class=\"t2-icon t2-icon-add\" aria-hidden=\"true\" focusable=\"false\"><g stroke=\"currentColor\" stroke-linecap=\"round\" stroke-linejoin=\"round\" stroke-width=\"1\" style=\"transform: scale(1);vector-effect: non-scaling-stroke;\"><path d=\"M12 4V20\" stroke=\"currentColor\" stroke-linecap=\"round\" stroke-linejoin=\"round\"\/><path d=\"M4 12H20\" stroke=\"currentColor\" stroke-linecap=\"round\" stroke-linejoin=\"round\"\/><\/g><\/svg><\/span>\n\t\t\t\t\t<span class=\"t2-accordion-icon is-open-icon\"><svg xmlns=\"http:\/\/www.w3.org\/2000\/svg\" viewBox=\"0 0 24 24\" height=\"24\" width=\"24\" class=\"t2-icon t2-icon-remove\" aria-hidden=\"true\" focusable=\"false\"><g stroke=\"currentColor\" stroke-linecap=\"round\" stroke-linejoin=\"round\" stroke-width=\"1\" style=\"transform: scale(1);vector-effect: non-scaling-stroke;\"><path d=\"M4 12H20\" stroke=\"currentColor\" stroke-linecap=\"round\" stroke-linejoin=\"round\"\/><\/g><\/svg><\/span>\n\t\t\t\t<\/button>\n\t\t\t<\/h2>\n\t\t\t<div class=\"t2-accordion-item__inner-container is-layout-flow\" id=\"accordion-panel-9\" aria-labelledby=\"nordic-buy-out-forum-2015\" role=\"region\" hidden>\n\t\t\t\t\n\n<p><strong>Market Overview<\/strong><\/p>\n\n\n\n<ul class=\"wp-block-list\">\n<li><em>Welcome and Introduction<\/em>&nbsp;with Jarle Kvam, Wiersholm<\/li>\n<\/ul>\n\n\n\n<p><strong>Part 1 | Challanges and Possibilities when Investing in TECH\/DIGITAL Companies in a Fast Shifting Tech World<\/strong><\/p>\n\n\n\n<ul class=\"wp-block-list\">\n<li><em>Investing in the digital space<\/em>&nbsp;with Bj\u00f8rn Stray, NorthZone<\/li>\n\n\n\n<li><em>Scaling early stage technology investment<\/em>&nbsp;with Philipp Moehring, AngelList<\/li>\n\n\n\n<li><em>A buyout perspective on investment in the digital space<\/em>&nbsp;with Sverre Fl\u00e5skjer, Herkules Capital<\/li>\n\n\n\n<li><em>Your Strategy Needs a Strategy?<\/em>&nbsp;with Knut Haan\u00e6s and Knut Olav R\u00f8d, BCG<\/li>\n<\/ul>\n\n\n\n<p><strong>Part 2 | Framework for Private Equity and Venture firms<\/strong><\/p>\n\n\n\n<ul class=\"wp-block-list\">\n<li><em>The future of Private Equity as an Asset Class<\/em>&nbsp;with Knut Kj\u00e6r, FSN Capital<\/li>\n\n\n\n<li><em>The \u201cHerkules ruling\u201d\u2013 What are the consequences?<\/em>&nbsp;with Morten Goller, Wiersholm<\/li>\n\n\n\n<li><em>Panel discussion<\/em>&nbsp;with\n<ul class=\"wp-block-list\">\n<li>Erling Maartman-Moe, Partner, Alliance Venture<\/li>\n\n\n\n<li>Else-May Botten, MP, Arbeiderpartiet<\/li>\n\n\n\n<li>Rikke Eckhoff H\u00f8vding, CEO, NVCA<\/li>\n\n\n\n<li>Anders Mj\u00e5set, Founder, MESH<\/li>\n\n\n\n<li>Kathrine Myhre, CEO, Oslo MedTech<\/li>\n\n\n\n<li>Kristin Vinje, MP, H\u00f8yre<\/li>\n<\/ul>\n<\/li>\n<\/ul>\n\n\n\n<p><strong>Part 3 | Trends and Outlooks for 2016<\/strong><\/p>\n\n\n\n<ul class=\"wp-block-list\">\n<li><em>Low for longer<\/em>&nbsp;with Thina Margrethe Saltvedt, Nordea<\/li>\n\n\n\n<li><em>Economic Outlook for 2016<\/em>&nbsp;with Kjetil Olsen, Nordea<\/li>\n<\/ul>\n\n\n\t\t\t<\/div>\n\t\t<\/div>\n\n<div class=\"t2-accordion-item wp-block-t2-accordion-item\" role=\"listitem\">\n\t\t\t<h2 class=\"t2-accordion-title\">\n\t\t\t\t<button type=\"button\" class=\"t2-accordion-trigger\" id=\"nordic-buy-out-forum-2014\" aria-controls=\"accordion-panel-10\" aria-expanded=\"false\">\n\t\t\t\t\tNordic Buy Out Forum 2014\n\t\t\t\t\t<span class=\"t2-accordion-icon is-closed-icon\"><svg xmlns=\"http:\/\/www.w3.org\/2000\/svg\" viewBox=\"0 0 24 24\" height=\"24\" width=\"24\" class=\"t2-icon t2-icon-add\" aria-hidden=\"true\" focusable=\"false\"><g stroke=\"currentColor\" stroke-linecap=\"round\" stroke-linejoin=\"round\" stroke-width=\"1\" style=\"transform: scale(1);vector-effect: non-scaling-stroke;\"><path d=\"M12 4V20\" stroke=\"currentColor\" stroke-linecap=\"round\" stroke-linejoin=\"round\"\/><path d=\"M4 12H20\" stroke=\"currentColor\" stroke-linecap=\"round\" stroke-linejoin=\"round\"\/><\/g><\/svg><\/span>\n\t\t\t\t\t<span class=\"t2-accordion-icon is-open-icon\"><svg xmlns=\"http:\/\/www.w3.org\/2000\/svg\" viewBox=\"0 0 24 24\" height=\"24\" width=\"24\" class=\"t2-icon t2-icon-remove\" aria-hidden=\"true\" focusable=\"false\"><g stroke=\"currentColor\" stroke-linecap=\"round\" stroke-linejoin=\"round\" stroke-width=\"1\" style=\"transform: scale(1);vector-effect: non-scaling-stroke;\"><path d=\"M4 12H20\" stroke=\"currentColor\" stroke-linecap=\"round\" stroke-linejoin=\"round\"\/><\/g><\/svg><\/span>\n\t\t\t\t<\/button>\n\t\t\t<\/h2>\n\t\t\t<div class=\"t2-accordion-item__inner-container is-layout-flow\" id=\"accordion-panel-10\" aria-labelledby=\"nordic-buy-out-forum-2014\" role=\"region\" hidden>\n\t\t\t\t\n\n<p><strong>Market Overview<\/strong><\/p>\n\n\n\n<ul class=\"wp-block-list\">\n<li><em>Welcome and Introduction<\/em>&nbsp;with Jarle Kvam, Wiersholm<\/li>\n<\/ul>\n\n\n\n<p><strong>Part 1 | The Future of Private Equity<\/strong><\/p>\n\n\n\n<ul class=\"wp-block-list\">\n<li><em>What are the Key Success Factors and what are the main challenges for Private Equity as an asset class going forward?<\/em>&nbsp;with Guy Frasor-Sampson, Cass Business School<\/li>\n\n\n\n<li><em>Panel discussion<\/em>&nbsp;with\n<ul class=\"wp-block-list\">\n<li>Anders Misund, Partner, EQT Partners<\/li>\n\n\n\n<li>Patrik B\u00f8 Egeland, Partner, Herkules Capital AS<\/li>\n\n\n\n<li>Ola Nordquist, Head of Nordic, Permira Advisers<\/li>\n<\/ul>\n<\/li>\n<\/ul>\n\n\n\n<p><strong>Part 2 | M&amp;A in the Nordics<\/strong><\/p>\n\n\n\n<ul class=\"wp-block-list\">\n<li><em>Building global leadership within online classifieds<\/em>&nbsp;with Rolv Erik Ryssdal and Jacob M\u00f8ller, Schibsted<\/li>\n\n\n\n<li><em>Growth strategies in Nordic Service Companies<\/em>&nbsp;with Fredrik Korterud, Norvestor Equity<\/li>\n\n\n\n<li><em>M&amp;A insurances \u2013 key takeaways and pitfalls<\/em>&nbsp;with Harald Hellebust, Wiersholm<\/li>\n<\/ul>\n\n\n\n<p><strong>Part 3 | Private Equity as Owners<\/strong><\/p>\n\n\n\n<ul class=\"wp-block-list\">\n<li><em>Building Investor Mindset<\/em>&nbsp;with Frode Strand-Nielsen, FSN Capital Partners<\/li>\n\n\n\n<li><em>An Owner of Today<\/em>&nbsp;with Susanna Campbell, Ratos<\/li>\n\n\n\n<li><em>Reflections by<\/em>&nbsp;with Guy Frasor-Sampson, Cass Business School<\/li>\n<\/ul>\n\n\n\n<p><strong>Part 4 | Trends &amp; Outlooks for 2015<\/strong><\/p>\n\n\n\n<ul class=\"wp-block-list\">\n<li><em>Trends and issues: can you predict the private equity of tomorrow?<\/em>&nbsp;with Joachim H\u00f8egh-Krohn, Argentum Asset Management<\/li>\n\n\n\n<li><em>Debt Market, Financing and Macroeconomic Outlooks<\/em>&nbsp;with Frank Jullum and Erlend Sigve Angelfoss, Danske Bank<\/li>\n\n\n\n<li><em>Conclusion<\/em>&nbsp;with Knut Traaseth, NVCA<\/li>\n<\/ul>\n\n\n\t\t\t<\/div>\n\t\t<\/div>\n\n<div class=\"t2-accordion-item wp-block-t2-accordion-item\" role=\"listitem\">\n\t\t\t<h2 class=\"t2-accordion-title\">\n\t\t\t\t<button type=\"button\" class=\"t2-accordion-trigger\" id=\"nordic-buy-out-forum-2013\" aria-controls=\"accordion-panel-11\" aria-expanded=\"false\">\n\t\t\t\t\tNordic Buy Out Forum 2013\n\t\t\t\t\t<span class=\"t2-accordion-icon is-closed-icon\"><svg xmlns=\"http:\/\/www.w3.org\/2000\/svg\" viewBox=\"0 0 24 24\" height=\"24\" width=\"24\" class=\"t2-icon t2-icon-add\" aria-hidden=\"true\" focusable=\"false\"><g stroke=\"currentColor\" stroke-linecap=\"round\" stroke-linejoin=\"round\" stroke-width=\"1\" style=\"transform: scale(1);vector-effect: non-scaling-stroke;\"><path d=\"M12 4V20\" stroke=\"currentColor\" stroke-linecap=\"round\" stroke-linejoin=\"round\"\/><path d=\"M4 12H20\" stroke=\"currentColor\" stroke-linecap=\"round\" stroke-linejoin=\"round\"\/><\/g><\/svg><\/span>\n\t\t\t\t\t<span class=\"t2-accordion-icon is-open-icon\"><svg xmlns=\"http:\/\/www.w3.org\/2000\/svg\" viewBox=\"0 0 24 24\" height=\"24\" width=\"24\" class=\"t2-icon t2-icon-remove\" aria-hidden=\"true\" focusable=\"false\"><g stroke=\"currentColor\" stroke-linecap=\"round\" stroke-linejoin=\"round\" stroke-width=\"1\" style=\"transform: scale(1);vector-effect: non-scaling-stroke;\"><path d=\"M4 12H20\" stroke=\"currentColor\" stroke-linecap=\"round\" stroke-linejoin=\"round\"\/><\/g><\/svg><\/span>\n\t\t\t\t<\/button>\n\t\t\t<\/h2>\n\t\t\t<div class=\"t2-accordion-item__inner-container is-layout-flow\" id=\"accordion-panel-11\" aria-labelledby=\"nordic-buy-out-forum-2013\" role=\"region\" hidden>\n\t\t\t\t\n\n<p><strong>Market Overview<\/strong><\/p>\n\n\n\n<ul class=\"wp-block-list\">\n<li><em>Welcome and Introduction<\/em>&nbsp;with Jarle Kvam, Wiersholm<\/li>\n<\/ul>\n\n\n\n<p><strong>Part 1 | Value Creation<\/strong><\/p>\n\n\n\n<ul class=\"wp-block-list\">\n<li><em>Renewable energy \u2013 investing for the future<\/em>&nbsp;with Jens Ulltveit-Moe, Umoe<\/li>\n\n\n\n<li><em>How private equity investors create sustainable value<\/em>&nbsp;with Michel Eriksson and P\u00e5l Brun, EY<\/li>\n\n\n\n<li><em>Is there a pattern to value creation?<\/em>&nbsp;with Adam Ikdal and Ketil Gjerstad, The Boston Consulting Group<\/li>\n\n\n\n<li><em>Engaging Stakeholders through Private Equity<\/em>&nbsp;with Frederic Sicre, The Abraaj Group<\/li>\n\n\n\n<li><em>Creating improved Shareholder Value through Shared Value<\/em>&nbsp;with Reynir K. Indahl, Altor Equity Partners<\/li>\n\n\n\n<li><em>KKR\u2019s approach to value creation in a post crisis world<\/em>&nbsp;with Henrik Kraft, KKR &amp; Co.<\/li>\n<\/ul>\n\n\n\n<p><strong>Part 2 | Trends &amp; Outlooks for 2014<\/strong><\/p>\n\n\n\n<ul class=\"wp-block-list\">\n<li><em>Acquisitions without bank funding \u2013 a future scenario even without new crises?<\/em>&nbsp;with Knut Bergo, Wiersholm<\/li>\n\n\n\n<li><em>Outlook for 2014<\/em>&nbsp;with Ole Petter Kjerkreit, ABG Sundal Collier<\/li>\n\n\n\n<li><em>After the political election \u2013 what happens now?<\/em>&nbsp;with Morten A. Meyer, First House<\/li>\n\n\n\n<li><em>Conclusion<\/em>&nbsp;with Knut T. Traaseth, NVCA<\/li>\n<\/ul>\n\n\n\t\t\t<\/div>\n\t\t<\/div>\n\n<div class=\"t2-accordion-item wp-block-t2-accordion-item\" role=\"listitem\">\n\t\t\t<h2 class=\"t2-accordion-title\">\n\t\t\t\t<button type=\"button\" class=\"t2-accordion-trigger\" id=\"nordic-buy-out-forum-2012\" aria-controls=\"accordion-panel-12\" aria-expanded=\"false\">\n\t\t\t\t\tNordic Buy Out Forum 2012\n\t\t\t\t\t<span class=\"t2-accordion-icon is-closed-icon\"><svg xmlns=\"http:\/\/www.w3.org\/2000\/svg\" viewBox=\"0 0 24 24\" height=\"24\" width=\"24\" class=\"t2-icon t2-icon-add\" aria-hidden=\"true\" focusable=\"false\"><g stroke=\"currentColor\" stroke-linecap=\"round\" stroke-linejoin=\"round\" stroke-width=\"1\" style=\"transform: scale(1);vector-effect: non-scaling-stroke;\"><path d=\"M12 4V20\" stroke=\"currentColor\" stroke-linecap=\"round\" stroke-linejoin=\"round\"\/><path d=\"M4 12H20\" stroke=\"currentColor\" stroke-linecap=\"round\" stroke-linejoin=\"round\"\/><\/g><\/svg><\/span>\n\t\t\t\t\t<span class=\"t2-accordion-icon is-open-icon\"><svg xmlns=\"http:\/\/www.w3.org\/2000\/svg\" viewBox=\"0 0 24 24\" height=\"24\" width=\"24\" class=\"t2-icon t2-icon-remove\" aria-hidden=\"true\" focusable=\"false\"><g stroke=\"currentColor\" stroke-linecap=\"round\" stroke-linejoin=\"round\" stroke-width=\"1\" style=\"transform: scale(1);vector-effect: non-scaling-stroke;\"><path d=\"M4 12H20\" stroke=\"currentColor\" stroke-linecap=\"round\" stroke-linejoin=\"round\"\/><\/g><\/svg><\/span>\n\t\t\t\t<\/button>\n\t\t\t<\/h2>\n\t\t\t<div class=\"t2-accordion-item__inner-container is-layout-flow\" id=\"accordion-panel-12\" aria-labelledby=\"nordic-buy-out-forum-2012\" role=\"region\" hidden>\n\t\t\t\t\n\n<p><strong>Part 1 | Data Security and the Threat Landscape<\/strong><\/p>\n\n\n\n<ul class=\"wp-block-list\">\n<li><em>The national ICT threat landscape&nbsp;<\/em>with Torgeir Vidnes, Norwegian National Security Authority<\/li>\n\n\n\n<li><em>Electronic data storage and the threat landscape of international technological innovation at a furious pace \u2013 do businesses have control?&nbsp;<\/em>with Stig Alstedt, Hewlett Packard Norway<\/li>\n\n\n\n<li><em>Shielding of technology and information security for listed companies&nbsp;<\/em>with Lars Idland, Statoil ASA<\/li>\n<\/ul>\n\n\n\n<p><strong>Part 2 | Strategy and Value-creation in a Turbulent Market<\/strong><\/p>\n\n\n\n<ul class=\"wp-block-list\">\n<li><em>How to create value in a low growth environment?<\/em>&nbsp;with Mikko Moilanen, Access Capital Partners, Finland<\/li>\n\n\n\n<li><em>M&amp;A as a tool to realise industrial strategies&nbsp;<\/em>with Gustaf S. Christensen, Orkla<\/li>\n\n\n\n<li><em>The new frontier for Private Equity \u2013 the endeavors into public sector, culture and creative industries<\/em>&nbsp;with Kai Jordahl, CapMan Buyout<\/li>\n\n\n\n<li><em>Private Equity \u2013 Time to Lift the Veil<\/em>&nbsp;with Christian Sindling and Anders Misund, EQT<\/li>\n<\/ul>\n\n\n\n<p><strong>Part 3 | Trends &amp; Outlooks for 2013<\/strong><\/p>\n\n\n\n<ul class=\"wp-block-list\">\n<li><em>Trends int he UK and the European market<\/em>&nbsp;with Mark Florman, The British Private Equity &amp; Venture Capital Association (BVCA)<\/li>\n\n\n\n<li><em>Macroeconomic outlook for 2013&nbsp;<\/em>with Stein Bruun, SEB Norway<\/li>\n\n\n\n<li><em>Future political prospects \u2013 which opportunities and threats should investors include in their plans?&nbsp;<\/em>with Tor Mikkel Wara, First House<\/li>\n<\/ul>\n\n\n\t\t\t<\/div>\n\t\t<\/div>\n\n<div class=\"t2-accordion-item wp-block-t2-accordion-item\" role=\"listitem\">\n\t\t\t<h2 class=\"t2-accordion-title\">\n\t\t\t\t<button type=\"button\" class=\"t2-accordion-trigger\" id=\"nordic-buy-out-forum-2011\" aria-controls=\"accordion-panel-13\" aria-expanded=\"false\">\n\t\t\t\t\tNordic Buy Out Forum 2011\n\t\t\t\t\t<span class=\"t2-accordion-icon is-closed-icon\"><svg xmlns=\"http:\/\/www.w3.org\/2000\/svg\" viewBox=\"0 0 24 24\" height=\"24\" width=\"24\" class=\"t2-icon t2-icon-add\" aria-hidden=\"true\" focusable=\"false\"><g stroke=\"currentColor\" stroke-linecap=\"round\" stroke-linejoin=\"round\" stroke-width=\"1\" style=\"transform: scale(1);vector-effect: non-scaling-stroke;\"><path d=\"M12 4V20\" stroke=\"currentColor\" stroke-linecap=\"round\" stroke-linejoin=\"round\"\/><path d=\"M4 12H20\" stroke=\"currentColor\" stroke-linecap=\"round\" stroke-linejoin=\"round\"\/><\/g><\/svg><\/span>\n\t\t\t\t\t<span class=\"t2-accordion-icon is-open-icon\"><svg xmlns=\"http:\/\/www.w3.org\/2000\/svg\" viewBox=\"0 0 24 24\" height=\"24\" width=\"24\" class=\"t2-icon t2-icon-remove\" aria-hidden=\"true\" focusable=\"false\"><g stroke=\"currentColor\" stroke-linecap=\"round\" stroke-linejoin=\"round\" stroke-width=\"1\" style=\"transform: scale(1);vector-effect: non-scaling-stroke;\"><path d=\"M4 12H20\" stroke=\"currentColor\" stroke-linecap=\"round\" stroke-linejoin=\"round\"\/><\/g><\/svg><\/span>\n\t\t\t\t<\/button>\n\t\t\t<\/h2>\n\t\t\t<div class=\"t2-accordion-item__inner-container is-layout-flow\" id=\"accordion-panel-13\" aria-labelledby=\"nordic-buy-out-forum-2011\" role=\"region\" hidden>\n\t\t\t\t\n\n<p><strong>Part 1 |  Lecture<\/strong><\/p>\n\n\n\n<ul class=\"wp-block-list\">\n<li><em>How to establish long-term and competitive businesses in Norway \u2013 what are the challenges?&nbsp;<\/em><em>With our unique economic strength and our stable political environment, are we able to build a sustainable platform for the business community for the benefit of future generations in Norway?<\/em><\/li>\n\n\n\n<li><em>What part does PE play in that context \u2013 is PE only a positive contribution to creating added value in industrial development \u2013 if not \u2013 what are the pitfalls and which lessons may we essentially draw?<\/em><\/li>\n<\/ul>\n\n\n\n<p><strong>Part 2 |  Panel discussion<\/strong><\/p>\n\n\n\n<ul class=\"wp-block-list\">\n<li><em>The Nordic private equity market \u2013 challenges and opportunities in an unstable market<\/em><\/li>\n<\/ul>\n\n\n\n<p><strong>Part 3 |  Lecture and discussion<\/strong><\/p>\n\n\n\n<ul class=\"wp-block-list\">\n<li><em>PE vs. industrial owners; experiences and most important lessons learned by management; how to create success?<\/em><\/li>\n<\/ul>\n\n\n\n<p><strong>Part four: Lecture<\/strong><\/p>\n\n\n\n<ul class=\"wp-block-list\">\n<li><em>The macroeconomic landscape in 2012 \u2013 and how it is assumed to affect the buy-out segment in the future.<\/em><\/li>\n<\/ul>\n\n\n\t\t\t<\/div>\n\t\t<\/div>\n<\/div>\n\n\n<h2 class=\"wp-block-heading\" id=\"h-selected-highlights-from-our-previous-conferences\">Selected highlights from our previous conferences<\/h2>\n\n\n\n<div class=\"wp-block-screen9video-screen9video wp-block-embed\"><div class=\"wp-block-embed__wrapper\"><div style=\"position:relative;width:100%;padding-bottom:56.25%;\"><iframe allow=\"autoplay; fullscreen\" allowfullscreen=\"\" referrerpolicy=\"no-referrer-when-downgrade\" src=\"https:\/\/qcnl.tv\/e\/N6tOsD8rHvvsTyv1SKf_iQ\" style=\"border:0;width:100%;height:100%;position:absolute\" title=\"Nordic Buy Out Forum 2024\"><\/iframe><script type=\"application\/ld+json\">{\"@context\": \"https:\/\/schema.org\", \"@type\": \"VideoObject\", \"description\": \"Nordic Buy Out Forum 2024\", \"name\": \"Nordic Buy Out Forum 2024\", \"thumbnailUrl\": [\"https:\/\/qcdn.screen9.com\/img\/x\/J\/xJD37ci0NWNtsaGsFu809Q_image\/thumb.jpg?v=0\", \"https:\/\/qcdn.screen9.com\/img\/x\/J\/xJD37ci0NWNtsaGsFu809Q_image\/144p.jpg?v=0\", \"https:\/\/qcdn.screen9.com\/img\/x\/J\/xJD37ci0NWNtsaGsFu809Q_image\/240p.jpg?v=0\", \"https:\/\/qcdn.screen9.com\/img\/x\/J\/xJD37ci0NWNtsaGsFu809Q_image\/360p.jpg?v=0\", \"https:\/\/qcdn.screen9.com\/img\/x\/J\/xJD37ci0NWNtsaGsFu809Q_image\/480p.jpg?v=0\", \"https:\/\/qcdn.screen9.com\/img\/x\/J\/xJD37ci0NWNtsaGsFu809Q_image\/image.jpg?v=0\"], \"uploadDate\": \"2024-12-09T12:33:47Z\", \"duration\": \"PT1M55S\", \"interactionStatistic\": {\"@type\": \"InteractionCounter\", \"interactionType\": \"https:\/\/schema.org\/WatchAction\", \"userInteractionCount\": 49}, \"embedUrl\": \"https:\/\/qcnl.tv\/e\/N6tOsD8rHvvsTyv1SKf_iQ\"}<\/script><\/div><\/div><\/div>\n\n\n\n<div class=\"wp-block-screen9video-screen9video wp-block-embed\"><div class=\"wp-block-embed__wrapper\"><div style=\"position:relative;width:100%;padding-bottom:56.25%;\"><iframe allow=\"autoplay; fullscreen\" allowfullscreen referrerpolicy=\"no-referrer-when-downgrade\" src=\"https:\/\/qcnl.tv\/e\/UY1HT41ATH2CuO2ipmzo-w\" style=\"border:0;width:100%;height:100%;position:absolute\" title=\"Nordic Buy Out Forum 2023\"><\/iframe><script type=\"application\/ld+json\">{\"@context\": \"https:\/\/schema.org\", \"@type\": \"VideoObject\", \"description\": \"Watch the highlights from the 2023 Nordic Buy Out Forum here and start the countdown to next year\\u2019s conference!\", \"name\": \"Nordic Buy Out Forum 2023\", \"thumbnailUrl\": [\"https:\/\/qcdn.screen9.com\/img\/T\/4\/T48UnMBx1sp3vqmu3tmprw_image\/thumb.jpg?v=2\", \"https:\/\/qcdn.screen9.com\/img\/T\/4\/T48UnMBx1sp3vqmu3tmprw_image\/144p.jpg?v=2\", \"https:\/\/qcdn.screen9.com\/img\/T\/4\/T48UnMBx1sp3vqmu3tmprw_image\/240p.jpg?v=2\", \"https:\/\/qcdn.screen9.com\/img\/T\/4\/T48UnMBx1sp3vqmu3tmprw_image\/360p.jpg?v=2\", \"https:\/\/qcdn.screen9.com\/img\/T\/4\/T48UnMBx1sp3vqmu3tmprw_image\/480p.jpg?v=2\", \"https:\/\/qcdn.screen9.com\/img\/T\/4\/T48UnMBx1sp3vqmu3tmprw_image\/720p.jpg?v=2\", \"https:\/\/qcdn.screen9.com\/img\/T\/4\/T48UnMBx1sp3vqmu3tmprw_image\/image.jpg?v=2\"], \"uploadDate\": \"2024-01-25T09:48:39Z\", \"duration\": \"PT2M20S\", \"interactionStatistic\": {\"@type\": \"InteractionCounter\", \"interactionType\": \"https:\/\/schema.org\/WatchAction\", \"userInteractionCount\": 24}, \"embedUrl\": \"https:\/\/qcnl.tv\/e\/UY1HT41ATH2CuO2ipmzo-w\"}<\/script><\/div><\/div><\/div>\n\n\n\n<div class=\"wp-block-screen9video-screen9video wp-block-embed\"><div class=\"wp-block-embed__wrapper\"><div style=\"position:relative;width:100%;padding-bottom:56.25%;\"><iframe allow=\"autoplay; fullscreen\" allowfullscreen referrerpolicy=\"no-referrer-when-downgrade\" src=\"https:\/\/qcnl.tv\/e\/X6Vc1tUusCyrSCNRDeEUSw\" style=\"border:0;width:100%;height:100%;position:absolute\" title=\"Nordic Buy Out Forum 2022\"><\/iframe><script type=\"application\/ld+json\">{\"@context\": \"https:\/\/schema.org\", \"@type\": \"VideoObject\", \"description\": \"Watch the highlights from the event here and start the countdown to next year\\u2019s conference!\", \"name\": \"Nordic Buy Out Forum 2022\", \"thumbnailUrl\": [\"https:\/\/qcdn.screen9.com\/img\/Y\/I\/YI1t4_-f-Db0igokjUT2TQ_image\/thumb.jpg?v=2\", \"https:\/\/qcdn.screen9.com\/img\/Y\/I\/YI1t4_-f-Db0igokjUT2TQ_image\/144p.jpg?v=2\", \"https:\/\/qcdn.screen9.com\/img\/Y\/I\/YI1t4_-f-Db0igokjUT2TQ_image\/240p.jpg?v=2\", \"https:\/\/qcdn.screen9.com\/img\/Y\/I\/YI1t4_-f-Db0igokjUT2TQ_image\/360p.jpg?v=2\", \"https:\/\/qcdn.screen9.com\/img\/Y\/I\/YI1t4_-f-Db0igokjUT2TQ_image\/480p.jpg?v=2\", \"https:\/\/qcdn.screen9.com\/img\/Y\/I\/YI1t4_-f-Db0igokjUT2TQ_image\/720p.jpg?v=2\", \"https:\/\/qcdn.screen9.com\/img\/Y\/I\/YI1t4_-f-Db0igokjUT2TQ_image\/image.jpg?v=2\"], \"uploadDate\": \"2024-01-18T14:27:55Z\", \"duration\": \"PT1M20S\", \"interactionStatistic\": {\"@type\": \"InteractionCounter\", \"interactionType\": \"https:\/\/schema.org\/WatchAction\", \"userInteractionCount\": 4}, \"embedUrl\": \"https:\/\/qcnl.tv\/e\/X6Vc1tUusCyrSCNRDeEUSw\"}<\/script><\/div><\/div><\/div>\n\n\n\n<div class=\"wp-block-group alignwide has-global-padding is-layout-constrained wp-block-group-is-layout-constrained\">\n<h2 class=\"wp-block-heading alignwide has-small-font-size\" id=\"h-related-articles\">Related articles<\/h2>\n\n\n\n<div data-wp-router-region=\"query-filter\" class=\"wp-block-query alignwide is-layout-flow wp-block-query-is-layout-flow\"><ul class=\"columns-3 wp-block-post-template is-layout-grid wp-container-core-post-template-is-layout-6d3fbd8f wp-block-post-template-is-layout-grid\"><li class=\"wp-block-post post-23637 post type-post status-publish format-standard has-post-thumbnail hentry tag-195 tag-ma tag-report tag-wiersholm competence_area_tax-ma\">\n<div class=\"t2-featured-template-post t2-featured-content is-post-type-post tag-195 tag-ma tag-report tag-wiersholm competence_area_tax-ma wp-block-t2-featured-template-post\"><a class=\"t2-post-link wp-block-t2-post-link\" href=\"https:\/\/wiersholm.no\/en\/news\/wiersholms-ma-and-ipo-trend-report\/\">\n<figure style=\"--t2-focal-point: 50% 50%;\" class=\"t2-post-featured-image has-image-ratio-4-3 wp-block-t2-post-featured-image\"><img loading=\"lazy\" decoding=\"async\" width=\"2560\" height=\"1067\" src=\"https:\/\/wiersholm.no\/content\/uploads\/sites\/2\/2026\/01\/AdobeStock_719548538-scaled.jpeg\" class=\"attachment-post-thumbnail size-post-thumbnail wp-post-image\" alt=\"\" srcset=\"https:\/\/wiersholm.no\/content\/uploads\/sites\/2\/2026\/01\/AdobeStock_719548538-scaled.jpeg 2560w, https:\/\/wiersholm.no\/content\/uploads\/sites\/2\/2026\/01\/AdobeStock_719548538-300x125.jpeg 300w, https:\/\/wiersholm.no\/content\/uploads\/sites\/2\/2026\/01\/AdobeStock_719548538-1024x427.jpeg 1024w, https:\/\/wiersholm.no\/content\/uploads\/sites\/2\/2026\/01\/AdobeStock_719548538-768x320.jpeg 768w, https:\/\/wiersholm.no\/content\/uploads\/sites\/2\/2026\/01\/AdobeStock_719548538-1536x640.jpeg 1536w, https:\/\/wiersholm.no\/content\/uploads\/sites\/2\/2026\/01\/AdobeStock_719548538-2048x853.jpeg 2048w\" sizes=\"auto, (max-width: 2560px) 100vw, 2560px\" \/><\/figure>\n\n<div class=\"wp-block-group t2-post-inner-content is-layout-flow wp-block-group-is-layout-flow\">\n\t<h3 class=\"t2-post-title wp-block-t2-post-title\">Wiersholm\u2019s M&amp;A and IPO trend report<\/h3>\n\t<p class=\"has-x-small-font-size\">News<\/p>\n<\/div>\n\n<\/a>\n<\/div>\n<\/li><li class=\"wp-block-post post-23516 post type-post status-publish format-standard has-post-thumbnail hentry competence_area_tax-investigation-and-compliance\">\n<div class=\"t2-featured-template-post t2-featured-content is-post-type-post competence_area_tax-investigation-and-compliance wp-block-t2-featured-template-post\"><a class=\"t2-post-link wp-block-t2-post-link\" href=\"https:\/\/wiersholm.no\/en\/news\/philip-urofsky-strengthens-wiersholms-global-compliance-team-as-international-independent-counsel\/\">\n<figure style=\"--t2-focal-point: 50% 50%;\" class=\"t2-post-featured-image has-image-ratio-4-3 wp-block-t2-post-featured-image\"><img loading=\"lazy\" decoding=\"async\" width=\"2560\" height=\"1702\" src=\"https:\/\/wiersholm.no\/content\/uploads\/sites\/2\/2025\/10\/IMG_3914_VSCO-scaled.jpeg\" class=\"attachment-post-thumbnail size-post-thumbnail wp-post-image\" alt=\"\" srcset=\"https:\/\/wiersholm.no\/content\/uploads\/sites\/2\/2025\/10\/IMG_3914_VSCO-scaled.jpeg 2560w, https:\/\/wiersholm.no\/content\/uploads\/sites\/2\/2025\/10\/IMG_3914_VSCO-300x199.jpeg 300w, https:\/\/wiersholm.no\/content\/uploads\/sites\/2\/2025\/10\/IMG_3914_VSCO-1024x681.jpeg 1024w, https:\/\/wiersholm.no\/content\/uploads\/sites\/2\/2025\/10\/IMG_3914_VSCO-768x511.jpeg 768w, https:\/\/wiersholm.no\/content\/uploads\/sites\/2\/2025\/10\/IMG_3914_VSCO-1536x1021.jpeg 1536w, https:\/\/wiersholm.no\/content\/uploads\/sites\/2\/2025\/10\/IMG_3914_VSCO-2048x1362.jpeg 2048w\" sizes=\"auto, (max-width: 2560px) 100vw, 2560px\" \/><\/figure>\n\n<div class=\"wp-block-group t2-post-inner-content is-layout-flow wp-block-group-is-layout-flow\">\n\t<h3 class=\"t2-post-title wp-block-t2-post-title\">Philip Urofsky strengthens Wiersholm\u2019s global compliance team as International Independent Counsel<\/h3>\n\t<p class=\"has-x-small-font-size\">News<\/p>\n<\/div>\n\n<\/a>\n<\/div>\n<\/li><li class=\"wp-block-post post-23365 post type-post status-publish format-standard has-post-thumbnail hentry tag-trends-in-dispute-resolution-forum-2025\">\n<div class=\"t2-featured-template-post t2-featured-content is-post-type-post tag-trends-in-dispute-resolution-forum-2025 wp-block-t2-featured-template-post\"><a class=\"t2-post-link wp-block-t2-post-link\" href=\"https:\/\/wiersholm.no\/en\/news\/trends-in-dispute-resolution-forum-2025\/\">\n<figure style=\"--t2-focal-point: 50% 50%;\" class=\"t2-post-featured-image has-image-ratio-4-3 wp-block-t2-post-featured-image\"><img loading=\"lazy\" decoding=\"async\" width=\"1776\" height=\"1184\" src=\"https:\/\/wiersholm.no\/content\/uploads\/sites\/2\/2025\/06\/DSCF8377.jpg\" class=\"attachment-post-thumbnail size-post-thumbnail wp-post-image\" alt=\"\" srcset=\"https:\/\/wiersholm.no\/content\/uploads\/sites\/2\/2025\/06\/DSCF8377.jpg 1776w, https:\/\/wiersholm.no\/content\/uploads\/sites\/2\/2025\/06\/DSCF8377-300x200.jpg 300w, https:\/\/wiersholm.no\/content\/uploads\/sites\/2\/2025\/06\/DSCF8377-1024x683.jpg 1024w, https:\/\/wiersholm.no\/content\/uploads\/sites\/2\/2025\/06\/DSCF8377-768x512.jpg 768w, https:\/\/wiersholm.no\/content\/uploads\/sites\/2\/2025\/06\/DSCF8377-1536x1024.jpg 1536w\" sizes=\"auto, (max-width: 1776px) 100vw, 1776px\" \/><\/figure>\n\n<div class=\"wp-block-group t2-post-inner-content is-layout-flow wp-block-group-is-layout-flow\">\n\t<h3 class=\"t2-post-title wp-block-t2-post-title\">Trends in Dispute Resolution Forum 2025<\/h3>\n\t<p class=\"has-x-small-font-size\">News<\/p>\n<\/div>\n\n<\/a>\n<\/div>\n<\/li><\/ul><\/div>\n<\/div>\n","protected":false},"excerpt":{"rendered":"<p>Nordic Buy Out Forum is the largest annual M&amp;A conference in the Nordic region. The conference was established in 2011 and is organised by Wiersholm, with support from the Norwegian Venture Capital &amp; Private Equity Association (NVCA). Nordic Buy Out Forum is a recognised arena for networking and knowledge sharing for the venture capital and [&hellip;]<\/p>\n","protected":false},"author":4,"featured_media":22445,"parent":0,"menu_order":0,"comment_status":"closed","ping_status":"closed","template":"","meta":{"editor_notices":[],"footnotes":""},"class_list":["post-22444","page","type-page","status-publish","has-post-thumbnail","hentry"],"yoast_head":"<!-- This site is optimized with the Yoast SEO Premium plugin v26.8 (Yoast SEO v26.8) - https:\/\/yoast.com\/product\/yoast-seo-premium-wordpress\/ -->\n<title>Looking back at the Nordic Buy Out Forum 2011-2024 - Law firm Wiersholm<\/title>\n<meta name=\"robots\" content=\"index, follow, max-snippet:-1, max-image-preview:large, max-video-preview:-1\" \/>\n<link rel=\"canonical\" href=\"https:\/\/wiersholm.no\/en\/looking-back-at-the-nordic-buy-out-forum-2011-2024\/\" \/>\n<meta property=\"og:locale\" content=\"en_US\" \/>\n<meta property=\"og:type\" content=\"article\" \/>\n<meta property=\"og:title\" content=\"Looking back at the Nordic Buy Out Forum 2011-2024\" \/>\n<meta property=\"og:description\" content=\"Nordic Buy Out Forum is the largest annual M&amp;A conference in the Nordic region. The conference was established in 2011 and is organised by Wiersholm, with support from the Norwegian Venture Capital &amp; Private Equity Association (NVCA). Nordic Buy Out Forum is a recognised arena for networking and knowledge sharing for the venture capital and [&hellip;]\" \/>\n<meta property=\"og:url\" content=\"https:\/\/wiersholm.no\/en\/looking-back-at-the-nordic-buy-out-forum-2011-2024\/\" \/>\n<meta property=\"og:site_name\" content=\"Law firm Wiersholm\" \/>\n<meta property=\"article:modified_time\" content=\"2026-03-10T12:10:00+00:00\" \/>\n<meta property=\"og:image\" content=\"https:\/\/wiersholm.no\/content\/uploads\/sites\/2\/2025\/02\/Jarle-1.jpg\" \/>\n\t<meta property=\"og:image:width\" content=\"1400\" \/>\n\t<meta property=\"og:image:height\" content=\"788\" \/>\n\t<meta property=\"og:image:type\" content=\"image\/jpeg\" \/>\n<meta name=\"twitter:card\" content=\"summary_large_image\" \/>\n<meta name=\"twitter:label1\" content=\"Est. reading time\" \/>\n\t<meta name=\"twitter:data1\" content=\"14 minutes\" \/>\n<script type=\"application\/ld+json\" class=\"yoast-schema-graph\">{\"@context\":\"https:\/\/schema.org\",\"@graph\":[{\"@type\":\"WebPage\",\"@id\":\"https:\/\/wiersholm.no\/en\/looking-back-at-the-nordic-buy-out-forum-2011-2024\/\",\"url\":\"https:\/\/wiersholm.no\/en\/looking-back-at-the-nordic-buy-out-forum-2011-2024\/\",\"name\":\"Looking back at the Nordic Buy Out Forum 2011-2024 - Law firm Wiersholm\",\"isPartOf\":{\"@id\":\"https:\/\/wiersholm.no\/en\/#website\"},\"primaryImageOfPage\":{\"@id\":\"https:\/\/wiersholm.no\/en\/looking-back-at-the-nordic-buy-out-forum-2011-2024\/#primaryimage\"},\"image\":{\"@id\":\"https:\/\/wiersholm.no\/en\/looking-back-at-the-nordic-buy-out-forum-2011-2024\/#primaryimage\"},\"thumbnailUrl\":\"https:\/\/wiersholm.no\/content\/uploads\/sites\/2\/2025\/02\/Jarle-1.jpg\",\"datePublished\":\"2025-02-24T09:17:53+00:00\",\"dateModified\":\"2026-03-10T12:10:00+00:00\",\"breadcrumb\":{\"@id\":\"https:\/\/wiersholm.no\/en\/looking-back-at-the-nordic-buy-out-forum-2011-2024\/#breadcrumb\"},\"inLanguage\":\"en-US\",\"potentialAction\":[{\"@type\":\"ReadAction\",\"target\":[\"https:\/\/wiersholm.no\/en\/looking-back-at-the-nordic-buy-out-forum-2011-2024\/\"]}]},{\"@type\":\"ImageObject\",\"inLanguage\":\"en-US\",\"@id\":\"https:\/\/wiersholm.no\/en\/looking-back-at-the-nordic-buy-out-forum-2011-2024\/#primaryimage\",\"url\":\"https:\/\/wiersholm.no\/content\/uploads\/sites\/2\/2025\/02\/Jarle-1.jpg\",\"contentUrl\":\"https:\/\/wiersholm.no\/content\/uploads\/sites\/2\/2025\/02\/Jarle-1.jpg\",\"width\":1400,\"height\":788},{\"@type\":\"BreadcrumbList\",\"@id\":\"https:\/\/wiersholm.no\/en\/looking-back-at-the-nordic-buy-out-forum-2011-2024\/#breadcrumb\",\"itemListElement\":[{\"@type\":\"ListItem\",\"position\":1,\"name\":\"Home\",\"item\":\"https:\/\/wiersholm.no\/en\/\"},{\"@type\":\"ListItem\",\"position\":2,\"name\":\"Looking back at the Nordic Buy Out Forum 2011-2024\"}]},{\"@type\":\"WebSite\",\"@id\":\"https:\/\/wiersholm.no\/en\/#website\",\"url\":\"https:\/\/wiersholm.no\/en\/\",\"name\":\"Law firm Wiersholm\",\"description\":\"\",\"potentialAction\":[{\"@type\":\"SearchAction\",\"target\":{\"@type\":\"EntryPoint\",\"urlTemplate\":\"https:\/\/wiersholm.no\/en\/?s={search_term_string}\"},\"query-input\":{\"@type\":\"PropertyValueSpecification\",\"valueRequired\":true,\"valueName\":\"search_term_string\"}}],\"inLanguage\":\"en-US\"}]}<\/script>\n<!-- \/ Yoast SEO Premium plugin. -->","yoast_head_json":{"title":"Looking back at the Nordic Buy Out Forum 2011-2024 - Law firm Wiersholm","robots":{"index":"index","follow":"follow","max-snippet":"max-snippet:-1","max-image-preview":"max-image-preview:large","max-video-preview":"max-video-preview:-1"},"canonical":"https:\/\/wiersholm.no\/en\/looking-back-at-the-nordic-buy-out-forum-2011-2024\/","og_locale":"en_US","og_type":"article","og_title":"Looking back at the Nordic Buy Out Forum 2011-2024","og_description":"Nordic Buy Out Forum is the largest annual M&amp;A conference in the Nordic region. The conference was established in 2011 and is organised by Wiersholm, with support from the Norwegian Venture Capital &amp; Private Equity Association (NVCA). Nordic Buy Out Forum is a recognised arena for networking and knowledge sharing for the venture capital and [&hellip;]","og_url":"https:\/\/wiersholm.no\/en\/looking-back-at-the-nordic-buy-out-forum-2011-2024\/","og_site_name":"Law firm Wiersholm","article_modified_time":"2026-03-10T12:10:00+00:00","og_image":[{"width":1400,"height":788,"url":"https:\/\/wiersholm.no\/content\/uploads\/sites\/2\/2025\/02\/Jarle-1.jpg","type":"image\/jpeg"}],"twitter_card":"summary_large_image","twitter_misc":{"Est. reading time":"14 minutes"},"schema":{"@context":"https:\/\/schema.org","@graph":[{"@type":"WebPage","@id":"https:\/\/wiersholm.no\/en\/looking-back-at-the-nordic-buy-out-forum-2011-2024\/","url":"https:\/\/wiersholm.no\/en\/looking-back-at-the-nordic-buy-out-forum-2011-2024\/","name":"Looking back at the Nordic Buy Out Forum 2011-2024 - Law firm Wiersholm","isPartOf":{"@id":"https:\/\/wiersholm.no\/en\/#website"},"primaryImageOfPage":{"@id":"https:\/\/wiersholm.no\/en\/looking-back-at-the-nordic-buy-out-forum-2011-2024\/#primaryimage"},"image":{"@id":"https:\/\/wiersholm.no\/en\/looking-back-at-the-nordic-buy-out-forum-2011-2024\/#primaryimage"},"thumbnailUrl":"https:\/\/wiersholm.no\/content\/uploads\/sites\/2\/2025\/02\/Jarle-1.jpg","datePublished":"2025-02-24T09:17:53+00:00","dateModified":"2026-03-10T12:10:00+00:00","breadcrumb":{"@id":"https:\/\/wiersholm.no\/en\/looking-back-at-the-nordic-buy-out-forum-2011-2024\/#breadcrumb"},"inLanguage":"en-US","potentialAction":[{"@type":"ReadAction","target":["https:\/\/wiersholm.no\/en\/looking-back-at-the-nordic-buy-out-forum-2011-2024\/"]}]},{"@type":"ImageObject","inLanguage":"en-US","@id":"https:\/\/wiersholm.no\/en\/looking-back-at-the-nordic-buy-out-forum-2011-2024\/#primaryimage","url":"https:\/\/wiersholm.no\/content\/uploads\/sites\/2\/2025\/02\/Jarle-1.jpg","contentUrl":"https:\/\/wiersholm.no\/content\/uploads\/sites\/2\/2025\/02\/Jarle-1.jpg","width":1400,"height":788},{"@type":"BreadcrumbList","@id":"https:\/\/wiersholm.no\/en\/looking-back-at-the-nordic-buy-out-forum-2011-2024\/#breadcrumb","itemListElement":[{"@type":"ListItem","position":1,"name":"Home","item":"https:\/\/wiersholm.no\/en\/"},{"@type":"ListItem","position":2,"name":"Looking back at the Nordic Buy Out Forum 2011-2024"}]},{"@type":"WebSite","@id":"https:\/\/wiersholm.no\/en\/#website","url":"https:\/\/wiersholm.no\/en\/","name":"Law firm Wiersholm","description":"","potentialAction":[{"@type":"SearchAction","target":{"@type":"EntryPoint","urlTemplate":"https:\/\/wiersholm.no\/en\/?s={search_term_string}"},"query-input":{"@type":"PropertyValueSpecification","valueRequired":true,"valueName":"search_term_string"}}],"inLanguage":"en-US"}]}},"_links":{"self":[{"href":"https:\/\/wiersholm.no\/en\/wp-json\/wp\/v2\/pages\/22444","targetHints":{"allow":["GET"]}}],"collection":[{"href":"https:\/\/wiersholm.no\/en\/wp-json\/wp\/v2\/pages"}],"about":[{"href":"https:\/\/wiersholm.no\/en\/wp-json\/wp\/v2\/types\/page"}],"author":[{"embeddable":true,"href":"https:\/\/wiersholm.no\/en\/wp-json\/wp\/v2\/users\/4"}],"replies":[{"embeddable":true,"href":"https:\/\/wiersholm.no\/en\/wp-json\/wp\/v2\/comments?post=22444"}],"version-history":[{"count":5,"href":"https:\/\/wiersholm.no\/en\/wp-json\/wp\/v2\/pages\/22444\/revisions"}],"predecessor-version":[{"id":23715,"href":"https:\/\/wiersholm.no\/en\/wp-json\/wp\/v2\/pages\/22444\/revisions\/23715"}],"wp:featuredmedia":[{"embeddable":true,"href":"https:\/\/wiersholm.no\/en\/wp-json\/wp\/v2\/media\/22445"}],"wp:attachment":[{"href":"https:\/\/wiersholm.no\/en\/wp-json\/wp\/v2\/media?parent=22444"}],"curies":[{"name":"wp","href":"https:\/\/api.w.org\/{rel}","templated":true}]}}