{"id":22437,"date":"2025-02-24T12:28:37","date_gmt":"2025-02-24T11:28:37","guid":{"rendered":"https:\/\/wiersholm.no\/en\/?page_id=22437"},"modified":"2026-04-28T09:52:00","modified_gmt":"2026-04-28T07:52:00","slug":"recent-transactions","status":"publish","type":"page","link":"https:\/\/wiersholm.no\/en\/recent-transactions\/","title":{"rendered":"Recent transactions"},"content":{"rendered":"<h1 class=\"wp-block-post-title\">Recent transactions<\/h1>\n\n<p class=\"t2-ingress wp-block-t2-ingress\">Our lawyers have among the industry\u2019s most extensive and diverse experience with high-profile and complex transactions in both the Norwegian and Nordic markets. A significant share of these transactions involves international players.<\/p>\n\n\n<h2 class=\"wp-block-heading\" id=\"h-reference-cases\">Reference cases<\/h2>\n\n\n<div class=\"t2-accordion wp-block-t2-accordion\" data-allow-multiple=\"1\" role=\"list\">\n<div class=\"t2-accordion-item wp-block-t2-accordion-item\" role=\"listitem\">\n\t\t\t<h2 class=\"t2-accordion-title\">\n\t\t\t\t<button type=\"button\" class=\"t2-accordion-trigger\" id=\"successful-investment-in-zeabuz-as\" aria-controls=\"accordion-panel\" aria-expanded=\"false\">\n\t\t\t\t\tSuccessful investment in Zeabuz AS\n\t\t\t\t\t<span class=\"t2-accordion-icon is-closed-icon\"><svg xmlns=\"http:\/\/www.w3.org\/2000\/svg\" viewBox=\"0 0 24 24\" height=\"24\" width=\"24\" class=\"t2-icon t2-icon-add\" aria-hidden=\"true\" focusable=\"false\"><g stroke=\"currentColor\" stroke-linecap=\"round\" stroke-linejoin=\"round\" stroke-width=\"1\" style=\"transform: scale(1);vector-effect: non-scaling-stroke;\"><path d=\"M12 4V20\" stroke=\"currentColor\" stroke-linecap=\"round\" stroke-linejoin=\"round\"\/><path d=\"M4 12H20\" stroke=\"currentColor\" stroke-linecap=\"round\" stroke-linejoin=\"round\"\/><\/g><\/svg><\/span>\n\t\t\t\t\t<span class=\"t2-accordion-icon is-open-icon\"><svg xmlns=\"http:\/\/www.w3.org\/2000\/svg\" viewBox=\"0 0 24 24\" height=\"24\" width=\"24\" class=\"t2-icon t2-icon-remove\" aria-hidden=\"true\" focusable=\"false\"><g stroke=\"currentColor\" stroke-linecap=\"round\" stroke-linejoin=\"round\" stroke-width=\"1\" style=\"transform: scale(1);vector-effect: non-scaling-stroke;\"><path d=\"M4 12H20\" stroke=\"currentColor\" stroke-linecap=\"round\" stroke-linejoin=\"round\"\/><\/g><\/svg><\/span>\n\t\t\t\t<\/button>\n\t\t\t<\/h2>\n\t\t\t<div class=\"t2-accordion-item__inner-container is-layout-flow\" id=\"accordion-panel\" aria-labelledby=\"successful-investment-in-zeabuz-as\" role=\"region\" hidden>\n\t\t\t\t\n\n<p><strong>Practice Area:<\/strong><\/p>\n\n\n\n<p>M&amp;A<\/p>\n\n\n\n<p><strong>Information:<\/strong><\/p>\n\n\n\n<p>Wiersholm is pleased to have assisted <a href=\"https:\/\/www.linkedin.com\/company\/zeabuz\/\">Zeabuz<\/a> AS with an funding round, led by Grieg Kapital AS, with participation from Eitzen AS and Barclay Holding AS, alongside existing shareholders.<br><br>Zeabuz is a provider of leading intelligent navigation solutions to the maritime industry. We would like to thank everyone involved for the excellent cooperation throughout the process.<br><br>Our core team consisted of <a href=\"https:\/\/www.linkedin.com\/in\/martin-fevaag-larsen-59ba465b\/\">Martin Fevaag Larsen<\/a> and <a href=\"https:\/\/www.linkedin.com\/in\/amanda-antonsen-979908232\/\">Amanda Antonsen<\/a>.<br><br>Congratulation to everyone involved in this successful transaction!<\/p>\n\n\n\n<p><a href=\"https:\/\/www.linkedin.com\/feed\/update\/urn:li:activity:7428028994060640256\"><strong>LinkedIn:<\/strong> <\/a><\/p>\n\n\n\n<p><a href=\"https:\/\/www.linkedin.com\/feed\/update\/urn:li:activity:7450493969974722561\">https:\/\/www.linkedin.com\/feed\/update\/urn:li:activity:7450493969974722561<\/a><\/p>\n\n\n\n<p><strong>Date:<\/strong><\/p>\n\n\n\n<p>April 2026<\/p>\n\n\n\t\t\t<\/div>\n\t\t<\/div>\n\n<div class=\"t2-accordion-item wp-block-t2-accordion-item\" role=\"listitem\">\n\t\t\t<h2 class=\"t2-accordion-title\">\n\t\t\t\t<button type=\"button\" class=\"t2-accordion-trigger\" id=\"eet-norge-as-acquires-all-the-shares-in-cbk-distribusjon-as\" aria-controls=\"accordion-panel-1\" aria-expanded=\"false\">\n\t\t\t\t\tEET Norge AS acquires all the shares in CBK Distribusjon AS\n\t\t\t\t\t<span class=\"t2-accordion-icon is-closed-icon\"><svg xmlns=\"http:\/\/www.w3.org\/2000\/svg\" viewBox=\"0 0 24 24\" height=\"24\" width=\"24\" class=\"t2-icon t2-icon-add\" aria-hidden=\"true\" focusable=\"false\"><g stroke=\"currentColor\" stroke-linecap=\"round\" stroke-linejoin=\"round\" stroke-width=\"1\" style=\"transform: scale(1);vector-effect: non-scaling-stroke;\"><path d=\"M12 4V20\" stroke=\"currentColor\" stroke-linecap=\"round\" stroke-linejoin=\"round\"\/><path d=\"M4 12H20\" stroke=\"currentColor\" stroke-linecap=\"round\" stroke-linejoin=\"round\"\/><\/g><\/svg><\/span>\n\t\t\t\t\t<span class=\"t2-accordion-icon is-open-icon\"><svg xmlns=\"http:\/\/www.w3.org\/2000\/svg\" viewBox=\"0 0 24 24\" height=\"24\" width=\"24\" class=\"t2-icon t2-icon-remove\" aria-hidden=\"true\" focusable=\"false\"><g stroke=\"currentColor\" stroke-linecap=\"round\" stroke-linejoin=\"round\" stroke-width=\"1\" style=\"transform: scale(1);vector-effect: non-scaling-stroke;\"><path d=\"M4 12H20\" stroke=\"currentColor\" stroke-linecap=\"round\" stroke-linejoin=\"round\"\/><\/g><\/svg><\/span>\n\t\t\t\t<\/button>\n\t\t\t<\/h2>\n\t\t\t<div class=\"t2-accordion-item__inner-container is-layout-flow\" id=\"accordion-panel-1\" aria-labelledby=\"eet-norge-as-acquires-all-the-shares-in-cbk-distribusjon-as\" role=\"region\" hidden>\n\t\t\t\t\n\n<p><strong>Practice Area:<\/strong><\/p>\n\n\n\n<p>M&amp;A<\/p>\n\n\n\n<p><strong>Information:<\/strong><\/p>\n\n\n\n<p>Wiersholm has had the pleasure of assisting <a href=\"https:\/\/www.linkedin.com\/company\/eet-norge\/\">EET Norge<\/a> AS in connection with its acquisition of all the shares in CBK Distribusjon AS (<a href=\"https:\/\/www.linkedin.com\/company\/cbk-group-nordic\/\">CBK Group<\/a>).<br><br>Wiersholm&#8217;s core team has consisted of <a href=\"https:\/\/www.linkedin.com\/in\/ingjerd-r%C3%B8yn%C3%A5s-1a510937\/\">Ingjerd R\u00f8yn\u00e5s<\/a>, <a href=\"https:\/\/www.linkedin.com\/in\/sjur-funnemark-50b253182\/\">Sjur Funnemark<\/a> and <a href=\"https:\/\/www.linkedin.com\/in\/mathea-pouchoulin-kvadsheim-5861601ba\/\">Mathea Pouchoulin Kvadsheim<\/a><br><br>Congratulations to all the parties involved!<br><br>For more information: <a href=\"https:\/\/lnkd.in\/ex9qMq9B\">https:\/\/lnkd.in\/ex9qMq9B<\/a><\/p>\n\n\n\n<p><a href=\"https:\/\/www.linkedin.com\/feed\/update\/urn:li:activity:7428028994060640256\"><strong>LinkedIn:<\/strong> <\/a><\/p>\n\n\n\n<p><a href=\"https:\/\/www.linkedin.com\/feed\/update\/urn:li:activity:7450151233732022272\">https:\/\/www.linkedin.com\/feed\/update\/urn:li:activity:7450151233732022272<\/a><\/p>\n\n\n\n<p><strong>Date:<\/strong><\/p>\n\n\n\n<p>April 2026<\/p>\n\n\n\t\t\t<\/div>\n\t\t<\/div>\n\n<div class=\"t2-accordion-item wp-block-t2-accordion-item\" role=\"listitem\">\n\t\t\t<h2 class=\"t2-accordion-title\">\n\t\t\t\t<button type=\"button\" class=\"t2-accordion-trigger\" id=\"hg-sells-geomatikk-group-to-axcel\" aria-controls=\"accordion-panel-2\" aria-expanded=\"false\">\n\t\t\t\t\tHg sells Geomatikk Group to Axcel\n\t\t\t\t\t<span class=\"t2-accordion-icon is-closed-icon\"><svg xmlns=\"http:\/\/www.w3.org\/2000\/svg\" viewBox=\"0 0 24 24\" height=\"24\" width=\"24\" class=\"t2-icon t2-icon-add\" aria-hidden=\"true\" focusable=\"false\"><g stroke=\"currentColor\" stroke-linecap=\"round\" stroke-linejoin=\"round\" stroke-width=\"1\" style=\"transform: scale(1);vector-effect: non-scaling-stroke;\"><path d=\"M12 4V20\" stroke=\"currentColor\" stroke-linecap=\"round\" stroke-linejoin=\"round\"\/><path d=\"M4 12H20\" stroke=\"currentColor\" stroke-linecap=\"round\" stroke-linejoin=\"round\"\/><\/g><\/svg><\/span>\n\t\t\t\t\t<span class=\"t2-accordion-icon is-open-icon\"><svg xmlns=\"http:\/\/www.w3.org\/2000\/svg\" viewBox=\"0 0 24 24\" height=\"24\" width=\"24\" class=\"t2-icon t2-icon-remove\" aria-hidden=\"true\" focusable=\"false\"><g stroke=\"currentColor\" stroke-linecap=\"round\" stroke-linejoin=\"round\" stroke-width=\"1\" style=\"transform: scale(1);vector-effect: non-scaling-stroke;\"><path d=\"M4 12H20\" stroke=\"currentColor\" stroke-linecap=\"round\" stroke-linejoin=\"round\"\/><\/g><\/svg><\/span>\n\t\t\t\t<\/button>\n\t\t\t<\/h2>\n\t\t\t<div class=\"t2-accordion-item__inner-container is-layout-flow\" id=\"accordion-panel-2\" aria-labelledby=\"hg-sells-geomatikk-group-to-axcel\" role=\"region\" hidden>\n\t\t\t\t\n\n<p><strong>Practice Area:<\/strong><\/p>\n\n\n\n<p>M&amp;A<\/p>\n\n\n\n<p><strong>Information:<\/strong><\/p>\n\n\n\n<p>Wiersholm had the pleasure of advising <a href=\"https:\/\/www.linkedin.com\/company\/hgcapital\/\">Hg<\/a> on its sale of <a href=\"https:\/\/www.linkedin.com\/company\/geomatikk-group\/\">Geomatikk Group<\/a> to Axcel.<br><br>Geomatikk Group is a leading provider of tech-enabled detection services and proprietary software that help safeguard and manage underground infrastructure. Over the five years of ownership, Hg supported Geomatikk&#8217;s transformation from a regionally focused infrastructure protection services business into a pan-European critical infrastructure management platform.<br><br>Wiersholm&#8217;s core team consisted of <a href=\"https:\/\/www.linkedin.com\/in\/harald-hellebust-a29693267\/\">Harald Hellebust<\/a>, <a href=\"https:\/\/www.linkedin.com\/in\/ingjerd-r%C3%B8yn%C3%A5s-1a510937\/\">Ingjerd R\u00f8yn\u00e5s<\/a>, <a href=\"https:\/\/www.linkedin.com\/in\/nicolay-vold-85791711\/\">Nicolay Vold<\/a>, <a href=\"https:\/\/www.linkedin.com\/in\/stian-advocaat-endre-821145123\/\">Stian Advocaat Endre<\/a>, <a href=\"https:\/\/www.linkedin.com\/in\/vselje\/\">Vetle V. W. Seljestad<\/a>, <a href=\"https:\/\/www.linkedin.com\/in\/christoffer-herredsvela-a04813224\/\">Christoffer Herredsvela<\/a> and <a href=\"https:\/\/www.linkedin.com\/in\/matilde-mork-henden-37853b199\/\">Matilde Mork Henden<\/a>.<br><br>Congratulations to all parties involved!<br><br>For more information: <a href=\"https:\/\/lnkd.in\/ex9qMq9B\">https:\/\/lnkd.in\/ex9qMq9B<\/a><\/p>\n\n\n\n<p><a href=\"https:\/\/www.linkedin.com\/feed\/update\/urn:li:activity:7428028994060640256\"><strong>LinkedIn:<\/strong> <\/a><\/p>\n\n\n\n<p><a href=\"https:\/\/www.linkedin.com\/feed\/update\/urn:li:activity:7444755885052055552\">https:\/\/www.linkedin.com\/feed\/update\/urn:li:activity:7444755885052055552<\/a><\/p>\n\n\n\n<p><strong>Date:<\/strong><\/p>\n\n\n\n<p>Mars 2026<\/p>\n\n\n\t\t\t<\/div>\n\t\t<\/div>\n\n<div class=\"t2-accordion-item wp-block-t2-accordion-item\" role=\"listitem\">\n\t\t\t<h2 class=\"t2-accordion-title\">\n\t\t\t\t<button type=\"button\" class=\"t2-accordion-trigger\" id=\"general-oceans-asa-completes-ipo-on-euronext-oslo-b\u00f8rs\" aria-controls=\"accordion-panel-3\" aria-expanded=\"false\">\n\t\t\t\t\tGeneral Oceans ASA completes IPO on Euronext Oslo B\u00f8rs\n\t\t\t\t\t<span class=\"t2-accordion-icon is-closed-icon\"><svg xmlns=\"http:\/\/www.w3.org\/2000\/svg\" viewBox=\"0 0 24 24\" height=\"24\" width=\"24\" class=\"t2-icon t2-icon-add\" aria-hidden=\"true\" focusable=\"false\"><g stroke=\"currentColor\" stroke-linecap=\"round\" stroke-linejoin=\"round\" stroke-width=\"1\" style=\"transform: scale(1);vector-effect: non-scaling-stroke;\"><path d=\"M12 4V20\" stroke=\"currentColor\" stroke-linecap=\"round\" stroke-linejoin=\"round\"\/><path d=\"M4 12H20\" stroke=\"currentColor\" stroke-linecap=\"round\" stroke-linejoin=\"round\"\/><\/g><\/svg><\/span>\n\t\t\t\t\t<span class=\"t2-accordion-icon is-open-icon\"><svg xmlns=\"http:\/\/www.w3.org\/2000\/svg\" viewBox=\"0 0 24 24\" height=\"24\" width=\"24\" class=\"t2-icon t2-icon-remove\" aria-hidden=\"true\" focusable=\"false\"><g stroke=\"currentColor\" stroke-linecap=\"round\" stroke-linejoin=\"round\" stroke-width=\"1\" style=\"transform: scale(1);vector-effect: non-scaling-stroke;\"><path d=\"M4 12H20\" stroke=\"currentColor\" stroke-linecap=\"round\" stroke-linejoin=\"round\"\/><\/g><\/svg><\/span>\n\t\t\t\t<\/button>\n\t\t\t<\/h2>\n\t\t\t<div class=\"t2-accordion-item__inner-container is-layout-flow\" id=\"accordion-panel-3\" aria-labelledby=\"general-oceans-asa-completes-ipo-on-euronext-oslo-b\u00f8rs\" role=\"region\" hidden>\n\t\t\t\t\n\n<p><strong>Practice Area:<\/strong><\/p>\n\n\n\n<p>Capital Markets<\/p>\n\n\n\n<p><strong>Information:<\/strong><\/p>\n\n\n\n<p>Wiersholm congratulates <a href=\"https:\/\/www.linkedin.com\/company\/general-oceans\/\">General Oceans<\/a> on its completed IPO on Euronext Oslo B\u00f8rs. This is the first IPO in the Norwegian market in 2026, and comprised a NOK 1.2 billion offering where the company welcomed more than 3,000 new shareholders.<br><br>Wiersholm has had the pleasure of assisting <a href=\"https:\/\/www.linkedin.com\/company\/abg-sundal-collier\/\">ABG Sundal Collier<\/a> and <a href=\"https:\/\/www.linkedin.com\/company\/dnbcarnegie\/\">DNB Carnegie<\/a>, a part of DNB Bank ASA as joint global coordinators and joint bookrunners, and <a href=\"https:\/\/www.linkedin.com\/company\/arctic-securities\/\">Arctic Securities<\/a> as joint bookrunner in connection with the IPO. Our core team consisted of <a href=\"https:\/\/www.linkedin.com\/in\/annelisegryte\/\">Anne Lise Gryte<\/a>, <a href=\"https:\/\/www.linkedin.com\/in\/karl-magnus-ulstein-rygnestad-908154153\/\">Karl Magnus Ulstein-Rygnestad<\/a> and <a href=\"https:\/\/www.linkedin.com\/in\/espen-omholt-jensen-994519245\/\">Espen Omholt-Jensen<\/a>.<\/p>\n\n\n\n<p><a href=\"https:\/\/www.linkedin.com\/feed\/update\/urn:li:activity:7428028994060640256\"><strong>LinkedIn:<\/strong> <\/a><\/p>\n\n\n\n<p><a href=\"https:\/\/www.linkedin.com\/feed\/update\/urn:li:activity:7442861039886553088\">https:\/\/www.linkedin.com\/feed\/update\/urn:li:activity:7442861039886553088<\/a><\/p>\n\n\n\n<p><strong>Date:<\/strong><\/p>\n\n\n\n<p>Mars 2026<\/p>\n\n\n\t\t\t<\/div>\n\t\t<\/div>\n\n<div class=\"t2-accordion-item wp-block-t2-accordion-item\" role=\"listitem\">\n\t\t\t<h2 class=\"t2-accordion-title\">\n\t\t\t\t<button type=\"button\" class=\"t2-accordion-trigger\" id=\"general-oceans-asa-completes-ipo-on-euronext-oslo-b\u00f8rs-1\" aria-controls=\"accordion-panel-4\" aria-expanded=\"false\">\n\t\t\t\t\tGeneral Oceans ASA completes IPO on Euronext Oslo B\u00f8rs\n\t\t\t\t\t<span class=\"t2-accordion-icon is-closed-icon\"><svg xmlns=\"http:\/\/www.w3.org\/2000\/svg\" viewBox=\"0 0 24 24\" height=\"24\" width=\"24\" class=\"t2-icon t2-icon-add\" aria-hidden=\"true\" focusable=\"false\"><g stroke=\"currentColor\" stroke-linecap=\"round\" stroke-linejoin=\"round\" stroke-width=\"1\" style=\"transform: scale(1);vector-effect: non-scaling-stroke;\"><path d=\"M12 4V20\" stroke=\"currentColor\" stroke-linecap=\"round\" stroke-linejoin=\"round\"\/><path d=\"M4 12H20\" stroke=\"currentColor\" stroke-linecap=\"round\" stroke-linejoin=\"round\"\/><\/g><\/svg><\/span>\n\t\t\t\t\t<span class=\"t2-accordion-icon is-open-icon\"><svg xmlns=\"http:\/\/www.w3.org\/2000\/svg\" viewBox=\"0 0 24 24\" height=\"24\" width=\"24\" class=\"t2-icon t2-icon-remove\" aria-hidden=\"true\" focusable=\"false\"><g stroke=\"currentColor\" stroke-linecap=\"round\" stroke-linejoin=\"round\" stroke-width=\"1\" style=\"transform: scale(1);vector-effect: non-scaling-stroke;\"><path d=\"M4 12H20\" stroke=\"currentColor\" stroke-linecap=\"round\" stroke-linejoin=\"round\"\/><\/g><\/svg><\/span>\n\t\t\t\t<\/button>\n\t\t\t<\/h2>\n\t\t\t<div class=\"t2-accordion-item__inner-container is-layout-flow\" id=\"accordion-panel-4\" aria-labelledby=\"general-oceans-asa-completes-ipo-on-euronext-oslo-b\u00f8rs-1\" role=\"region\" hidden>\n\t\t\t\t\n\n<p><strong>Practice Area:<\/strong><\/p>\n\n\n\n<p>Capital Markets<\/p>\n\n\n\n<p><strong>Information:<\/strong><\/p>\n\n\n\n<p>Wiersholm congratulates <a href=\"https:\/\/www.linkedin.com\/company\/general-oceans\/\">General Oceans<\/a> on its completed IPO on Euronext Oslo B\u00f8rs. This is the first IPO in the Norwegian market in 2026, and comprised a NOK 1.2 billion offering where the company welcomed more than 3,000 new shareholders.<br><br>Wiersholm has had the pleasure of assisting <a href=\"https:\/\/www.linkedin.com\/company\/abg-sundal-collier\/\">ABG Sundal Collier<\/a> and <a href=\"https:\/\/www.linkedin.com\/company\/dnbcarnegie\/\">DNB Carnegie<\/a>, a part of DNB Bank ASA as joint global coordinators and joint bookrunners, and <a href=\"https:\/\/www.linkedin.com\/company\/arctic-securities\/\">Arctic Securities<\/a> as joint bookrunner in connection with the IPO. Our core team consisted of <a href=\"https:\/\/www.linkedin.com\/in\/annelisegryte\/\">Anne Lise Gryte<\/a>, <a href=\"https:\/\/www.linkedin.com\/in\/karl-magnus-ulstein-rygnestad-908154153\/\">Karl Magnus Ulstein-Rygnestad<\/a> and <a href=\"https:\/\/www.linkedin.com\/in\/espen-omholt-jensen-994519245\/\">Espen Omholt-Jensen<\/a>.<\/p>\n\n\n\n<p><a href=\"https:\/\/www.linkedin.com\/feed\/update\/urn:li:activity:7428028994060640256\"><strong>LinkedIn:<\/strong> <\/a><\/p>\n\n\n\n<p><a href=\"https:\/\/www.linkedin.com\/feed\/update\/urn:li:activity:7442861039886553088\">https:\/\/www.linkedin.com\/feed\/update\/urn:li:activity:7442861039886553088<\/a><\/p>\n\n\n\n<p><strong>Date:<\/strong><\/p>\n\n\n\n<p>Mars 2026<\/p>\n\n\n\t\t\t<\/div>\n\t\t<\/div>\n\n<div class=\"t2-accordion-item wp-block-t2-accordion-item\" role=\"listitem\">\n\t\t\t<h2 class=\"t2-accordion-title\">\n\t\t\t\t<button type=\"button\" class=\"t2-accordion-trigger\" id=\"hawk-infinity-acquires-skykontoret-as\" aria-controls=\"accordion-panel-5\" aria-expanded=\"false\">\n\t\t\t\t\tHawk Infinity acquires Skykontoret AS\n\t\t\t\t\t<span class=\"t2-accordion-icon is-closed-icon\"><svg xmlns=\"http:\/\/www.w3.org\/2000\/svg\" viewBox=\"0 0 24 24\" height=\"24\" width=\"24\" class=\"t2-icon t2-icon-add\" aria-hidden=\"true\" focusable=\"false\"><g stroke=\"currentColor\" stroke-linecap=\"round\" stroke-linejoin=\"round\" stroke-width=\"1\" style=\"transform: scale(1);vector-effect: non-scaling-stroke;\"><path d=\"M12 4V20\" stroke=\"currentColor\" stroke-linecap=\"round\" stroke-linejoin=\"round\"\/><path d=\"M4 12H20\" stroke=\"currentColor\" stroke-linecap=\"round\" stroke-linejoin=\"round\"\/><\/g><\/svg><\/span>\n\t\t\t\t\t<span class=\"t2-accordion-icon is-open-icon\"><svg xmlns=\"http:\/\/www.w3.org\/2000\/svg\" viewBox=\"0 0 24 24\" height=\"24\" width=\"24\" class=\"t2-icon t2-icon-remove\" aria-hidden=\"true\" focusable=\"false\"><g stroke=\"currentColor\" stroke-linecap=\"round\" stroke-linejoin=\"round\" stroke-width=\"1\" style=\"transform: scale(1);vector-effect: non-scaling-stroke;\"><path d=\"M4 12H20\" stroke=\"currentColor\" stroke-linecap=\"round\" stroke-linejoin=\"round\"\/><\/g><\/svg><\/span>\n\t\t\t\t<\/button>\n\t\t\t<\/h2>\n\t\t\t<div class=\"t2-accordion-item__inner-container is-layout-flow\" id=\"accordion-panel-5\" aria-labelledby=\"hawk-infinity-acquires-skykontoret-as\" role=\"region\" hidden>\n\t\t\t\t\n\n<p><strong>Practice Area:<\/strong><\/p>\n\n\n\n<p>M&amp;A<\/p>\n\n\n\n<p><strong>Information:<\/strong><\/p>\n\n\n\n<p>Wiersholm has had the pleasure of assisting <a href=\"https:\/\/www.linkedin.com\/company\/hawk-infinity-as\/\">Hawk Infinity<\/a> in connection with its acquisition of <a href=\"https:\/\/www.linkedin.com\/company\/skykontoret\/\">Skykontoret<\/a>, a leading provider of IT services and cloud-based solutions for membership organisations in Norway.<br><br>Our core team was <a href=\"https:\/\/www.linkedin.com\/in\/martin-fevaag-larsen-59ba465b\/\">Martin Fevaag Larsen<\/a> and <a href=\"https:\/\/www.linkedin.com\/in\/vebj%C3%B8rn-valle-grunnvoll-052143242\/\">Vebj\u00f8rn Valle Grunnvoll<\/a>.<br><br>Congratulations to everyone involved.<\/p>\n\n\n\n<p><a href=\"https:\/\/www.linkedin.com\/feed\/update\/urn:li:activity:7428028994060640256\"><strong>LinkedIn:<\/strong> <\/a><\/p>\n\n\n\n<p><a href=\"https:\/\/www.linkedin.com\/feed\/update\/urn:li:activity:7441815779521662976\">https:\/\/www.linkedin.com\/feed\/update\/urn:li:activity:7440728885266141185<\/a><\/p>\n\n\n\n<p><strong>Date:<\/strong><\/p>\n\n\n\n<p>Mars 2026<\/p>\n\n\n\t\t\t<\/div>\n\t\t<\/div>\n\n<div class=\"t2-accordion-item wp-block-t2-accordion-item\" role=\"listitem\">\n\t\t\t<h2 class=\"t2-accordion-title\">\n\t\t\t\t<button type=\"button\" class=\"t2-accordion-trigger\" id=\"nyk-group-fully-acquires-saga-welco\" aria-controls=\"accordion-panel-6\" aria-expanded=\"false\">\n\t\t\t\t\tNYK Group fully acquires Saga Welco\n\t\t\t\t\t<span class=\"t2-accordion-icon is-closed-icon\"><svg xmlns=\"http:\/\/www.w3.org\/2000\/svg\" viewBox=\"0 0 24 24\" height=\"24\" width=\"24\" class=\"t2-icon t2-icon-add\" aria-hidden=\"true\" focusable=\"false\"><g stroke=\"currentColor\" stroke-linecap=\"round\" stroke-linejoin=\"round\" stroke-width=\"1\" style=\"transform: scale(1);vector-effect: non-scaling-stroke;\"><path d=\"M12 4V20\" stroke=\"currentColor\" stroke-linecap=\"round\" stroke-linejoin=\"round\"\/><path d=\"M4 12H20\" stroke=\"currentColor\" stroke-linecap=\"round\" stroke-linejoin=\"round\"\/><\/g><\/svg><\/span>\n\t\t\t\t\t<span class=\"t2-accordion-icon is-open-icon\"><svg xmlns=\"http:\/\/www.w3.org\/2000\/svg\" viewBox=\"0 0 24 24\" height=\"24\" width=\"24\" class=\"t2-icon t2-icon-remove\" aria-hidden=\"true\" focusable=\"false\"><g stroke=\"currentColor\" stroke-linecap=\"round\" stroke-linejoin=\"round\" stroke-width=\"1\" style=\"transform: scale(1);vector-effect: non-scaling-stroke;\"><path d=\"M4 12H20\" stroke=\"currentColor\" stroke-linecap=\"round\" stroke-linejoin=\"round\"\/><\/g><\/svg><\/span>\n\t\t\t\t<\/button>\n\t\t\t<\/h2>\n\t\t\t<div class=\"t2-accordion-item__inner-container is-layout-flow\" id=\"accordion-panel-6\" aria-labelledby=\"nyk-group-fully-acquires-saga-welco\" role=\"region\" hidden>\n\t\t\t\t\n\n<p><strong>Practice Area:<\/strong><\/p>\n\n\n\n<p>M&amp;A<\/p>\n\n\n\n<p><strong>Information:<\/strong><\/p>\n\n\n\n<p>NYK Group, through NYK Holding (Europe) B.V. (\u201cNHE\u201d), has entered into an agreement with Westfal-Larsen to acquire the remaining 50% of Saga Welco AS. Saga Welco is a Norwegian shipping operator specializing in the transportation of cargo using open-hatch vessels.<br><br>Saga Welco operates a fleet of 48 open-hatch vessels and provides a worldwide semi-liner service. The transaction is expected to close in 2026, subject to regulatory approvals in multiple jurisdictions.<br><br>Wiersholm is pleased to assist NYK Group as Norwegian legal counsel in connection with the transaction.<br>Wiersholm&#8217;s core team consisted of <a href=\"https:\/\/www.linkedin.com\/in\/tor-bechmann-a55a732\/\">Tor Bechmann<\/a>, <a href=\"https:\/\/www.linkedin.com\/in\/karl-even-rygh-2b72554\/\">Karl Even Rygh<\/a>, <a href=\"https:\/\/www.linkedin.com\/in\/h%C3%A5kon-cosma-st%C3%B8rdal-96169b83\/\">H\u00e5kon Cosma St\u00f8rdal<\/a>, <a href=\"https:\/\/www.linkedin.com\/in\/marcusspillum\/\">Marcus Gjeruldsen Spillum<\/a>, <a href=\"https:\/\/www.linkedin.com\/in\/edvard-hamer-rojahn-7a7433110\/\">Edvard Hamer Rojahn<\/a>, <a href=\"https:\/\/www.linkedin.com\/in\/hannah-advocaat-lund-36888053\/\">Hannah Advocaat Lund<\/a>, <a href=\"https:\/\/www.linkedin.com\/in\/henrik-olav-aandstad-681698150\/\">Henrik Olav Aandstad<\/a>, <a href=\"https:\/\/www.linkedin.com\/in\/karen-fjellby-grung-059144175\/\">Karen Fjellby Grung<\/a> and <a href=\"https:\/\/www.linkedin.com\/in\/gustav-ruthjer-woie-112b24250\/\">Gustav Ruthjer Woie<\/a>.<\/p>\n\n\n\n<p><a href=\"https:\/\/www.linkedin.com\/feed\/update\/urn:li:activity:7428028994060640256\"><strong>LinkedIn:<\/strong> <\/a><\/p>\n\n\n\n<p><a href=\"https:\/\/www.linkedin.com\/feed\/update\/urn:li:activity:7439206734511935488\">https:\/\/www.linkedin.com\/feed\/update\/urn:li:activity:7439206734511935488<\/a><\/p>\n\n\n\n<p><strong>Date:<\/strong><\/p>\n\n\n\n<p>Mars 2026<\/p>\n\n\n\t\t\t<\/div>\n\t\t<\/div>\n\n<div class=\"t2-accordion-item wp-block-t2-accordion-item\" role=\"listitem\">\n\t\t\t<h2 class=\"t2-accordion-title\">\n\t\t\t\t<button type=\"button\" class=\"t2-accordion-trigger\" id=\"elmera-group-acquires-telinet-energi-ab\" aria-controls=\"accordion-panel-7\" aria-expanded=\"false\">\n\t\t\t\t\tElmera Group acquires Telinet Energi AB\n\t\t\t\t\t<span class=\"t2-accordion-icon is-closed-icon\"><svg xmlns=\"http:\/\/www.w3.org\/2000\/svg\" viewBox=\"0 0 24 24\" height=\"24\" width=\"24\" class=\"t2-icon t2-icon-add\" aria-hidden=\"true\" focusable=\"false\"><g stroke=\"currentColor\" stroke-linecap=\"round\" stroke-linejoin=\"round\" stroke-width=\"1\" style=\"transform: scale(1);vector-effect: non-scaling-stroke;\"><path d=\"M12 4V20\" stroke=\"currentColor\" stroke-linecap=\"round\" stroke-linejoin=\"round\"\/><path d=\"M4 12H20\" stroke=\"currentColor\" stroke-linecap=\"round\" stroke-linejoin=\"round\"\/><\/g><\/svg><\/span>\n\t\t\t\t\t<span class=\"t2-accordion-icon is-open-icon\"><svg xmlns=\"http:\/\/www.w3.org\/2000\/svg\" viewBox=\"0 0 24 24\" height=\"24\" width=\"24\" class=\"t2-icon t2-icon-remove\" aria-hidden=\"true\" focusable=\"false\"><g stroke=\"currentColor\" stroke-linecap=\"round\" stroke-linejoin=\"round\" stroke-width=\"1\" style=\"transform: scale(1);vector-effect: non-scaling-stroke;\"><path d=\"M4 12H20\" stroke=\"currentColor\" stroke-linecap=\"round\" stroke-linejoin=\"round\"\/><\/g><\/svg><\/span>\n\t\t\t\t<\/button>\n\t\t\t<\/h2>\n\t\t\t<div class=\"t2-accordion-item__inner-container is-layout-flow\" id=\"accordion-panel-7\" aria-labelledby=\"elmera-group-acquires-telinet-energi-ab\" role=\"region\" hidden>\n\t\t\t\t\n\n<p><strong>Practice Area:<\/strong><\/p>\n\n\n\n<p>Renewable Energy<\/p>\n\n\n\n<p><strong>Information:<\/strong><\/p>\n\n\n\n<p>Wiersholm is pleased to have assisted Telinet Energi Holding AS with the sale of all the shares in <a href=\"https:\/\/www.linkedin.com\/company\/telinet-energi-ab\/\">Telinet Energi AB<\/a> to Elmera Nordic AS, a subsidiary of Elmera Group ASA.<br><br>Telinet Energi AB is a Swedish electricity retailer with 27 employees and headquarter in Stockholm, Sweden. Congratulations to all parties involved!<br><br>Wiersholm&#8217;s core team consisted of <a href=\"https:\/\/www.linkedin.com\/in\/inge-ekker-bartnes-3270492\/\">Inge Ekker Bartnes<\/a>, <a href=\"https:\/\/www.linkedin.com\/in\/line-haukalid-900b8633\/\">Line Haukalid<\/a>, <a href=\"https:\/\/www.linkedin.com\/in\/matilde-mork-henden-37853b199\/\">Matilde Mork Henden<\/a> and <a href=\"https:\/\/www.linkedin.com\/in\/johan-endre-holmen-a96a64135\/\">Johan Endre Holmen<\/a><\/p>\n\n\n\n<p><a href=\"https:\/\/www.linkedin.com\/feed\/update\/urn:li:activity:7428028994060640256\"><strong>LinkedIn:<\/strong> <\/a><\/p>\n\n\n\n<p><a href=\"https:\/\/www.linkedin.com\/feed\/update\/urn:li:activity:7437861277407854594\">https:\/\/www.linkedin.com\/feed\/update\/urn:li:activity:7437861277407854594<\/a><\/p>\n\n\n\n<p><strong>Date:<\/strong><\/p>\n\n\n\n<p>Mars 2026<\/p>\n\n\n\t\t\t<\/div>\n\t\t<\/div>\n\n<div class=\"t2-accordion-item wp-block-t2-accordion-item\" role=\"listitem\">\n\t\t\t<h2 class=\"t2-accordion-title\">\n\t\t\t\t<button type=\"button\" class=\"t2-accordion-trigger\" id=\"mowi-acquiers-torghatten-aqua&#039;s-salmon-farming-seawater-buisness\" aria-controls=\"accordion-panel-8\" aria-expanded=\"false\">\n\t\t\t\t\tMowi acquiers Torghatten Aqua&#039;s salmon farming seawater buisness\n\t\t\t\t\t<span class=\"t2-accordion-icon is-closed-icon\"><svg xmlns=\"http:\/\/www.w3.org\/2000\/svg\" viewBox=\"0 0 24 24\" height=\"24\" width=\"24\" class=\"t2-icon t2-icon-add\" aria-hidden=\"true\" focusable=\"false\"><g stroke=\"currentColor\" stroke-linecap=\"round\" stroke-linejoin=\"round\" stroke-width=\"1\" style=\"transform: scale(1);vector-effect: non-scaling-stroke;\"><path d=\"M12 4V20\" stroke=\"currentColor\" stroke-linecap=\"round\" stroke-linejoin=\"round\"\/><path d=\"M4 12H20\" stroke=\"currentColor\" stroke-linecap=\"round\" stroke-linejoin=\"round\"\/><\/g><\/svg><\/span>\n\t\t\t\t\t<span class=\"t2-accordion-icon is-open-icon\"><svg xmlns=\"http:\/\/www.w3.org\/2000\/svg\" viewBox=\"0 0 24 24\" height=\"24\" width=\"24\" class=\"t2-icon t2-icon-remove\" aria-hidden=\"true\" focusable=\"false\"><g stroke=\"currentColor\" stroke-linecap=\"round\" stroke-linejoin=\"round\" stroke-width=\"1\" style=\"transform: scale(1);vector-effect: non-scaling-stroke;\"><path d=\"M4 12H20\" stroke=\"currentColor\" stroke-linecap=\"round\" stroke-linejoin=\"round\"\/><\/g><\/svg><\/span>\n\t\t\t\t<\/button>\n\t\t\t<\/h2>\n\t\t\t<div class=\"t2-accordion-item__inner-container is-layout-flow\" id=\"accordion-panel-8\" aria-labelledby=\"mowi-acquiers-torghatten-aqua&#039;s-salmon-farming-seawater-buisness\" role=\"region\" hidden>\n\t\t\t\t\n\n<p><strong>Practice Area:<\/strong><\/p>\n\n\n\n<p>M&amp;A<\/p>\n\n\n\n<p><strong>Information:<\/strong><\/p>\n\n\n\n<p>Yesterday, <a href=\"https:\/\/www.linkedin.com\/company\/mowiglobal\/\">Mowi<\/a> announced that it has entered into an agreement to acquire Torghatten Aqua&#8217;s salmon farming seawater business. The transaction further strengthens Mowi&#8217;s leading presence in Northern Norway.<br><br>Wiersholm has had the pleasure of assisting Mowi throughout the process.<br><br>Our team consisted of <a href=\"https:\/\/www.linkedin.com\/in\/sveinhelge\/\">Svein-Helge Hanken<\/a>, <a href=\"https:\/\/www.linkedin.com\/in\/erik-staurset-andresen-24b16127\/\">Erik Staurset Andresen<\/a>, <a href=\"https:\/\/www.linkedin.com\/in\/jonas-sverre-mathisen-77a984112\/\">Jonas Sverre Mathisen<\/a> and <a href=\"https:\/\/www.linkedin.com\/in\/mathea-pouchoulin-kvadsheim-5861601ba\/\">Mathea Pouchoulin Kvadsheim<\/a>.<br><br>Congratulations to everyone involved in this successful transaction!<\/p>\n\n\n\n<p><a href=\"https:\/\/www.linkedin.com\/feed\/update\/urn:li:activity:7428028994060640256\"><strong>LinkedIn:<\/strong> <\/a><\/p>\n\n\n\n<p><a href=\"https:\/\/www.linkedin.com\/feed\/update\/urn:li:activity:7437451595128360960\">https:\/\/www.linkedin.com\/feed\/update\/urn:li:activity:7437451595128360960<\/a><\/p>\n\n\n\n<p><strong>Date:<\/strong><\/p>\n\n\n\n<p>Mars 2026<\/p>\n\n\n\t\t\t<\/div>\n\t\t<\/div>\n\n<div class=\"t2-accordion-item wp-block-t2-accordion-item\" role=\"listitem\">\n\t\t\t<h2 class=\"t2-accordion-title\">\n\t\t\t\t<button type=\"button\" class=\"t2-accordion-trigger\" id=\"lns-holding-har-kj\u00f8pt-tilbake-skaland-graphite-as-av-australske-mineral-commodities-ltd-(mrc)\" aria-controls=\"accordion-panel-9\" aria-expanded=\"false\">\n\t\t\t\t\tLNS Holding har kj\u00f8pt tilbake Skaland Graphite AS av australske Mineral Commodities Ltd (MRC)\n\t\t\t\t\t<span class=\"t2-accordion-icon is-closed-icon\"><svg xmlns=\"http:\/\/www.w3.org\/2000\/svg\" viewBox=\"0 0 24 24\" height=\"24\" width=\"24\" class=\"t2-icon t2-icon-add\" aria-hidden=\"true\" focusable=\"false\"><g stroke=\"currentColor\" stroke-linecap=\"round\" stroke-linejoin=\"round\" stroke-width=\"1\" style=\"transform: scale(1);vector-effect: non-scaling-stroke;\"><path d=\"M12 4V20\" stroke=\"currentColor\" stroke-linecap=\"round\" stroke-linejoin=\"round\"\/><path d=\"M4 12H20\" stroke=\"currentColor\" stroke-linecap=\"round\" stroke-linejoin=\"round\"\/><\/g><\/svg><\/span>\n\t\t\t\t\t<span class=\"t2-accordion-icon is-open-icon\"><svg xmlns=\"http:\/\/www.w3.org\/2000\/svg\" viewBox=\"0 0 24 24\" height=\"24\" width=\"24\" class=\"t2-icon t2-icon-remove\" aria-hidden=\"true\" focusable=\"false\"><g stroke=\"currentColor\" stroke-linecap=\"round\" stroke-linejoin=\"round\" stroke-width=\"1\" style=\"transform: scale(1);vector-effect: non-scaling-stroke;\"><path d=\"M4 12H20\" stroke=\"currentColor\" stroke-linecap=\"round\" stroke-linejoin=\"round\"\/><\/g><\/svg><\/span>\n\t\t\t\t<\/button>\n\t\t\t<\/h2>\n\t\t\t<div class=\"t2-accordion-item__inner-container is-layout-flow\" id=\"accordion-panel-9\" aria-labelledby=\"lns-holding-har-kj\u00f8pt-tilbake-skaland-graphite-as-av-australske-mineral-commodities-ltd-(mrc)\" role=\"region\" hidden>\n\t\t\t\t\n\n<p><strong>Practice Area:<\/strong><\/p>\n\n\n\n<p>M&amp;A<\/p>\n\n\n\n<p><strong>Information:<\/strong><\/p>\n\n\n\n<p>Wiersholm har bist\u00e5tt <a href=\"https:\/\/www.linkedin.com\/company\/lns-gruppen\/\">LNS AS<\/a> med \u00e5 kj\u00f8pe tilbake selskapet Skaland Graphite AS p\u00e5 Senja fra det australske selskapet Mineral Commodities Ltd og som tr\u00e5dte i frivillig administrasjon i desember 2025.&nbsp;Skaland Graphite AS produserer krystallinsk grafitt og er Europas st\u00f8rste grafittverk.<br><br>Det har lenge v\u00e6rt en \u00f8nske fra LNS side \u00e5 overta selskapet, og det har v\u00e6rt et tett samarbeid mellom involverte r\u00e5dgivere og LNS for \u00e5 f\u00e5 transaksjonen p\u00e5 plass. Vi gratulerer LNS-konsernet med gjennomf\u00f8ringen av oppkj\u00f8pet og takker <a href=\"https:\/\/www.linkedin.com\/in\/frode-nilsen-a039869\/\">Frode Nilsen<\/a>, Jonas Tetlie og <a href=\"https:\/\/www.linkedin.com\/in\/arnt-eirik-r%C3%B8rnes-50a72aa6\/\">Arnt-Eirik R\u00f8rnes<\/a> fra LNS og Tore Helgesen i Helgesen Consulting for godt samarbeid gjennom hele prosessen.<br><br>Wiersholms arbeid ble ledet av partner, <a href=\"https:\/\/www.linkedin.com\/in\/jarle-kvam-a96b6a11\/\">Jarle Kvam<\/a>, og andre sentrale p\u00e5 teamet&nbsp;har v\u00e6rt <a href=\"https:\/\/www.linkedin.com\/in\/sjur-funnemark-50b253182\/\">Sjur Funnemark<\/a> og Kristine Rein\u00e5s Aasen.<\/p>\n\n\n\n<p><a href=\"https:\/\/www.linkedin.com\/feed\/update\/urn:li:activity:7428028994060640256\"><strong>LinkedIn:<\/strong> <\/a><\/p>\n\n\n\n<p><a href=\"https:\/\/www.linkedin.com\/feed\/update\/urn:li:activity:7436446210976182272\">https:\/\/www.linkedin.com\/feed\/update\/urn:li:activity:7436446210976182272<\/a><\/p>\n\n\n\n<p><strong>Date:<\/strong><\/p>\n\n\n\n<p>Mars 2026<\/p>\n\n\n\t\t\t<\/div>\n\t\t<\/div>\n\n<div class=\"t2-accordion-item wp-block-t2-accordion-item\" role=\"listitem\">\n\t\t\t<h2 class=\"t2-accordion-title\">\n\t\t\t\t<button type=\"button\" class=\"t2-accordion-trigger\" id=\"wiersholm-advises-elliptic-labs-on-private-placement\" aria-controls=\"accordion-panel-10\" aria-expanded=\"false\">\n\t\t\t\t\tWiersholm advises Elliptic Labs on Private Placement\n\t\t\t\t\t<span class=\"t2-accordion-icon is-closed-icon\"><svg xmlns=\"http:\/\/www.w3.org\/2000\/svg\" viewBox=\"0 0 24 24\" height=\"24\" width=\"24\" class=\"t2-icon t2-icon-add\" aria-hidden=\"true\" focusable=\"false\"><g stroke=\"currentColor\" stroke-linecap=\"round\" stroke-linejoin=\"round\" stroke-width=\"1\" style=\"transform: scale(1);vector-effect: non-scaling-stroke;\"><path d=\"M12 4V20\" stroke=\"currentColor\" stroke-linecap=\"round\" stroke-linejoin=\"round\"\/><path d=\"M4 12H20\" stroke=\"currentColor\" stroke-linecap=\"round\" stroke-linejoin=\"round\"\/><\/g><\/svg><\/span>\n\t\t\t\t\t<span class=\"t2-accordion-icon is-open-icon\"><svg xmlns=\"http:\/\/www.w3.org\/2000\/svg\" viewBox=\"0 0 24 24\" height=\"24\" width=\"24\" class=\"t2-icon t2-icon-remove\" aria-hidden=\"true\" focusable=\"false\"><g stroke=\"currentColor\" stroke-linecap=\"round\" stroke-linejoin=\"round\" stroke-width=\"1\" style=\"transform: scale(1);vector-effect: non-scaling-stroke;\"><path d=\"M4 12H20\" stroke=\"currentColor\" stroke-linecap=\"round\" stroke-linejoin=\"round\"\/><\/g><\/svg><\/span>\n\t\t\t\t<\/button>\n\t\t\t<\/h2>\n\t\t\t<div class=\"t2-accordion-item__inner-container is-layout-flow\" id=\"accordion-panel-10\" aria-labelledby=\"wiersholm-advises-elliptic-labs-on-private-placement\" role=\"region\" hidden>\n\t\t\t\t\n\n<p><strong>Practice Area:<\/strong><\/p>\n\n\n\n<p>Capital Markets<\/p>\n\n\n\n<p><strong>Information:<\/strong><\/p>\n\n\n\n<p>Wiersholm congratulates Elliptic Laboratories ASA with its successful placing of new shares in a private placement, raising gross proceeds of approx. NOK 60 million.<br><br>Wiersholm has had the pleasure of assisting the company in the private placement, with a team consisting of <a href=\"https:\/\/www.linkedin.com\/in\/andreas-ehrenclou-21435415\/\">Andreas Ehrenclou<\/a>, <a href=\"https:\/\/www.linkedin.com\/in\/jens-frydenlund-finanger-115430113\/\">Jens Frydenlund Finanger<\/a> and <a href=\"https:\/\/www.linkedin.com\/in\/davidbokliden\/\">David Bokliden<\/a>.<\/p>\n\n\n\n<p><a href=\"https:\/\/www.linkedin.com\/feed\/update\/urn:li:activity:7428028994060640256\"><strong>LinkedIn:<\/strong> <\/a><\/p>\n\n\n\n<p><a href=\"https:\/\/www.linkedin.com\/feed\/update\/urn:li:activity:7435685514797756416\">https:\/\/www.linkedin.com\/feed\/update\/urn:li:activity:7435685514797756416<\/a><\/p>\n\n\n\n<p><strong>Date:<\/strong><\/p>\n\n\n\n<p>Mars 2026<\/p>\n\n\n\t\t\t<\/div>\n\t\t<\/div>\n\n<div class=\"t2-accordion-item wp-block-t2-accordion-item\" role=\"listitem\">\n\t\t\t<h2 class=\"t2-accordion-title\">\n\t\t\t\t<button type=\"button\" class=\"t2-accordion-trigger\" id=\"ta-associates-enters-as-new-strategic-investment-partner-in-volue\" aria-controls=\"accordion-panel-11\" aria-expanded=\"false\">\n\t\t\t\t\tTA Associates enters as new strategic investment partner in Volue\n\t\t\t\t\t<span class=\"t2-accordion-icon is-closed-icon\"><svg xmlns=\"http:\/\/www.w3.org\/2000\/svg\" viewBox=\"0 0 24 24\" height=\"24\" width=\"24\" class=\"t2-icon t2-icon-add\" aria-hidden=\"true\" focusable=\"false\"><g stroke=\"currentColor\" stroke-linecap=\"round\" stroke-linejoin=\"round\" stroke-width=\"1\" style=\"transform: scale(1);vector-effect: non-scaling-stroke;\"><path d=\"M12 4V20\" stroke=\"currentColor\" stroke-linecap=\"round\" stroke-linejoin=\"round\"\/><path d=\"M4 12H20\" stroke=\"currentColor\" stroke-linecap=\"round\" stroke-linejoin=\"round\"\/><\/g><\/svg><\/span>\n\t\t\t\t\t<span class=\"t2-accordion-icon is-open-icon\"><svg xmlns=\"http:\/\/www.w3.org\/2000\/svg\" viewBox=\"0 0 24 24\" height=\"24\" width=\"24\" class=\"t2-icon t2-icon-remove\" aria-hidden=\"true\" focusable=\"false\"><g stroke=\"currentColor\" stroke-linecap=\"round\" stroke-linejoin=\"round\" stroke-width=\"1\" style=\"transform: scale(1);vector-effect: non-scaling-stroke;\"><path d=\"M4 12H20\" stroke=\"currentColor\" stroke-linecap=\"round\" stroke-linejoin=\"round\"\/><\/g><\/svg><\/span>\n\t\t\t\t<\/button>\n\t\t\t<\/h2>\n\t\t\t<div class=\"t2-accordion-item__inner-container is-layout-flow\" id=\"accordion-panel-11\" aria-labelledby=\"ta-associates-enters-as-new-strategic-investment-partner-in-volue\" role=\"region\" hidden>\n\t\t\t\t\n\n<p><strong>Practice Area:<\/strong><\/p>\n\n\n\n<p>M&amp;A<\/p>\n\n\n\n<p><strong>Information:<\/strong><\/p>\n\n\n\n<p>TA Associates has entered as a new strategic investment partner in <a href=\"https:\/\/www.linkedin.com\/company\/volue\/\">Volue<\/a> in a transaction that values Volue at NOK 17 billion. As part of the transaction, <a href=\"https:\/\/www.linkedin.com\/company\/arendals-fossekompani\/\">Arendals Fossekompani ASA<\/a> will receive cash proceeds of approximately EUR 38 million.<br><br>Wiersholm has advised Arendals Fossekompani throughout the process. Our team has been led by <a href=\"https:\/\/www.linkedin.com\/in\/sverre-sandvik-34403a24\/\">Sverre Sandvik<\/a> and <a href=\"https:\/\/www.linkedin.com\/in\/audun-dahle-nedrelid-92514884\/\">Audun Dahle-Nedrelid<\/a>.<\/p>\n\n\n\n<p><a href=\"https:\/\/www.linkedin.com\/feed\/update\/urn:li:activity:7428028994060640256\"><strong>LinkedIn:<\/strong> https:\/\/www.linkedin.com\/feed\/update\/urn:li:activity:7428028994060640256<\/a><\/p>\n\n\n\n<p><strong>Date:<\/strong><\/p>\n\n\n\n<p>February 2026<\/p>\n\n\n\t\t\t<\/div>\n\t\t<\/div>\n\n<div class=\"t2-accordion-item wp-block-t2-accordion-item\" role=\"listitem\">\n\t\t\t<h2 class=\"t2-accordion-title\">\n\t\t\t\t<button type=\"button\" class=\"t2-accordion-trigger\" id=\"succsessful-private-placement-in-gigante-salamon-as\" aria-controls=\"accordion-panel-12\" aria-expanded=\"false\">\n\t\t\t\t\tSuccsessful private placement in Gigante Salamon AS\n\t\t\t\t\t<span class=\"t2-accordion-icon is-closed-icon\"><svg xmlns=\"http:\/\/www.w3.org\/2000\/svg\" viewBox=\"0 0 24 24\" height=\"24\" width=\"24\" class=\"t2-icon t2-icon-add\" aria-hidden=\"true\" focusable=\"false\"><g stroke=\"currentColor\" stroke-linecap=\"round\" stroke-linejoin=\"round\" stroke-width=\"1\" style=\"transform: scale(1);vector-effect: non-scaling-stroke;\"><path d=\"M12 4V20\" stroke=\"currentColor\" stroke-linecap=\"round\" stroke-linejoin=\"round\"\/><path d=\"M4 12H20\" stroke=\"currentColor\" stroke-linecap=\"round\" stroke-linejoin=\"round\"\/><\/g><\/svg><\/span>\n\t\t\t\t\t<span class=\"t2-accordion-icon is-open-icon\"><svg xmlns=\"http:\/\/www.w3.org\/2000\/svg\" viewBox=\"0 0 24 24\" height=\"24\" width=\"24\" class=\"t2-icon t2-icon-remove\" aria-hidden=\"true\" focusable=\"false\"><g stroke=\"currentColor\" stroke-linecap=\"round\" stroke-linejoin=\"round\" stroke-width=\"1\" style=\"transform: scale(1);vector-effect: non-scaling-stroke;\"><path d=\"M4 12H20\" stroke=\"currentColor\" stroke-linecap=\"round\" stroke-linejoin=\"round\"\/><\/g><\/svg><\/span>\n\t\t\t\t<\/button>\n\t\t\t<\/h2>\n\t\t\t<div class=\"t2-accordion-item__inner-container is-layout-flow\" id=\"accordion-panel-12\" aria-labelledby=\"succsessful-private-placement-in-gigante-salamon-as\" role=\"region\" hidden>\n\t\t\t\t\n\n<p><strong>Practice Area:<\/strong><\/p>\n\n\n\n<p>M&amp;A<\/p>\n\n\n\n<p><strong>Information:<\/strong><\/p>\n\n\n\n<p>Wiersholm is pleased to have advised <a href=\"https:\/\/www.linkedin.com\/company\/dnbcarnegie\/\">DNB Carnegie<\/a>, <a href=\"https:\/\/www.linkedin.com\/company\/pareto-securities-as\/\">Pareto Securities<\/a> and <a href=\"https:\/\/www.linkedin.com\/company\/sb1markets\/\">SB1 Markets<\/a> as joint managers and bookrunners in connection with a private placement of new shares in <a href=\"https:\/\/www.linkedin.com\/company\/gigante-salmon-as\/\">Gigante Salmon AS<\/a> raising gross proceeds of NOK 360 million. Congratulations to all parties on a successful transaction!<br><br>Wiersholm\u2019s team consisted of <a href=\"https:\/\/www.linkedin.com\/in\/sverre-sandvik-34403a24\/\">Sverre Sandvik<\/a> and <a href=\"https:\/\/www.linkedin.com\/in\/pia-pedersen\/\">Pia Pedersen<\/a>.<\/p>\n\n\n\n<p><strong>LinkedIn:<\/strong> <\/p>\n\n\n\n<p><a href=\"https:\/\/www.linkedin.com\/feed\/update\/urn:li:activity:7427333052814487552\">https:\/\/www.linkedin.com\/feed\/update\/urn:li:activity:7427333052814487552<\/a><\/p>\n\n\n\n<p><strong>Date:<\/strong><\/p>\n\n\n\n<p>February 2026<\/p>\n\n\n\t\t\t<\/div>\n\t\t<\/div>\n\n<div class=\"t2-accordion-item wp-block-t2-accordion-item\" role=\"listitem\">\n\t\t\t<h2 class=\"t2-accordion-title\">\n\t\t\t\t<button type=\"button\" class=\"t2-accordion-trigger\" id=\"inin-group-and-qben-infra&#039;s-divestment-of-qben-rail-to-eleda-has-been-completed\" aria-controls=\"accordion-panel-13\" aria-expanded=\"false\">\n\t\t\t\t\tInin Group and Qben Infra&#039;s divestment of Qben Rail to Eleda has been completed\n\t\t\t\t\t<span class=\"t2-accordion-icon is-closed-icon\"><svg xmlns=\"http:\/\/www.w3.org\/2000\/svg\" viewBox=\"0 0 24 24\" height=\"24\" width=\"24\" class=\"t2-icon t2-icon-add\" aria-hidden=\"true\" focusable=\"false\"><g stroke=\"currentColor\" stroke-linecap=\"round\" stroke-linejoin=\"round\" stroke-width=\"1\" style=\"transform: scale(1);vector-effect: non-scaling-stroke;\"><path d=\"M12 4V20\" stroke=\"currentColor\" stroke-linecap=\"round\" stroke-linejoin=\"round\"\/><path d=\"M4 12H20\" stroke=\"currentColor\" stroke-linecap=\"round\" stroke-linejoin=\"round\"\/><\/g><\/svg><\/span>\n\t\t\t\t\t<span class=\"t2-accordion-icon is-open-icon\"><svg xmlns=\"http:\/\/www.w3.org\/2000\/svg\" viewBox=\"0 0 24 24\" height=\"24\" width=\"24\" class=\"t2-icon t2-icon-remove\" aria-hidden=\"true\" focusable=\"false\"><g stroke=\"currentColor\" stroke-linecap=\"round\" stroke-linejoin=\"round\" stroke-width=\"1\" style=\"transform: scale(1);vector-effect: non-scaling-stroke;\"><path d=\"M4 12H20\" stroke=\"currentColor\" stroke-linecap=\"round\" stroke-linejoin=\"round\"\/><\/g><\/svg><\/span>\n\t\t\t\t<\/button>\n\t\t\t<\/h2>\n\t\t\t<div class=\"t2-accordion-item__inner-container is-layout-flow\" id=\"accordion-panel-13\" aria-labelledby=\"inin-group-and-qben-infra&#039;s-divestment-of-qben-rail-to-eleda-has-been-completed\" role=\"region\" hidden>\n\t\t\t\t\n\n<p><strong>Practice Area:<\/strong><\/p>\n\n\n\n<p>M&amp;A<\/p>\n\n\n\n<p><strong>Information:<\/strong><\/p>\n\n\n\n<p>Wiersholm is proud to have advised ININ Group and <a href=\"https:\/\/www.linkedin.com\/company\/qbeninfra\/\">Qben Infra<\/a> on the sale of the Qben Rail platform to <a href=\"https:\/\/www.linkedin.com\/company\/eleda-rail\/\">Eleda Rail<\/a>, which has successfully closed.<br><br>The Qben Rail platform is headed up by Nordic Infrastructure Group AS, a leading Norwegian infrastructure company specialising in railway-focused construction, competence and service supply, with operations in Norway and Sweden.<br><br>Congratulations to all parties on completing the transaction!<br><br>The Wiersholm team is led by <a href=\"https:\/\/www.linkedin.com\/in\/tor-bechmann-a55a732\/\">Tor Bechmann<\/a>, together with <a href=\"https:\/\/www.linkedin.com\/in\/fredrik-gunhildrud-5a8138a6\/\">Fredrik Gunhildrud<\/a> and <a href=\"https:\/\/www.linkedin.com\/in\/mari-str%C3%B8mmen-olsen-00b669175\/\">Mari Str\u00f8mmen-Olsen<\/a>.<\/p>\n\n\n\n<p><strong>LinkedIn:<\/strong><\/p>\n\n\n\n<p><a href=\"https:\/\/www.linkedin.com\/feed\/update\/urn:li:activity:7389194302977089536\"><strong>https:\/\/www.linkedin.com\/feed\/update\/urn:li:activity:7422560919433408512<\/strong><\/a><\/p>\n\n\n\n<p><strong>Date:<\/strong><\/p>\n\n\n\n<p>Januar 2026<\/p>\n\n\n\t\t\t<\/div>\n\t\t<\/div>\n\n<div class=\"t2-accordion-item wp-block-t2-accordion-item\" role=\"listitem\">\n\t\t\t<h2 class=\"t2-accordion-title\">\n\t\t\t\t<button type=\"button\" class=\"t2-accordion-trigger\" id=\"verdane-sold-majority-stake-in-norsk-bildelsenter-as-til-evity-invest-private-ab\" aria-controls=\"accordion-panel-14\" aria-expanded=\"false\">\n\t\t\t\t\tVerdane sold majority stake in Norsk Bildelsenter AS til Evity Invest Private AB\n\t\t\t\t\t<span class=\"t2-accordion-icon is-closed-icon\"><svg xmlns=\"http:\/\/www.w3.org\/2000\/svg\" viewBox=\"0 0 24 24\" height=\"24\" width=\"24\" class=\"t2-icon t2-icon-add\" aria-hidden=\"true\" focusable=\"false\"><g stroke=\"currentColor\" stroke-linecap=\"round\" stroke-linejoin=\"round\" stroke-width=\"1\" style=\"transform: scale(1);vector-effect: non-scaling-stroke;\"><path d=\"M12 4V20\" stroke=\"currentColor\" stroke-linecap=\"round\" stroke-linejoin=\"round\"\/><path d=\"M4 12H20\" stroke=\"currentColor\" stroke-linecap=\"round\" stroke-linejoin=\"round\"\/><\/g><\/svg><\/span>\n\t\t\t\t\t<span class=\"t2-accordion-icon is-open-icon\"><svg xmlns=\"http:\/\/www.w3.org\/2000\/svg\" viewBox=\"0 0 24 24\" height=\"24\" width=\"24\" class=\"t2-icon t2-icon-remove\" aria-hidden=\"true\" focusable=\"false\"><g stroke=\"currentColor\" stroke-linecap=\"round\" stroke-linejoin=\"round\" stroke-width=\"1\" style=\"transform: scale(1);vector-effect: non-scaling-stroke;\"><path d=\"M4 12H20\" stroke=\"currentColor\" stroke-linecap=\"round\" stroke-linejoin=\"round\"\/><\/g><\/svg><\/span>\n\t\t\t\t<\/button>\n\t\t\t<\/h2>\n\t\t\t<div class=\"t2-accordion-item__inner-container is-layout-flow\" id=\"accordion-panel-14\" aria-labelledby=\"verdane-sold-majority-stake-in-norsk-bildelsenter-as-til-evity-invest-private-ab\" role=\"region\" hidden>\n\t\t\t\t\n\n<p><strong>Practice Area:<\/strong><\/p>\n\n\n\n<p>M&amp;A<\/p>\n\n\n\n<p><strong>Information:<\/strong><\/p>\n\n\n\n<p>Wiersholm is pleased to have assisted Verdane on the sale of its majority shareholding in Norsk Bildelsenter AS to Evity Invest AB.<br><br>This transaction marks an important milestone in the company\u2019s history and positions it well for the next phase of growth. Thank you for your trust, <a href=\"https:\/\/www.linkedin.com\/company\/verdane\/\">Verdane<\/a>, and in particular <a href=\"https:\/\/www.linkedin.com\/in\/max-carls%C3%A9n\/\">Max Carls\u00e9n<\/a> and <a href=\"https:\/\/www.linkedin.com\/in\/henriette-hessen\/\">Henriette Hessen<\/a>. Congratulations to all parties involved.<br><br>The Wiersholm team consisted of <a href=\"https:\/\/www.linkedin.com\/in\/kai-th%C3%B8gersen-aa693013\/\">Kai Th\u00f8gersen<\/a>, <a href=\"https:\/\/www.linkedin.com\/in\/kristian-martin-lind-6026382\/\">Kristian Martin Lind<\/a> and <a href=\"https:\/\/www.linkedin.com\/in\/sjur-funnemark-50b253182\/\">Sjur Funnemark<\/a>. <a href=\"https:\/\/www.linkedin.com\/company\/abg-sundal-collier\/\">ABG Sundal Collier<\/a>, with <a href=\"https:\/\/www.linkedin.com\/in\/are-andersen-a1829019\/\">Are Andersen<\/a> and <a href=\"https:\/\/www.linkedin.com\/in\/h%C3%A5kon-borge-haugsb%C3%B8-736b811aa\/\">H\u00e5kon Borge Haugsb\u00f8<\/a> acted as financial advisor to Verdane.<\/p>\n\n\n\n<p><strong>LinkedIn:<\/strong><\/p>\n\n\n\n<p><a href=\"https:\/\/www.linkedin.com\/feed\/update\/urn:li:activity:7389194302977089536\"><strong>https:\/\/www.linkedin.com\/feed\/update\/urn:li:activity:7419729910375747584<\/strong><\/a><\/p>\n\n\n\n<p><strong>Date:<\/strong><\/p>\n\n\n\n<p>Januar 2026<\/p>\n\n\n\t\t\t<\/div>\n\t\t<\/div>\n\n<div class=\"t2-accordion-item wp-block-t2-accordion-item\" role=\"listitem\">\n\t\t\t<h2 class=\"t2-accordion-title\">\n\t\t\t\t<button type=\"button\" class=\"t2-accordion-trigger\" id=\"icon-capital-acquires-ntc-services-as\" aria-controls=\"accordion-panel-15\" aria-expanded=\"false\">\n\t\t\t\t\tIcon Capital acquires NTC Services AS\n\t\t\t\t\t<span class=\"t2-accordion-icon is-closed-icon\"><svg xmlns=\"http:\/\/www.w3.org\/2000\/svg\" viewBox=\"0 0 24 24\" height=\"24\" width=\"24\" class=\"t2-icon t2-icon-add\" aria-hidden=\"true\" focusable=\"false\"><g stroke=\"currentColor\" stroke-linecap=\"round\" stroke-linejoin=\"round\" stroke-width=\"1\" style=\"transform: scale(1);vector-effect: non-scaling-stroke;\"><path d=\"M12 4V20\" stroke=\"currentColor\" stroke-linecap=\"round\" stroke-linejoin=\"round\"\/><path d=\"M4 12H20\" stroke=\"currentColor\" stroke-linecap=\"round\" stroke-linejoin=\"round\"\/><\/g><\/svg><\/span>\n\t\t\t\t\t<span class=\"t2-accordion-icon is-open-icon\"><svg xmlns=\"http:\/\/www.w3.org\/2000\/svg\" viewBox=\"0 0 24 24\" height=\"24\" width=\"24\" class=\"t2-icon t2-icon-remove\" aria-hidden=\"true\" focusable=\"false\"><g stroke=\"currentColor\" stroke-linecap=\"round\" stroke-linejoin=\"round\" stroke-width=\"1\" style=\"transform: scale(1);vector-effect: non-scaling-stroke;\"><path d=\"M4 12H20\" stroke=\"currentColor\" stroke-linecap=\"round\" stroke-linejoin=\"round\"\/><\/g><\/svg><\/span>\n\t\t\t\t<\/button>\n\t\t\t<\/h2>\n\t\t\t<div class=\"t2-accordion-item__inner-container is-layout-flow\" id=\"accordion-panel-15\" aria-labelledby=\"icon-capital-acquires-ntc-services-as\" role=\"region\" hidden>\n\t\t\t\t\n\n<p><strong>Practice Area:<\/strong><\/p>\n\n\n\n<p>M&amp;A<\/p>\n\n\n\n<p><strong>Information:<\/strong><\/p>\n\n\n\n<p>Wiersholm has had the pleasure of assisting the team at <a href=\"https:\/\/www.linkedin.com\/company\/icon-capital-as\/\">Icon Capital AS<\/a> in connection with its acquisition of <a href=\"https:\/\/www.linkedin.com\/company\/ntcservices.no\/\">NTC Services AS<\/a>, a Norwegian-based data center construction operator.<br><br>Wiersholm&#8217;s core team consisted of <a href=\"https:\/\/www.linkedin.com\/in\/ingjerd-r%C3%B8yn%C3%A5s-1a510937\/\">Ingjerd R\u00f8yn\u00e5s<\/a>, <a href=\"https:\/\/www.linkedin.com\/in\/cornelia-brunstad-riiser-46a7b6172\/\">Cornelia Brunstad Riiser<\/a> and <a href=\"https:\/\/www.linkedin.com\/in\/selma-leuckfeld-pedersen-993424247\/\">Selma Leuckfeld Pedersen<\/a>.<br><br>Congratulations to all parties involved and thank you for the great cooperation!<\/p>\n\n\n\n<p><strong>LinkedIn:<\/strong><\/p>\n\n\n\n<p><a href=\"https:\/\/www.linkedin.com\/feed\/update\/urn:li:activity:7389194302977089536\"><strong>https:\/\/www.linkedin.com\/feed\/update\/urn:li:activity:7419451935964966912<\/strong><\/a><\/p>\n\n\n\n<p><strong>Date:<\/strong><\/p>\n\n\n\n<p>Januar 2026<\/p>\n\n\n\t\t\t<\/div>\n\t\t<\/div>\n\n<div class=\"t2-accordion-item wp-block-t2-accordion-item\" role=\"listitem\">\n\t\t\t<h2 class=\"t2-accordion-title\">\n\t\t\t\t<button type=\"button\" class=\"t2-accordion-trigger\" id=\"longship-acquires-majority-stake-in-exorlive-as\" aria-controls=\"accordion-panel-16\" aria-expanded=\"false\">\n\t\t\t\t\tLongship acquires majority stake in ExorLive As\n\t\t\t\t\t<span class=\"t2-accordion-icon is-closed-icon\"><svg xmlns=\"http:\/\/www.w3.org\/2000\/svg\" viewBox=\"0 0 24 24\" height=\"24\" width=\"24\" class=\"t2-icon t2-icon-add\" aria-hidden=\"true\" focusable=\"false\"><g stroke=\"currentColor\" stroke-linecap=\"round\" stroke-linejoin=\"round\" stroke-width=\"1\" style=\"transform: scale(1);vector-effect: non-scaling-stroke;\"><path d=\"M12 4V20\" stroke=\"currentColor\" stroke-linecap=\"round\" stroke-linejoin=\"round\"\/><path d=\"M4 12H20\" stroke=\"currentColor\" stroke-linecap=\"round\" stroke-linejoin=\"round\"\/><\/g><\/svg><\/span>\n\t\t\t\t\t<span class=\"t2-accordion-icon is-open-icon\"><svg xmlns=\"http:\/\/www.w3.org\/2000\/svg\" viewBox=\"0 0 24 24\" height=\"24\" width=\"24\" class=\"t2-icon t2-icon-remove\" aria-hidden=\"true\" focusable=\"false\"><g stroke=\"currentColor\" stroke-linecap=\"round\" stroke-linejoin=\"round\" stroke-width=\"1\" style=\"transform: scale(1);vector-effect: non-scaling-stroke;\"><path d=\"M4 12H20\" stroke=\"currentColor\" stroke-linecap=\"round\" stroke-linejoin=\"round\"\/><\/g><\/svg><\/span>\n\t\t\t\t<\/button>\n\t\t\t<\/h2>\n\t\t\t<div class=\"t2-accordion-item__inner-container is-layout-flow\" id=\"accordion-panel-16\" aria-labelledby=\"longship-acquires-majority-stake-in-exorlive-as\" role=\"region\" hidden>\n\t\t\t\t\n\n<p><strong>Practice Area:<\/strong><\/p>\n\n\n\n<p>M&amp;A<\/p>\n\n\n\n<p><strong>Information:<\/strong><\/p>\n\n\n\n<p>Wiersholm has had the pleasure of assisting Longship Fund III in connection with its acquisition of a majority stake in ExorLive AS.<br><br>Wiersholm&#8217;s core team has consisted of <a href=\"https:\/\/www.linkedin.com\/in\/sveinhelge\/\">Svein-Helge Hanken<\/a>, <a href=\"https:\/\/www.linkedin.com\/in\/audun-dahle-nedrelid-92514884\/\">Audun Dahle-Nedrelid<\/a>, <a href=\"https:\/\/www.linkedin.com\/in\/tormod-paulsen-b16700214\/\">Tormod Paulsen<\/a> and <a href=\"https:\/\/www.linkedin.com\/in\/mathea-pouchoulin-kvadsheim-5861601ba\/\">Mathea Pouchoulin Kvadsheim<\/a><br><br>Congratulations to all the parties involved \u2013 exciting times ahead!<\/p>\n\n\n\n<p><strong>LinkedIn:<\/strong><\/p>\n\n\n\n<p><a href=\"https:\/\/www.linkedin.com\/feed\/update\/urn:li:activity:7389194302977089536\"><strong>https:\/\/www.linkedin.com\/feed\/update\/urn:li:activity:7419301181564370944<\/strong><\/a><\/p>\n\n\n\n<p><strong>Date:<\/strong><\/p>\n\n\n\n<p>Januar 2026<\/p>\n\n\n\t\t\t<\/div>\n\t\t<\/div>\n\n<div class=\"t2-accordion-item wp-block-t2-accordion-item\" role=\"listitem\">\n\t\t\t<h2 class=\"t2-accordion-title\">\n\t\t\t\t<button type=\"button\" class=\"t2-accordion-trigger\" id=\"akershusgruppen-as-acquires-matboden-rogaland-as-(and-its-subsidiaries)\" aria-controls=\"accordion-panel-17\" aria-expanded=\"false\">\n\t\t\t\t\tAkershusgruppen AS acquires Matboden Rogaland AS (and its subsidiaries)\n\t\t\t\t\t<span class=\"t2-accordion-icon is-closed-icon\"><svg xmlns=\"http:\/\/www.w3.org\/2000\/svg\" viewBox=\"0 0 24 24\" height=\"24\" width=\"24\" class=\"t2-icon t2-icon-add\" aria-hidden=\"true\" focusable=\"false\"><g stroke=\"currentColor\" stroke-linecap=\"round\" stroke-linejoin=\"round\" stroke-width=\"1\" style=\"transform: scale(1);vector-effect: non-scaling-stroke;\"><path d=\"M12 4V20\" stroke=\"currentColor\" stroke-linecap=\"round\" stroke-linejoin=\"round\"\/><path d=\"M4 12H20\" stroke=\"currentColor\" stroke-linecap=\"round\" stroke-linejoin=\"round\"\/><\/g><\/svg><\/span>\n\t\t\t\t\t<span class=\"t2-accordion-icon is-open-icon\"><svg xmlns=\"http:\/\/www.w3.org\/2000\/svg\" viewBox=\"0 0 24 24\" height=\"24\" width=\"24\" class=\"t2-icon t2-icon-remove\" aria-hidden=\"true\" focusable=\"false\"><g stroke=\"currentColor\" stroke-linecap=\"round\" stroke-linejoin=\"round\" stroke-width=\"1\" style=\"transform: scale(1);vector-effect: non-scaling-stroke;\"><path d=\"M4 12H20\" stroke=\"currentColor\" stroke-linecap=\"round\" stroke-linejoin=\"round\"\/><\/g><\/svg><\/span>\n\t\t\t\t<\/button>\n\t\t\t<\/h2>\n\t\t\t<div class=\"t2-accordion-item__inner-container is-layout-flow\" id=\"accordion-panel-17\" aria-labelledby=\"akershusgruppen-as-acquires-matboden-rogaland-as-(and-its-subsidiaries)\" role=\"region\" hidden>\n\t\t\t\t\n\n<p><strong>Practice Area:<\/strong><\/p>\n\n\n\n<p>M&amp;A<\/p>\n\n\n\n<p><strong>Information:<\/strong><\/p>\n\n\n\n<p>Wiersholm is pleased to have assisted <a href=\"https:\/\/www.linkedin.com\/company\/akershusgruppen\/\">Akershusgruppen<\/a> in connection with its acquisition of all shares in <a href=\"https:\/\/www.linkedin.com\/company\/matboden-rogaland\/\">Matboden Rogaland<\/a> AS and its subsidiaries.<br>We would like to thank Akershusgruppen for the mandate and the good cooperation throughout the process, and we extend our congratulations to all parties involved on the completion of the transaction.<br><br>Wiersholm&#8217;s core team consisted of <a href=\"https:\/\/www.linkedin.com\/in\/sveinhelge\/\">Svein-Helge Hanken<\/a>, <a href=\"https:\/\/www.linkedin.com\/in\/jeppe-arctander-moe-987207171\/\">Jeppe Arctander Moe<\/a> and <a href=\"https:\/\/www.linkedin.com\/in\/eirik-taasen-petersen\/\">Eirik Taasen Petersen<\/a>.<\/p>\n\n\n\n<p><strong>LinkedIn:<\/strong><\/p>\n\n\n\n<p><a href=\"https:\/\/www.linkedin.com\/feed\/update\/urn:li:activity:7389194302977089536\"><strong>https:\/\/www.linkedin.com\/feed\/update\/urn:li:activity:7416414160626012160<\/strong><\/a><\/p>\n\n\n\n<p><strong>Date:<\/strong><\/p>\n\n\n\n<p>Januar 2026<\/p>\n\n\n\t\t\t<\/div>\n\t\t<\/div>\n\n<div class=\"t2-accordion-item wp-block-t2-accordion-item\" role=\"listitem\">\n\t\t\t<h2 class=\"t2-accordion-title\">\n\t\t\t\t<button type=\"button\" class=\"t2-accordion-trigger\" id=\"aventron-and-aberdeen-sold-all-the-shares-in-gismarvik-vindkraft-as-and-stor\u00f8y\" aria-controls=\"accordion-panel-18\" aria-expanded=\"false\">\n\t\t\t\t\tAventron and Aberdeen sold all the shares in Gismarvik Vindkraft AS and Stor\u00f8y\n\t\t\t\t\t<span class=\"t2-accordion-icon is-closed-icon\"><svg xmlns=\"http:\/\/www.w3.org\/2000\/svg\" viewBox=\"0 0 24 24\" height=\"24\" width=\"24\" class=\"t2-icon t2-icon-add\" aria-hidden=\"true\" focusable=\"false\"><g stroke=\"currentColor\" stroke-linecap=\"round\" stroke-linejoin=\"round\" stroke-width=\"1\" style=\"transform: scale(1);vector-effect: non-scaling-stroke;\"><path d=\"M12 4V20\" stroke=\"currentColor\" stroke-linecap=\"round\" stroke-linejoin=\"round\"\/><path d=\"M4 12H20\" stroke=\"currentColor\" stroke-linecap=\"round\" stroke-linejoin=\"round\"\/><\/g><\/svg><\/span>\n\t\t\t\t\t<span class=\"t2-accordion-icon is-open-icon\"><svg xmlns=\"http:\/\/www.w3.org\/2000\/svg\" viewBox=\"0 0 24 24\" height=\"24\" width=\"24\" class=\"t2-icon t2-icon-remove\" aria-hidden=\"true\" focusable=\"false\"><g stroke=\"currentColor\" stroke-linecap=\"round\" stroke-linejoin=\"round\" stroke-width=\"1\" style=\"transform: scale(1);vector-effect: non-scaling-stroke;\"><path d=\"M4 12H20\" stroke=\"currentColor\" stroke-linecap=\"round\" stroke-linejoin=\"round\"\/><\/g><\/svg><\/span>\n\t\t\t\t<\/button>\n\t\t\t<\/h2>\n\t\t\t<div class=\"t2-accordion-item__inner-container is-layout-flow\" id=\"accordion-panel-18\" aria-labelledby=\"aventron-and-aberdeen-sold-all-the-shares-in-gismarvik-vindkraft-as-and-stor\u00f8y\" role=\"region\" hidden>\n\t\t\t\t\n\n<p><strong>Practice Area:<\/strong><\/p>\n\n\n\n<p>M&amp;A<\/p>\n\n\n\n<p><strong>Information:<\/strong><\/p>\n\n\n\n<p>Wiersholm is pleased to have assisted <a href=\"https:\/\/www.linkedin.com\/company\/aventron\/\">aventron<\/a> and <a href=\"https:\/\/www.linkedin.com\/company\/aberdeen-group-plc\/\">Aberdeen<\/a> gr with the sale of all the shares in Gismarvik Vindkraft AS and Stor\u00f8y Vindpark AS, which own and operate the onshore wind farms Gismarvik and Stor\u00f8y.<br><br>Congratulations to all parties involved!<br><br>Wiersholm&#8217;s core team consisted of <a href=\"https:\/\/www.linkedin.com\/in\/svanhild-vesterheim-0781a86a\/\">Svanhild Vesterheim<\/a>, <a href=\"https:\/\/www.linkedin.com\/in\/jon-martin-atkinson\/\">Jon Martin Atkinson<\/a>, <a href=\"https:\/\/www.linkedin.com\/in\/frode-stole\/\">Frode St\u00f8le<\/a>, <a href=\"https:\/\/www.linkedin.com\/in\/johan-endre-holmen-a96a64135\/\">Johan Endre Holmen<\/a> and <a href=\"https:\/\/www.linkedin.com\/in\/ane-stanger-tronrud-23123567\/\">Ane Stanger Tronrud<\/a>.<\/p>\n\n\n\n<p><strong>LinkedIn:<\/strong><\/p>\n\n\n\n<p><a href=\"https:\/\/www.linkedin.com\/feed\/update\/urn:li:activity:7389194302977089536\"><strong>https:\/\/www.linkedin.com\/feed\/update\/urn:li:activity:7414995254887694338<\/strong><\/a><\/p>\n\n\n\n<p><strong>Date:<\/strong><\/p>\n\n\n\n<p>Januar 2026<\/p>\n\n\n\t\t\t<\/div>\n\t\t<\/div>\n\n<div class=\"t2-accordion-item wp-block-t2-accordion-item\" role=\"listitem\">\n\t\t\t<h2 class=\"t2-accordion-title\">\n\t\t\t\t<button type=\"button\" class=\"t2-accordion-trigger\" id=\"henriksen-group-sold-majority-stake-in-h.-henriksen-as-to-nordic-resilience-equity\" aria-controls=\"accordion-panel-19\" aria-expanded=\"false\">\n\t\t\t\t\tHenriksen Group sold majority stake in H. Henriksen AS to Nordic Resilience Equity\n\t\t\t\t\t<span class=\"t2-accordion-icon is-closed-icon\"><svg xmlns=\"http:\/\/www.w3.org\/2000\/svg\" viewBox=\"0 0 24 24\" height=\"24\" width=\"24\" class=\"t2-icon t2-icon-add\" aria-hidden=\"true\" focusable=\"false\"><g stroke=\"currentColor\" stroke-linecap=\"round\" stroke-linejoin=\"round\" stroke-width=\"1\" style=\"transform: scale(1);vector-effect: non-scaling-stroke;\"><path d=\"M12 4V20\" stroke=\"currentColor\" stroke-linecap=\"round\" stroke-linejoin=\"round\"\/><path d=\"M4 12H20\" stroke=\"currentColor\" stroke-linecap=\"round\" stroke-linejoin=\"round\"\/><\/g><\/svg><\/span>\n\t\t\t\t\t<span class=\"t2-accordion-icon is-open-icon\"><svg xmlns=\"http:\/\/www.w3.org\/2000\/svg\" viewBox=\"0 0 24 24\" height=\"24\" width=\"24\" class=\"t2-icon t2-icon-remove\" aria-hidden=\"true\" focusable=\"false\"><g stroke=\"currentColor\" stroke-linecap=\"round\" stroke-linejoin=\"round\" stroke-width=\"1\" style=\"transform: scale(1);vector-effect: non-scaling-stroke;\"><path d=\"M4 12H20\" stroke=\"currentColor\" stroke-linecap=\"round\" stroke-linejoin=\"round\"\/><\/g><\/svg><\/span>\n\t\t\t\t<\/button>\n\t\t\t<\/h2>\n\t\t\t<div class=\"t2-accordion-item__inner-container is-layout-flow\" id=\"accordion-panel-19\" aria-labelledby=\"henriksen-group-sold-majority-stake-in-h.-henriksen-as-to-nordic-resilience-equity\" role=\"region\" hidden>\n\t\t\t\t\n\n<p><strong>Practice Area:<\/strong><\/p>\n\n\n\n<p>M&amp;A<\/p>\n\n\n\n<p><strong>Information:<\/strong><\/p>\n\n\n\n<p>Wiersholm is pleased to have assisted Henriksen Group in connection with the sale of its majority shareholding in H. Henriksen AS to Nordic Resilience Equity (NRE), a thematic defence and security investor.<br>This agreement marks a significant milestone in the company\u2019s history and positions it for the next phase of growth.<br><br>Thank you for your trust, Henriksen Group, and congratulations to all parties involved!<br><br>The Wiersholm core team consisted of <a href=\"https:\/\/www.linkedin.com\/in\/tor-bechmann-a55a732\/\">Tor Bechmann<\/a>, <a href=\"https:\/\/www.linkedin.com\/in\/ares-saraj-b1965a104\/\">Ares Saraj<\/a>, and <a href=\"https:\/\/www.linkedin.com\/in\/selma-leuckfeld-pedersen-993424247\/\">Selma Leuckfeld Pedersen<\/a>. <a href=\"https:\/\/www.linkedin.com\/company\/handelsbanken-capital-markets\/\">Handelsbanken Markets<\/a>, with <a href=\"https:\/\/www.linkedin.com\/in\/stian-svendsen-916b162b\/\">Stian Svendsen<\/a>, acted as financial advisor to Henriksen Group.<\/p>\n\n\n\n<p><strong>LinkedIn:<\/strong><\/p>\n\n\n\n<p><a href=\"https:\/\/www.linkedin.com\/feed\/update\/urn:li:activity:7389194302977089536\"><strong>https:\/\/www.linkedin.com\/feed\/update\/urn:li:activity:7413877483734941696<\/strong><\/a><\/p>\n\n\n\n<p><strong>Date:<\/strong><\/p>\n\n\n\n<p>Januar 2026<\/p>\n\n\n\t\t\t<\/div>\n\t\t<\/div>\n\n<div class=\"t2-accordion-item wp-block-t2-accordion-item\" role=\"listitem\">\n\t\t\t<h2 class=\"t2-accordion-title\">\n\t\t\t\t<button type=\"button\" class=\"t2-accordion-trigger\" id=\"borr-drilling-listing-on-euronext-growth\" aria-controls=\"accordion-panel-20\" aria-expanded=\"false\">\n\t\t\t\t\tBorr Drilling listing on Euronext Growth\n\t\t\t\t\t<span class=\"t2-accordion-icon is-closed-icon\"><svg xmlns=\"http:\/\/www.w3.org\/2000\/svg\" viewBox=\"0 0 24 24\" height=\"24\" width=\"24\" class=\"t2-icon t2-icon-add\" aria-hidden=\"true\" focusable=\"false\"><g stroke=\"currentColor\" stroke-linecap=\"round\" stroke-linejoin=\"round\" stroke-width=\"1\" style=\"transform: scale(1);vector-effect: non-scaling-stroke;\"><path d=\"M12 4V20\" stroke=\"currentColor\" stroke-linecap=\"round\" stroke-linejoin=\"round\"\/><path d=\"M4 12H20\" stroke=\"currentColor\" stroke-linecap=\"round\" stroke-linejoin=\"round\"\/><\/g><\/svg><\/span>\n\t\t\t\t\t<span class=\"t2-accordion-icon is-open-icon\"><svg xmlns=\"http:\/\/www.w3.org\/2000\/svg\" viewBox=\"0 0 24 24\" height=\"24\" width=\"24\" class=\"t2-icon t2-icon-remove\" aria-hidden=\"true\" focusable=\"false\"><g stroke=\"currentColor\" stroke-linecap=\"round\" stroke-linejoin=\"round\" stroke-width=\"1\" style=\"transform: scale(1);vector-effect: non-scaling-stroke;\"><path d=\"M4 12H20\" stroke=\"currentColor\" stroke-linecap=\"round\" stroke-linejoin=\"round\"\/><\/g><\/svg><\/span>\n\t\t\t\t<\/button>\n\t\t\t<\/h2>\n\t\t\t<div class=\"t2-accordion-item__inner-container is-layout-flow\" id=\"accordion-panel-20\" aria-labelledby=\"borr-drilling-listing-on-euronext-growth\" role=\"region\" hidden>\n\t\t\t\t\n\n<p><strong>Practice Area:<\/strong><\/p>\n\n\n\n<p>Capital Markets<\/p>\n\n\n\n<p><strong>Information:<\/strong><\/p>\n\n\n\n<p>Borr Drilling, a premier offshore shallow-water drilling contractor, today has its first day of trading on Euronext Growth Oslo. Borr has a long history in the Norwegian market, having been listed on Oslo B\u00f8rs from its incorporation until the end of 2024.<br><br>Wiersholm has had the pleasure of advising Borr on the listing process, together with <a href=\"https:\/\/www.linkedin.com\/company\/dnbcarnegie\/\">DNB Carnegie<\/a> as Euronext Growth Advisor.<br><br>The Wiersholm team has consisted of <a href=\"https:\/\/www.linkedin.com\/in\/sverre-sandvik-34403a24\/\">Sverre Sandvik<\/a>, <a href=\"https:\/\/www.linkedin.com\/in\/pia-pedersen\/\">Pia Pedersen<\/a> and <a href=\"https:\/\/www.linkedin.com\/in\/karl-magnus-ulstein-rygnestad-908154153\/\">Karl Magnus Ulstein-Rygnestad<\/a>.<\/p>\n\n\n\n<p><strong>LinkedIn:<\/strong><\/p>\n\n\n\n<p><a href=\"https:\/\/www.linkedin.com\/feed\/update\/urn:li:activity:7389194302977089536\"><strong>https:\/\/www.linkedin.com\/feed\/update\/urn:li:activity:7407781854344265728<\/strong><\/a><\/p>\n\n\n\n<p><strong>Date:<\/strong><\/p>\n\n\n\n<p>Desember 2025<\/p>\n\n\n\t\t\t<\/div>\n\t\t<\/div>\n\n<div class=\"t2-accordion-item wp-block-t2-accordion-item\" role=\"listitem\">\n\t\t\t<h2 class=\"t2-accordion-title\">\n\t\t\t\t<button type=\"button\" class=\"t2-accordion-trigger\" id=\"summa-equity-sells-milarex-investco-as-to-maretopco-as\" aria-controls=\"accordion-panel-21\" aria-expanded=\"false\">\n\t\t\t\t\tSumma Equity sells Milarex InvestCo AS to MareTopCo AS\n\t\t\t\t\t<span class=\"t2-accordion-icon is-closed-icon\"><svg xmlns=\"http:\/\/www.w3.org\/2000\/svg\" viewBox=\"0 0 24 24\" height=\"24\" width=\"24\" class=\"t2-icon t2-icon-add\" aria-hidden=\"true\" focusable=\"false\"><g stroke=\"currentColor\" stroke-linecap=\"round\" stroke-linejoin=\"round\" stroke-width=\"1\" style=\"transform: scale(1);vector-effect: non-scaling-stroke;\"><path d=\"M12 4V20\" stroke=\"currentColor\" stroke-linecap=\"round\" stroke-linejoin=\"round\"\/><path d=\"M4 12H20\" stroke=\"currentColor\" stroke-linecap=\"round\" stroke-linejoin=\"round\"\/><\/g><\/svg><\/span>\n\t\t\t\t\t<span class=\"t2-accordion-icon is-open-icon\"><svg xmlns=\"http:\/\/www.w3.org\/2000\/svg\" viewBox=\"0 0 24 24\" height=\"24\" width=\"24\" class=\"t2-icon t2-icon-remove\" aria-hidden=\"true\" focusable=\"false\"><g stroke=\"currentColor\" stroke-linecap=\"round\" stroke-linejoin=\"round\" stroke-width=\"1\" style=\"transform: scale(1);vector-effect: non-scaling-stroke;\"><path d=\"M4 12H20\" stroke=\"currentColor\" stroke-linecap=\"round\" stroke-linejoin=\"round\"\/><\/g><\/svg><\/span>\n\t\t\t\t<\/button>\n\t\t\t<\/h2>\n\t\t\t<div class=\"t2-accordion-item__inner-container is-layout-flow\" id=\"accordion-panel-21\" aria-labelledby=\"summa-equity-sells-milarex-investco-as-to-maretopco-as\" role=\"region\" hidden>\n\t\t\t\t\n\n<p><strong>Practice Area:<\/strong><\/p>\n\n\n\n<p>M&amp;A<\/p>\n\n\n\n<p><strong>Information:<\/strong><\/p>\n\n\n\n<p>Wiersholm is pleased to have assisted <a href=\"https:\/\/www.linkedin.com\/company\/summa-equity\/\">Summa Equity<\/a> and the other shareholders of <a href=\"https:\/\/www.linkedin.com\/company\/milarex\/\">Milarex<\/a> with the sale of all the shares to MareTopCo AS.<br><br>The exit represents a major milestone for Summa Equity\u2019s Fund I, which first invested in Milarex in 2017. Today, Milarex is one of the largest salmon processors globally and the largest independent value-added processor of Norwegian salmon. MareTopCo intends to build on this platform.<br><br>Congratulations to all parties involved!<br><br>Wiersholm&#8217;s core team consisted of <a href=\"https:\/\/www.linkedin.com\/in\/sveinhelge\/\">Svein-Helge Hanken<\/a>, <a href=\"https:\/\/www.linkedin.com\/in\/petter-moltu-563b5616\/\">Petter Moltu<\/a>, <a href=\"https:\/\/www.linkedin.com\/in\/kristintandy\/\">Kristin Tandy<\/a>, <a href=\"https:\/\/www.linkedin.com\/in\/amanda-antonsen-979908232\/\">Amanda Antonsen<\/a> and <a href=\"https:\/\/www.linkedin.com\/in\/martine-korslund-113b6a193\/\">Martine Korslund<\/a><br><br><a href=\"https:\/\/lnkd.in\/etQcbUDM\">https:\/\/lnkd.in\/etQcbUDM<\/a><\/p>\n\n\n\n<p><strong>LinkedIn:<\/strong><\/p>\n\n\n\n<p><a href=\"https:\/\/www.linkedin.com\/feed\/update\/urn:li:activity:7389194302977089536\">https:\/\/www.linkedin.com\/feed\/update\/urn:li:activity:7407781854344265728<\/a><\/p>\n\n\n\n<p><strong>Date:<\/strong><\/p>\n\n\n\n<p>Desember 2025<\/p>\n\n\n\t\t\t<\/div>\n\t\t<\/div>\n\n<div class=\"t2-accordion-item wp-block-t2-accordion-item\" role=\"listitem\">\n\t\t\t<h2 class=\"t2-accordion-title\">\n\t\t\t\t<button type=\"button\" class=\"t2-accordion-trigger\" id=\"kongsberg-acquires-zone-5-and-enters-development-and-high-volume-production-of-affordable-missiles\" aria-controls=\"accordion-panel-22\" aria-expanded=\"false\">\n\t\t\t\t\tKongsberg acquires Zone 5 and enters development and high-volume production of affordable missiles\n\t\t\t\t\t<span class=\"t2-accordion-icon is-closed-icon\"><svg xmlns=\"http:\/\/www.w3.org\/2000\/svg\" viewBox=\"0 0 24 24\" height=\"24\" width=\"24\" class=\"t2-icon t2-icon-add\" aria-hidden=\"true\" focusable=\"false\"><g stroke=\"currentColor\" stroke-linecap=\"round\" stroke-linejoin=\"round\" stroke-width=\"1\" style=\"transform: scale(1);vector-effect: non-scaling-stroke;\"><path d=\"M12 4V20\" stroke=\"currentColor\" stroke-linecap=\"round\" stroke-linejoin=\"round\"\/><path d=\"M4 12H20\" stroke=\"currentColor\" stroke-linecap=\"round\" stroke-linejoin=\"round\"\/><\/g><\/svg><\/span>\n\t\t\t\t\t<span class=\"t2-accordion-icon is-open-icon\"><svg xmlns=\"http:\/\/www.w3.org\/2000\/svg\" viewBox=\"0 0 24 24\" height=\"24\" width=\"24\" class=\"t2-icon t2-icon-remove\" aria-hidden=\"true\" focusable=\"false\"><g stroke=\"currentColor\" stroke-linecap=\"round\" stroke-linejoin=\"round\" stroke-width=\"1\" style=\"transform: scale(1);vector-effect: non-scaling-stroke;\"><path d=\"M4 12H20\" stroke=\"currentColor\" stroke-linecap=\"round\" stroke-linejoin=\"round\"\/><\/g><\/svg><\/span>\n\t\t\t\t<\/button>\n\t\t\t<\/h2>\n\t\t\t<div class=\"t2-accordion-item__inner-container is-layout-flow\" id=\"accordion-panel-22\" aria-labelledby=\"kongsberg-acquires-zone-5-and-enters-development-and-high-volume-production-of-affordable-missiles\" role=\"region\" hidden>\n\t\t\t\t\n\n<p><strong>Practice Area:<\/strong><\/p>\n\n\n\n<p>M&amp;A<\/p>\n\n\n\n<p><strong>Information:<\/strong><\/p>\n\n\n\n<p>Wiersholm has advised <a href=\"https:\/\/www.linkedin.com\/company\/kongsberg-defence-aerospace\/\">Kongsberg Defence &amp; Aerospace<\/a> on its acquisition of 90% of the shares in Zone 5 Technologies LLC, a California-based missile company.<br><br>Wiersholm&#8217;s team was led by <a href=\"https:\/\/www.linkedin.com\/in\/harald-hellebust-a29693267\/\">Harald Hellebust<\/a> and <a href=\"https:\/\/www.linkedin.com\/in\/mari-str%C3%B8mmen-olsen-00b669175\/\">Mari Str\u00f8mmen-Olsen<\/a>.<\/p>\n\n\n\n<p><strong>LinkedIn:<\/strong><\/p>\n\n\n\n<p><a href=\"https:\/\/www.linkedin.com\/feed\/update\/urn:li:activity:7389194302977089536\">https:\/\/www.linkedin.com\/feed\/update\/urn:li:activity:7407701142543028225<\/a><\/p>\n\n\n\n<p><strong>Date:<\/strong><\/p>\n\n\n\n<p>Desember 2025<\/p>\n\n\n\t\t\t<\/div>\n\t\t<\/div>\n\n<div class=\"t2-accordion-item wp-block-t2-accordion-item\" role=\"listitem\">\n\t\t\t<h2 class=\"t2-accordion-title\">\n\t\t\t\t<button type=\"button\" class=\"t2-accordion-trigger\" id=\"af-gruppen-acquiers-a-majority-of-the-shares-in-br\u00f8drene-myhre-as\" aria-controls=\"accordion-panel-23\" aria-expanded=\"false\">\n\t\t\t\t\tAF Gruppen acquiers a majority of the shares in Br\u00f8drene Myhre AS\n\t\t\t\t\t<span class=\"t2-accordion-icon is-closed-icon\"><svg xmlns=\"http:\/\/www.w3.org\/2000\/svg\" viewBox=\"0 0 24 24\" height=\"24\" width=\"24\" class=\"t2-icon t2-icon-add\" aria-hidden=\"true\" focusable=\"false\"><g stroke=\"currentColor\" stroke-linecap=\"round\" stroke-linejoin=\"round\" stroke-width=\"1\" style=\"transform: scale(1);vector-effect: non-scaling-stroke;\"><path d=\"M12 4V20\" stroke=\"currentColor\" stroke-linecap=\"round\" stroke-linejoin=\"round\"\/><path d=\"M4 12H20\" stroke=\"currentColor\" stroke-linecap=\"round\" stroke-linejoin=\"round\"\/><\/g><\/svg><\/span>\n\t\t\t\t\t<span class=\"t2-accordion-icon is-open-icon\"><svg xmlns=\"http:\/\/www.w3.org\/2000\/svg\" viewBox=\"0 0 24 24\" height=\"24\" width=\"24\" class=\"t2-icon t2-icon-remove\" aria-hidden=\"true\" focusable=\"false\"><g stroke=\"currentColor\" stroke-linecap=\"round\" stroke-linejoin=\"round\" stroke-width=\"1\" style=\"transform: scale(1);vector-effect: non-scaling-stroke;\"><path d=\"M4 12H20\" stroke=\"currentColor\" stroke-linecap=\"round\" stroke-linejoin=\"round\"\/><\/g><\/svg><\/span>\n\t\t\t\t<\/button>\n\t\t\t<\/h2>\n\t\t\t<div class=\"t2-accordion-item__inner-container is-layout-flow\" id=\"accordion-panel-23\" aria-labelledby=\"af-gruppen-acquiers-a-majority-of-the-shares-in-br\u00f8drene-myhre-as\" role=\"region\" hidden>\n\t\t\t\t\n\n<p><strong>Practice Area:<\/strong><\/p>\n\n\n\n<p>M&amp;A<\/p>\n\n\n\n<p><strong>Information:<\/strong><\/p>\n\n\n\n<p>Wiersholm has advised <a href=\"https:\/\/www.linkedin.com\/company\/af-gruppen\/\">AF Gruppen<\/a> on its acquisition of a majority of the shares in Br\u00f8drene Myhre AS, a contracting company with extensive expertise in well and specialized drilling.<br><br>Wiersholm&#8217;s team was led by <a href=\"https:\/\/www.linkedin.com\/in\/sverre-sandvik-34403a24\/\">Sverre Sandvik<\/a> and <a href=\"https:\/\/www.linkedin.com\/in\/nora-heiberg-121719261\/\">Nora Heiberg<\/a>.<br><br><a href=\"https:\/\/lnkd.in\/e_KBwP_c\">https:\/\/lnkd.in\/e_KBwP_c<\/a><\/p>\n\n\n\n<p><strong>LinkedIn:<\/strong><\/p>\n\n\n\n<p><a href=\"https:\/\/www.linkedin.com\/feed\/update\/urn:li:activity:7389194302977089536\">https:\/\/www.linkedin.com\/feed\/update\/urn:li:activity:7407051600025997313<\/a><\/p>\n\n\n\n<p><strong>Date:<\/strong><\/p>\n\n\n\n<p>Desember 2025<\/p>\n\n\n\t\t\t<\/div>\n\t\t<\/div>\n\n<div class=\"t2-accordion-item wp-block-t2-accordion-item\" role=\"listitem\">\n\t\t\t<h2 class=\"t2-accordion-title\">\n\t\t\t\t<button type=\"button\" class=\"t2-accordion-trigger\" id=\"abyss-group-as-acquires-fr\u00f8y-akvaservice-as\" aria-controls=\"accordion-panel-24\" aria-expanded=\"false\">\n\t\t\t\t\tAbyss Group AS acquires Fr\u00f8y Akvaservice AS\n\t\t\t\t\t<span class=\"t2-accordion-icon is-closed-icon\"><svg xmlns=\"http:\/\/www.w3.org\/2000\/svg\" viewBox=\"0 0 24 24\" height=\"24\" width=\"24\" class=\"t2-icon t2-icon-add\" aria-hidden=\"true\" focusable=\"false\"><g stroke=\"currentColor\" stroke-linecap=\"round\" stroke-linejoin=\"round\" stroke-width=\"1\" style=\"transform: scale(1);vector-effect: non-scaling-stroke;\"><path d=\"M12 4V20\" stroke=\"currentColor\" stroke-linecap=\"round\" stroke-linejoin=\"round\"\/><path d=\"M4 12H20\" stroke=\"currentColor\" stroke-linecap=\"round\" stroke-linejoin=\"round\"\/><\/g><\/svg><\/span>\n\t\t\t\t\t<span class=\"t2-accordion-icon is-open-icon\"><svg xmlns=\"http:\/\/www.w3.org\/2000\/svg\" viewBox=\"0 0 24 24\" height=\"24\" width=\"24\" class=\"t2-icon t2-icon-remove\" aria-hidden=\"true\" focusable=\"false\"><g stroke=\"currentColor\" stroke-linecap=\"round\" stroke-linejoin=\"round\" stroke-width=\"1\" style=\"transform: scale(1);vector-effect: non-scaling-stroke;\"><path d=\"M4 12H20\" stroke=\"currentColor\" stroke-linecap=\"round\" stroke-linejoin=\"round\"\/><\/g><\/svg><\/span>\n\t\t\t\t<\/button>\n\t\t\t<\/h2>\n\t\t\t<div class=\"t2-accordion-item__inner-container is-layout-flow\" id=\"accordion-panel-24\" aria-labelledby=\"abyss-group-as-acquires-fr\u00f8y-akvaservice-as\" role=\"region\" hidden>\n\t\t\t\t\n\n<p><strong>Practice Area:<\/strong><\/p>\n\n\n\n<p>M&amp;A<\/p>\n\n\n\n<p><strong>Information:<\/strong><\/p>\n\n\n\n<p>Wiersholm has had the pleasure of assisting <a href=\"https:\/\/www.linkedin.com\/company\/arcus-infrastructure-partners-llp\/\">Arcus Infrastructure Partners LLP<\/a> in connection with <a href=\"https:\/\/www.linkedin.com\/company\/abyss-as\/\">Abyss Group<\/a> AS&#8217; acquisition of Fr\u00f8y Akvaservice AS.<br><br>Wiersholm&#8217;s corporate team has consisted of <a href=\"https:\/\/www.linkedin.com\/in\/sveinhelge\/\">Svein-Helge Hanken<\/a>, <a href=\"https:\/\/www.linkedin.com\/in\/hannah-advocaat-lund-36888053\/\">Hannah Advocaat Lund<\/a>, <a href=\"https:\/\/www.linkedin.com\/in\/oscar-brown-a746b0a6\/\">Oscar Brown<\/a> and <a href=\"https:\/\/www.linkedin.com\/in\/mathea-pouchoulin-kvadsheim-5861601ba\/\">Mathea Pouchoulin Kvadsheim<\/a>, with the wider team comprising <a href=\"https:\/\/www.linkedin.com\/in\/audun-dahle-nedrelid-92514884\/\">Audun Dahle-Nedrelid<\/a>, <a href=\"https:\/\/www.linkedin.com\/in\/h%C3%A5kon-cosma-st%C3%B8rdal-96169b83\/\">H\u00e5kon Cosma St\u00f8rdal<\/a>, <a href=\"https:\/\/www.linkedin.com\/in\/edvard-hamer-rojahn-7a7433110\/\">Edvard Hamer Rojahn<\/a>, <a href=\"https:\/\/www.linkedin.com\/in\/stian-karlsen-4a6047212\/\">Stian Karlsen<\/a> and <a href=\"https:\/\/www.linkedin.com\/in\/ellen-nerli-r%C3%B8yneberg-a03173114\/\">Ellen Nerli-R\u00f8yneberg<\/a>.<br><br>Congratulations to all the parties involved and thank you for the great cooperation!<br><br> <a href=\"https:\/\/lnkd.in\/gsaQFKVn\">https:\/\/lnkd.in\/gsaQFKVn<\/a><\/p>\n\n\n\n<p><strong>LinkedIn:<\/strong><\/p>\n\n\n\n<p><a href=\"https:\/\/www.linkedin.com\/feed\/update\/urn:li:activity:7389194302977089536\">https:\/\/www.linkedin.com\/feed\/update\/urn:li:activity:7402783827460550656<\/a><\/p>\n\n\n\n<p><strong>Date:<\/strong><\/p>\n\n\n\n<p>November 2025<\/p>\n\n\n\t\t\t<\/div>\n\t\t<\/div>\n\n<div class=\"t2-accordion-item wp-block-t2-accordion-item\" role=\"listitem\">\n\t\t\t<h2 class=\"t2-accordion-title\">\n\t\t\t\t<button type=\"button\" class=\"t2-accordion-trigger\" id=\"wiersholm-advised-accel-kkr-on-acquisition-of-4human\" aria-controls=\"accordion-panel-25\" aria-expanded=\"false\">\n\t\t\t\t\tWiersholm advised Accel-KKR on acquisition of 4human\n\t\t\t\t\t<span class=\"t2-accordion-icon is-closed-icon\"><svg xmlns=\"http:\/\/www.w3.org\/2000\/svg\" viewBox=\"0 0 24 24\" height=\"24\" width=\"24\" class=\"t2-icon t2-icon-add\" aria-hidden=\"true\" focusable=\"false\"><g stroke=\"currentColor\" stroke-linecap=\"round\" stroke-linejoin=\"round\" stroke-width=\"1\" style=\"transform: scale(1);vector-effect: non-scaling-stroke;\"><path d=\"M12 4V20\" stroke=\"currentColor\" stroke-linecap=\"round\" stroke-linejoin=\"round\"\/><path d=\"M4 12H20\" stroke=\"currentColor\" stroke-linecap=\"round\" stroke-linejoin=\"round\"\/><\/g><\/svg><\/span>\n\t\t\t\t\t<span class=\"t2-accordion-icon is-open-icon\"><svg xmlns=\"http:\/\/www.w3.org\/2000\/svg\" viewBox=\"0 0 24 24\" height=\"24\" width=\"24\" class=\"t2-icon t2-icon-remove\" aria-hidden=\"true\" focusable=\"false\"><g stroke=\"currentColor\" stroke-linecap=\"round\" stroke-linejoin=\"round\" stroke-width=\"1\" style=\"transform: scale(1);vector-effect: non-scaling-stroke;\"><path d=\"M4 12H20\" stroke=\"currentColor\" stroke-linecap=\"round\" stroke-linejoin=\"round\"\/><\/g><\/svg><\/span>\n\t\t\t\t<\/button>\n\t\t\t<\/h2>\n\t\t\t<div class=\"t2-accordion-item__inner-container is-layout-flow\" id=\"accordion-panel-25\" aria-labelledby=\"wiersholm-advised-accel-kkr-on-acquisition-of-4human\" role=\"region\" hidden>\n\t\t\t\t\n\n<p><strong>Practice Area:<\/strong><\/p>\n\n\n\n<p>M&amp;A and Private Equity<\/p>\n\n\n\n<p><strong>Information:<\/strong><\/p>\n\n\n\n<p>Wiersholm advised the global technology-focused investment firm Accel-KKR on its strategic growth investment in 4human, leading provider of HR and quality management software.<br><br>The core Wiersholm team included corporate lawyers <a href=\"https:\/\/www.linkedin.com\/in\/karsten-kreiling-628673117\/\">Karsten Kreiling<\/a>, <a href=\"https:\/\/www.linkedin.com\/in\/matilde-mork-henden-37853b199\/\">Matilde Mork Henden<\/a>, <a href=\"https:\/\/www.linkedin.com\/in\/ragnar-stoknes-hafting-a5052439\/\">Ragnar Stoknes Hafting<\/a>, and <a href=\"https:\/\/www.linkedin.com\/in\/eirik-taasen-petersen\/\">Eirik Taasen Petersen<\/a>. Knut Engh Anden\u00e6s and <a href=\"https:\/\/www.linkedin.com\/in\/pernille-tharaldsen-1832a8161\/\">Pernille Tharaldsen<\/a> advised on the financing aspects of the transaction.<br><br>Wiersholm regularly advises private equity investors on transactions and has a strong track record within tech M&amp;A.<br><br>For more information: <a href=\"https:\/\/lnkd.in\/dmhiAAgE\">https:\/\/lnkd.in\/dmhiAAgE<\/a><\/p>\n\n\n\n<p><strong>LinkedIn:<\/strong><\/p>\n\n\n\n<p><a href=\"https:\/\/www.linkedin.com\/feed\/update\/urn:li:activity:7389194302977089536\">https:\/\/www.linkedin.com\/feed\/update\/urn:li:activity:7396822071374155776<\/a><\/p>\n\n\n\n<p><strong>Date:<\/strong><\/p>\n\n\n\n<p>November 2025<\/p>\n\n\n\t\t\t<\/div>\n\t\t<\/div>\n\n<div class=\"t2-accordion-item wp-block-t2-accordion-item\" role=\"listitem\">\n\t\t\t<h2 class=\"t2-accordion-title\">\n\t\t\t\t<button type=\"button\" class=\"t2-accordion-trigger\" id=\"reitan-eiendom-sl\u00e5r-sammen-sin-oslo-portof\u00f8lje-med-aspelin-eiendom-og-danner-aspelin-reitan-eiendom-as\" aria-controls=\"accordion-panel-26\" aria-expanded=\"false\">\n\t\t\t\t\tReitan Eiendom sl\u00e5r sammen sin Oslo-portof\u00f8lje med Aspelin Eiendom og danner Aspelin Reitan Eiendom AS\n\t\t\t\t\t<span class=\"t2-accordion-icon is-closed-icon\"><svg xmlns=\"http:\/\/www.w3.org\/2000\/svg\" viewBox=\"0 0 24 24\" height=\"24\" width=\"24\" class=\"t2-icon t2-icon-add\" aria-hidden=\"true\" focusable=\"false\"><g stroke=\"currentColor\" stroke-linecap=\"round\" stroke-linejoin=\"round\" stroke-width=\"1\" style=\"transform: scale(1);vector-effect: non-scaling-stroke;\"><path d=\"M12 4V20\" stroke=\"currentColor\" stroke-linecap=\"round\" stroke-linejoin=\"round\"\/><path d=\"M4 12H20\" stroke=\"currentColor\" stroke-linecap=\"round\" stroke-linejoin=\"round\"\/><\/g><\/svg><\/span>\n\t\t\t\t\t<span class=\"t2-accordion-icon is-open-icon\"><svg xmlns=\"http:\/\/www.w3.org\/2000\/svg\" viewBox=\"0 0 24 24\" height=\"24\" width=\"24\" class=\"t2-icon t2-icon-remove\" aria-hidden=\"true\" focusable=\"false\"><g stroke=\"currentColor\" stroke-linecap=\"round\" stroke-linejoin=\"round\" stroke-width=\"1\" style=\"transform: scale(1);vector-effect: non-scaling-stroke;\"><path d=\"M4 12H20\" stroke=\"currentColor\" stroke-linecap=\"round\" stroke-linejoin=\"round\"\/><\/g><\/svg><\/span>\n\t\t\t\t<\/button>\n\t\t\t<\/h2>\n\t\t\t<div class=\"t2-accordion-item__inner-container is-layout-flow\" id=\"accordion-panel-26\" aria-labelledby=\"reitan-eiendom-sl\u00e5r-sammen-sin-oslo-portof\u00f8lje-med-aspelin-eiendom-og-danner-aspelin-reitan-eiendom-as\" role=\"region\" hidden>\n\t\t\t\t\n\n<p><strong>Practice Area:<\/strong><\/p>\n\n\n\n<p>Fast Eiendom<\/p>\n\n\n\n<p><strong>Information:<\/strong><\/p>\n\n\n\n<p>Wiersholm har hatt gleden av \u00e5 bist\u00e5 <a href=\"https:\/\/www.linkedin.com\/company\/reitan-eiendom-as\/\">Reitan Eiendom<\/a> i prosessen med sammensl\u00e5ing av Reitan Eiendoms Oslo-portef\u00f8lje og <a href=\"https:\/\/www.linkedin.com\/company\/aspelin-reitan-eiendom\/\">Aspelin Eiendom<\/a> i nye Aspelin Reitan Eiendom AS. Selskapet blir et av de st\u00f8rste private eiendomsselskapene i hovedstaden, med en samlet eiendomsverdi p\u00e5 rundt 19 milliarder kroner. Selskapet skal eies 50\/50 av Reitan Eiendom og Artel Kapital. Vi gratulerer partene og takker for en hyggelig prosess!<br><br>Wiersholms team har v\u00e6rt ledet av <a href=\"https:\/\/www.linkedin.com\/in\/tom-rune-lian-13432124\/\">Tom Rune Lian<\/a> og <a href=\"https:\/\/www.linkedin.com\/in\/andreas-gustavson-bb2b1553\/\">Andreas Gustavson<\/a><br><br><a href=\"https:\/\/lnkd.in\/dWjNkTB4\">https:\/\/lnkd.in\/dWjNkTB4<\/a><\/p>\n\n\n\n<p><strong>LinkedIn:<\/strong><\/p>\n\n\n\n<p><a href=\"https:\/\/www.linkedin.com\/feed\/update\/urn:li:activity:7389194302977089536\">https:\/\/www.linkedin.com\/feed\/update\/urn:li:activity:7395049104332017664<\/a><\/p>\n\n\n\n<p><strong>Date:<\/strong><\/p>\n\n\n\n<p>November 2025<\/p>\n\n\n\t\t\t<\/div>\n\t\t<\/div>\n\n<div class=\"t2-accordion-item wp-block-t2-accordion-item\" role=\"listitem\">\n\t\t\t<h2 class=\"t2-accordion-title\">\n\t\t\t\t<button type=\"button\" class=\"t2-accordion-trigger\" id=\"svitzer-salvage-holding-a\/s-has-entered-into-an-agreement-to-acquire-66.66%-of-the-shares-in-bukser-og-berging-as\" aria-controls=\"accordion-panel-27\" aria-expanded=\"false\">\n\t\t\t\t\tSvitzer Salvage Holding A\/S has entered into an agreement to acquire 66.66% of the shares in Bukser og Berging AS\n\t\t\t\t\t<span class=\"t2-accordion-icon is-closed-icon\"><svg xmlns=\"http:\/\/www.w3.org\/2000\/svg\" viewBox=\"0 0 24 24\" height=\"24\" width=\"24\" class=\"t2-icon t2-icon-add\" aria-hidden=\"true\" focusable=\"false\"><g stroke=\"currentColor\" stroke-linecap=\"round\" stroke-linejoin=\"round\" stroke-width=\"1\" style=\"transform: scale(1);vector-effect: non-scaling-stroke;\"><path d=\"M12 4V20\" stroke=\"currentColor\" stroke-linecap=\"round\" stroke-linejoin=\"round\"\/><path d=\"M4 12H20\" stroke=\"currentColor\" stroke-linecap=\"round\" stroke-linejoin=\"round\"\/><\/g><\/svg><\/span>\n\t\t\t\t\t<span class=\"t2-accordion-icon is-open-icon\"><svg xmlns=\"http:\/\/www.w3.org\/2000\/svg\" viewBox=\"0 0 24 24\" height=\"24\" width=\"24\" class=\"t2-icon t2-icon-remove\" aria-hidden=\"true\" focusable=\"false\"><g stroke=\"currentColor\" stroke-linecap=\"round\" stroke-linejoin=\"round\" stroke-width=\"1\" style=\"transform: scale(1);vector-effect: non-scaling-stroke;\"><path d=\"M4 12H20\" stroke=\"currentColor\" stroke-linecap=\"round\" stroke-linejoin=\"round\"\/><\/g><\/svg><\/span>\n\t\t\t\t<\/button>\n\t\t\t<\/h2>\n\t\t\t<div class=\"t2-accordion-item__inner-container is-layout-flow\" id=\"accordion-panel-27\" aria-labelledby=\"svitzer-salvage-holding-a\/s-has-entered-into-an-agreement-to-acquire-66.66%-of-the-shares-in-bukser-og-berging-as\" role=\"region\" hidden>\n\t\t\t\t\n\n<p><strong>Practice Area:<\/strong><\/p>\n\n\n\n<p>M&amp;A<\/p>\n\n\n\n<p><strong>Information:<\/strong><\/p>\n\n\n\n<p>Svitzer Salvage Holding A\/S has entered into an agreement to acquire 66.66% of the shares in Buks\u00e9r og Berging AS, a leading Norwegian company specializing in marine services within port terminals, towage, offshore work and complex marine operations.<span style=\"margin: 0px;padding: 0px;border-style: none;border-width: 0px;font-size: 14px;vertical-align: baseline;, Helvetica, Arial, sans-serif;line-height: inherit !important\"><\/span> <\/p>\n\n\n\n<p><span style=\"margin: 0px;padding: 0px;border-style: none;border-width: 0px;font-size: 14px;vertical-align: baseline;, Helvetica, Arial, sans-serif;line-height: inherit !important\"><\/span>Wiersholm had the pleasure of acting as legal counsel for Svitzer Salvage in this transaction. Wiersholm&#8217;s team has been led by Sverre Sandvik and Hannah Advocaat Lund.<span style=\"margin: 0px;padding: 0px;border-style: none;border-width: 0px;font-size: 14px;vertical-align: baseline;, Helvetica, Arial, sans-serif;line-height: inherit !important\"><\/span> <\/p>\n\n\n\n<p><span style=\"margin: 0px;padding: 0px;border-style: none;border-width: 0px;font-size: 14px;vertical-align: baseline;, Helvetica, Arial, sans-serif;line-height: inherit !important\"><\/span>Completion of the transaction is subject to customary closing conditions, including regulatory approvals.<span style=\"margin: 0px;padding: 0px;border-style: none;border-width: 0px;font-size: 14px;vertical-align: baseline;, Helvetica, Arial, sans-serif;line-height: inherit !important\"><\/span> <\/p>\n\n\n\n<p> Read more here: https:\/\/lnkd.in\/dsEtguhu<\/p>\n\n\n\n<p><strong>LinkedIn:<\/strong><\/p>\n\n\n\n<p><a href=\"https:\/\/www.linkedin.com\/feed\/update\/urn:li:activity:7389194302977089536\">https:\/\/www.linkedin.com\/feed\/update\/urn:li:activity:7394047397741494272<\/a><\/p>\n\n\n\n<p><strong>Date:<\/strong><\/p>\n\n\n\n<p>November 2025<\/p>\n\n\n\t\t\t<\/div>\n\t\t<\/div>\n\n<div class=\"t2-accordion-item wp-block-t2-accordion-item\" role=\"listitem\">\n\t\t\t<h2 class=\"t2-accordion-title\">\n\t\t\t\t<button type=\"button\" class=\"t2-accordion-trigger\" id=\"advising-dnb-carnegie-on-usd-3,225,000,000-senior-unsecured-multicurrency-facilities-to-aker-bp-asa\" aria-controls=\"accordion-panel-28\" aria-expanded=\"false\">\n\t\t\t\t\tAdvising DNB Carnegie on USD 3,225,000,000 senior unsecured multicurrency facilities to Aker BP ASA\n\t\t\t\t\t<span class=\"t2-accordion-icon is-closed-icon\"><svg xmlns=\"http:\/\/www.w3.org\/2000\/svg\" viewBox=\"0 0 24 24\" height=\"24\" width=\"24\" class=\"t2-icon t2-icon-add\" aria-hidden=\"true\" focusable=\"false\"><g stroke=\"currentColor\" stroke-linecap=\"round\" stroke-linejoin=\"round\" stroke-width=\"1\" style=\"transform: scale(1);vector-effect: non-scaling-stroke;\"><path d=\"M12 4V20\" stroke=\"currentColor\" stroke-linecap=\"round\" stroke-linejoin=\"round\"\/><path d=\"M4 12H20\" stroke=\"currentColor\" stroke-linecap=\"round\" stroke-linejoin=\"round\"\/><\/g><\/svg><\/span>\n\t\t\t\t\t<span class=\"t2-accordion-icon is-open-icon\"><svg xmlns=\"http:\/\/www.w3.org\/2000\/svg\" viewBox=\"0 0 24 24\" height=\"24\" width=\"24\" class=\"t2-icon t2-icon-remove\" aria-hidden=\"true\" focusable=\"false\"><g stroke=\"currentColor\" stroke-linecap=\"round\" stroke-linejoin=\"round\" stroke-width=\"1\" style=\"transform: scale(1);vector-effect: non-scaling-stroke;\"><path d=\"M4 12H20\" stroke=\"currentColor\" stroke-linecap=\"round\" stroke-linejoin=\"round\"\/><\/g><\/svg><\/span>\n\t\t\t\t<\/button>\n\t\t\t<\/h2>\n\t\t\t<div class=\"t2-accordion-item__inner-container is-layout-flow\" id=\"accordion-panel-28\" aria-labelledby=\"advising-dnb-carnegie-on-usd-3,225,000,000-senior-unsecured-multicurrency-facilities-to-aker-bp-asa\" role=\"region\" hidden>\n\t\t\t\t\n\n<p><strong>Practice Area:<\/strong><\/p>\n\n\n\n<p>Banking and Finance<\/p>\n\n\n\n<p><strong>Information:<\/strong><\/p>\n\n\n\n<p><a href=\"https:\/\/www.linkedin.com\/company\/akerbp\/\">Aker BP ASA<\/a> has entered into a USD 3,225,000,000 senior unsecured multicurrency facilities agreement with a syndicate of 13 banks, with <a href=\"https:\/\/www.linkedin.com\/company\/dnbcarnegie\/\">DNB Carnegie<\/a> acting as documentation agent, coordinator, bookrunner and mandated lead arranger.<br><br>Wiersholm has had the pleasure of acting for DNB Carnegie and the group of banks in this transaction.<br><br>Wiersholm&#8217;s team consisted of <a href=\"https:\/\/www.linkedin.com\/in\/atle-gabrielsen-673112\/\">Atle Gabrielsen<\/a> and <a href=\"https:\/\/www.linkedin.com\/in\/kristintandy\/\">Kristin Tandy<\/a>.<\/p>\n\n\n\n<p><strong>LinkedIn:<\/strong><\/p>\n\n\n\n<p><a href=\"https:\/\/www.linkedin.com\/feed\/update\/urn:li:activity:7389194302977089536\">https:\/\/www.linkedin.com\/feed\/update\/urn:li:activity:7391051906497978368<\/a><\/p>\n\n\n\n<p><strong>Date:<\/strong><\/p>\n\n\n\n<p>November 2025<\/p>\n\n\n\t\t\t<\/div>\n\t\t<\/div>\n\n<div class=\"t2-accordion-item wp-block-t2-accordion-item\" role=\"listitem\">\n\t\t\t<h2 class=\"t2-accordion-title\">\n\t\t\t\t<button type=\"button\" class=\"t2-accordion-trigger\" id=\"advising-dnb-carnegie-and-sb1-markets-on-hofseth-international\u2019s-eur-300-million-bond-issue\" aria-controls=\"accordion-panel-29\" aria-expanded=\"false\">\n\t\t\t\t\tAdvising DNB Carnegie and SB1 Markets on Hofseth International\u2019s EUR 300 million bond issue\n\t\t\t\t\t<span class=\"t2-accordion-icon is-closed-icon\"><svg xmlns=\"http:\/\/www.w3.org\/2000\/svg\" viewBox=\"0 0 24 24\" height=\"24\" width=\"24\" class=\"t2-icon t2-icon-add\" aria-hidden=\"true\" focusable=\"false\"><g stroke=\"currentColor\" stroke-linecap=\"round\" stroke-linejoin=\"round\" stroke-width=\"1\" style=\"transform: scale(1);vector-effect: non-scaling-stroke;\"><path d=\"M12 4V20\" stroke=\"currentColor\" stroke-linecap=\"round\" stroke-linejoin=\"round\"\/><path d=\"M4 12H20\" stroke=\"currentColor\" stroke-linecap=\"round\" stroke-linejoin=\"round\"\/><\/g><\/svg><\/span>\n\t\t\t\t\t<span class=\"t2-accordion-icon is-open-icon\"><svg xmlns=\"http:\/\/www.w3.org\/2000\/svg\" viewBox=\"0 0 24 24\" height=\"24\" width=\"24\" class=\"t2-icon t2-icon-remove\" aria-hidden=\"true\" focusable=\"false\"><g stroke=\"currentColor\" stroke-linecap=\"round\" stroke-linejoin=\"round\" stroke-width=\"1\" style=\"transform: scale(1);vector-effect: non-scaling-stroke;\"><path d=\"M4 12H20\" stroke=\"currentColor\" stroke-linecap=\"round\" stroke-linejoin=\"round\"\/><\/g><\/svg><\/span>\n\t\t\t\t<\/button>\n\t\t\t<\/h2>\n\t\t\t<div class=\"t2-accordion-item__inner-container is-layout-flow\" id=\"accordion-panel-29\" aria-labelledby=\"advising-dnb-carnegie-and-sb1-markets-on-hofseth-international\u2019s-eur-300-million-bond-issue\" role=\"region\" hidden>\n\t\t\t\t\n\n<p><strong>Practice Area:<\/strong><\/p>\n\n\n\n<p>Debt Capital Markets<\/p>\n\n\n\n<p><strong>Information:<\/strong><\/p>\n\n\n\n<p>Wiersholm is pleased to have advised DNB Carnegie and SB1 Markets as joint lead managers for Hofseth International&#8217;s new EUR 300 million senior secured bond issue, marking one of the largest seafood transactions ever in the Nordic high yield market. The bond issue represents a transformational transaction for the issuer and is a significant step towards positioning the Hofseth group for long-term sustainable growth. <\/p>\n\n\n\n<p>Wiersholm&#8217;s team consisted of Charlotte Gundersen, Lise Hammer, Christian Berg Meland and Petter Thomren Moltu.<\/p>\n\n\n\n<p><strong>LinkedIn:<\/strong><\/p>\n\n\n\n<p><a href=\"https:\/\/www.linkedin.com\/feed\/update\/urn:li:activity:7389194302977089536\">https:\/\/www.linkedin.com\/feed\/update\/urn:li:activity:7389194302977089536<\/a><\/p>\n\n\n\n<p><strong>Date:<\/strong><\/p>\n\n\n\n<p>Oktober 2025<\/p>\n\n\n\t\t\t<\/div>\n\t\t<\/div>\n\n<div class=\"t2-accordion-item wp-block-t2-accordion-item\" role=\"listitem\">\n\t\t\t<h2 class=\"t2-accordion-title\">\n\t\t\t\t<button type=\"button\" class=\"t2-accordion-trigger\" id=\"advising-abg-sundal-collier-and-arctic-securities-on-fletcher-hotels\u2019-eur-225-million-bond-issue\" aria-controls=\"accordion-panel-30\" aria-expanded=\"false\">\n\t\t\t\t\tAdvising ABG Sundal Collier and Arctic Securities on Fletcher Hotels\u2019 EUR 225 million bond issue\n\t\t\t\t\t<span class=\"t2-accordion-icon is-closed-icon\"><svg xmlns=\"http:\/\/www.w3.org\/2000\/svg\" viewBox=\"0 0 24 24\" height=\"24\" width=\"24\" class=\"t2-icon t2-icon-add\" aria-hidden=\"true\" focusable=\"false\"><g stroke=\"currentColor\" stroke-linecap=\"round\" stroke-linejoin=\"round\" stroke-width=\"1\" style=\"transform: scale(1);vector-effect: non-scaling-stroke;\"><path d=\"M12 4V20\" stroke=\"currentColor\" stroke-linecap=\"round\" stroke-linejoin=\"round\"\/><path d=\"M4 12H20\" stroke=\"currentColor\" stroke-linecap=\"round\" stroke-linejoin=\"round\"\/><\/g><\/svg><\/span>\n\t\t\t\t\t<span class=\"t2-accordion-icon is-open-icon\"><svg xmlns=\"http:\/\/www.w3.org\/2000\/svg\" viewBox=\"0 0 24 24\" height=\"24\" width=\"24\" class=\"t2-icon t2-icon-remove\" aria-hidden=\"true\" focusable=\"false\"><g stroke=\"currentColor\" stroke-linecap=\"round\" stroke-linejoin=\"round\" stroke-width=\"1\" style=\"transform: scale(1);vector-effect: non-scaling-stroke;\"><path d=\"M4 12H20\" stroke=\"currentColor\" stroke-linecap=\"round\" stroke-linejoin=\"round\"\/><\/g><\/svg><\/span>\n\t\t\t\t<\/button>\n\t\t\t<\/h2>\n\t\t\t<div class=\"t2-accordion-item__inner-container is-layout-flow\" id=\"accordion-panel-30\" aria-labelledby=\"advising-abg-sundal-collier-and-arctic-securities-on-fletcher-hotels\u2019-eur-225-million-bond-issue\" role=\"region\" hidden>\n\t\t\t\t\n\n<p><strong>Practice Area:<\/strong><\/p>\n\n\n\n<p>Debt Capital Markets<\/p>\n\n\n\n<p><strong>Information:<\/strong><\/p>\n\n\n\n<p>Wiersholm is pleased to have advised <a href=\"https:\/\/www.linkedin.com\/company\/abg-sundal-collier\/\">ABG Sundal Collier<\/a> and <a href=\"https:\/\/www.linkedin.com\/company\/arctic-securities\/\">Arctic Securities<\/a> as joint lead managers for Fletcher Hotels&#8217; inaugural EUR 225 million senior secured bond issue.<br><br>Wiersholm&#8217;s team consisted of <a href=\"https:\/\/www.linkedin.com\/in\/charlotte-gundersen-216b561b7\/\">Charlotte Gundersen<\/a>, <a href=\"https:\/\/www.linkedin.com\/in\/lise-hammer-005aba192\/\">Lise Hammer<\/a>, <a href=\"https:\/\/www.linkedin.com\/in\/christian-berg-meland-b0999891\/\">Christian Berg Meland<\/a> and <a href=\"https:\/\/www.linkedin.com\/in\/petter-moltu-563b5616\/\">Petter Moltu<\/a>.<\/p>\n\n\n\n<p><strong>LinkedIn:<\/strong><\/p>\n\n\n\n<p><a href=\"https:\/\/www.linkedin.com\/feed\/update\/urn:li:activity:7388929133902450688\">https:\/\/www.linkedin.com\/feed\/update\/urn:li:activity:7388929133902450688<\/a><\/p>\n\n\n\n<p><strong>Date:<\/strong><\/p>\n\n\n\n<p>Oktober 2025<\/p>\n\n\n\t\t\t<\/div>\n\t\t<\/div>\n\n<div class=\"t2-accordion-item wp-block-t2-accordion-item\" role=\"listitem\">\n\t\t\t<h2 class=\"t2-accordion-title\">\n\t\t\t\t<button type=\"button\" class=\"t2-accordion-trigger\" id=\"inin-group-and-qben-infra-divest-the-qben-rail-platform-to-eleda.\" aria-controls=\"accordion-panel-31\" aria-expanded=\"false\">\n\t\t\t\t\tININ Group and Qben Infra divest the Qben Rail platform to Eleda.\n\t\t\t\t\t<span class=\"t2-accordion-icon is-closed-icon\"><svg xmlns=\"http:\/\/www.w3.org\/2000\/svg\" viewBox=\"0 0 24 24\" height=\"24\" width=\"24\" class=\"t2-icon t2-icon-add\" aria-hidden=\"true\" focusable=\"false\"><g stroke=\"currentColor\" stroke-linecap=\"round\" stroke-linejoin=\"round\" stroke-width=\"1\" style=\"transform: scale(1);vector-effect: non-scaling-stroke;\"><path d=\"M12 4V20\" stroke=\"currentColor\" stroke-linecap=\"round\" stroke-linejoin=\"round\"\/><path d=\"M4 12H20\" stroke=\"currentColor\" stroke-linecap=\"round\" stroke-linejoin=\"round\"\/><\/g><\/svg><\/span>\n\t\t\t\t\t<span class=\"t2-accordion-icon is-open-icon\"><svg xmlns=\"http:\/\/www.w3.org\/2000\/svg\" viewBox=\"0 0 24 24\" height=\"24\" width=\"24\" class=\"t2-icon t2-icon-remove\" aria-hidden=\"true\" focusable=\"false\"><g stroke=\"currentColor\" stroke-linecap=\"round\" stroke-linejoin=\"round\" stroke-width=\"1\" style=\"transform: scale(1);vector-effect: non-scaling-stroke;\"><path d=\"M4 12H20\" stroke=\"currentColor\" stroke-linecap=\"round\" stroke-linejoin=\"round\"\/><\/g><\/svg><\/span>\n\t\t\t\t<\/button>\n\t\t\t<\/h2>\n\t\t\t<div class=\"t2-accordion-item__inner-container is-layout-flow\" id=\"accordion-panel-31\" aria-labelledby=\"inin-group-and-qben-infra-divest-the-qben-rail-platform-to-eleda.\" role=\"region\" hidden>\n\t\t\t\t\n\n<p><strong>Practise area:<\/strong> <\/p>\n\n\n\n<p><a href=\"https:\/\/wiersholm.no\/kompetanser\/ma\/\">Fusjoner og oppkj\u00f8p (M&amp;A)<\/a><\/p>\n\n\n\n<p><strong>Wiersholm core team:<\/strong><\/p>\n\n\n\n<p><a href=\"https:\/\/wiersholm.no\/mennesker\/tbe\/\">Tor Bechmann<\/a> , <a href=\"https:\/\/wiersholm.no\/mennesker\/frgu\/\">Fredrik Gunhildrud<\/a>, <a href=\"https:\/\/wiersholm.no\/mennesker\/maol\/\">Mari Str\u00f8mmen-Olsen <\/a><br><\/p>\n\n\n\n<p><strong>Information:<\/strong> <br>Wiersholm is proud to advise ININ Group and <a href=\"https:\/\/www.linkedin.com\/company\/qbeninfra\/\">Qben Infra<\/a> on the sale of the Qben Rail platform to Eleda .<br><br>The Qben Rail platform headed up by <a href=\"https:\/\/www.linkedin.com\/company\/nordic-infrastructure-group\/\">Nordic Infrastructure Group<\/a> AS, a leading Norwegian infrastructure company specialising in railway-focused construction, competence and service supply, with operations in Norway and Sweden.<br><br>Completion of the transaction is subject to customary closing conditions, including regulatory approvals.<\/p>\n\n\n\n<p><strong>LinkedIn:<br><\/strong>https:\/\/www.linkedin.com\/posts\/wiersholm_wiersholm-is-proud-to-advise-inin-group-and-activity-7384273633281748994-U4J7?utm_source=share&amp;utm_medium=member_desktop&amp;rcm=ACoAADoY8xwBRUWXhnl3mbPI9f_9VpLH2O4HRvQ<br><\/p>\n\n\n\n<p><strong>Date:<\/strong><\/p>\n\n\n\n<p>Oktober 2025<\/p>\n\n\n\t\t\t<\/div>\n\t\t<\/div>\n\n<div class=\"t2-accordion-item wp-block-t2-accordion-item\" role=\"listitem\">\n\t\t\t<h2 class=\"t2-accordion-title\">\n\t\t\t\t<button type=\"button\" class=\"t2-accordion-trigger\" id=\"patrizia,-in-consortium-with-nordic-infrastructure-ag,-is-acquiring-statkraft&#039;s-district-heating-business.\" aria-controls=\"accordion-panel-32\" aria-expanded=\"false\">\n\t\t\t\t\tPATRIZIA, in consortium with Nordic Infrastructure AG, is acquiring Statkraft&#039;s district heating business.\n\t\t\t\t\t<span class=\"t2-accordion-icon is-closed-icon\"><svg xmlns=\"http:\/\/www.w3.org\/2000\/svg\" viewBox=\"0 0 24 24\" height=\"24\" width=\"24\" class=\"t2-icon t2-icon-add\" aria-hidden=\"true\" focusable=\"false\"><g stroke=\"currentColor\" stroke-linecap=\"round\" stroke-linejoin=\"round\" stroke-width=\"1\" style=\"transform: scale(1);vector-effect: non-scaling-stroke;\"><path d=\"M12 4V20\" stroke=\"currentColor\" stroke-linecap=\"round\" stroke-linejoin=\"round\"\/><path d=\"M4 12H20\" stroke=\"currentColor\" stroke-linecap=\"round\" stroke-linejoin=\"round\"\/><\/g><\/svg><\/span>\n\t\t\t\t\t<span class=\"t2-accordion-icon is-open-icon\"><svg xmlns=\"http:\/\/www.w3.org\/2000\/svg\" viewBox=\"0 0 24 24\" height=\"24\" width=\"24\" class=\"t2-icon t2-icon-remove\" aria-hidden=\"true\" focusable=\"false\"><g stroke=\"currentColor\" stroke-linecap=\"round\" stroke-linejoin=\"round\" stroke-width=\"1\" style=\"transform: scale(1);vector-effect: non-scaling-stroke;\"><path d=\"M4 12H20\" stroke=\"currentColor\" stroke-linecap=\"round\" stroke-linejoin=\"round\"\/><\/g><\/svg><\/span>\n\t\t\t\t<\/button>\n\t\t\t<\/h2>\n\t\t\t<div class=\"t2-accordion-item__inner-container is-layout-flow\" id=\"accordion-panel-32\" aria-labelledby=\"patrizia,-in-consortium-with-nordic-infrastructure-ag,-is-acquiring-statkraft&#039;s-district-heating-business.\" role=\"region\" hidden>\n\t\t\t\t\n\n<p><strong>Practise area:<\/strong> <br><a href=\"https:\/\/wiersholm.no\/kompetanser\/ma\/\">Fusjoner og oppkj\u00f8p (M&amp;A)<\/a><br><br><strong>Wiersholm core team<\/strong>: <br><a href=\"https:\/\/wiersholm.no\/mennesker\/gdu\/\">Dugstad, Gunhild<\/a>, <a href=\"https:\/\/wiersholm.no\/mennesker\/jora\/\">Rabben, Jon<\/a>, <a href=\"https:\/\/wiersholm.no\/mennesker\/adn\/\">Dahle-Nedrelid, Audun<\/a>, <a href=\"https:\/\/wiersholm.no\/mennesker\/ogob\/\">Brown, Oscar<\/a>, <a href=\"https:\/\/wiersholm.no\/mennesker\/mako\/\">Korslund, Martine<\/a> og <a href=\"https:\/\/wiersholm.no\/mennesker\/kriw\/\">Wangsfjord, Kristian<\/a><br><br><strong>Information:<\/strong> <br>Wiersholm is pleased to have assisted <a href=\"https:\/\/www.linkedin.com\/company\/patrizia-se\/\">PATRIZIA SE<\/a> in connection with its acquisition of Statkraft\u2019s district heating business. The transaction is completed by a consortium consisting of PATRIZIA and Nordic Infrastructure AG (NIAG), with PATRIZIA acquiring the waste incineration business and NIAG acquiring the bioenergy business.<\/p>\n\n\n\n<p>Through SAREN Energy, PATRIZIA owns and operates several Norwegian heating and energy recovery companies, including Kvitebj\u00f8rn Varme in Troms\u00f8, SAREN Energy Sarpsborg, and SAREN Energy BIO-EL in Fredrikstad. The transaction aligns with PATRIZIA\u2019s strategy to support long-term, sustainable infrastructure growth in the Nordics.<\/p>\n\n\n\n<p><br><strong>LinkedIn: <\/strong><br><a href=\"https:\/\/www.linkedin.com\/feed\/update\/urn:li:activity:7378733110064087040\">https:\/\/www.linkedin.com\/posts\/wiersholm_congratulations-to-lang%C3%B8ylaks-biofish-as-activity-7358101322245509120-Tzkx?utm_source=share&amp;utm_medium=member_desktop&amp;rcm=ACoAADlzrAsBrDkyFqwjaoU8Zl5QOp8a8O0JPLo<\/a><\/p>\n\n\n\n<p><br><strong>Date: <\/strong><br>September 2025<\/p>\n\n\n\t\t\t<\/div>\n\t\t<\/div>\n\n<div class=\"t2-accordion-item wp-block-t2-accordion-item\" role=\"listitem\">\n\t\t\t<h2 class=\"t2-accordion-title\">\n\t\t\t\t<button type=\"button\" class=\"t2-accordion-trigger\" id=\"greenscale-acquisition-of-tonstad-datapark.\" aria-controls=\"accordion-panel-33\" aria-expanded=\"false\">\n\t\t\t\t\tGreenScale acquisition of Tonstad Datapark.\n\t\t\t\t\t<span class=\"t2-accordion-icon is-closed-icon\"><svg xmlns=\"http:\/\/www.w3.org\/2000\/svg\" viewBox=\"0 0 24 24\" height=\"24\" width=\"24\" class=\"t2-icon t2-icon-add\" aria-hidden=\"true\" focusable=\"false\"><g stroke=\"currentColor\" stroke-linecap=\"round\" stroke-linejoin=\"round\" stroke-width=\"1\" style=\"transform: scale(1);vector-effect: non-scaling-stroke;\"><path d=\"M12 4V20\" stroke=\"currentColor\" stroke-linecap=\"round\" stroke-linejoin=\"round\"\/><path d=\"M4 12H20\" stroke=\"currentColor\" stroke-linecap=\"round\" stroke-linejoin=\"round\"\/><\/g><\/svg><\/span>\n\t\t\t\t\t<span class=\"t2-accordion-icon is-open-icon\"><svg xmlns=\"http:\/\/www.w3.org\/2000\/svg\" viewBox=\"0 0 24 24\" height=\"24\" width=\"24\" class=\"t2-icon t2-icon-remove\" aria-hidden=\"true\" focusable=\"false\"><g stroke=\"currentColor\" stroke-linecap=\"round\" stroke-linejoin=\"round\" stroke-width=\"1\" style=\"transform: scale(1);vector-effect: non-scaling-stroke;\"><path d=\"M4 12H20\" stroke=\"currentColor\" stroke-linecap=\"round\" stroke-linejoin=\"round\"\/><\/g><\/svg><\/span>\n\t\t\t\t<\/button>\n\t\t\t<\/h2>\n\t\t\t<div class=\"t2-accordion-item__inner-container is-layout-flow\" id=\"accordion-panel-33\" aria-labelledby=\"greenscale-acquisition-of-tonstad-datapark.\" role=\"region\" hidden>\n\t\t\t\t\n\n<p><strong>Practise area:<\/strong> <br><a href=\"https:\/\/wiersholm.no\/kompetanser\/ma\/\">Fusjoner og oppkj\u00f8p (M&amp;A)<\/a><br><br><strong>Wiersholm core team<\/strong>: <br><a href=\"https:\/\/wiersholm.no\/mennesker\/svve\/\">Vesterheim, Svanhild<\/a> og <a href=\"https:\/\/wiersholm.no\/mennesker\/angu\/\">Gustavson, Andreas<\/a><br><br><strong>Information:<\/strong> <br>Wiersholm is proud to have assisted <a href=\"https:\/\/www.linkedin.com\/company\/greenscale-data-centres\/\">GreenScale Data Centres<\/a> with all legal aspects of the acquisition of Tonstad Datapark.<\/p>\n\n\n\n<p>Located in the municipality of Sirdal in West Agder County (NO2), Norway, Tonstad Datapark will comprise a 420,000 square meter site with 300 MVA of grid capacity, approved by Glitre Nett and Statnett \u2013 making it the largest data centre development of its kind in Norway. The campus is planned as a four data centre development, with an expected investment of over \u20ac2.5 billion, and first capacity targeted for 2027.<\/p>\n\n\n\n<p><br><strong>LinkedIn: <\/strong><br><a href=\"https:\/\/www.linkedin.com\/feed\/update\/urn:li:activity:7374806315879034880\">https:\/\/www.linkedin.com\/posts\/wiersholm_congratulations-to-lang%C3%B8ylaks-biofish-as-activity-7358101322245509120-Tzkx?utm_source=share&amp;utm_medium=member_desktop&amp;rcm=ACoAADlzrAsBrDkyFqwjaoU8Zl5QOp8a8O0JPLo<\/a><\/p>\n\n\n\n<p><br><strong>Date: <\/strong><br>September 2025<\/p>\n\n\n\t\t\t<\/div>\n\t\t<\/div>\n\n<div class=\"t2-accordion-item wp-block-t2-accordion-item\" role=\"listitem\">\n\t\t\t<h2 class=\"t2-accordion-title\">\n\t\t\t\t<button type=\"button\" class=\"t2-accordion-trigger\" id=\"pwc-and-ik-have-entered-into-an-agreement-regarding-the-sale-of-pwcs-sme-business.\" aria-controls=\"accordion-panel-34\" aria-expanded=\"false\">\n\t\t\t\t\tPwC and IK have entered into an agreement regarding the sale of PwCs SME-business.\n\t\t\t\t\t<span class=\"t2-accordion-icon is-closed-icon\"><svg xmlns=\"http:\/\/www.w3.org\/2000\/svg\" viewBox=\"0 0 24 24\" height=\"24\" width=\"24\" class=\"t2-icon t2-icon-add\" aria-hidden=\"true\" focusable=\"false\"><g stroke=\"currentColor\" stroke-linecap=\"round\" stroke-linejoin=\"round\" stroke-width=\"1\" style=\"transform: scale(1);vector-effect: non-scaling-stroke;\"><path d=\"M12 4V20\" stroke=\"currentColor\" stroke-linecap=\"round\" stroke-linejoin=\"round\"\/><path d=\"M4 12H20\" stroke=\"currentColor\" stroke-linecap=\"round\" stroke-linejoin=\"round\"\/><\/g><\/svg><\/span>\n\t\t\t\t\t<span class=\"t2-accordion-icon is-open-icon\"><svg xmlns=\"http:\/\/www.w3.org\/2000\/svg\" viewBox=\"0 0 24 24\" height=\"24\" width=\"24\" class=\"t2-icon t2-icon-remove\" aria-hidden=\"true\" focusable=\"false\"><g stroke=\"currentColor\" stroke-linecap=\"round\" stroke-linejoin=\"round\" stroke-width=\"1\" style=\"transform: scale(1);vector-effect: non-scaling-stroke;\"><path d=\"M4 12H20\" stroke=\"currentColor\" stroke-linecap=\"round\" stroke-linejoin=\"round\"\/><\/g><\/svg><\/span>\n\t\t\t\t<\/button>\n\t\t\t<\/h2>\n\t\t\t<div class=\"t2-accordion-item__inner-container is-layout-flow\" id=\"accordion-panel-34\" aria-labelledby=\"pwc-and-ik-have-entered-into-an-agreement-regarding-the-sale-of-pwcs-sme-business.\" role=\"region\" hidden>\n\t\t\t\t\n\n<p><strong>Practise area:<\/strong> <br><a href=\"https:\/\/wiersholm.no\/kompetanser\/ma\/\">Fusjoner og oppkj\u00f8p (M&amp;A)<\/a><br><br><strong>Wiersholm core team<\/strong>: <br><a href=\"https:\/\/wiersholm.no\/mennesker\/hh\/\">Hellebust, Harald<\/a>, <a href=\"https:\/\/wiersholm.no\/mennesker\/mamb\/\">Blegen, Maja Maria<\/a>, <a href=\"https:\/\/wiersholm.no\/mennesker\/cori\/\">Riiser, Cornelia Brunstad<\/a> og <a href=\"https:\/\/wiersholm.no\/mennesker\/cher\/\">Herredsvela, Christoffer<\/a><br><br><strong>Information:<\/strong> <br>Wiersholm is proud to have advised <a href=\"https:\/\/www.linkedin.com\/company\/pwc\/\">PwC<\/a> on the sale of its SME audit, consulting, and legal business to <a href=\"https:\/\/www.linkedin.com\/company\/ik-partners\/\">IK Partners<\/a>. The transaction marks a significant milestone for both parties: PwC will sharpen its focus on core business areas, while IK Investment Partners establishes a strong strategic position in the Norwegian SME market.<\/p>\n\n\n\n<p>Completion is anticipated following the necessary competition clearance.<\/p>\n\n\n\n<p><br><strong>LinkedIn: <\/strong><br><a href=\"https:\/\/www.linkedin.com\/feed\/update\/urn:li:activity:7374065173038456835\">https:\/\/www.linkedin.com\/posts\/wiersholm_congratulations-to-lang%C3%B8ylaks-biofish-as-activity-7358101322245509120-Tzkx?utm_source=share&amp;utm_medium=member_desktop&amp;rcm=ACoAADlzrAsBrDkyFqwjaoU8Zl5QOp8a8O0JPLo<\/a><\/p>\n\n\n\n<p><br><strong>Date: <\/strong><br>September 2025<\/p>\n\n\n\t\t\t<\/div>\n\t\t<\/div>\n\n<div class=\"t2-accordion-item wp-block-t2-accordion-item\" role=\"listitem\">\n\t\t\t<h2 class=\"t2-accordion-title\">\n\t\t\t\t<button type=\"button\" class=\"t2-accordion-trigger\" id=\"nofence-as-raises-eur-30m-in-funding.\" aria-controls=\"accordion-panel-35\" aria-expanded=\"false\">\n\t\t\t\t\tNofence AS raises EUR 30M in funding.\n\t\t\t\t\t<span class=\"t2-accordion-icon is-closed-icon\"><svg xmlns=\"http:\/\/www.w3.org\/2000\/svg\" viewBox=\"0 0 24 24\" height=\"24\" width=\"24\" class=\"t2-icon t2-icon-add\" aria-hidden=\"true\" focusable=\"false\"><g stroke=\"currentColor\" stroke-linecap=\"round\" stroke-linejoin=\"round\" stroke-width=\"1\" style=\"transform: scale(1);vector-effect: non-scaling-stroke;\"><path d=\"M12 4V20\" stroke=\"currentColor\" stroke-linecap=\"round\" stroke-linejoin=\"round\"\/><path d=\"M4 12H20\" stroke=\"currentColor\" stroke-linecap=\"round\" stroke-linejoin=\"round\"\/><\/g><\/svg><\/span>\n\t\t\t\t\t<span class=\"t2-accordion-icon is-open-icon\"><svg xmlns=\"http:\/\/www.w3.org\/2000\/svg\" viewBox=\"0 0 24 24\" height=\"24\" width=\"24\" class=\"t2-icon t2-icon-remove\" aria-hidden=\"true\" focusable=\"false\"><g stroke=\"currentColor\" stroke-linecap=\"round\" stroke-linejoin=\"round\" stroke-width=\"1\" style=\"transform: scale(1);vector-effect: non-scaling-stroke;\"><path d=\"M4 12H20\" stroke=\"currentColor\" stroke-linecap=\"round\" stroke-linejoin=\"round\"\/><\/g><\/svg><\/span>\n\t\t\t\t<\/button>\n\t\t\t<\/h2>\n\t\t\t<div class=\"t2-accordion-item__inner-container is-layout-flow\" id=\"accordion-panel-35\" aria-labelledby=\"nofence-as-raises-eur-30m-in-funding.\" role=\"region\" hidden>\n\t\t\t\t\n\n<p><strong>Practise area:<\/strong> <br><a href=\"https:\/\/wiersholm.no\/kompetanser\/ma\/\">Fusjoner og oppkj\u00f8p (M&amp;A)<\/a><br><br><strong>Wiersholm core team<\/strong>: <br><a href=\"https:\/\/wiersholm.no\/mennesker\/aleg\/\">Gryte, Anne Lise Ellingsen<\/a>, <a href=\"https:\/\/wiersholm.no\/mennesker\/ogob\/\">Brown, Oscar<\/a>, <a href=\"https:\/\/wiersholm.no\/mennesker\/cbha\/\">Berthling-Hansen, Celine<\/a> og <a href=\"https:\/\/wiersholm.no\/mennesker\/ceol\/\">Olsen, Cerine Holmtvet<\/a><br><br><strong>Information:<\/strong> <br>Congratulations to <a href=\"https:\/\/www.linkedin.com\/company\/nofence\/\">Nofence<\/a> on successfully raising EUR 30 million in a milestone Series B funding round!<\/p>\n\n\n\n<p>Nofence AS, a Norwegian agri-tech company, is pioneering livestock grazing with its virtual fencing solutions. Their innovative technology combines GPS tracking and smart collars, enabling farmers to manage grazing areas digitally\u2014eliminating the need for physical fences and promoting more sustainable agriculture.<\/p>\n\n\n\n<p>The funding will allow Nofence AS to accelerate its international expansion and continue to drive innovation.<\/p>\n\n\n\n<p><br><strong>LinkedIn: <\/strong><br><a href=\"https:\/\/www.linkedin.com\/feed\/update\/urn:li:activity:7373721117888278528\">https:\/\/www.linkedin.com\/posts\/wiersholm_congratulations-to-lang%C3%B8ylaks-biofish-as-activity-7358101322245509120-Tzkx?utm_source=share&amp;utm_medium=member_desktop&amp;rcm=ACoAADlzrAsBrDkyFqwjaoU8Zl5QOp8a8O0JPLo<\/a><\/p>\n\n\n\n<p><br><strong>Date: <\/strong><br>September 2025<\/p>\n\n\n\t\t\t<\/div>\n\t\t<\/div>\n\n<div class=\"t2-accordion-item wp-block-t2-accordion-item\" role=\"listitem\">\n\t\t\t<h2 class=\"t2-accordion-title\">\n\t\t\t\t<button type=\"button\" class=\"t2-accordion-trigger\" id=\"agilitas-closes-buy-out-of-tietoevry-tech-services.\" aria-controls=\"accordion-panel-36\" aria-expanded=\"false\">\n\t\t\t\t\tAgilitas closes buy-out of Tietoevry Tech Services.\n\t\t\t\t\t<span class=\"t2-accordion-icon is-closed-icon\"><svg xmlns=\"http:\/\/www.w3.org\/2000\/svg\" viewBox=\"0 0 24 24\" height=\"24\" width=\"24\" class=\"t2-icon t2-icon-add\" aria-hidden=\"true\" focusable=\"false\"><g stroke=\"currentColor\" stroke-linecap=\"round\" stroke-linejoin=\"round\" stroke-width=\"1\" style=\"transform: scale(1);vector-effect: non-scaling-stroke;\"><path d=\"M12 4V20\" stroke=\"currentColor\" stroke-linecap=\"round\" stroke-linejoin=\"round\"\/><path d=\"M4 12H20\" stroke=\"currentColor\" stroke-linecap=\"round\" stroke-linejoin=\"round\"\/><\/g><\/svg><\/span>\n\t\t\t\t\t<span class=\"t2-accordion-icon is-open-icon\"><svg xmlns=\"http:\/\/www.w3.org\/2000\/svg\" viewBox=\"0 0 24 24\" height=\"24\" width=\"24\" class=\"t2-icon t2-icon-remove\" aria-hidden=\"true\" focusable=\"false\"><g stroke=\"currentColor\" stroke-linecap=\"round\" stroke-linejoin=\"round\" stroke-width=\"1\" style=\"transform: scale(1);vector-effect: non-scaling-stroke;\"><path d=\"M4 12H20\" stroke=\"currentColor\" stroke-linecap=\"round\" stroke-linejoin=\"round\"\/><\/g><\/svg><\/span>\n\t\t\t\t<\/button>\n\t\t\t<\/h2>\n\t\t\t<div class=\"t2-accordion-item__inner-container is-layout-flow\" id=\"accordion-panel-36\" aria-labelledby=\"agilitas-closes-buy-out-of-tietoevry-tech-services.\" role=\"region\" hidden>\n\t\t\t\t\n\n<p><strong>Practise area:<\/strong> <br><a href=\"https:\/\/wiersholm.no\/kompetanser\/ma\/\">Fusjoner og oppkj\u00f8p (M&amp;A)<\/a><br><br><strong>Wiersholm core team<\/strong>: <br><a href=\"https:\/\/wiersholm.no\/mennesker\/shh\/\">Hanken, Svein-Helge<\/a>, <a href=\"https:\/\/wiersholm.no\/mennesker\/gae\/\">Engebretsen, Georg Abusdal<\/a>, <a href=\"https:\/\/wiersholm.no\/mennesker\/hebo\/\">Bogen, Helene<\/a>, <a href=\"https:\/\/wiersholm.no\/mennesker\/hejo\/\">Johansen, Henrik Braavold<\/a>, <a href=\"https:\/\/wiersholm.no\/mennesker\/mako\/\">Korslund, Martine<\/a> og <a href=\"https:\/\/wiersholm.no\/mennesker\/matb\/\">Bjerk\u00f8y, Mathias<\/a><br><br><strong>Information:<\/strong> <br>Wiersholm has provided Norwegian legal advice to funds advised by <a href=\"https:\/\/www.linkedin.com\/company\/agilitas-partners\/\">Agilitas Private Equity<\/a>, the pan-European mid-market private equity firm, on its EUR 300 million buy-out of <a href=\"https:\/\/www.linkedin.com\/company\/tietoevrytechservices\/\">Tietoevry Tech Services<\/a>, a division of Tietoevry, and a leading IT service provider in the Nordic region.<\/p>\n\n\n\n<p>Tietoevry Tech Services (to be rebranded to Vivicta) is a provider of mission-critical IT services in cloud, data, applications and infrastructure in Finland, Sweden and Norway. Tietoevry Tech Services employs more than 7,000 people and it serves as a comprehensive, full-stack provider of IT solutions, delivering end-to-end IT transformation services ranging from data and cloud services, application development, cybersecurity, automation, IT infrastructure, and managed services.<\/p>\n\n\n\n<p><br><strong>LinkedIn: <\/strong><br><a href=\"https:\/\/www.linkedin.com\/feed\/update\/urn:li:activity:7373707610476322817\">https:\/\/www.linkedin.com\/posts\/wiersholm_congratulations-to-lang%C3%B8ylaks-biofish-as-activity-7358101322245509120-Tzkx?utm_source=share&amp;utm_medium=member_desktop&amp;rcm=ACoAADlzrAsBrDkyFqwjaoU8Zl5QOp8a8O0JPLo<\/a><\/p>\n\n\n\n<p><br><strong>Date: <\/strong><br>September 2025<\/p>\n\n\n\t\t\t<\/div>\n\t\t<\/div>\n\n<div class=\"t2-accordion-item wp-block-t2-accordion-item\" role=\"listitem\">\n\t\t\t<h2 class=\"t2-accordion-title\">\n\t\t\t\t<button type=\"button\" class=\"t2-accordion-trigger\" id=\"sibelco-nordic-as-divests-its-refractory-business-in-\u00e5heim-through-an-asset-deal\" aria-controls=\"accordion-panel-37\" aria-expanded=\"false\">\n\t\t\t\t\tSibelco Nordic AS divests its refractory business in \u00c5heim through an asset deal\n\t\t\t\t\t<span class=\"t2-accordion-icon is-closed-icon\"><svg xmlns=\"http:\/\/www.w3.org\/2000\/svg\" viewBox=\"0 0 24 24\" height=\"24\" width=\"24\" class=\"t2-icon t2-icon-add\" aria-hidden=\"true\" focusable=\"false\"><g stroke=\"currentColor\" stroke-linecap=\"round\" stroke-linejoin=\"round\" stroke-width=\"1\" style=\"transform: scale(1);vector-effect: non-scaling-stroke;\"><path d=\"M12 4V20\" stroke=\"currentColor\" stroke-linecap=\"round\" stroke-linejoin=\"round\"\/><path d=\"M4 12H20\" stroke=\"currentColor\" stroke-linecap=\"round\" stroke-linejoin=\"round\"\/><\/g><\/svg><\/span>\n\t\t\t\t\t<span class=\"t2-accordion-icon is-open-icon\"><svg xmlns=\"http:\/\/www.w3.org\/2000\/svg\" viewBox=\"0 0 24 24\" height=\"24\" width=\"24\" class=\"t2-icon t2-icon-remove\" aria-hidden=\"true\" focusable=\"false\"><g stroke=\"currentColor\" stroke-linecap=\"round\" stroke-linejoin=\"round\" stroke-width=\"1\" style=\"transform: scale(1);vector-effect: non-scaling-stroke;\"><path d=\"M4 12H20\" stroke=\"currentColor\" stroke-linecap=\"round\" stroke-linejoin=\"round\"\/><\/g><\/svg><\/span>\n\t\t\t\t<\/button>\n\t\t\t<\/h2>\n\t\t\t<div class=\"t2-accordion-item__inner-container is-layout-flow\" id=\"accordion-panel-37\" aria-labelledby=\"sibelco-nordic-as-divests-its-refractory-business-in-\u00e5heim-through-an-asset-deal\" role=\"region\" hidden>\n\t\t\t\t\n\n<p><strong>Practise area:<\/strong> <br><a href=\"https:\/\/wiersholm.no\/kompetanser\/ma\/\">Fusjoner og oppkj\u00f8p (M&amp;A)<\/a><br><br><strong>Wiersholm core team<\/strong>: <br><a href=\"https:\/\/wiersholm.no\/mennesker\/keo\/\">Ottesen, Kristian Elvestad<\/a>, <a href=\"https:\/\/wiersholm.no\/mennesker\/jobe\/\">Berle, Joachim<\/a> and <a href=\"https:\/\/wiersholm.no\/mennesker\/mkva\/\">Kvadsheim, Mathea<\/a>, <br><br><strong>Information:<\/strong> <br>Sibelco Nordic AS has successfully divested its refractory business in \u00c5heim, Norway, to Betker AS through an asset deal.<\/p>\n\n\n\n<p>Following the transaction, Sibelco will continue its olivine mining and processing operations at the \u00c5heim site\u2014the world\u2019s largest commercial olivine deposit\u2014while Betker AS will take over all operations of the refractory plant.<\/p>\n\n\n\n<p><br><strong>LinkedIn: <\/strong><br><a href=\"https:\/\/www.linkedin.com\/feed\/update\/urn:li:activity:7370812112006213632\">https:\/\/www.linkedin.com\/posts\/wiersholm_congratulations-to-lang%C3%B8ylaks-biofish-as-activity-7358101322245509120-Tzkx?utm_source=share&amp;utm_medium=member_desktop&amp;rcm=ACoAADlzrAsBrDkyFqwjaoU8Zl5QOp8a8O0JPLo<\/a><\/p>\n\n\n\n<p><br><strong>Date: <\/strong><br>August 2025<\/p>\n\n\n\t\t\t<\/div>\n\t\t<\/div>\n\n<div class=\"t2-accordion-item wp-block-t2-accordion-item\" role=\"listitem\">\n\t\t\t<h2 class=\"t2-accordion-title\">\n\t\t\t\t<button type=\"button\" class=\"t2-accordion-trigger\" id=\"lang\u00f8ylaks-completes-public-takeover-of-biofish\" aria-controls=\"accordion-panel-38\" aria-expanded=\"false\">\n\t\t\t\t\tLang\u00f8ylaks completes public takeover of BioFish\n\t\t\t\t\t<span class=\"t2-accordion-icon is-closed-icon\"><svg xmlns=\"http:\/\/www.w3.org\/2000\/svg\" viewBox=\"0 0 24 24\" height=\"24\" width=\"24\" class=\"t2-icon t2-icon-add\" aria-hidden=\"true\" focusable=\"false\"><g stroke=\"currentColor\" stroke-linecap=\"round\" stroke-linejoin=\"round\" stroke-width=\"1\" style=\"transform: scale(1);vector-effect: non-scaling-stroke;\"><path d=\"M12 4V20\" stroke=\"currentColor\" stroke-linecap=\"round\" stroke-linejoin=\"round\"\/><path d=\"M4 12H20\" stroke=\"currentColor\" stroke-linecap=\"round\" stroke-linejoin=\"round\"\/><\/g><\/svg><\/span>\n\t\t\t\t\t<span class=\"t2-accordion-icon is-open-icon\"><svg xmlns=\"http:\/\/www.w3.org\/2000\/svg\" viewBox=\"0 0 24 24\" height=\"24\" width=\"24\" class=\"t2-icon t2-icon-remove\" aria-hidden=\"true\" focusable=\"false\"><g stroke=\"currentColor\" stroke-linecap=\"round\" stroke-linejoin=\"round\" stroke-width=\"1\" style=\"transform: scale(1);vector-effect: non-scaling-stroke;\"><path d=\"M4 12H20\" stroke=\"currentColor\" stroke-linecap=\"round\" stroke-linejoin=\"round\"\/><\/g><\/svg><\/span>\n\t\t\t\t<\/button>\n\t\t\t<\/h2>\n\t\t\t<div class=\"t2-accordion-item__inner-container is-layout-flow\" id=\"accordion-panel-38\" aria-labelledby=\"lang\u00f8ylaks-completes-public-takeover-of-biofish\" role=\"region\" hidden>\n\t\t\t\t\n\n<p><strong>Practise area:<\/strong> <br><a href=\"https:\/\/wiersholm.no\/kompetanser\/ma\/\">Fusjoner og oppkj\u00f8p (M&amp;A)<\/a><br><br><strong>Wiersholm core team<\/strong>: <br><a href=\"https:\/\/wiersholm.no\/mennesker\/vegr\/\">Grunnvoll, Vebj\u00f8rn Valle<\/a>, <a href=\"https:\/\/wiersholm.no\/mennesker\/sroe\/\">\u00d8stvik, Sigrid Ratvik<\/a>, <a href=\"https:\/\/wiersholm.no\/mennesker\/kmur\/\">Ulstein-Rygnestad, Karl Magnus<\/a>, <a href=\"https:\/\/wiersholm.no\/mennesker\/esa\/\">Andresen, Erik Staurset<\/a>, <a href=\"https:\/\/wiersholm.no\/mennesker\/shh\/\">Hanken, Svein-Helge<\/a><br><br><strong>Information:<\/strong> <br>Congratulations to Lang\u00f8ylaks, BioFish AS and everyone involved in this exciting transaction!<\/p>\n\n\n\n<p>Wiersholm has had the pleasure of assisting Lang\u00f8ylaks with the public takeover of BioFish \u2013 a high-quality producer of smolt and post-smolt located in Ljones, Kvam municipality.<\/p>\n\n\n\n<p>It has been a pleasure working alongside Lang\u00f8ylaks on this transaction, and we look forward to following the next steps!<\/p>\n\n\n\n<p><br><strong>LinkedIn: <\/strong><br><a href=\"https:\/\/www.linkedin.com\/posts\/wiersholm_congratulations-to-lang%C3%B8ylaks-biofish-as-activity-7358101322245509120-Tzkx?utm_source=share&amp;utm_medium=member_desktop&amp;rcm=ACoAADlzrAsBrDkyFqwjaoU8Zl5QOp8a8O0JPLo\">https:\/\/www.linkedin.com\/posts\/wiersholm_congratulations-to-lang%C3%B8ylaks-biofish-as-activity-7358101322245509120-Tzkx?utm_source=share&amp;utm_medium=member_desktop&amp;rcm=ACoAADlzrAsBrDkyFqwjaoU8Zl5QOp8a8O0JPLo<\/a><\/p>\n\n\n\n<p><br><strong>Date: <\/strong><br>August 2025<\/p>\n\n\n\t\t\t<\/div>\n\t\t<\/div>\n\n<div class=\"t2-accordion-item wp-block-t2-accordion-item\" role=\"listitem\">\n\t\t\t<h2 class=\"t2-accordion-title\">\n\t\t\t\t<button type=\"button\" class=\"t2-accordion-trigger\" id=\"semine-is-acquired-by-rydoo\" aria-controls=\"accordion-panel-39\" aria-expanded=\"false\">\n\t\t\t\t\tSemine is acquired by Rydoo\n\t\t\t\t\t<span class=\"t2-accordion-icon is-closed-icon\"><svg xmlns=\"http:\/\/www.w3.org\/2000\/svg\" viewBox=\"0 0 24 24\" height=\"24\" width=\"24\" class=\"t2-icon t2-icon-add\" aria-hidden=\"true\" focusable=\"false\"><g stroke=\"currentColor\" stroke-linecap=\"round\" stroke-linejoin=\"round\" stroke-width=\"1\" style=\"transform: scale(1);vector-effect: non-scaling-stroke;\"><path d=\"M12 4V20\" stroke=\"currentColor\" stroke-linecap=\"round\" stroke-linejoin=\"round\"\/><path d=\"M4 12H20\" stroke=\"currentColor\" stroke-linecap=\"round\" stroke-linejoin=\"round\"\/><\/g><\/svg><\/span>\n\t\t\t\t\t<span class=\"t2-accordion-icon is-open-icon\"><svg xmlns=\"http:\/\/www.w3.org\/2000\/svg\" viewBox=\"0 0 24 24\" height=\"24\" width=\"24\" class=\"t2-icon t2-icon-remove\" aria-hidden=\"true\" focusable=\"false\"><g stroke=\"currentColor\" stroke-linecap=\"round\" stroke-linejoin=\"round\" stroke-width=\"1\" style=\"transform: scale(1);vector-effect: non-scaling-stroke;\"><path d=\"M4 12H20\" stroke=\"currentColor\" stroke-linecap=\"round\" stroke-linejoin=\"round\"\/><\/g><\/svg><\/span>\n\t\t\t\t<\/button>\n\t\t\t<\/h2>\n\t\t\t<div class=\"t2-accordion-item__inner-container is-layout-flow\" id=\"accordion-panel-39\" aria-labelledby=\"semine-is-acquired-by-rydoo\" role=\"region\" hidden>\n\t\t\t\t\n\n<p><strong>Practise area:<\/strong> <br><a href=\"https:\/\/wiersholm.no\/kompetanser\/ma\/\">Fusjoner og oppkj\u00f8p (M&amp;A)<\/a><br><br><strong>Wiersholm core team<\/strong>: <br><a href=\"https:\/\/wiersholm.no\/mennesker\/shh\/\">Hanken, Svein-Helge<\/a>, <a href=\"https:\/\/wiersholm.no\/mennesker\/niv\/\">Vold, Nicolay<\/a>, <a href=\"https:\/\/wiersholm.no\/mennesker\/twes\/\">Westli, Tobias<\/a>, <a href=\"https:\/\/wiersholm.no\/mennesker\/arsa\/\">Saraj, Ares<\/a>, <a href=\"https:\/\/wiersholm.no\/mennesker\/jemo\/\">Moe, Jeppe Arctander<\/a><br><br><strong>Information:<\/strong> <br>Congratulations to Semine and their shareholders on an exciting transaction!<\/p>\n\n\n\n<p>Wiersholm has had the pleasure of assisting Semine and Kistefos AS in connection with the acquisition by Rydoo.<\/p>\n\n\n\n<p>The transaction marks a key milestone for Norwegian SaaS technology in the European market.<\/p>\n\n\n\n<p><br><strong>LinkedIn: <\/strong><br><a href=\"https:\/\/www.linkedin.com\/posts\/wiersholm_congratulations-to-semine-and-their-shareholders-activity-7355140537533759490-i6pn?utm_source=share&amp;utm_medium=member_desktop&amp;rcm=ACoAADlzrAsBrDkyFqwjaoU8Zl5QOp8a8O0JPLo\">https:\/\/www.linkedin.com\/posts\/wiersholm_congratulations-to-semine-and-their-shareholders-activity-7355140537533759490-i6pn?utm_source=share&amp;utm_medium=member_desktop&amp;rcm=ACoAADlzrAsBrDkyFqwjaoU8Zl5QOp8a8O0JPLo<\/a><\/p>\n\n\n\n<p><br><strong>Date: <\/strong><br>Juli 2025<\/p>\n\n\n\t\t\t<\/div>\n\t\t<\/div>\n\n<div class=\"t2-accordion-item wp-block-t2-accordion-item\" role=\"listitem\">\n\t\t\t<h2 class=\"t2-accordion-title\">\n\t\t\t\t<button type=\"button\" class=\"t2-accordion-trigger\" id=\"oneco-sells-oneco-ocean-to-global-ocean-technology-(got)\" aria-controls=\"accordion-panel-40\" aria-expanded=\"false\">\n\t\t\t\t\tOneCo sells OneCo Ocean to Global Ocean Technology (GOT)\n\t\t\t\t\t<span class=\"t2-accordion-icon is-closed-icon\"><svg xmlns=\"http:\/\/www.w3.org\/2000\/svg\" viewBox=\"0 0 24 24\" height=\"24\" width=\"24\" class=\"t2-icon t2-icon-add\" aria-hidden=\"true\" focusable=\"false\"><g stroke=\"currentColor\" stroke-linecap=\"round\" stroke-linejoin=\"round\" stroke-width=\"1\" style=\"transform: scale(1);vector-effect: non-scaling-stroke;\"><path d=\"M12 4V20\" stroke=\"currentColor\" stroke-linecap=\"round\" stroke-linejoin=\"round\"\/><path d=\"M4 12H20\" stroke=\"currentColor\" stroke-linecap=\"round\" stroke-linejoin=\"round\"\/><\/g><\/svg><\/span>\n\t\t\t\t\t<span class=\"t2-accordion-icon is-open-icon\"><svg xmlns=\"http:\/\/www.w3.org\/2000\/svg\" viewBox=\"0 0 24 24\" height=\"24\" width=\"24\" class=\"t2-icon t2-icon-remove\" aria-hidden=\"true\" focusable=\"false\"><g stroke=\"currentColor\" stroke-linecap=\"round\" stroke-linejoin=\"round\" stroke-width=\"1\" style=\"transform: scale(1);vector-effect: non-scaling-stroke;\"><path d=\"M4 12H20\" stroke=\"currentColor\" stroke-linecap=\"round\" stroke-linejoin=\"round\"\/><\/g><\/svg><\/span>\n\t\t\t\t<\/button>\n\t\t\t<\/h2>\n\t\t\t<div class=\"t2-accordion-item__inner-container is-layout-flow\" id=\"accordion-panel-40\" aria-labelledby=\"oneco-sells-oneco-ocean-to-global-ocean-technology-(got)\" role=\"region\" hidden>\n\t\t\t\t\n\n<p><strong>Practise area:<\/strong> <br><a href=\"https:\/\/wiersholm.no\/kompetanser\/ma\/\">Fusjoner og oppkj\u00f8p (M&amp;A)<\/a><br><br><strong>Wiersholm core team<\/strong>: <br><a href=\"https:\/\/wiersholm.no\/mennesker\/inro\/\">R\u00f8yn\u00e5s, Ingjerd<\/a>, <a href=\"https:\/\/wiersholm.no\/mennesker\/mobi\/\">Birkeland, Morten<\/a>, <a href=\"https:\/\/wiersholm.no\/mennesker\/kagi\/\">Gildberg, Karen Cecilie<\/a><br><br><strong>Information:<\/strong> <br>We congratulate OneCo AS on the completion of the sale of OneCo Ocean AS to Global Ocean Technology AS (GOT)!<\/p>\n\n\n\n<p>Wiersholm has had the pleasure of assisting Oneco AS throughout this transaction.<\/p>\n\n\n\n<p>A warm thank you to OneCo AS for an excellent collaboration.<\/p>\n\n\n\n<p><br><strong>LinkedIn: <\/strong><br><a href=\"https:\/\/www.linkedin.com\/posts\/wiersholm_we-congratulate-oneco-as-on-the-completion-activity-7349318393226784769-xfOq?utm_source=share&amp;utm_medium=member_desktop&amp;rcm=ACoAADlzrAsBrDkyFqwjaoU8Zl5QOp8a8O0JPLo\">https:\/\/www.linkedin.com\/posts\/wiersholm_we-congratulate-oneco-as-on-the-completion-activity-7349318393226784769-xfOq?utm_source=share&amp;utm_medium=member_desktop&amp;rcm=ACoAADlzrAsBrDkyFqwjaoU8Zl5QOp8a8O0JPLo<\/a><\/p>\n\n\n\n<p><br><strong>Date: <\/strong><br>Juli 2025<\/p>\n\n\n\t\t\t<\/div>\n\t\t<\/div>\n\n<div class=\"t2-accordion-item wp-block-t2-accordion-item\" role=\"listitem\">\n\t\t\t<h2 class=\"t2-accordion-title\">\n\t\t\t\t<button type=\"button\" class=\"t2-accordion-trigger\" id=\"reitan-eiendom-ervervet-25%-av-eierposten-til-kontordelen-av-over-spektrum\" aria-controls=\"accordion-panel-41\" aria-expanded=\"false\">\n\t\t\t\t\tReitan Eiendom ervervet 25% av eierposten til kontordelen av Over Spektrum\n\t\t\t\t\t<span class=\"t2-accordion-icon is-closed-icon\"><svg xmlns=\"http:\/\/www.w3.org\/2000\/svg\" viewBox=\"0 0 24 24\" height=\"24\" width=\"24\" class=\"t2-icon t2-icon-add\" aria-hidden=\"true\" focusable=\"false\"><g stroke=\"currentColor\" stroke-linecap=\"round\" stroke-linejoin=\"round\" stroke-width=\"1\" style=\"transform: scale(1);vector-effect: non-scaling-stroke;\"><path d=\"M12 4V20\" stroke=\"currentColor\" stroke-linecap=\"round\" stroke-linejoin=\"round\"\/><path d=\"M4 12H20\" stroke=\"currentColor\" stroke-linecap=\"round\" stroke-linejoin=\"round\"\/><\/g><\/svg><\/span>\n\t\t\t\t\t<span class=\"t2-accordion-icon is-open-icon\"><svg xmlns=\"http:\/\/www.w3.org\/2000\/svg\" viewBox=\"0 0 24 24\" height=\"24\" width=\"24\" class=\"t2-icon t2-icon-remove\" aria-hidden=\"true\" focusable=\"false\"><g stroke=\"currentColor\" stroke-linecap=\"round\" stroke-linejoin=\"round\" stroke-width=\"1\" style=\"transform: scale(1);vector-effect: non-scaling-stroke;\"><path d=\"M4 12H20\" stroke=\"currentColor\" stroke-linecap=\"round\" stroke-linejoin=\"round\"\/><\/g><\/svg><\/span>\n\t\t\t\t<\/button>\n\t\t\t<\/h2>\n\t\t\t<div class=\"t2-accordion-item__inner-container is-layout-flow\" id=\"accordion-panel-41\" aria-labelledby=\"reitan-eiendom-ervervet-25%-av-eierposten-til-kontordelen-av-over-spektrum\" role=\"region\" hidden>\n\t\t\t\t\n\n<p><strong>Practise area:<\/strong> <br><a href=\"https:\/\/wiersholm.no\/kompetanser\/ma\/\">Fusjoner og oppkj\u00f8p (M&amp;A)<\/a><br><br><strong>Wiersholm core team<\/strong>: <br><a href=\"https:\/\/wiersholm.no\/mennesker\/trl\/\">Lian, Tom Rune<\/a><br><br><strong>Information:<\/strong> <br>Vi har bist\u00e5tt Reitan Eiendom med ervervet av 25 % av eierposten til kontordelen av Over Spektrum \u2013 h\u00f8yhuset som skal bygges I tilknytning til Oslo Spektrum.<\/p>\n\n\n\n<p>Selger er Aspelin Eiendom, og resten av prosjektet eies av Stiftelsen NOVA Spektrum (50 %) og Aspelin Eiendom. Gjennomf\u00f8ring av transaksjonen er planlagt gjennomf\u00f8rt i l\u00f8pet av fjerde kvartal.<\/p>\n\n\n\n<p>Vi er stolte over \u00e5 ha bist\u00e5tt Reitan Eiendom i prosessen, som bidrar til \u00e5 styrke Reitan Eiendoms Oslo-satsning. Tusen takk for tilliten Stine Hostad, Trond F. Mellings\u00e6ter og hele team Reitan. Gratulerer til partene med signerte avtaler!<\/p>\n\n\n\n<p><br><strong>LinkedIn: <\/strong><br><a href=\"https:\/\/www.linkedin.com\/posts\/wiersholm_vi-har-bist%C3%A5tt-reitan-eiendom-med-ervervet-activity-7348398457113477122-b9g9?utm_source=share&amp;utm_medium=member_desktop&amp;rcm=ACoAADlzrAsBrDkyFqwjaoU8Zl5QOp8a8O0JPLo\">https:\/\/www.linkedin.com\/posts\/wiersholm_vi-har-bist%C3%A5tt-reitan-eiendom-med-ervervet-activity-7348398457113477122-b9g9?utm_source=share&amp;utm_medium=member_desktop&amp;rcm=ACoAADlzrAsBrDkyFqwjaoU8Zl5QOp8a8O0JPLo<\/a><\/p>\n\n\n\n<p><br><strong>Date: <\/strong><br>Juli 2025<\/p>\n\n\n\t\t\t<\/div>\n\t\t<\/div>\n\n<div class=\"t2-accordion-item wp-block-t2-accordion-item\" role=\"listitem\">\n\t\t\t<h2 class=\"t2-accordion-title\">\n\t\t\t\t<button type=\"button\" class=\"t2-accordion-trigger\" id=\"successful-transaction-for-aars-as\" aria-controls=\"accordion-panel-42\" aria-expanded=\"false\">\n\t\t\t\t\tSuccessful transaction for Aars AS\n\t\t\t\t\t<span class=\"t2-accordion-icon is-closed-icon\"><svg xmlns=\"http:\/\/www.w3.org\/2000\/svg\" viewBox=\"0 0 24 24\" height=\"24\" width=\"24\" class=\"t2-icon t2-icon-add\" aria-hidden=\"true\" focusable=\"false\"><g stroke=\"currentColor\" stroke-linecap=\"round\" stroke-linejoin=\"round\" stroke-width=\"1\" style=\"transform: scale(1);vector-effect: non-scaling-stroke;\"><path d=\"M12 4V20\" stroke=\"currentColor\" stroke-linecap=\"round\" stroke-linejoin=\"round\"\/><path d=\"M4 12H20\" stroke=\"currentColor\" stroke-linecap=\"round\" stroke-linejoin=\"round\"\/><\/g><\/svg><\/span>\n\t\t\t\t\t<span class=\"t2-accordion-icon is-open-icon\"><svg xmlns=\"http:\/\/www.w3.org\/2000\/svg\" viewBox=\"0 0 24 24\" height=\"24\" width=\"24\" class=\"t2-icon t2-icon-remove\" aria-hidden=\"true\" focusable=\"false\"><g stroke=\"currentColor\" stroke-linecap=\"round\" stroke-linejoin=\"round\" stroke-width=\"1\" style=\"transform: scale(1);vector-effect: non-scaling-stroke;\"><path d=\"M4 12H20\" stroke=\"currentColor\" stroke-linecap=\"round\" stroke-linejoin=\"round\"\/><\/g><\/svg><\/span>\n\t\t\t\t<\/button>\n\t\t\t<\/h2>\n\t\t\t<div class=\"t2-accordion-item__inner-container is-layout-flow\" id=\"accordion-panel-42\" aria-labelledby=\"successful-transaction-for-aars-as\" role=\"region\" hidden>\n\t\t\t\t\n\n<p><strong>Practise area:<\/strong> <br><a href=\"https:\/\/wiersholm.no\/kompetanser\/ma\/\">Fusjoner og oppkj\u00f8p (M&amp;A)<\/a><br><br><strong>Wiersholm core team<\/strong>: <br><a href=\"https:\/\/wiersholm.no\/mennesker\/inro\/\">R\u00f8yn\u00e5s, Ingjerd<\/a>, <a href=\"https:\/\/wiersholm.no\/mennesker\/rsha\/\">Hafting, Ragnar Stoknes<\/a>, <a href=\"https:\/\/wiersholm.no\/mennesker\/nohe\/\">Heiberg, Nora<\/a>, <a href=\"https:\/\/wiersholm.no\/mennesker\/adn\/\">Dahle-Nedrelid, Audun<\/a>, <a href=\"https:\/\/wiersholm.no\/mennesker\/heln\/\">Norum, Helena Lie<\/a>, <a href=\"https:\/\/wiersholm.no\/mennesker\/ingf\/\">F\u00f8rde, Ingeborg Andersen<\/a><br><br><strong>Information:<\/strong> <br>We congratulate Aars AS on the successful completion of their acquisition of Northcom.no.<\/p>\n\n\n\n<p><br>Wiersholm is proud to have assisted Aars AS throughout this transaction.<br>A warm thank you to the Aars investment team for an excellent collaboration.<\/p>\n\n\n\n<p><br><strong>LinkedIn: <\/strong><br><a href=\"https:\/\/www.linkedin.com\/posts\/wiersholm_we-congratulate-aars-as-on-the-successful-activity-7345822351877419009-lQK5?utm_source=share&amp;utm_medium=member_desktop&amp;rcm=ACoAADlzrAsBrDkyFqwjaoU8Zl5QOp8a8O0JPLo\">https:\/\/www.linkedin.com\/posts\/wiersholm_we-congratulate-aars-as-on-the-successful-activity-7345822351877419009-lQK5?utm_source=share&amp;utm_medium=member_desktop&amp;rcm=ACoAADlzrAsBrDkyFqwjaoU8Zl5QOp8a8O0JPLo<\/a><\/p>\n\n\n\n<p><br><strong>Date: <\/strong><br>Juli 2025<\/p>\n\n\n\t\t\t<\/div>\n\t\t<\/div>\n\n<div class=\"t2-accordion-item wp-block-t2-accordion-item\" role=\"listitem\">\n\t\t\t<h2 class=\"t2-accordion-title\">\n\t\t\t\t<button type=\"button\" class=\"t2-accordion-trigger\" id=\"lg-electronics-inc.-acquires-oso-group-as\" aria-controls=\"accordion-panel-43\" aria-expanded=\"false\">\n\t\t\t\t\tLG Electronics Inc. Acquires OSO Group AS\n\t\t\t\t\t<span class=\"t2-accordion-icon is-closed-icon\"><svg xmlns=\"http:\/\/www.w3.org\/2000\/svg\" viewBox=\"0 0 24 24\" height=\"24\" width=\"24\" class=\"t2-icon t2-icon-add\" aria-hidden=\"true\" focusable=\"false\"><g stroke=\"currentColor\" stroke-linecap=\"round\" stroke-linejoin=\"round\" stroke-width=\"1\" style=\"transform: scale(1);vector-effect: non-scaling-stroke;\"><path d=\"M12 4V20\" stroke=\"currentColor\" stroke-linecap=\"round\" stroke-linejoin=\"round\"\/><path d=\"M4 12H20\" stroke=\"currentColor\" stroke-linecap=\"round\" stroke-linejoin=\"round\"\/><\/g><\/svg><\/span>\n\t\t\t\t\t<span class=\"t2-accordion-icon is-open-icon\"><svg xmlns=\"http:\/\/www.w3.org\/2000\/svg\" viewBox=\"0 0 24 24\" height=\"24\" width=\"24\" class=\"t2-icon t2-icon-remove\" aria-hidden=\"true\" focusable=\"false\"><g stroke=\"currentColor\" stroke-linecap=\"round\" stroke-linejoin=\"round\" stroke-width=\"1\" style=\"transform: scale(1);vector-effect: non-scaling-stroke;\"><path d=\"M4 12H20\" stroke=\"currentColor\" stroke-linecap=\"round\" stroke-linejoin=\"round\"\/><\/g><\/svg><\/span>\n\t\t\t\t<\/button>\n\t\t\t<\/h2>\n\t\t\t<div class=\"t2-accordion-item__inner-container is-layout-flow\" id=\"accordion-panel-43\" aria-labelledby=\"lg-electronics-inc.-acquires-oso-group-as\" role=\"region\" hidden>\n\t\t\t\t\n\n<p><strong>Practise area:<\/strong> <br><a href=\"https:\/\/wiersholm.no\/kompetanser\/ma\/\">Fusjoner og oppkj\u00f8p (M&amp;A)<\/a><br><br><strong>Wiersholm core team<\/strong>: <br><a href=\"https:\/\/wiersholm.no\/mennesker\/inro\/\">R\u00f8yn\u00e5s, Ingjerd<\/a>, <a href=\"https:\/\/wiersholm.no\/mennesker\/lenh\/\">Hansen, Lene<\/a>, <a href=\"https:\/\/wiersholm.no\/mennesker\/mabh\/\">Hildal, Marte Bergo<\/a>, <a href=\"https:\/\/wiersholm.no\/mennesker\/chnm\/\">Mollestad, Christoffer Nyegaard<\/a>, <a href=\"https:\/\/wiersholm.no\/mennesker\/anny\/\">Nyhus, Anette<\/a><br><br><strong>Information:<\/strong> <br>Wiersholm has had the pleasure of assisting Sigurd Braathen and Christoffer Braathen with the sale of OSO Hotwater Norge to LG Electronics.<\/p>\n\n\n\n<p><br>OSO has been a family-owned business since its incorporation in 1930 and is among Europe\u2019s leading providers of water heating solutions. With this strategic acquisition, LG strengthens its position in the heating, ventilation, and air conditioning (HVAC) market.<\/p>\n\n\n\n<p><br><strong>LinkedIn: <\/strong><br><a href=\"https:\/\/www.linkedin.com\/posts\/wiersholm_wiersholm-has-had-the-pleasure-of-assisting-activity-7345791413193748481-X1aK?utm_source=share&amp;utm_medium=member_desktop&amp;rcm=ACoAADlzrAsBrDkyFqwjaoU8Zl5QOp8a8O0JPLo\">https:\/\/www.linkedin.com\/posts\/wiersholm_wiersholm-has-had-the-pleasure-of-assisting-activity-7345791413193748481-X1aK?utm_source=share&amp;utm_medium=member_desktop&amp;rcm=ACoAADlzrAsBrDkyFqwjaoU8Zl5QOp8a8O0JPLo<\/a><\/p>\n\n\n\n<p><br><strong>Date: <\/strong><br>Juli 2025<\/p>\n\n\n\t\t\t<\/div>\n\t\t<\/div>\n\n<div class=\"t2-accordion-item wp-block-t2-accordion-item\" role=\"listitem\">\n\t\t\t<h2 class=\"t2-accordion-title\">\n\t\t\t\t<button type=\"button\" class=\"t2-accordion-trigger\" id=\"union-core-kj\u00f8per-dansrudveien-55-65\" aria-controls=\"accordion-panel-44\" aria-expanded=\"false\">\n\t\t\t\t\tUNION Core kj\u00f8per Dansrudveien 55-65\n\t\t\t\t\t<span class=\"t2-accordion-icon is-closed-icon\"><svg xmlns=\"http:\/\/www.w3.org\/2000\/svg\" viewBox=\"0 0 24 24\" height=\"24\" width=\"24\" class=\"t2-icon t2-icon-add\" aria-hidden=\"true\" focusable=\"false\"><g stroke=\"currentColor\" stroke-linecap=\"round\" stroke-linejoin=\"round\" stroke-width=\"1\" style=\"transform: scale(1);vector-effect: non-scaling-stroke;\"><path d=\"M12 4V20\" stroke=\"currentColor\" stroke-linecap=\"round\" stroke-linejoin=\"round\"\/><path d=\"M4 12H20\" stroke=\"currentColor\" stroke-linecap=\"round\" stroke-linejoin=\"round\"\/><\/g><\/svg><\/span>\n\t\t\t\t\t<span class=\"t2-accordion-icon is-open-icon\"><svg xmlns=\"http:\/\/www.w3.org\/2000\/svg\" viewBox=\"0 0 24 24\" height=\"24\" width=\"24\" class=\"t2-icon t2-icon-remove\" aria-hidden=\"true\" focusable=\"false\"><g stroke=\"currentColor\" stroke-linecap=\"round\" stroke-linejoin=\"round\" stroke-width=\"1\" style=\"transform: scale(1);vector-effect: non-scaling-stroke;\"><path d=\"M4 12H20\" stroke=\"currentColor\" stroke-linecap=\"round\" stroke-linejoin=\"round\"\/><\/g><\/svg><\/span>\n\t\t\t\t<\/button>\n\t\t\t<\/h2>\n\t\t\t<div class=\"t2-accordion-item__inner-container is-layout-flow\" id=\"accordion-panel-44\" aria-labelledby=\"union-core-kj\u00f8per-dansrudveien-55-65\" role=\"region\" hidden>\n\t\t\t\t\n\n<p><strong>Practise area:<\/strong> <br><a href=\"https:\/\/wiersholm.no\/kompetanser\/ma\/\">Fusjoner og oppkj\u00f8p (M&amp;A)<\/a>, <a href=\"https:\/\/wiersholm.no\/kompetanser\/fast-eiendom\/\">Fast eiendom<\/a><br><br><strong>Wiersholm core team<\/strong>: <br><a href=\"https:\/\/wiersholm.no\/mennesker\/angu\/\">Gustavson, Andreas<\/a>, <a href=\"https:\/\/wiersholm.no\/mennesker\/ibre\/\">Brelin, Ingeborg<\/a><br><br><strong>Information:<\/strong> <br>Wiersholm har bist\u00e5tt UNION Core Real Estate Fund med kj\u00f8pet av Dansrudveien 55-65.<br>Eiendommen best\u00e5r av et moderne bussanlegg i Kobbervikdalen i Drammen med Buskerud fylkeskommune som leietaker.<br>&nbsp;<br>Vi gratulerer partene med vel gjennomf\u00f8rt transaksjon.<\/p>\n\n\n\n<p><br><strong>LinkedIn: <\/strong><br><a href=\"https:\/\/www.linkedin.com\/posts\/wiersholm_wiersholm-har-bist%C3%A5tt-union-core-real-estate-activity-7345462393226825728-rfa7?utm_source=share&amp;utm_medium=member_desktop&amp;rcm=ACoAADlzrAsBrDkyFqwjaoU8Zl5QOp8a8O0JPLo\">https:\/\/www.linkedin.com\/posts\/wiersholm_wiersholm-har-bist%C3%A5tt-union-core-real-estate-activity-7345462393226825728-rfa7?utm_source=share&amp;utm_medium=member_desktop&amp;rcm=ACoAADlzrAsBrDkyFqwjaoU8Zl5QOp8a8O0JPLo<\/a><\/p>\n\n\n\n<p><br><strong>Date: <\/strong><br>Juni 2025<\/p>\n\n\n\t\t\t<\/div>\n\t\t<\/div>\n\n<div class=\"t2-accordion-item wp-block-t2-accordion-item\" role=\"listitem\">\n\t\t\t<h2 class=\"t2-accordion-title\">\n\t\t\t\t<button type=\"button\" class=\"t2-accordion-trigger\" id=\"assisted-longship-with-the-establishment-of-a-new-sme-focused-audit-group\" aria-controls=\"accordion-panel-45\" aria-expanded=\"false\">\n\t\t\t\t\tAssisted Longship with the establishment of a new SME-focused audit group\n\t\t\t\t\t<span class=\"t2-accordion-icon is-closed-icon\"><svg xmlns=\"http:\/\/www.w3.org\/2000\/svg\" viewBox=\"0 0 24 24\" height=\"24\" width=\"24\" class=\"t2-icon t2-icon-add\" aria-hidden=\"true\" focusable=\"false\"><g stroke=\"currentColor\" stroke-linecap=\"round\" stroke-linejoin=\"round\" stroke-width=\"1\" style=\"transform: scale(1);vector-effect: non-scaling-stroke;\"><path d=\"M12 4V20\" stroke=\"currentColor\" stroke-linecap=\"round\" stroke-linejoin=\"round\"\/><path d=\"M4 12H20\" stroke=\"currentColor\" stroke-linecap=\"round\" stroke-linejoin=\"round\"\/><\/g><\/svg><\/span>\n\t\t\t\t\t<span class=\"t2-accordion-icon is-open-icon\"><svg xmlns=\"http:\/\/www.w3.org\/2000\/svg\" viewBox=\"0 0 24 24\" height=\"24\" width=\"24\" class=\"t2-icon t2-icon-remove\" aria-hidden=\"true\" focusable=\"false\"><g stroke=\"currentColor\" stroke-linecap=\"round\" stroke-linejoin=\"round\" stroke-width=\"1\" style=\"transform: scale(1);vector-effect: non-scaling-stroke;\"><path d=\"M4 12H20\" stroke=\"currentColor\" stroke-linecap=\"round\" stroke-linejoin=\"round\"\/><\/g><\/svg><\/span>\n\t\t\t\t<\/button>\n\t\t\t<\/h2>\n\t\t\t<div class=\"t2-accordion-item__inner-container is-layout-flow\" id=\"accordion-panel-45\" aria-labelledby=\"assisted-longship-with-the-establishment-of-a-new-sme-focused-audit-group\" role=\"region\" hidden>\n\t\t\t\t\n\n<p><strong>Practise area:<\/strong> <br><a href=\"https:\/\/wiersholm.no\/kompetanser\/private-equity\/\">Private Equity<\/a><br><br><strong>Wiersholm core team<\/strong>: <br><a href=\"https:\/\/wiersholm.no\/mennesker\/shh\/\">Hanken, Svein-Helge<\/a>, <a href=\"https:\/\/wiersholm.no\/mennesker\/torp\/\">Paulsen, Tormod<\/a>, <a href=\"https:\/\/wiersholm.no\/mennesker\/lime\/\">Meyer, Line Svensdatter<\/a>, <a href=\"https:\/\/wiersholm.no\/mennesker\/saen\/\">Endre, Stian Advocaat<\/a><br><br><strong>Information:<\/strong> <br>Wiersholm has had the pleasure assisting Longship with the establishment of a new SME-focused audit group, through its minority investment in a newly consolidated platform comprising BHL, Grant Thornton, and Nitschke. Upon completion of the transaction, the new group will become one of the largest providers of audit services to SMEs in the Oslo-region.<\/p>\n\n\n\n<p>Congratulations to all parties on a milestone transaction and the beginning of an exciting new chapter!<\/p>\n\n\n\n<p><br><strong>LinkedIn: <\/strong><br><a href=\"https:\/\/www.linkedin.com\/posts\/wiersholm_wiersholm-has-had-the-pleasure-assisting-activity-7344631183575543808-0qSq?utm_source=share&amp;utm_medium=member_desktop&amp;rcm=ACoAADlzrAsBrDkyFqwjaoU8Zl5QOp8a8O0JPLo\">https:\/\/www.linkedin.com\/posts\/wiersholm_wiersholm-has-had-the-pleasure-assisting-activity-7344631183575543808-0qSq?utm_source=share&amp;utm_medium=member_desktop&amp;rcm=ACoAADlzrAsBrDkyFqwjaoU8Zl5QOp8a8O0JPLo<\/a><\/p>\n\n\n\n<p><br><strong>Date: <\/strong><br>Juni 2025<\/p>\n\n\n\t\t\t<\/div>\n\t\t<\/div>\n\n<div class=\"t2-accordion-item wp-block-t2-accordion-item\" role=\"listitem\">\n\t\t\t<h2 class=\"t2-accordion-title\">\n\t\t\t\t<button type=\"button\" class=\"t2-accordion-trigger\" id=\"af-kj\u00f8per-eviny-solutions\" aria-controls=\"accordion-panel-46\" aria-expanded=\"false\">\n\t\t\t\t\tAF kj\u00f8per Eviny Solutions\n\t\t\t\t\t<span class=\"t2-accordion-icon is-closed-icon\"><svg xmlns=\"http:\/\/www.w3.org\/2000\/svg\" viewBox=\"0 0 24 24\" height=\"24\" width=\"24\" class=\"t2-icon t2-icon-add\" aria-hidden=\"true\" focusable=\"false\"><g stroke=\"currentColor\" stroke-linecap=\"round\" stroke-linejoin=\"round\" stroke-width=\"1\" style=\"transform: scale(1);vector-effect: non-scaling-stroke;\"><path d=\"M12 4V20\" stroke=\"currentColor\" stroke-linecap=\"round\" stroke-linejoin=\"round\"\/><path d=\"M4 12H20\" stroke=\"currentColor\" stroke-linecap=\"round\" stroke-linejoin=\"round\"\/><\/g><\/svg><\/span>\n\t\t\t\t\t<span class=\"t2-accordion-icon is-open-icon\"><svg xmlns=\"http:\/\/www.w3.org\/2000\/svg\" viewBox=\"0 0 24 24\" height=\"24\" width=\"24\" class=\"t2-icon t2-icon-remove\" aria-hidden=\"true\" focusable=\"false\"><g stroke=\"currentColor\" stroke-linecap=\"round\" stroke-linejoin=\"round\" stroke-width=\"1\" style=\"transform: scale(1);vector-effect: non-scaling-stroke;\"><path d=\"M4 12H20\" stroke=\"currentColor\" stroke-linecap=\"round\" stroke-linejoin=\"round\"\/><\/g><\/svg><\/span>\n\t\t\t\t<\/button>\n\t\t\t<\/h2>\n\t\t\t<div class=\"t2-accordion-item__inner-container is-layout-flow\" id=\"accordion-panel-46\" aria-labelledby=\"af-kj\u00f8per-eviny-solutions\" role=\"region\" hidden>\n\t\t\t\t\n\n<p><strong>Practise area:<\/strong> <br><a href=\"https:\/\/wiersholm.no\/kompetanser\/ma\/\">Fusjoner og oppkj\u00f8p (M&amp;A)<\/a><br><br><strong>Wiersholm core team<\/strong>: <br><a href=\"https:\/\/wiersholm.no\/mennesker\/ss\/\">Sandvik, Sverre<\/a>, <a href=\"https:\/\/wiersholm.no\/mennesker\/lime\/\">Meyer, Line Svensdatter<\/a>, <a href=\"https:\/\/wiersholm.no\/mennesker\/nohe\/\">Heiberg, Nora<\/a>, <a href=\"https:\/\/wiersholm.no\/mennesker\/edro\/\">Rojahn, Edvard Hamer<\/a><br><br><strong>Information:<\/strong> <br>Wiersholm har bist\u00e5tt AF med kj\u00f8p av 80% av aksjene i Eviny Solutions.<\/p>\n\n\n\n<p>Eviny Solutions er et ingeni\u00f8r- og entrepren\u00f8rselskap innenfor elektrisk infrastruktur. Selskapet ble etablert i 2016, da det ble skilt ut fra monopolvirksomheten i nettselskapet BKK. Dagens hovedaksjon\u00e6r, Eviny AS, vil fortsette som 20%-aksjon\u00e6r.<\/p>\n\n\n\n<p><br><strong>LinkedIn: <\/strong><br><a href=\"https:\/\/www.linkedin.com\/posts\/wiersholm_wiersholm-har-bist%C3%A5tt-af-gruppen-med-kj%C3%B8p-activity-7341767639129583617-fTrK?utm_source=share&amp;utm_medium=member_desktop&amp;rcm=ACoAADlzrAsBrDkyFqwjaoU8Zl5QOp8a8O0JPLo\">https:\/\/www.linkedin.com\/posts\/wiersholm_wiersholm-har-bist%C3%A5tt-af-gruppen-med-kj%C3%B8p-activity-7341767639129583617-fTrK?utm_source=share&amp;utm_medium=member_desktop&amp;rcm=ACoAADlzrAsBrDkyFqwjaoU8Zl5QOp8a8O0JPLo<\/a><\/p>\n\n\n\n<p><br><strong>Date: <\/strong><br>Juni 2025<\/p>\n\n\n\t\t\t<\/div>\n\t\t<\/div>\n\n<div class=\"t2-accordion-item wp-block-t2-accordion-item\" role=\"listitem\">\n\t\t\t<h2 class=\"t2-accordion-title\">\n\t\t\t\t<button type=\"button\" class=\"t2-accordion-trigger\" id=\"backe-entrepren\u00f8r-as-acquires-55%-of-the-shares-in-bundebygg-as\" aria-controls=\"accordion-panel-47\" aria-expanded=\"false\">\n\t\t\t\t\tBacke Entrepren\u00f8r AS acquires 55% of the shares in BundeBygg AS\n\t\t\t\t\t<span class=\"t2-accordion-icon is-closed-icon\"><svg xmlns=\"http:\/\/www.w3.org\/2000\/svg\" viewBox=\"0 0 24 24\" height=\"24\" width=\"24\" class=\"t2-icon t2-icon-add\" aria-hidden=\"true\" focusable=\"false\"><g stroke=\"currentColor\" stroke-linecap=\"round\" stroke-linejoin=\"round\" stroke-width=\"1\" style=\"transform: scale(1);vector-effect: non-scaling-stroke;\"><path d=\"M12 4V20\" stroke=\"currentColor\" stroke-linecap=\"round\" stroke-linejoin=\"round\"\/><path d=\"M4 12H20\" stroke=\"currentColor\" stroke-linecap=\"round\" stroke-linejoin=\"round\"\/><\/g><\/svg><\/span>\n\t\t\t\t\t<span class=\"t2-accordion-icon is-open-icon\"><svg xmlns=\"http:\/\/www.w3.org\/2000\/svg\" viewBox=\"0 0 24 24\" height=\"24\" width=\"24\" class=\"t2-icon t2-icon-remove\" aria-hidden=\"true\" focusable=\"false\"><g stroke=\"currentColor\" stroke-linecap=\"round\" stroke-linejoin=\"round\" stroke-width=\"1\" style=\"transform: scale(1);vector-effect: non-scaling-stroke;\"><path d=\"M4 12H20\" stroke=\"currentColor\" stroke-linecap=\"round\" stroke-linejoin=\"round\"\/><\/g><\/svg><\/span>\n\t\t\t\t<\/button>\n\t\t\t<\/h2>\n\t\t\t<div class=\"t2-accordion-item__inner-container is-layout-flow\" id=\"accordion-panel-47\" aria-labelledby=\"backe-entrepren\u00f8r-as-acquires-55%-of-the-shares-in-bundebygg-as\" role=\"region\" hidden>\n\t\t\t\t\n\n<p><strong>Practise area:<\/strong> <br><a href=\"https:\/\/wiersholm.no\/kompetanser\/ma\/\">Fusjoner og oppkj\u00f8p (M&amp;A)<\/a><br><br><strong>Wiersholm core team<\/strong>: <br><a href=\"https:\/\/wiersholm.no\/mennesker\/keo\/\">Ottesen, Kristian Elvestad<\/a>, <a href=\"https:\/\/wiersholm.no\/mennesker\/mamb\/\">Blegen, Maja Maria<\/a>, <a href=\"https:\/\/wiersholm.no\/mennesker\/jemo\/\">Moe, Jeppe Arctander<\/a><br><br><strong>Information:<\/strong> <br>Wiersholm has had the pleasure of assisting Backe Entrepren\u00f8r AS in acquiring 55% of the shares in BundeBygg AS\u2014a well-regarded construction company\u2014from BundeGruppen AS.<\/p>\n\n\n\n<p>This acquisition will further strengthen Backe&#8217;s presence in the Oslo area.<\/p>\n\n\n\n<p>We congratulate all parties and look forward to seeing the results of their collaboration.<br><br><strong>LinkedIn: <\/strong><br><a href=\"https:\/\/www.linkedin.com\/posts\/wiersholm_wiersholm-has-had-the-pleasure-of-assisting-activity-7341748996253585408-bv8A?utm_source=share&amp;utm_medium=member_desktop&amp;rcm=ACoAADlzrAsBrDkyFqwjaoU8Zl5QOp8a8O0JPLo\">https:\/\/www.linkedin.com\/posts\/wiersholm_wiersholm-has-had-the-pleasure-of-assisting-activity-7341748996253585408-bv8A?utm_source=share&amp;utm_medium=member_desktop&amp;rcm=ACoAADlzrAsBrDkyFqwjaoU8Zl5QOp8a8O0JPLo<\/a><\/p>\n\n\n\n<p><br><strong>Date: <\/strong><br>Juni 2025<\/p>\n\n\n\t\t\t<\/div>\n\t\t<\/div>\n\n<div class=\"t2-accordion-item wp-block-t2-accordion-item\" role=\"listitem\">\n\t\t\t<h2 class=\"t2-accordion-title\">\n\t\t\t\t<button type=\"button\" class=\"t2-accordion-trigger\" id=\"vend-completes-a-nok-4.6-billion-share-buyback-via-a-reverse-accelerated-bookbuilding\" aria-controls=\"accordion-panel-48\" aria-expanded=\"false\">\n\t\t\t\t\tVend completes a NOK 4.6 billion share buyback via a reverse accelerated bookbuilding\n\t\t\t\t\t<span class=\"t2-accordion-icon is-closed-icon\"><svg xmlns=\"http:\/\/www.w3.org\/2000\/svg\" viewBox=\"0 0 24 24\" height=\"24\" width=\"24\" class=\"t2-icon t2-icon-add\" aria-hidden=\"true\" focusable=\"false\"><g stroke=\"currentColor\" stroke-linecap=\"round\" stroke-linejoin=\"round\" stroke-width=\"1\" style=\"transform: scale(1);vector-effect: non-scaling-stroke;\"><path d=\"M12 4V20\" stroke=\"currentColor\" stroke-linecap=\"round\" stroke-linejoin=\"round\"\/><path d=\"M4 12H20\" stroke=\"currentColor\" stroke-linecap=\"round\" stroke-linejoin=\"round\"\/><\/g><\/svg><\/span>\n\t\t\t\t\t<span class=\"t2-accordion-icon is-open-icon\"><svg xmlns=\"http:\/\/www.w3.org\/2000\/svg\" viewBox=\"0 0 24 24\" height=\"24\" width=\"24\" class=\"t2-icon t2-icon-remove\" aria-hidden=\"true\" focusable=\"false\"><g stroke=\"currentColor\" stroke-linecap=\"round\" stroke-linejoin=\"round\" stroke-width=\"1\" style=\"transform: scale(1);vector-effect: non-scaling-stroke;\"><path d=\"M4 12H20\" stroke=\"currentColor\" stroke-linecap=\"round\" stroke-linejoin=\"round\"\/><\/g><\/svg><\/span>\n\t\t\t\t<\/button>\n\t\t\t<\/h2>\n\t\t\t<div class=\"t2-accordion-item__inner-container is-layout-flow\" id=\"accordion-panel-48\" aria-labelledby=\"vend-completes-a-nok-4.6-billion-share-buyback-via-a-reverse-accelerated-bookbuilding\" role=\"region\" hidden>\n\t\t\t\t\n\n<p><strong>Practise area:<\/strong> <br><a href=\"https:\/\/wiersholm.no\/kompetanser\/kapitalmarkeder-ecm-dcm\/\">Kapitalmarkeder (ECM)<\/a><br><br><strong>Wiersholm core team<\/strong>: <br><a href=\"https:\/\/wiersholm.no\/mennesker\/ss\/\">Sandvik, Sverre<\/a>, <a href=\"https:\/\/wiersholm.no\/mennesker\/aeh\/\">Ehrenclou, Andreas<\/a>, <a href=\"https:\/\/wiersholm.no\/mennesker\/maol\/\">Str\u00f8mmen-Olsen, Mari<\/a><br><br><strong>Information:<\/strong> <br>Wiersholm had the pleasure of acting as legal advisor to Vend in connection with its NOK 4.6 billion share buyback conducted through a reverse accelerated bookbuilding process.<\/p>\n\n\n\n<p>Congratulations to Vend on this exciting transaction!<br><br><strong>LinkedIn: <\/strong><br><a href=\"https:\/\/www.linkedin.com\/posts\/wiersholm_wiersholm-had-the-pleasure-of-acting-as-legal-activity-7341724339035111425-yi6Z?utm_source=share&amp;utm_medium=member_desktop&amp;rcm=ACoAADlzrAsBrDkyFqwjaoU8Zl5QOp8a8O0JPLo\">https:\/\/www.linkedin.com\/posts\/wiersholm_wiersholm-had-the-pleasure-of-acting-as-legal-activity-7341724339035111425-yi6Z?utm_source=share&amp;utm_medium=member_desktop&amp;rcm=ACoAADlzrAsBrDkyFqwjaoU8Zl5QOp8a8O0JPLo<\/a><\/p>\n\n\n\n<p><br><strong>Date: <\/strong><br>Juni 2025<\/p>\n\n\n\t\t\t<\/div>\n\t\t<\/div>\n\n<div class=\"t2-accordion-item wp-block-t2-accordion-item\" role=\"listitem\">\n\t\t\t<h2 class=\"t2-accordion-title\">\n\t\t\t\t<button type=\"button\" class=\"t2-accordion-trigger\" id=\"erling-braut-haaland-and-gustav-magnar-witz\u00f8e-join-db-as-strategic-partners-and-investors\" aria-controls=\"accordion-panel-49\" aria-expanded=\"false\">\n\t\t\t\t\tErling Braut Haaland and Gustav Magnar Witz\u00f8e join Db as strategic partners and investors\n\t\t\t\t\t<span class=\"t2-accordion-icon is-closed-icon\"><svg xmlns=\"http:\/\/www.w3.org\/2000\/svg\" viewBox=\"0 0 24 24\" height=\"24\" width=\"24\" class=\"t2-icon t2-icon-add\" aria-hidden=\"true\" focusable=\"false\"><g stroke=\"currentColor\" stroke-linecap=\"round\" stroke-linejoin=\"round\" stroke-width=\"1\" style=\"transform: scale(1);vector-effect: non-scaling-stroke;\"><path d=\"M12 4V20\" stroke=\"currentColor\" stroke-linecap=\"round\" stroke-linejoin=\"round\"\/><path d=\"M4 12H20\" stroke=\"currentColor\" stroke-linecap=\"round\" stroke-linejoin=\"round\"\/><\/g><\/svg><\/span>\n\t\t\t\t\t<span class=\"t2-accordion-icon is-open-icon\"><svg xmlns=\"http:\/\/www.w3.org\/2000\/svg\" viewBox=\"0 0 24 24\" height=\"24\" width=\"24\" class=\"t2-icon t2-icon-remove\" aria-hidden=\"true\" focusable=\"false\"><g stroke=\"currentColor\" stroke-linecap=\"round\" stroke-linejoin=\"round\" stroke-width=\"1\" style=\"transform: scale(1);vector-effect: non-scaling-stroke;\"><path d=\"M4 12H20\" stroke=\"currentColor\" stroke-linecap=\"round\" stroke-linejoin=\"round\"\/><\/g><\/svg><\/span>\n\t\t\t\t<\/button>\n\t\t\t<\/h2>\n\t\t\t<div class=\"t2-accordion-item__inner-container is-layout-flow\" id=\"accordion-panel-49\" aria-labelledby=\"erling-braut-haaland-and-gustav-magnar-witz\u00f8e-join-db-as-strategic-partners-and-investors\" role=\"region\" hidden>\n\t\t\t\t\n\n<p><strong>Practise area:<\/strong> <br><a href=\"https:\/\/wiersholm.no\/kompetanser\/venture-capital-growth-financing\/\">Venture Capital og vekstfinansiering<\/a><br><br><strong>Wiersholm core team<\/strong>: <br><a href=\"https:\/\/wiersholm.no\/mennesker\/hh\/\">Hellebust, Harald<\/a>, <a href=\"https:\/\/wiersholm.no\/mennesker\/torp\/\">Paulsen, Tormod<\/a>, <a href=\"https:\/\/wiersholm.no\/mennesker\/freh\/\">Hammerstr\u00f8m, Fredrik<\/a><br><br><strong>Information:<\/strong> <br>Wiersholm has had the pleasure of assisting Db Journey &nbsp;in connection with Erling Braut Haaland and Gustav Magnar Witz\u00f8e &nbsp;joining the company as strategic partners and investors.<\/p>\n\n\n\n<p>Congratulations to all parties on a milestone transaction \u2013 exciting times ahead!<br><br><br><strong>LinkedIn: <\/strong><br><a href=\"https:\/\/www.linkedin.com\/posts\/wiersholm_wiersholm-has-had-the-pleasure-of-assisting-activity-7340683486959185920-J3im?utm_source=share&amp;utm_medium=member_desktop&amp;rcm=ACoAADlzrAsBrDkyFqwjaoU8Zl5QOp8a8O0JPLo\">https:\/\/www.linkedin.com\/posts\/wiersholm_wiersholm-has-had-the-pleasure-of-assisting-activity-7340683486959185920-J3im?utm_source=share&amp;utm_medium=member_desktop&amp;rcm=ACoAADlzrAsBrDkyFqwjaoU8Zl5QOp8a8O0JPLo<\/a><\/p>\n\n\n\n<p><br><strong>Date: <\/strong><br>Juni 2025<\/p>\n\n\n\t\t\t<\/div>\n\t\t<\/div>\n\n<div class=\"t2-accordion-item wp-block-t2-accordion-item\" role=\"listitem\">\n\t\t\t<h2 class=\"t2-accordion-title\">\n\t\t\t\t<button type=\"button\" class=\"t2-accordion-trigger\" id=\"oneco-sells-oneco-ocean-to-global-ocean-technology-(got)-1\" aria-controls=\"accordion-panel-50\" aria-expanded=\"false\">\n\t\t\t\t\tOneCo sells OneCo Ocean to Global Ocean Technology (GOT)\n\t\t\t\t\t<span class=\"t2-accordion-icon is-closed-icon\"><svg xmlns=\"http:\/\/www.w3.org\/2000\/svg\" viewBox=\"0 0 24 24\" height=\"24\" width=\"24\" class=\"t2-icon t2-icon-add\" aria-hidden=\"true\" focusable=\"false\"><g stroke=\"currentColor\" stroke-linecap=\"round\" stroke-linejoin=\"round\" stroke-width=\"1\" style=\"transform: scale(1);vector-effect: non-scaling-stroke;\"><path d=\"M12 4V20\" stroke=\"currentColor\" stroke-linecap=\"round\" stroke-linejoin=\"round\"\/><path d=\"M4 12H20\" stroke=\"currentColor\" stroke-linecap=\"round\" stroke-linejoin=\"round\"\/><\/g><\/svg><\/span>\n\t\t\t\t\t<span class=\"t2-accordion-icon is-open-icon\"><svg xmlns=\"http:\/\/www.w3.org\/2000\/svg\" viewBox=\"0 0 24 24\" height=\"24\" width=\"24\" class=\"t2-icon t2-icon-remove\" aria-hidden=\"true\" focusable=\"false\"><g stroke=\"currentColor\" stroke-linecap=\"round\" stroke-linejoin=\"round\" stroke-width=\"1\" style=\"transform: scale(1);vector-effect: non-scaling-stroke;\"><path d=\"M4 12H20\" stroke=\"currentColor\" stroke-linecap=\"round\" stroke-linejoin=\"round\"\/><\/g><\/svg><\/span>\n\t\t\t\t<\/button>\n\t\t\t<\/h2>\n\t\t\t<div class=\"t2-accordion-item__inner-container is-layout-flow\" id=\"accordion-panel-50\" aria-labelledby=\"oneco-sells-oneco-ocean-to-global-ocean-technology-(got)-1\" role=\"region\" hidden>\n\t\t\t\t\n\n<p><strong>Practise area:<\/strong> <br><a href=\"https:\/\/wiersholm.no\/kompetanser\/ma\/\">Fusjoner og oppkj\u00f8p (M&amp;A)<\/a><br><br><strong>Wiersholm core team<\/strong>: <br><a href=\"https:\/\/wiersholm.no\/mennesker\/inro\/\">R\u00f8yn\u00e5s, Ingjerd<\/a>, <a href=\"https:\/\/wiersholm.no\/mennesker\/mobi\/\">Birkeland, Morten<\/a>, <a href=\"https:\/\/wiersholm.no\/mennesker\/kagi\/\">Gildberg, Karen Cecilie<\/a><br><br><strong>Information:<\/strong> <br>Wiersholm has had the pleasure of assisting OneCo AS in connection with the sale of OneCo Ocean AS to Global Ocean Technology AS. Congratulations to all parties involved!<span lang=\"DA\" style=\"font-size:10.0pt;,sans-serif\"><\/span><br><br><br><strong>LinkedIn: <\/strong><br><a href=\"https:\/\/www.linkedin.com\/posts\/wiersholm_wiersholm-has-had-the-pleasure-of-assisting-activity-7338875277021712385-1jAt?utm_source=share&amp;utm_medium=member_desktop&amp;rcm=ACoAADlzrAsBrDkyFqwjaoU8Zl5QOp8a8O0JPLo\">https:\/\/www.linkedin.com\/posts\/wiersholm_wiersholm-has-had-the-pleasure-of-assisting-activity-7338875277021712385-1jAt?utm_source=share&amp;utm_medium=member_desktop&amp;rcm=ACoAADlzrAsBrDkyFqwjaoU8Zl5QOp8a8O0JPLo<\/a><\/p>\n\n\n\n<p><br><strong>Date: <\/strong><br>Juni 2025<\/p>\n\n\n\t\t\t<\/div>\n\t\t<\/div>\n\n<div class=\"t2-accordion-item wp-block-t2-accordion-item\" role=\"listitem\">\n\t\t\t<h2 class=\"t2-accordion-title\">\n\t\t\t\t<button type=\"button\" class=\"t2-accordion-trigger\" id=\"axcel-continues-partnership-with-superoffice-through-the-creation-of-continuation-fund\" aria-controls=\"accordion-panel-51\" aria-expanded=\"false\">\n\t\t\t\t\tAxcel continues partnership with SuperOffice through the creation of continuation fund\n\t\t\t\t\t<span class=\"t2-accordion-icon is-closed-icon\"><svg xmlns=\"http:\/\/www.w3.org\/2000\/svg\" viewBox=\"0 0 24 24\" height=\"24\" width=\"24\" class=\"t2-icon t2-icon-add\" aria-hidden=\"true\" focusable=\"false\"><g stroke=\"currentColor\" stroke-linecap=\"round\" stroke-linejoin=\"round\" stroke-width=\"1\" style=\"transform: scale(1);vector-effect: non-scaling-stroke;\"><path d=\"M12 4V20\" stroke=\"currentColor\" stroke-linecap=\"round\" stroke-linejoin=\"round\"\/><path d=\"M4 12H20\" stroke=\"currentColor\" stroke-linecap=\"round\" stroke-linejoin=\"round\"\/><\/g><\/svg><\/span>\n\t\t\t\t\t<span class=\"t2-accordion-icon is-open-icon\"><svg xmlns=\"http:\/\/www.w3.org\/2000\/svg\" viewBox=\"0 0 24 24\" height=\"24\" width=\"24\" class=\"t2-icon t2-icon-remove\" aria-hidden=\"true\" focusable=\"false\"><g stroke=\"currentColor\" stroke-linecap=\"round\" stroke-linejoin=\"round\" stroke-width=\"1\" style=\"transform: scale(1);vector-effect: non-scaling-stroke;\"><path d=\"M4 12H20\" stroke=\"currentColor\" stroke-linecap=\"round\" stroke-linejoin=\"round\"\/><\/g><\/svg><\/span>\n\t\t\t\t<\/button>\n\t\t\t<\/h2>\n\t\t\t<div class=\"t2-accordion-item__inner-container is-layout-flow\" id=\"accordion-panel-51\" aria-labelledby=\"axcel-continues-partnership-with-superoffice-through-the-creation-of-continuation-fund\" role=\"region\" hidden>\n\t\t\t\t\n\n<p><strong>Practise area:<\/strong> <br><a href=\"https:\/\/wiersholm.no\/kompetanser\/private-equity\/\">Private Equity<\/a><br><br><strong>Wiersholm core team<\/strong>: <br><a href=\"https:\/\/wiersholm.no\/mennesker\/kai\/\">Th\u00f8gersen, Kai<\/a>, <a href=\"https:\/\/wiersholm.no\/mennesker\/inro\/\">R\u00f8yn\u00e5s, Ingjerd<\/a>, <a href=\"https:\/\/wiersholm.no\/mennesker\/torp\/\">Paulsen, Tormod<\/a>, <a href=\"https:\/\/wiersholm.no\/mennesker\/cbha\/\">Berthling-Hansen, Celine<\/a>, <a href=\"https:\/\/wiersholm.no\/mennesker\/hena\/\">Aandstad, Henrik Olav<\/a>, <a href=\"https:\/\/wiersholm.no\/mennesker\/niv\/\">Vold, Nicolay<\/a>, <a href=\"https:\/\/wiersholm.no\/mennesker\/vese\/\">Seljestad, Vetle V. W.<\/a>, <a href=\"https:\/\/wiersholm.no\/mennesker\/adn\/\">Dahle-Nedrelid, Audun<\/a>, <a href=\"https:\/\/wiersholm.no\/mennesker\/eila\/\">Lauvstad, Eirik Heggenes<\/a><br><br><strong>Information:<\/strong> <br>Congratulations to Axcel and SuperOffice on their recent transaction!<\/p>\n\n\n\n<p>Wiersholm is proud to have assisted Axcel and SuperOffice with the establishment of a continuation fund acquiring SuperOffice, with Carlyle AlpInvest as lead investor.<\/p>\n\n\n\n<p>The transaction allows current investors to benefit from strong returns, while providing Axcel and new investors the opportunity to invest in a high-performing business with substantial growth potential.<br><br><strong>LinkedIn: <\/strong><br><a href=\"https:\/\/www.linkedin.com\/posts\/wiersholm_congratulations-to-axcel-and-superoffice-activity-7338111522071617536-s6AO?utm_source=share&amp;utm_medium=member_desktop&amp;rcm=ACoAADlzrAsBrDkyFqwjaoU8Zl5QOp8a8O0JPLo\">https:\/\/www.linkedin.com\/posts\/wiersholm_congratulations-to-axcel-and-superoffice-activity-7338111522071617536-s6AO?utm_source=share&amp;utm_medium=member_desktop&amp;rcm=ACoAADlzrAsBrDkyFqwjaoU8Zl5QOp8a8O0JPLo<\/a><\/p>\n\n\n\n<p><br><strong>Date: <\/strong><br>Juni 2025<\/p>\n\n\n\t\t\t<\/div>\n\t\t<\/div>\n\n<div class=\"t2-accordion-item wp-block-t2-accordion-item\" role=\"listitem\">\n\t\t\t<h2 class=\"t2-accordion-title\">\n\t\t\t\t<button type=\"button\" class=\"t2-accordion-trigger\" id=\"blinktroll-attracts-new-investors-to-further-strengthen-their-defence-business\" aria-controls=\"accordion-panel-52\" aria-expanded=\"false\">\n\t\t\t\t\tBlinkTroll attracts new investors to further strengthen their defence business\n\t\t\t\t\t<span class=\"t2-accordion-icon is-closed-icon\"><svg xmlns=\"http:\/\/www.w3.org\/2000\/svg\" viewBox=\"0 0 24 24\" height=\"24\" width=\"24\" class=\"t2-icon t2-icon-add\" aria-hidden=\"true\" focusable=\"false\"><g stroke=\"currentColor\" stroke-linecap=\"round\" stroke-linejoin=\"round\" stroke-width=\"1\" style=\"transform: scale(1);vector-effect: non-scaling-stroke;\"><path d=\"M12 4V20\" stroke=\"currentColor\" stroke-linecap=\"round\" stroke-linejoin=\"round\"\/><path d=\"M4 12H20\" stroke=\"currentColor\" stroke-linecap=\"round\" stroke-linejoin=\"round\"\/><\/g><\/svg><\/span>\n\t\t\t\t\t<span class=\"t2-accordion-icon is-open-icon\"><svg xmlns=\"http:\/\/www.w3.org\/2000\/svg\" viewBox=\"0 0 24 24\" height=\"24\" width=\"24\" class=\"t2-icon t2-icon-remove\" aria-hidden=\"true\" focusable=\"false\"><g stroke=\"currentColor\" stroke-linecap=\"round\" stroke-linejoin=\"round\" stroke-width=\"1\" style=\"transform: scale(1);vector-effect: non-scaling-stroke;\"><path d=\"M4 12H20\" stroke=\"currentColor\" stroke-linecap=\"round\" stroke-linejoin=\"round\"\/><\/g><\/svg><\/span>\n\t\t\t\t<\/button>\n\t\t\t<\/h2>\n\t\t\t<div class=\"t2-accordion-item__inner-container is-layout-flow\" id=\"accordion-panel-52\" aria-labelledby=\"blinktroll-attracts-new-investors-to-further-strengthen-their-defence-business\" role=\"region\" hidden>\n\t\t\t\t\n\n<p><strong>Practise area:<\/strong> <br><a href=\"https:\/\/wiersholm.no\/kompetanser\/venture-capital-growth-financing\/\">Venture Capital og vekstfinansiering<\/a><br><br><strong>Wiersholm core team<\/strong>: <br><a href=\"https:\/\/wiersholm.no\/mennesker\/keo\/\">Ottesen, Kristian Elvestad<\/a><a href=\"https:\/\/wiersholm.no\/mennesker\/sjfu\/\">,<\/a> <a href=\"https:\/\/wiersholm.no\/mennesker\/sjfu\/\">Funnemark, Sjur<\/a>, <a href=\"https:\/\/wiersholm.no\/mennesker\/hena\/\">Aandstad, Henrik Olav<\/a><br><br><strong>Information:<\/strong> <br>Congratulations to BlinkTroll Robotics on their successful private placement within the defence sector!<\/p>\n\n\n\n<p>Wiersholm is proud to have assisted BlinkTroll in securing investment from a Norwegian family office and Final Frontier.<\/p>\n\n\n\n<p>As a startup in the defence sector, BlinkTroll is revolutionising firearms training with its autonomous moving targets, and has even more exciting products in development.<\/p>\n\n\n\n<p>We look forward to following their journey alongside the new investors.<br><br><strong>LinkedIn: <\/strong><br><a href=\"https:\/\/www.linkedin.com\/posts\/wiersholm_congratulations-to-blinktroll-robotics-on-activity-7336746541749010432-6lUh?utm_source=share&amp;utm_medium=member_desktop&amp;rcm=ACoAADlzrAsBrDkyFqwjaoU8Zl5QOp8a8O0JPLo\">https:\/\/www.linkedin.com\/posts\/wiersholm_congratulations-to-blinktroll-robotics-on-activity-7336746541749010432-6lUh?utm_source=share&amp;utm_medium=member_desktop&amp;rcm=ACoAADlzrAsBrDkyFqwjaoU8Zl5QOp8a8O0JPLo<\/a><\/p>\n\n\n\n<p><br><strong>Date: <\/strong><br>Juni 2025<\/p>\n\n\n\t\t\t<\/div>\n\t\t<\/div>\n\n<div class=\"t2-accordion-item wp-block-t2-accordion-item\" role=\"listitem\">\n\t\t\t<h2 class=\"t2-accordion-title\">\n\t\t\t\t<button type=\"button\" class=\"t2-accordion-trigger\" id=\"v\u00e5r-energi-asa-secures-usd-2,750,000,000-in-revolving-credit-facilities\" aria-controls=\"accordion-panel-53\" aria-expanded=\"false\">\n\t\t\t\t\tV\u00e5r Energi ASA secures USD 2,750,000,000 in revolving credit facilities\n\t\t\t\t\t<span class=\"t2-accordion-icon is-closed-icon\"><svg xmlns=\"http:\/\/www.w3.org\/2000\/svg\" viewBox=\"0 0 24 24\" height=\"24\" width=\"24\" class=\"t2-icon t2-icon-add\" aria-hidden=\"true\" focusable=\"false\"><g stroke=\"currentColor\" stroke-linecap=\"round\" stroke-linejoin=\"round\" stroke-width=\"1\" style=\"transform: scale(1);vector-effect: non-scaling-stroke;\"><path d=\"M12 4V20\" stroke=\"currentColor\" stroke-linecap=\"round\" stroke-linejoin=\"round\"\/><path d=\"M4 12H20\" stroke=\"currentColor\" stroke-linecap=\"round\" stroke-linejoin=\"round\"\/><\/g><\/svg><\/span>\n\t\t\t\t\t<span class=\"t2-accordion-icon is-open-icon\"><svg xmlns=\"http:\/\/www.w3.org\/2000\/svg\" viewBox=\"0 0 24 24\" height=\"24\" width=\"24\" class=\"t2-icon t2-icon-remove\" aria-hidden=\"true\" focusable=\"false\"><g stroke=\"currentColor\" stroke-linecap=\"round\" stroke-linejoin=\"round\" stroke-width=\"1\" style=\"transform: scale(1);vector-effect: non-scaling-stroke;\"><path d=\"M4 12H20\" stroke=\"currentColor\" stroke-linecap=\"round\" stroke-linejoin=\"round\"\/><\/g><\/svg><\/span>\n\t\t\t\t<\/button>\n\t\t\t<\/h2>\n\t\t\t<div class=\"t2-accordion-item__inner-container is-layout-flow\" id=\"accordion-panel-53\" aria-labelledby=\"v\u00e5r-energi-asa-secures-usd-2,750,000,000-in-revolving-credit-facilities\" role=\"region\" hidden>\n\t\t\t\t\n\n<p><strong>Practise area:<\/strong> <br><a href=\"https:\/\/wiersholm.no\/kompetanser\/kapitalmarkeder-ecm-dcm\/\">Kapitalmarkeder (ECM)<\/a><br><br><strong>Wiersholm core team<\/strong>: <br><a href=\"https:\/\/wiersholm.no\/mennesker\/aga\/\">Gabrielsen, Atle<\/a> <a href=\"https:\/\/wiersholm.no\/mennesker\/krit\/\">Tandy, Kristin<\/a><br><br><strong>Information:<\/strong> <br>V\u00e5r Energi has entered into a USD 2,750,000,000 senior unsecured multicurrency facilities agreement with a syndicate of 13 banks, with DNB Carnegie acting as documentation agent, coordinating bookrunner, and mandated lead arranger.<\/p>\n\n\n\n<p>The new facilities replace those obtained by V\u00e5r Energi ASA in 2021 and 2023.<\/p>\n\n\n\n<p>Wiersholm has had the pleasure of acting for DNB and the group of banks in this transaction.<br><br><strong>LinkedIn: <\/strong><br><a href=\"https:\/\/www.linkedin.com\/posts\/wiersholm_v%C3%A5r-energi-has-entered-into-a-usd-2750000000-activity-7335226780498161664-sdL4?utm_source=share&amp;utm_medium=member_desktop&amp;rcm=ACoAADlzrAsBrDkyFqwjaoU8Zl5QOp8a8O0JPLo\">https:\/\/www.linkedin.com\/posts\/wiersholm_v%C3%A5r-energi-has-entered-into-a-usd-2750000000-activity-7335226780498161664-sdL4?utm_source=share&amp;utm_medium=member_desktop&amp;rcm=ACoAADlzrAsBrDkyFqwjaoU8Zl5QOp8a8O0JPLo<\/a><\/p>\n\n\n\n<p><br><strong>Date: <\/strong><br>Mai 2025<\/p>\n\n\n\t\t\t<\/div>\n\t\t<\/div>\n\n<div class=\"t2-accordion-item wp-block-t2-accordion-item\" role=\"listitem\">\n\t\t\t<h2 class=\"t2-accordion-title\">\n\t\t\t\t<button type=\"button\" class=\"t2-accordion-trigger\" id=\"kistefos-as-acquires-holberg-fondsforvaltning-as\" aria-controls=\"accordion-panel-54\" aria-expanded=\"false\">\n\t\t\t\t\tKistefos AS acquires Holberg Fondsforvaltning AS\n\t\t\t\t\t<span class=\"t2-accordion-icon is-closed-icon\"><svg xmlns=\"http:\/\/www.w3.org\/2000\/svg\" viewBox=\"0 0 24 24\" height=\"24\" width=\"24\" class=\"t2-icon t2-icon-add\" aria-hidden=\"true\" focusable=\"false\"><g stroke=\"currentColor\" stroke-linecap=\"round\" stroke-linejoin=\"round\" stroke-width=\"1\" style=\"transform: scale(1);vector-effect: non-scaling-stroke;\"><path d=\"M12 4V20\" stroke=\"currentColor\" stroke-linecap=\"round\" stroke-linejoin=\"round\"\/><path d=\"M4 12H20\" stroke=\"currentColor\" stroke-linecap=\"round\" stroke-linejoin=\"round\"\/><\/g><\/svg><\/span>\n\t\t\t\t\t<span class=\"t2-accordion-icon is-open-icon\"><svg xmlns=\"http:\/\/www.w3.org\/2000\/svg\" viewBox=\"0 0 24 24\" height=\"24\" width=\"24\" class=\"t2-icon t2-icon-remove\" aria-hidden=\"true\" focusable=\"false\"><g stroke=\"currentColor\" stroke-linecap=\"round\" stroke-linejoin=\"round\" stroke-width=\"1\" style=\"transform: scale(1);vector-effect: non-scaling-stroke;\"><path d=\"M4 12H20\" stroke=\"currentColor\" stroke-linecap=\"round\" stroke-linejoin=\"round\"\/><\/g><\/svg><\/span>\n\t\t\t\t<\/button>\n\t\t\t<\/h2>\n\t\t\t<div class=\"t2-accordion-item__inner-container is-layout-flow\" id=\"accordion-panel-54\" aria-labelledby=\"kistefos-as-acquires-holberg-fondsforvaltning-as\" role=\"region\" hidden>\n\t\t\t\t\n\n<p><strong>Practise area:<\/strong> <br><a href=\"https:\/\/wiersholm.no\/kompetanser\/ma\/\">Fusjoner og oppkj\u00f8p (M&amp;A)<\/a><br><br><strong>Wiersholm core team<\/strong>: <br><a href=\"https:\/\/wiersholm.no\/mennesker\/shh\/\">Hanken, Svein-Helge<\/a> <a href=\"https:\/\/wiersholm.no\/mennesker\/rsha\/\">Hafting, Ragnar Stoknes<\/a> <a href=\"https:\/\/wiersholm.no\/mennesker\/lime\/\">Meyer, Line Svensdatter<\/a><br><br><strong>Information:<\/strong> <br><em>Congratulations to Kistefos AS on an exciting transaction! &nbsp;<\/em><\/p>\n\n\n\n<p><em>Wiersholm has had the pleasure of assisting Kistefos in connection with the acquisition of Holberg Fondsforvaltning AS from DNB Carnegie. Holberg Fondsforvaltning is a leading, independent and active fund manager with approximately 37 billion NOK in assets under management, investing in equity and fixed-income funds.<\/em><br><br><strong>LinkedIn: <\/strong><br><a href=\"https:\/\/www.linkedin.com\/feed\/update\/urn:li:activity:7333075311120560128\">https:\/\/www.linkedin.com\/posts\/wiersholm_wiersholm-has-the-pleasure-of-advising-subsea7-activity-7300120862748270592-WNAd?utm_source=share&amp;utm_medium=member_desktop&amp;rcm=ACoAAA80_CoBEsrJ_EV2UstezNi29p2Gm1qNaxk<\/a><br><br><strong>Date: <\/strong><br>Mai 2025<\/p>\n\n\n\t\t\t<\/div>\n\t\t<\/div>\n\n<div class=\"t2-accordion-item wp-block-t2-accordion-item\" role=\"listitem\">\n\t\t\t<h2 class=\"t2-accordion-title\">\n\t\t\t\t<button type=\"button\" class=\"t2-accordion-trigger\" id=\"dalane-kraft-as-now-solely-owns-dalane-vind-as\" aria-controls=\"accordion-panel-55\" aria-expanded=\"false\">\n\t\t\t\t\tDalane Kraft AS now solely owns Dalane Vind AS\n\t\t\t\t\t<span class=\"t2-accordion-icon is-closed-icon\"><svg xmlns=\"http:\/\/www.w3.org\/2000\/svg\" viewBox=\"0 0 24 24\" height=\"24\" width=\"24\" class=\"t2-icon t2-icon-add\" aria-hidden=\"true\" focusable=\"false\"><g stroke=\"currentColor\" stroke-linecap=\"round\" stroke-linejoin=\"round\" stroke-width=\"1\" style=\"transform: scale(1);vector-effect: non-scaling-stroke;\"><path d=\"M12 4V20\" stroke=\"currentColor\" stroke-linecap=\"round\" stroke-linejoin=\"round\"\/><path d=\"M4 12H20\" stroke=\"currentColor\" stroke-linecap=\"round\" stroke-linejoin=\"round\"\/><\/g><\/svg><\/span>\n\t\t\t\t\t<span class=\"t2-accordion-icon is-open-icon\"><svg xmlns=\"http:\/\/www.w3.org\/2000\/svg\" viewBox=\"0 0 24 24\" height=\"24\" width=\"24\" class=\"t2-icon t2-icon-remove\" aria-hidden=\"true\" focusable=\"false\"><g stroke=\"currentColor\" stroke-linecap=\"round\" stroke-linejoin=\"round\" stroke-width=\"1\" style=\"transform: scale(1);vector-effect: non-scaling-stroke;\"><path d=\"M4 12H20\" stroke=\"currentColor\" stroke-linecap=\"round\" stroke-linejoin=\"round\"\/><\/g><\/svg><\/span>\n\t\t\t\t<\/button>\n\t\t\t<\/h2>\n\t\t\t<div class=\"t2-accordion-item__inner-container is-layout-flow\" id=\"accordion-panel-55\" aria-labelledby=\"dalane-kraft-as-now-solely-owns-dalane-vind-as\" role=\"region\" hidden>\n\t\t\t\t\n\n<p><strong>Practise area:<\/strong> <br><a href=\"https:\/\/wiersholm.no\/kompetanser\/ma\/\">Fusjoner og oppkj\u00f8p (M&amp;A)<\/a><br><br><strong>Wiersholm core team<\/strong>: <br><a href=\"https:\/\/wiersholm.no\/mennesker\/ieb\/\">Bartnes, Inge Ekker<\/a> <a href=\"https:\/\/wiersholm.no\/mennesker\/towe\/\">Wetteland, Tone<\/a><br><br><strong>Information:<\/strong> <br>Dalane Kraft and Dalane Energi have acquired Cloudberry&#8217;s 80% stake in Dalane Vind AS, the owner of Sv\u00e5heia Wind Farm. <\/p>\n\n\n\n<p><span style=\"margin: 0px;padding: 0px;border-style: none;border-width: 0px;font-size: 14px;vertical-align: baseline;, Helvetica, Arial, sans-serif;line-height: inherit !important\"><\/span>Sv\u00e5heia Wind Farm features seven operational Vestas turbines, with an estimated annual production of 70 GWh. <span style=\"margin: 0px;padding: 0px;border-style: none;border-width: 0px;font-size: 14px;vertical-align: baseline;, Helvetica, Arial, sans-serif;line-height: inherit !important\"><\/span>The wind farm has been commercially active since 2018.&#8221;<br><br><strong>LinkedIn: <\/strong><br><a href=\"https:\/\/www.linkedin.com\/feed\/update\/urn:li:activity:7330910629496549377\">https:\/\/www.linkedin.com\/posts\/wiersholm_wiersholm-has-the-pleasure-of-advising-subsea7-activity-7300120862748270592-WNAd?utm_source=share&amp;utm_medium=member_desktop&amp;rcm=ACoAAA80_CoBEsrJ_EV2UstezNi29p2Gm1qNaxk<\/a><br><br><strong>Date: <\/strong><br>Mai 2025<\/p>\n\n\n\t\t\t<\/div>\n\t\t<\/div>\n\n<div class=\"t2-accordion-item wp-block-t2-accordion-item\" role=\"listitem\">\n\t\t\t<h2 class=\"t2-accordion-title\">\n\t\t\t\t<button type=\"button\" class=\"t2-accordion-trigger\" id=\"ionity-secured-financing-of-up-to-eur-600m\" aria-controls=\"accordion-panel-56\" aria-expanded=\"false\">\n\t\t\t\t\tIONITY secured financing of up to EUR 600m\n\t\t\t\t\t<span class=\"t2-accordion-icon is-closed-icon\"><svg xmlns=\"http:\/\/www.w3.org\/2000\/svg\" viewBox=\"0 0 24 24\" height=\"24\" width=\"24\" class=\"t2-icon t2-icon-add\" aria-hidden=\"true\" focusable=\"false\"><g stroke=\"currentColor\" stroke-linecap=\"round\" stroke-linejoin=\"round\" stroke-width=\"1\" style=\"transform: scale(1);vector-effect: non-scaling-stroke;\"><path d=\"M12 4V20\" stroke=\"currentColor\" stroke-linecap=\"round\" stroke-linejoin=\"round\"\/><path d=\"M4 12H20\" stroke=\"currentColor\" stroke-linecap=\"round\" stroke-linejoin=\"round\"\/><\/g><\/svg><\/span>\n\t\t\t\t\t<span class=\"t2-accordion-icon is-open-icon\"><svg xmlns=\"http:\/\/www.w3.org\/2000\/svg\" viewBox=\"0 0 24 24\" height=\"24\" width=\"24\" class=\"t2-icon t2-icon-remove\" aria-hidden=\"true\" focusable=\"false\"><g stroke=\"currentColor\" stroke-linecap=\"round\" stroke-linejoin=\"round\" stroke-width=\"1\" style=\"transform: scale(1);vector-effect: non-scaling-stroke;\"><path d=\"M4 12H20\" stroke=\"currentColor\" stroke-linecap=\"round\" stroke-linejoin=\"round\"\/><\/g><\/svg><\/span>\n\t\t\t\t<\/button>\n\t\t\t<\/h2>\n\t\t\t<div class=\"t2-accordion-item__inner-container is-layout-flow\" id=\"accordion-panel-56\" aria-labelledby=\"ionity-secured-financing-of-up-to-eur-600m\" role=\"region\" hidden>\n\t\t\t\t\n\n<p><strong>Practise area:<\/strong> <br><a href=\"https:\/\/wiersholm.no\/kompetanser\/kapitalmarkeder-ecm-dcm\/\">Kapitalmarkeder (ECM)<\/a> <br><br><strong>Wiersholm core team<\/strong>: <br><a href=\"https:\/\/wiersholm.no\/mennesker\/ieb\/\">Bartnes, Inge Ekker<\/a> <a href=\"https:\/\/wiersholm.no\/mennesker\/svve\/\">Vesterheim, Svanhild<\/a> and <a href=\"https:\/\/wiersholm.no\/mennesker\/vitr\/\">Tran, Vinh<\/a><br><br><strong>Information:<\/strong> <br><a href=\"https:\/\/www.linkedin.com\/company\/wiersholm\/\">Wiersholm<\/a> has together with A&amp;O Shearman advised IONITY GmbH in connection with a financing of up to 600 million euros.<br><br>The financing includes 450 million euros in committed green loan facilities and a so-called accordion facility, i.e., the option to increase the credit line by up to 150 million euros at a later date to support future growth. This marks the largest loan transaction ever made in the European EV charging industry and underscores the market\u2019s trust in IONITY\u2019s long-term vision.<span style=\"margin: 0px;padding: 0px;border-style: none;border-width: 0px;font-size: 14px;vertical-align: baseline;, Helvetica, Arial, sans-serif;line-height: inherit !important\"><\/span> <span style=\"margin: 0px;padding: 0px;border-style: none;border-width: 0px;font-size: 14px;vertical-align: baseline;, Helvetica, Arial, sans-serif;line-height: inherit !important\"><\/span>Currently operating over 5,000 charging points, IONITY aims to more than double the number of charging points to approximately 13,000 and grow its network to more than 1,300 charging sites by the end of 2030. Today, IONITY chargers can provide a minimum of 400 kW, enabling up to 300 kilometres of range in just 10 to 15 minutes. As the only European network supporting 800V vehicle architectures at every charging point, IONITY is built to meet the demands of today\u2019s electric vehicles and the performance standards of next-generation models.<br><br><strong>LinkedIn: <\/strong><br><a href=\"https:\/\/www.linkedin.com\/feed\/update\/urn:li:activity:7329135525381017600\">https:\/\/www.linkedin.com\/posts\/wiersholm_wiersholm-has-the-pleasure-of-advising-subsea7-activity-7300120862748270592-WNAd?utm_source=share&amp;utm_medium=member_desktop&amp;rcm=ACoAAA80_CoBEsrJ_EV2UstezNi29p2Gm1qNaxk<\/a><br><br><strong>Date: <\/strong><br>Mai 2025<\/p>\n\n\n\t\t\t<\/div>\n\t\t<\/div>\n\n<div class=\"t2-accordion-item wp-block-t2-accordion-item\" role=\"listitem\">\n\t\t\t<h2 class=\"t2-accordion-title\">\n\t\t\t\t<button type=\"button\" class=\"t2-accordion-trigger\" id=\"visma-sells-admincontrol-to-euronext\" aria-controls=\"accordion-panel-57\" aria-expanded=\"false\">\n\t\t\t\t\tVisma sells Admincontrol to Euronext\n\t\t\t\t\t<span class=\"t2-accordion-icon is-closed-icon\"><svg xmlns=\"http:\/\/www.w3.org\/2000\/svg\" viewBox=\"0 0 24 24\" height=\"24\" width=\"24\" class=\"t2-icon t2-icon-add\" aria-hidden=\"true\" focusable=\"false\"><g stroke=\"currentColor\" stroke-linecap=\"round\" stroke-linejoin=\"round\" stroke-width=\"1\" style=\"transform: scale(1);vector-effect: non-scaling-stroke;\"><path d=\"M12 4V20\" stroke=\"currentColor\" stroke-linecap=\"round\" stroke-linejoin=\"round\"\/><path d=\"M4 12H20\" stroke=\"currentColor\" stroke-linecap=\"round\" stroke-linejoin=\"round\"\/><\/g><\/svg><\/span>\n\t\t\t\t\t<span class=\"t2-accordion-icon is-open-icon\"><svg xmlns=\"http:\/\/www.w3.org\/2000\/svg\" viewBox=\"0 0 24 24\" height=\"24\" width=\"24\" class=\"t2-icon t2-icon-remove\" aria-hidden=\"true\" focusable=\"false\"><g stroke=\"currentColor\" stroke-linecap=\"round\" stroke-linejoin=\"round\" stroke-width=\"1\" style=\"transform: scale(1);vector-effect: non-scaling-stroke;\"><path d=\"M4 12H20\" stroke=\"currentColor\" stroke-linecap=\"round\" stroke-linejoin=\"round\"\/><\/g><\/svg><\/span>\n\t\t\t\t<\/button>\n\t\t\t<\/h2>\n\t\t\t<div class=\"t2-accordion-item__inner-container is-layout-flow\" id=\"accordion-panel-57\" aria-labelledby=\"visma-sells-admincontrol-to-euronext\" role=\"region\" hidden>\n\t\t\t\t\n\n<p><strong>Practise area:<\/strong> <br><a href=\"https:\/\/wiersholm.no\/kompetanser\/kapitalmarkeder-ecm-dcm\/\">Fusjoner og oppkj\u00f8p (M&amp;A<\/a><a href=\"https:\/\/wiersholm.no\/kompetanser\/ma\/\">)<\/a><br><br><strong>Wiersholm core team<\/strong>: <br><a href=\"https:\/\/wiersholm.no\/mennesker\/kai\/\">Th\u00f8gersen, Kai<\/a> <a href=\"https:\/\/wiersholm.no\/mennesker\/keo\/\">Ottesen, Kristian Elvestad<\/a> <a href=\"https:\/\/wiersholm.no\/mennesker\/bihe\/\">S\u00f8rensen, Birgitte Meistad<\/a> <a href=\"https:\/\/wiersholm.no\/mennesker\/hena\/\">Aandstad, Henrik Olav<\/a> and <a href=\"https:\/\/wiersholm.no\/mennesker\/cher\/\">Herredsvela, Christoffer<\/a><br><br><strong>Information:<\/strong> <br>Congratulations to Visma with a successful divestment!<br><br><a href=\"https:\/\/www.linkedin.com\/company\/wiersholm\/\">Wiersholm<\/a> has had the pleasure of assisting <a href=\"https:\/\/www.linkedin.com\/company\/visma\/\">Visma<\/a> in the sale of <a href=\"https:\/\/www.linkedin.com\/company\/admincontrol-as\/\">Admincontrol<\/a> to Euronext.<br><br>Admincontrol is the leading SaaS provider offering critical board and corporate workflow management and transaction management services in the UK and the Nordics. Admincontrol has been a part of the Visma family since 2017.<br><br><strong>LinkedIn: <\/strong><br><a href=\"https:\/\/www.linkedin.com\/feed\/update\/urn:li:activity:7329069127216660482\">https:\/\/www.linkedin.com\/posts\/wiersholm_wiersholm-has-the-pleasure-of-advising-subsea7-activity-7300120862748270592-WNAd?utm_source=share&amp;utm_medium=member_desktop&amp;rcm=ACoAAA80_CoBEsrJ_EV2UstezNi29p2Gm1qNaxk<\/a><br><br><strong>Date: <\/strong><br>Mai 2025<\/p>\n\n\n\t\t\t<\/div>\n\t\t<\/div>\n\n<div class=\"t2-accordion-item wp-block-t2-accordion-item\" role=\"listitem\">\n\t\t\t<h2 class=\"t2-accordion-title\">\n\t\t\t\t<button type=\"button\" class=\"t2-accordion-trigger\" id=\"pharmalogic-acquires-majority-stake-in-agilera-pharma-as\" aria-controls=\"accordion-panel-58\" aria-expanded=\"false\">\n\t\t\t\t\tPharmaLogic acquires majority stake in Agilera Pharma AS\n\t\t\t\t\t<span class=\"t2-accordion-icon is-closed-icon\"><svg xmlns=\"http:\/\/www.w3.org\/2000\/svg\" viewBox=\"0 0 24 24\" height=\"24\" width=\"24\" class=\"t2-icon t2-icon-add\" aria-hidden=\"true\" focusable=\"false\"><g stroke=\"currentColor\" stroke-linecap=\"round\" stroke-linejoin=\"round\" stroke-width=\"1\" style=\"transform: scale(1);vector-effect: non-scaling-stroke;\"><path d=\"M12 4V20\" stroke=\"currentColor\" stroke-linecap=\"round\" stroke-linejoin=\"round\"\/><path d=\"M4 12H20\" stroke=\"currentColor\" stroke-linecap=\"round\" stroke-linejoin=\"round\"\/><\/g><\/svg><\/span>\n\t\t\t\t\t<span class=\"t2-accordion-icon is-open-icon\"><svg xmlns=\"http:\/\/www.w3.org\/2000\/svg\" viewBox=\"0 0 24 24\" height=\"24\" width=\"24\" class=\"t2-icon t2-icon-remove\" aria-hidden=\"true\" focusable=\"false\"><g stroke=\"currentColor\" stroke-linecap=\"round\" stroke-linejoin=\"round\" stroke-width=\"1\" style=\"transform: scale(1);vector-effect: non-scaling-stroke;\"><path d=\"M4 12H20\" stroke=\"currentColor\" stroke-linecap=\"round\" stroke-linejoin=\"round\"\/><\/g><\/svg><\/span>\n\t\t\t\t<\/button>\n\t\t\t<\/h2>\n\t\t\t<div class=\"t2-accordion-item__inner-container is-layout-flow\" id=\"accordion-panel-58\" aria-labelledby=\"pharmalogic-acquires-majority-stake-in-agilera-pharma-as\" role=\"region\" hidden>\n\t\t\t\t\n\n<p><strong>Practise area:<\/strong> <br><a href=\"https:\/\/wiersholm.no\/kompetanser\/kapitalmarkeder-ecm-dcm\/\">Fusjoner og oppkj\u00f8p (M&amp;A<\/a><a href=\"https:\/\/wiersholm.no\/kompetanser\/ma\/\">)<\/a><br><br><strong>Wiersholm core team<\/strong>: <br><a href=\"https:\/\/wiersholm.no\/mennesker\/sjfu\/\">Funnemark, Sjur<\/a> <a href=\"https:\/\/wiersholm.no\/mennesker\/freh\/\">Hammerstr\u00f8m, Fredrik<\/a> <a href=\"https:\/\/wiersholm.no\/mennesker\/kai\/\">Th\u00f8gersen, Kai<\/a><br><br><strong>Information:<\/strong> <br>Congratulations to PharmaLogic on an exciting strategic transaction!<br><br><a href=\"https:\/\/www.linkedin.com\/company\/wiersholm\/\">Wiersholm<\/a> has had the pleasure of assisting <a href=\"https:\/\/www.linkedin.com\/company\/pharmalogic-holdings-corp\/\">PharmaLogic<\/a> in connection with the acquisition of a majority stake in <a href=\"https:\/\/www.linkedin.com\/company\/agilera-pharma-as\/\">Agilera Pharma AS<\/a> from <a href=\"https:\/\/www.linkedin.com\/company\/institute-for-energy-technology\/\">Institute for Energy Technology<\/a>.<br><br>Agilera Pharma AS is a contract development and manufacturing organization (CDMO) specializing in radiopharmaceuticals. The transaction marks an important milestone for PharmaLogic by allowing them to create the first fully-integrated, global CDMO specializing in radiopharmaceutical therapies.<br><br><strong>LinkedIn: <\/strong><br><a href=\"https:\/\/www.linkedin.com\/feed\/update\/urn:li:activity:7316364924916588544\">https:\/\/www.linkedin.com\/posts\/wiersholm_wiersholm-has-the-pleasure-of-advising-subsea7-activity-7300120862748270592-WNAd?utm_source=share&amp;utm_medium=member_desktop&amp;rcm=ACoAAA80_CoBEsrJ_EV2UstezNi29p2Gm1qNaxk<\/a><br><br><strong>Date: <\/strong><br>April 2025<\/p>\n\n\n\t\t\t<\/div>\n\t\t<\/div>\n\n<div class=\"t2-accordion-item wp-block-t2-accordion-item\" role=\"listitem\">\n\t\t\t<h2 class=\"t2-accordion-title\">\n\t\t\t\t<button type=\"button\" class=\"t2-accordion-trigger\" id=\"aars-invest-as-acquires-northcom-solutions-as\" aria-controls=\"accordion-panel-59\" aria-expanded=\"false\">\n\t\t\t\t\tAars Invest AS Acquires Northcom Solutions AS\n\t\t\t\t\t<span class=\"t2-accordion-icon is-closed-icon\"><svg xmlns=\"http:\/\/www.w3.org\/2000\/svg\" viewBox=\"0 0 24 24\" height=\"24\" width=\"24\" class=\"t2-icon t2-icon-add\" aria-hidden=\"true\" focusable=\"false\"><g stroke=\"currentColor\" stroke-linecap=\"round\" stroke-linejoin=\"round\" stroke-width=\"1\" style=\"transform: scale(1);vector-effect: non-scaling-stroke;\"><path d=\"M12 4V20\" stroke=\"currentColor\" stroke-linecap=\"round\" stroke-linejoin=\"round\"\/><path d=\"M4 12H20\" stroke=\"currentColor\" stroke-linecap=\"round\" stroke-linejoin=\"round\"\/><\/g><\/svg><\/span>\n\t\t\t\t\t<span class=\"t2-accordion-icon is-open-icon\"><svg xmlns=\"http:\/\/www.w3.org\/2000\/svg\" viewBox=\"0 0 24 24\" height=\"24\" width=\"24\" class=\"t2-icon t2-icon-remove\" aria-hidden=\"true\" focusable=\"false\"><g stroke=\"currentColor\" stroke-linecap=\"round\" stroke-linejoin=\"round\" stroke-width=\"1\" style=\"transform: scale(1);vector-effect: non-scaling-stroke;\"><path d=\"M4 12H20\" stroke=\"currentColor\" stroke-linecap=\"round\" stroke-linejoin=\"round\"\/><\/g><\/svg><\/span>\n\t\t\t\t<\/button>\n\t\t\t<\/h2>\n\t\t\t<div class=\"t2-accordion-item__inner-container is-layout-flow\" id=\"accordion-panel-59\" aria-labelledby=\"aars-invest-as-acquires-northcom-solutions-as\" role=\"region\" hidden>\n\t\t\t\t\n\n<p><strong>Practise area:<\/strong> <br><a href=\"https:\/\/wiersholm.no\/kompetanser\/kapitalmarkeder-ecm-dcm\/\">Fusjoner og oppkj\u00f8p (M&amp;A<\/a><a href=\"https:\/\/wiersholm.no\/kompetanser\/ma\/\">)<\/a><br><br><strong>Wiersholm core team<\/strong>: <br><a href=\"https:\/\/wiersholm.no\/mennesker\/inro\/\">R\u00f8yn\u00e5s, Ingjerd<\/a> <a href=\"https:\/\/wiersholm.no\/mennesker\/rsha\/\">Hafting, Ragnar Stoknes<\/a> <a href=\"https:\/\/wiersholm.no\/mennesker\/nohe\/\">Heiberg, Nora<\/a> <a href=\"https:\/\/wiersholm.no\/mennesker\/hcst\/\">St\u00f8rdal, H\u00e5kon Cosma<\/a> <a href=\"https:\/\/wiersholm.no\/mennesker\/chnm\/\">Mollestad, Christoffer Nyegaard<\/a> <a href=\"https:\/\/wiersholm.no\/mennesker\/ambe\/\">Bentzen, Amalie J\u00e6ger<\/a><br><br><strong>Information:<\/strong> <br>Congratulations to <a href=\"https:\/\/www.linkedin.com\/company\/aars-as\/\">Aars AS<\/a> with the acquisition of <a href=\"https:\/\/www.linkedin.com\/company\/northcom-no\/\">Northcom.no<\/a>!<br><br>Northcom offers a range of critical communication products and solutions targeting both the public and private sector, with core customer segments including emergency services (police, fire, healthcare), defence, transportation and utilities. The current owner family, Hagen Stomperud, will sell approximately 70 percent of Northcom to the M\u00f8ller family&#8217;s investment company Aars and retain approximately 30 percent ownership following the transaction.<br><br><strong>LinkedIn: <\/strong><br><a href=\"https:\/\/www.linkedin.com\/feed\/update\/urn:li:activity:7313874422539464705\">https:\/\/www.linkedin.com\/posts\/wiersholm_wiersholm-has-the-pleasure-of-advising-subsea7-activity-7300120862748270592-WNAd?utm_source=share&amp;utm_medium=member_desktop&amp;rcm=ACoAAA80_CoBEsrJ_EV2UstezNi29p2Gm1qNaxk<\/a><br><br><strong>Date: <\/strong><br>April 2025<\/p>\n\n\n\t\t\t<\/div>\n\t\t<\/div>\n\n<div class=\"t2-accordion-item wp-block-t2-accordion-item\" role=\"listitem\">\n\t\t\t<h2 class=\"t2-accordion-title\">\n\t\t\t\t<button type=\"button\" class=\"t2-accordion-trigger\" id=\"arcus-infrastructure-partners-acquires-abyss-group\" aria-controls=\"accordion-panel-60\" aria-expanded=\"false\">\n\t\t\t\t\tArcus Infrastructure Partners acquires Abyss Group\n\t\t\t\t\t<span class=\"t2-accordion-icon is-closed-icon\"><svg xmlns=\"http:\/\/www.w3.org\/2000\/svg\" viewBox=\"0 0 24 24\" height=\"24\" width=\"24\" class=\"t2-icon t2-icon-add\" aria-hidden=\"true\" focusable=\"false\"><g stroke=\"currentColor\" stroke-linecap=\"round\" stroke-linejoin=\"round\" stroke-width=\"1\" style=\"transform: scale(1);vector-effect: non-scaling-stroke;\"><path d=\"M12 4V20\" stroke=\"currentColor\" stroke-linecap=\"round\" stroke-linejoin=\"round\"\/><path d=\"M4 12H20\" stroke=\"currentColor\" stroke-linecap=\"round\" stroke-linejoin=\"round\"\/><\/g><\/svg><\/span>\n\t\t\t\t\t<span class=\"t2-accordion-icon is-open-icon\"><svg xmlns=\"http:\/\/www.w3.org\/2000\/svg\" viewBox=\"0 0 24 24\" height=\"24\" width=\"24\" class=\"t2-icon t2-icon-remove\" aria-hidden=\"true\" focusable=\"false\"><g stroke=\"currentColor\" stroke-linecap=\"round\" stroke-linejoin=\"round\" stroke-width=\"1\" style=\"transform: scale(1);vector-effect: non-scaling-stroke;\"><path d=\"M4 12H20\" stroke=\"currentColor\" stroke-linecap=\"round\" stroke-linejoin=\"round\"\/><\/g><\/svg><\/span>\n\t\t\t\t<\/button>\n\t\t\t<\/h2>\n\t\t\t<div class=\"t2-accordion-item__inner-container is-layout-flow\" id=\"accordion-panel-60\" aria-labelledby=\"arcus-infrastructure-partners-acquires-abyss-group\" role=\"region\" hidden>\n\t\t\t\t\n\n<p><strong>Practise area:<\/strong> <br><a href=\"https:\/\/wiersholm.no\/kompetanser\/kapitalmarkeder-ecm-dcm\/\">Fusjoner og oppkj\u00f8p (M&amp;A<\/a><a href=\"https:\/\/wiersholm.no\/kompetanser\/ma\/\">)<\/a><br><br><strong>Wiersholm core team<\/strong>: <br><a href=\"https:\/\/wiersholm.no\/mennesker\/erkj\/\"> <\/a><a href=\"https:\/\/wiersholm.no\/mennesker\/shh\/\">Hanken, Svein-Helge<\/a> <a href=\"https:\/\/wiersholm.no\/mennesker\/adn\/\">Dahle-Nedrelid, Audun<\/a> <a href=\"https:\/\/wiersholm.no\/mennesker\/ogob\/\">Brown, Oscar<\/a> <a href=\"https:\/\/wiersholm.no\/mennesker\/mkva\/\">Kvadsheim, Mathea<\/a><br><br><strong>Information:<\/strong> <br>Wiersholm has had the pleasure of<br>assisting Arcus Infrastructure Partners LLP in connection with the<br>acquisition of Abyss AS, the second largest service vessels provider in the<br>Norwegian salmon farming sector.<br><br><strong>LinkedIn: <\/strong><br><a href=\"https:\/\/www.linkedin.com\/feed\/update\/urn:li:activity:7310999487626252288\">https:\/\/www.linkedin.com\/posts\/wiersholm_wiersholm-has-the-pleasure-of-advising-subsea7-activity-7300120862748270592-WNAd?utm_source=share&amp;utm_medium=member_desktop&amp;rcm=ACoAAA80_CoBEsrJ_EV2UstezNi29p2Gm1qNaxk<\/a><br><br><strong>Date: <\/strong><br>March 2025<\/p>\n\n\n\t\t\t<\/div>\n\t\t<\/div>\n\n<div class=\"t2-accordion-item wp-block-t2-accordion-item\" role=\"listitem\">\n\t\t\t<h2 class=\"t2-accordion-title\">\n\t\t\t\t<button type=\"button\" class=\"t2-accordion-trigger\" id=\"jottacloud-and-min-sky-join-forces\" aria-controls=\"accordion-panel-61\" aria-expanded=\"false\">\n\t\t\t\t\tJottacloud and Min Sky join forces\n\t\t\t\t\t<span class=\"t2-accordion-icon is-closed-icon\"><svg xmlns=\"http:\/\/www.w3.org\/2000\/svg\" viewBox=\"0 0 24 24\" height=\"24\" width=\"24\" class=\"t2-icon t2-icon-add\" aria-hidden=\"true\" focusable=\"false\"><g stroke=\"currentColor\" stroke-linecap=\"round\" stroke-linejoin=\"round\" stroke-width=\"1\" style=\"transform: scale(1);vector-effect: non-scaling-stroke;\"><path d=\"M12 4V20\" stroke=\"currentColor\" stroke-linecap=\"round\" stroke-linejoin=\"round\"\/><path d=\"M4 12H20\" stroke=\"currentColor\" stroke-linecap=\"round\" stroke-linejoin=\"round\"\/><\/g><\/svg><\/span>\n\t\t\t\t\t<span class=\"t2-accordion-icon is-open-icon\"><svg xmlns=\"http:\/\/www.w3.org\/2000\/svg\" viewBox=\"0 0 24 24\" height=\"24\" width=\"24\" class=\"t2-icon t2-icon-remove\" aria-hidden=\"true\" focusable=\"false\"><g stroke=\"currentColor\" stroke-linecap=\"round\" stroke-linejoin=\"round\" stroke-width=\"1\" style=\"transform: scale(1);vector-effect: non-scaling-stroke;\"><path d=\"M4 12H20\" stroke=\"currentColor\" stroke-linecap=\"round\" stroke-linejoin=\"round\"\/><\/g><\/svg><\/span>\n\t\t\t\t<\/button>\n\t\t\t<\/h2>\n\t\t\t<div class=\"t2-accordion-item__inner-container is-layout-flow\" id=\"accordion-panel-61\" aria-labelledby=\"jottacloud-and-min-sky-join-forces\" role=\"region\" hidden>\n\t\t\t\t\n\n<p><strong>Practise area:<\/strong> <br><a href=\"https:\/\/wiersholm.no\/kompetanser\/kapitalmarkeder-ecm-dcm\/\">Fusjoner og oppkj\u00f8p (M&amp;A<\/a><a href=\"https:\/\/wiersholm.no\/kompetanser\/ma\/\">)<\/a><br><br><strong>Wiersholm core team<\/strong>: <br><a href=\"https:\/\/wiersholm.no\/mennesker\/erkj\/\"> <\/a><a href=\"https:\/\/wiersholm.no\/mennesker\/mfl\/\">Larsen, Martin Fevaag<\/a> <a href=\"https:\/\/wiersholm.no\/mennesker\/thew\/\">Walberg, Theresa Schumacher<\/a> <a href=\"https:\/\/wiersholm.no\/mennesker\/frwi\/\">Wiker, Fredrik<\/a> <a href=\"https:\/\/wiersholm.no\/mennesker\/erkj\/\">Kjesbu, Erik Ellekj\u00e6r<\/a> <a href=\"https:\/\/wiersholm.no\/mennesker\/hcst\/\">St\u00f8rdal, H\u00e5kon Cosma<\/a> og <a href=\"https:\/\/wiersholm.no\/mennesker\/krto\/\">Toft, Kristian<\/a><br><br><strong>Information:<\/strong> <br>We are pleased to have assisted Hawk in forming a strategic<br>joint venture with Telenor, where Jottacloud and Telenor Software Lab AS will<br>be transferred to a newly established company owned 50-50 by the parties. <\/p>\n\n\n\n<p>The combined enterprise value of the companies is NOK 1.5 billion. The transaction is pending approval from the Norwegian Competition Authority and is anticipated to be finalized by the second quarter of 2025.<br><br><strong>LinkedIn: <\/strong><br><a href=\"https:\/\/www.linkedin.com\/feed\/update\/urn:li:activity:7308427276860170241\">https:\/\/www.linkedin.com\/posts\/wiersholm_wiersholm-has-the-pleasure-of-advising-subsea7-activity-7300120862748270592-WNAd?utm_source=share&amp;utm_medium=member_desktop&amp;rcm=ACoAAA80_CoBEsrJ_EV2UstezNi29p2Gm1qNaxk<\/a><br><br><strong>Date: <\/strong><br>March 2025<\/p>\n\n\n\t\t\t<\/div>\n\t\t<\/div>\n\n<div class=\"t2-accordion-item wp-block-t2-accordion-item\" role=\"listitem\">\n\t\t\t<h2 class=\"t2-accordion-title\">\n\t\t\t\t<button type=\"button\" class=\"t2-accordion-trigger\" id=\"salmar-farming-as-acquires-45-%-of-knutshaugfisk-as\" aria-controls=\"accordion-panel-62\" aria-expanded=\"false\">\n\t\t\t\t\tSalmar Farming AS  acquires 45 % of Knutshaugfisk AS\n\t\t\t\t\t<span class=\"t2-accordion-icon is-closed-icon\"><svg xmlns=\"http:\/\/www.w3.org\/2000\/svg\" viewBox=\"0 0 24 24\" height=\"24\" width=\"24\" class=\"t2-icon t2-icon-add\" aria-hidden=\"true\" focusable=\"false\"><g stroke=\"currentColor\" stroke-linecap=\"round\" stroke-linejoin=\"round\" stroke-width=\"1\" style=\"transform: scale(1);vector-effect: non-scaling-stroke;\"><path d=\"M12 4V20\" stroke=\"currentColor\" stroke-linecap=\"round\" stroke-linejoin=\"round\"\/><path d=\"M4 12H20\" stroke=\"currentColor\" stroke-linecap=\"round\" stroke-linejoin=\"round\"\/><\/g><\/svg><\/span>\n\t\t\t\t\t<span class=\"t2-accordion-icon is-open-icon\"><svg xmlns=\"http:\/\/www.w3.org\/2000\/svg\" viewBox=\"0 0 24 24\" height=\"24\" width=\"24\" class=\"t2-icon t2-icon-remove\" aria-hidden=\"true\" focusable=\"false\"><g stroke=\"currentColor\" stroke-linecap=\"round\" stroke-linejoin=\"round\" stroke-width=\"1\" style=\"transform: scale(1);vector-effect: non-scaling-stroke;\"><path d=\"M4 12H20\" stroke=\"currentColor\" stroke-linecap=\"round\" stroke-linejoin=\"round\"\/><\/g><\/svg><\/span>\n\t\t\t\t<\/button>\n\t\t\t<\/h2>\n\t\t\t<div class=\"t2-accordion-item__inner-container is-layout-flow\" id=\"accordion-panel-62\" aria-labelledby=\"salmar-farming-as-acquires-45-%-of-knutshaugfisk-as\" role=\"region\" hidden>\n\t\t\t\t\n\n<p><strong>Practise area:<\/strong> <br><a href=\"https:\/\/wiersholm.no\/kompetanser\/kapitalmarkeder-ecm-dcm\/\">Fusjoner og oppkj\u00f8p (M&amp;A<\/a><a href=\"https:\/\/wiersholm.no\/kompetanser\/ma\/\">)<\/a><br><br><strong>Wiersholm core team<\/strong>: <br><a href=\"https:\/\/wiersholm.no\/mennesker\/eed\/\">Edvardsen, Eirik<\/a>, <a href=\"https:\/\/wiersholm.no\/mennesker\/teb\/\">Bj\u00f8rndahl, Terje<\/a> <a href=\"https:\/\/wiersholm.no\/mennesker\/erkj\/\">Kjesbu, Erik Ellekj\u00e6r<\/a> and <a href=\"https:\/\/wiersholm.no\/mennesker\/hcst\/\">St\u00f8rdal, H\u00e5kon Cosma<\/a><br><br><strong>Information:<\/strong> <br>Congratulations to Salmar Farming AS on an exciting strategic transaction!<\/p>\n\n\n\n<p>Wiersholm had the privilege of assisting Salmar Farming AS in connection with the acquisition of 45% of Knutshaugfisk AS.<\/p>\n\n\n\n<p>Thank you to everyone involved for their hard work and dedication in this transaction!<br><br><strong>LinkedIn: <\/strong><br><a href=\"https:\/\/www.linkedin.com\/feed\/update\/urn:li:activity:7302699004360822786\">https:\/\/www.linkedin.com\/posts\/wiersholm_wiersholm-has-the-pleasure-of-advising-subsea7-activity-7300120862748270592-WNAd?utm_source=share&amp;utm_medium=member_desktop&amp;rcm=ACoAAA80_CoBEsrJ_EV2UstezNi29p2Gm1qNaxk<\/a><br><br><strong>Date: <\/strong><br>March 2025<\/p>\n\n\n\t\t\t<\/div>\n\t\t<\/div>\n\n<div class=\"t2-accordion-item wp-block-t2-accordion-item\" role=\"listitem\">\n\t\t\t<h2 class=\"t2-accordion-title\">\n\t\t\t\t<button type=\"button\" class=\"t2-accordion-trigger\" id=\"proposed-merger-between-subsea7-and-saipem\" aria-controls=\"accordion-panel-63\" aria-expanded=\"false\">\n\t\t\t\t\tProposed merger between Subsea7 and Saipem\n\t\t\t\t\t<span class=\"t2-accordion-icon is-closed-icon\"><svg xmlns=\"http:\/\/www.w3.org\/2000\/svg\" viewBox=\"0 0 24 24\" height=\"24\" width=\"24\" class=\"t2-icon t2-icon-add\" aria-hidden=\"true\" focusable=\"false\"><g stroke=\"currentColor\" stroke-linecap=\"round\" stroke-linejoin=\"round\" stroke-width=\"1\" style=\"transform: scale(1);vector-effect: non-scaling-stroke;\"><path d=\"M12 4V20\" stroke=\"currentColor\" stroke-linecap=\"round\" stroke-linejoin=\"round\"\/><path d=\"M4 12H20\" stroke=\"currentColor\" stroke-linecap=\"round\" stroke-linejoin=\"round\"\/><\/g><\/svg><\/span>\n\t\t\t\t\t<span class=\"t2-accordion-icon is-open-icon\"><svg xmlns=\"http:\/\/www.w3.org\/2000\/svg\" viewBox=\"0 0 24 24\" height=\"24\" width=\"24\" class=\"t2-icon t2-icon-remove\" aria-hidden=\"true\" focusable=\"false\"><g stroke=\"currentColor\" stroke-linecap=\"round\" stroke-linejoin=\"round\" stroke-width=\"1\" style=\"transform: scale(1);vector-effect: non-scaling-stroke;\"><path d=\"M4 12H20\" stroke=\"currentColor\" stroke-linecap=\"round\" stroke-linejoin=\"round\"\/><\/g><\/svg><\/span>\n\t\t\t\t<\/button>\n\t\t\t<\/h2>\n\t\t\t<div class=\"t2-accordion-item__inner-container is-layout-flow\" id=\"accordion-panel-63\" aria-labelledby=\"proposed-merger-between-subsea7-and-saipem\" role=\"region\" hidden>\n\t\t\t\t\n\n<p><strong>Practise area:<\/strong> <br><a href=\"https:\/\/wiersholm.no\/kompetanser\/kapitalmarkeder-ecm-dcm\/\">Fusjoner og oppkj\u00f8p (M&amp;A<\/a><a href=\"https:\/\/wiersholm.no\/kompetanser\/ma\/\">)<\/a><br><br><strong>Wiersholm core team<\/strong>: <br><a href=\"https:\/\/wiersholm.no\/mennesker\/too\/\">Tone \u00d8stensen<\/a>, <a href=\"https:\/\/wiersholm.no\/mennesker\/ela\/\">Eli Aasheim<\/a>, <a href=\"https:\/\/wiersholm.no\/mennesker\/jefi\/\">Jens Frydenlund Finanger<\/a> and <a href=\"https:\/\/wiersholm.no\/mennesker\/dabo\/\">David Bokliden<\/a>. <br><br><strong>Information:<\/strong> <br>Wiersholm has the pleasure of advising Subsea7 on the proposed merger with Saipem.<\/p>\n\n\n\n<p>The contemplated transaction, if approved, will create a leading global energy contractor under the new name Saipem7, whose shares will be dual listed in Milan and on the Oslo Stock Exchange.<\/p>\n\n\n\n<p>We congratulate both parties on reaching this important milestone and express our appreciation to Subsea7 for the vote of confidence.<br><br><strong>LinkedIn: <\/strong><br><a href=\"https:\/\/www.linkedin.com\/posts\/wiersholm_wiersholm-has-the-pleasure-of-advising-subsea7-activity-7300120862748270592-WNAd?utm_source=share&amp;utm_medium=member_desktop&amp;rcm=ACoAAA80_CoBEsrJ_EV2UstezNi29p2Gm1qNaxk\">https:\/\/www.linkedin.com\/posts\/wiersholm_wiersholm-has-the-pleasure-of-advising-subsea7-activity-7300120862748270592-WNAd?utm_source=share&amp;utm_medium=member_desktop&amp;rcm=ACoAAA80_CoBEsrJ_EV2UstezNi29p2Gm1qNaxk<\/a><br><br><strong>Date: <\/strong><br>February 2025<\/p>\n\n\n\t\t\t<\/div>\n\t\t<\/div>\n\n<div class=\"t2-accordion-item wp-block-t2-accordion-item\" role=\"listitem\">\n\t\t\t<h2 class=\"t2-accordion-title\">\n\t\t\t\t<button type=\"button\" class=\"t2-accordion-trigger\" id=\"investors-advised-by-j.p.-morgan-asset-management-acquire-stake-in-osm-thome\" aria-controls=\"accordion-panel-64\" aria-expanded=\"false\">\n\t\t\t\t\tInvestors advised by J.P. Morgan Asset Management acquire stake in OSM Thome\n\t\t\t\t\t<span class=\"t2-accordion-icon is-closed-icon\"><svg xmlns=\"http:\/\/www.w3.org\/2000\/svg\" viewBox=\"0 0 24 24\" height=\"24\" width=\"24\" class=\"t2-icon t2-icon-add\" aria-hidden=\"true\" focusable=\"false\"><g stroke=\"currentColor\" stroke-linecap=\"round\" stroke-linejoin=\"round\" stroke-width=\"1\" style=\"transform: scale(1);vector-effect: non-scaling-stroke;\"><path d=\"M12 4V20\" stroke=\"currentColor\" stroke-linecap=\"round\" stroke-linejoin=\"round\"\/><path d=\"M4 12H20\" stroke=\"currentColor\" stroke-linecap=\"round\" stroke-linejoin=\"round\"\/><\/g><\/svg><\/span>\n\t\t\t\t\t<span class=\"t2-accordion-icon is-open-icon\"><svg xmlns=\"http:\/\/www.w3.org\/2000\/svg\" viewBox=\"0 0 24 24\" height=\"24\" width=\"24\" class=\"t2-icon t2-icon-remove\" aria-hidden=\"true\" focusable=\"false\"><g stroke=\"currentColor\" stroke-linecap=\"round\" stroke-linejoin=\"round\" stroke-width=\"1\" style=\"transform: scale(1);vector-effect: non-scaling-stroke;\"><path d=\"M4 12H20\" stroke=\"currentColor\" stroke-linecap=\"round\" stroke-linejoin=\"round\"\/><\/g><\/svg><\/span>\n\t\t\t\t<\/button>\n\t\t\t<\/h2>\n\t\t\t<div class=\"t2-accordion-item__inner-container is-layout-flow\" id=\"accordion-panel-64\" aria-labelledby=\"investors-advised-by-j.p.-morgan-asset-management-acquire-stake-in-osm-thome\" role=\"region\" hidden>\n\t\t\t\t\n\n<p><strong>Practise area:<\/strong> <br><a href=\"https:\/\/wiersholm.no\/kompetanser\/kapitalmarkeder-ecm-dcm\/\">Fusjoner og oppkj\u00f8p (M&amp;A<\/a><a href=\"https:\/\/wiersholm.no\/kompetanser\/ma\/\">)<\/a>, <a href=\"https:\/\/wiersholm.no\/kompetanser\/shipping\/\">Shipping<\/a><br><strong>Wiersholm core team<\/strong>: <br><a href=\"https:\/\/wiersholm.no\/mennesker\/kakr\/\">Karsten Kreiling<\/a>, <a href=\"https:\/\/wiersholm.no\/mennesker\/jkv\/\">Jarle Kvam<\/a>, <a href=\"https:\/\/wiersholm.no\/mennesker\/jsma\/\">Jonas Sverre Mathisen<\/a>, <a href=\"https:\/\/wiersholm.no\/mennesker\/maol\/\">Mari Str\u00f8mmen-Olsen<\/a>, <a href=\"https:\/\/wiersholm.no\/mennesker\/vegr\/\">Vebj\u00f8rn Valle Grunnvoll<\/a>, <a href=\"https:\/\/wiersholm.no\/mennesker\/cher\/\">Christoffer Herredsvela<\/a>, <a href=\"https:\/\/wiersholm.no\/mennesker\/jemo\/\">Jeppe Arctander Moe<\/a>, <a href=\"https:\/\/wiersholm.no\/mennesker\/kary\/\">Karl Even Rygh<\/a> and <a href=\"https:\/\/wiersholm.no\/mennesker\/stik\/\">Stian Karlsen<\/a>. <br><strong>Information:<\/strong> <br>On February 21, OSM Thome announced on that institutional investors advised by J.P. Morgan Asset Management\u2019s Global Transportation Group will acquire a stake in OSM Thome.<br><br>OSM Thome is a global ship management group operating a fleet of more than 1,000 ships from 20 offices around the world. The group&#8217;s founding shareholders, OSM Maritime Partners and Skagerak Holding, will continue as shareholders, resulting in a long-term ownership constellation that ensures both continuity and growth. Existing financial investor, funds managed by Oaktree Capital Management, L.P., will fully exit the business in the transaction. The transaction is subject to customary regulatory approvals and is expected to close in 2025.<br><br>We congratulate all parties with an exciting transaction and extend a particular thanks to OSM Thome and its shareholders for their vote of confidence and collaboration throughout this process.<br><strong>LinkedIn: <\/strong><br><a href=\"https:\/\/www.linkedin.com\/feed\/update\/urn:li:activity:7298753975082770432\/?actorCompanyId=31593\">https:\/\/www.linkedin.com\/feed\/update\/urn:li:activity:7298753975082770432\/?actorCompanyId=31593<\/a><br><strong>Date: <\/strong><br>February 2025<\/p>\n\n\n\t\t\t<\/div>\n\t\t<\/div>\n\n<div class=\"t2-accordion-item wp-block-t2-accordion-item\" role=\"listitem\">\n\t\t\t<h2 class=\"t2-accordion-title\">\n\t\t\t\t<button type=\"button\" class=\"t2-accordion-trigger\" id=\"integrated-wind-solutions-uplisting-to-euronext-oslo-b\u00f8rs\" aria-controls=\"accordion-panel-65\" aria-expanded=\"false\">\n\t\t\t\t\tIntegrated Wind Solutions uplisting to Euronext Oslo B\u00f8rs\n\t\t\t\t\t<span class=\"t2-accordion-icon is-closed-icon\"><svg xmlns=\"http:\/\/www.w3.org\/2000\/svg\" viewBox=\"0 0 24 24\" height=\"24\" width=\"24\" class=\"t2-icon t2-icon-add\" aria-hidden=\"true\" focusable=\"false\"><g stroke=\"currentColor\" stroke-linecap=\"round\" stroke-linejoin=\"round\" stroke-width=\"1\" style=\"transform: scale(1);vector-effect: non-scaling-stroke;\"><path d=\"M12 4V20\" stroke=\"currentColor\" stroke-linecap=\"round\" stroke-linejoin=\"round\"\/><path d=\"M4 12H20\" stroke=\"currentColor\" stroke-linecap=\"round\" stroke-linejoin=\"round\"\/><\/g><\/svg><\/span>\n\t\t\t\t\t<span class=\"t2-accordion-icon is-open-icon\"><svg xmlns=\"http:\/\/www.w3.org\/2000\/svg\" viewBox=\"0 0 24 24\" height=\"24\" width=\"24\" class=\"t2-icon t2-icon-remove\" aria-hidden=\"true\" focusable=\"false\"><g stroke=\"currentColor\" stroke-linecap=\"round\" stroke-linejoin=\"round\" stroke-width=\"1\" style=\"transform: scale(1);vector-effect: non-scaling-stroke;\"><path d=\"M4 12H20\" stroke=\"currentColor\" stroke-linecap=\"round\" stroke-linejoin=\"round\"\/><\/g><\/svg><\/span>\n\t\t\t\t<\/button>\n\t\t\t<\/h2>\n\t\t\t<div class=\"t2-accordion-item__inner-container is-layout-flow\" id=\"accordion-panel-65\" aria-labelledby=\"integrated-wind-solutions-uplisting-to-euronext-oslo-b\u00f8rs\" role=\"region\" hidden>\n\t\t\t\t\n\n<p><strong>Practise area:<\/strong> <br><a href=\"https:\/\/wiersholm.no\/kompetanser\/kapitalmarkeder-ecm-dcm\/\">Kapitalmarkeder (ECM)<\/a><br><br><strong>Wiersholm core team<\/strong>: <br><a href=\"https:\/\/wiersholm.no\/mennesker\/ss\/\">Sandvik, Sverre<\/a> <a href=\"https:\/\/wiersholm.no\/mennesker\/hcst\/\">St\u00f8rdal, <\/a><a href=\"https:\/\/wiersholm.no\/mennesker\/kmur\/\">Ulstein-Rygnestad, Karl Magnus<\/a> <a href=\"https:\/\/wiersholm.no\/mennesker\/dabo\/\">Bokliden, David<\/a><br><br><strong>Information:<\/strong> <br>Today marks the first day of trading for <a href=\"https:\/\/www.linkedin.com\/company\/integrated-wind-solutions-asa\/\">Integrated Wind Solutions ASA<\/a> on Euronext Growth Oslo.<br><br>IWS is an offshore wind service company offering a fleet of service vessels to the offshore wind industry combined with a suite of adhering services. Wiersholm has advised IWS on several capital raises the last years which have seen IWS increase its fleet of commissioning service operation vessels to four vessels, with an additional two vessels under construction with delivery in 2025.<br><br>Congratulations to <a href=\"https:\/\/www.linkedin.com\/in\/ACoAAALRasYBA-DQPpLXikk49HO1pMk3sxwJtl0\"><\/a><a href=\"https:\/\/www.linkedin.com\/in\/lars-henrik-qvernheim-r%C3%B8ren-4b2a0013\/\">Lars-Henrik Qvernheim R\u00f8ren<\/a>, <a href=\"https:\/\/www.linkedin.com\/in\/ACoAAAHbdnMBSj3Ry7qXKn08xAx3myX5kQ5TohU\"><\/a><a href=\"https:\/\/www.linkedin.com\/in\/mariusmagelie\/\">Marius Magelie<\/a> and the rest of the IWS team on the uplisting, which also saw approximately 700 new shareholders being added through a NOK 30 million retail offering.<br><br><strong>LinkedIn: <\/strong><br><a href=\"https:\/\/www.linkedin.com\/feed\/update\/urn:li:activity:7292103377759444992\">https:\/\/www.linkedin.com\/feed\/update\/urn:li:activity:7284493533070155777<\/a><br><br><strong>Date: <\/strong><br>February 2025<\/p>\n\n\n\t\t\t<\/div>\n\t\t<\/div>\n\n<div class=\"t2-accordion-item wp-block-t2-accordion-item\" role=\"listitem\">\n\t\t\t<h2 class=\"t2-accordion-title\">\n\t\t\t\t<button type=\"button\" class=\"t2-accordion-trigger\" id=\"mowi-acquires-controlling-stake-in-nova-sea.\" aria-controls=\"accordion-panel-66\" aria-expanded=\"false\">\n\t\t\t\t\tMowi acquires controlling stake in Nova Sea.\n\t\t\t\t\t<span class=\"t2-accordion-icon is-closed-icon\"><svg xmlns=\"http:\/\/www.w3.org\/2000\/svg\" viewBox=\"0 0 24 24\" height=\"24\" width=\"24\" class=\"t2-icon t2-icon-add\" aria-hidden=\"true\" focusable=\"false\"><g stroke=\"currentColor\" stroke-linecap=\"round\" stroke-linejoin=\"round\" stroke-width=\"1\" style=\"transform: scale(1);vector-effect: non-scaling-stroke;\"><path d=\"M12 4V20\" stroke=\"currentColor\" stroke-linecap=\"round\" stroke-linejoin=\"round\"\/><path d=\"M4 12H20\" stroke=\"currentColor\" stroke-linecap=\"round\" stroke-linejoin=\"round\"\/><\/g><\/svg><\/span>\n\t\t\t\t\t<span class=\"t2-accordion-icon is-open-icon\"><svg xmlns=\"http:\/\/www.w3.org\/2000\/svg\" viewBox=\"0 0 24 24\" height=\"24\" width=\"24\" class=\"t2-icon t2-icon-remove\" aria-hidden=\"true\" focusable=\"false\"><g stroke=\"currentColor\" stroke-linecap=\"round\" stroke-linejoin=\"round\" stroke-width=\"1\" style=\"transform: scale(1);vector-effect: non-scaling-stroke;\"><path d=\"M4 12H20\" stroke=\"currentColor\" stroke-linecap=\"round\" stroke-linejoin=\"round\"\/><\/g><\/svg><\/span>\n\t\t\t\t<\/button>\n\t\t\t<\/h2>\n\t\t\t<div class=\"t2-accordion-item__inner-container is-layout-flow\" id=\"accordion-panel-66\" aria-labelledby=\"mowi-acquires-controlling-stake-in-nova-sea.\" role=\"region\" hidden>\n\t\t\t\t\n\n<p><strong>Practise area: <\/strong><br><a href=\"https:\/\/wiersholm.no\/kompetanser\/ma\/\">Fusjoner og oppkj\u00f8p (M&amp;A)<\/a><br><br><strong>Wiersholm core team<\/strong>: <br><a href=\"https:\/\/wiersholm.no\/mennesker\/ss\/\">Sandvik, Sverre<\/a> <a href=\"https:\/\/wiersholm.no\/mennesker\/hcst\/\">St\u00f8rdal, H\u00e5kon Cosma<\/a> <a href=\"https:\/\/wiersholm.no\/mennesker\/too\/\">\u00d8stensen, Tone<\/a> <a href=\"https:\/\/wiersholm.no\/mennesker\/jsma\/\">Mathisen, Jonas Sverre<\/a> <a href=\"https:\/\/wiersholm.no\/mennesker\/chnm\/\">Mollestad, Christoffer Nyegaard<\/a><br><br><strong>Information:<\/strong> <br>Today, <a href=\"https:\/\/www.linkedin.com\/company\/mowiglobal\/\">Mowi<\/a> announced an agreement to acquire a controlling stake in <br><a href=\"https:\/\/www.linkedin.com\/company\/nova-sea-as\/\">Nova Sea AS<\/a> through a combination of cash and shares, valuing Nova Sea at NOK 16 billion.<br><a href=\"https:\/\/www.linkedin.com\/company\/wiersholm\/\">Wiersholm<\/a> has had the pleasure of assisting Mowi throughout this process.<br><br><strong>LinkedIn: <\/strong><br><a href=\"https:\/\/www.linkedin.com\/feed\/update\/urn:li:activity:7290672582704455681\">https:\/\/www.linkedin.com\/feed\/update\/urn:li:activity:7284493533070155777<\/a><br><br><strong>Date: <\/strong><br>January 2025<\/p>\n\n\n\t\t\t<\/div>\n\t\t<\/div>\n\n<div class=\"t2-accordion-item wp-block-t2-accordion-item\" role=\"listitem\">\n\t\t\t<h2 class=\"t2-accordion-title\">\n\t\t\t\t<button type=\"button\" class=\"t2-accordion-trigger\" id=\"orkla-asa-sells-its-entire-hydropower-portfolio-in-two-separate-transactions.\" aria-controls=\"accordion-panel-67\" aria-expanded=\"false\">\n\t\t\t\t\tOrkla ASA sells its entire hydropower portfolio in two separate transactions.\n\t\t\t\t\t<span class=\"t2-accordion-icon is-closed-icon\"><svg xmlns=\"http:\/\/www.w3.org\/2000\/svg\" viewBox=\"0 0 24 24\" height=\"24\" width=\"24\" class=\"t2-icon t2-icon-add\" aria-hidden=\"true\" focusable=\"false\"><g stroke=\"currentColor\" stroke-linecap=\"round\" stroke-linejoin=\"round\" stroke-width=\"1\" style=\"transform: scale(1);vector-effect: non-scaling-stroke;\"><path d=\"M12 4V20\" stroke=\"currentColor\" stroke-linecap=\"round\" stroke-linejoin=\"round\"\/><path d=\"M4 12H20\" stroke=\"currentColor\" stroke-linecap=\"round\" stroke-linejoin=\"round\"\/><\/g><\/svg><\/span>\n\t\t\t\t\t<span class=\"t2-accordion-icon is-open-icon\"><svg xmlns=\"http:\/\/www.w3.org\/2000\/svg\" viewBox=\"0 0 24 24\" height=\"24\" width=\"24\" class=\"t2-icon t2-icon-remove\" aria-hidden=\"true\" focusable=\"false\"><g stroke=\"currentColor\" stroke-linecap=\"round\" stroke-linejoin=\"round\" stroke-width=\"1\" style=\"transform: scale(1);vector-effect: non-scaling-stroke;\"><path d=\"M4 12H20\" stroke=\"currentColor\" stroke-linecap=\"round\" stroke-linejoin=\"round\"\/><\/g><\/svg><\/span>\n\t\t\t\t<\/button>\n\t\t\t<\/h2>\n\t\t\t<div class=\"t2-accordion-item__inner-container is-layout-flow\" id=\"accordion-panel-67\" aria-labelledby=\"orkla-asa-sells-its-entire-hydropower-portfolio-in-two-separate-transactions.\" role=\"region\" hidden>\n\t\t\t\t\n\n<p><strong>Practise area: <\/strong><br><a href=\"https:\/\/wiersholm.no\/kompetanser\/ma\/\">Fusjoner og oppkj\u00f8p (M&amp;A)<\/a><br><strong>Wiersholm core team<\/strong>:<br><a href=\"https:\/\/wiersholm.no\/mennesker\/jora\/\">Rabben, Jon<\/a> <a href=\"https:\/\/wiersholm.no\/mennesker\/kjja\/\">Jacobsen, Kjetil Grini<\/a> <a href=\"https:\/\/wiersholm.no\/mennesker\/fros\/\">St\u00f8le, Frode<\/a> <a href=\"https:\/\/wiersholm.no\/mennesker\/jobe\/\">Berle, Joachim<\/a><br><strong>Information:<\/strong> <br>Wiersholm has had the pleasure of assisting Orkla ASA in its sale of its hydropower portfolio through two separate transactions.<br><strong>LinkedIn: <\/strong><br><a href=\"https:\/\/www.linkedin.com\/feed\/update\/urn:li:activity:7288568051279491072\">https:\/\/www.linkedin.com\/feed\/update\/urn:li:activity:7284493533070155777<\/a><br><strong>Date: <\/strong><br>January 2025<\/p>\n\n\n\t\t\t<\/div>\n\t\t<\/div>\n\n<div class=\"t2-accordion-item wp-block-t2-accordion-item\" role=\"listitem\">\n\t\t\t<h2 class=\"t2-accordion-title\">\n\t\t\t\t<button type=\"button\" class=\"t2-accordion-trigger\" id=\"sale-of-spinchip-diagnostics-asa-to-biom\u00e9rieux-sa\" aria-controls=\"accordion-panel-68\" aria-expanded=\"false\">\n\t\t\t\t\tSale of SpinChip Diagnostics ASA to bioM\u00e9rieux SA\n\t\t\t\t\t<span class=\"t2-accordion-icon is-closed-icon\"><svg xmlns=\"http:\/\/www.w3.org\/2000\/svg\" viewBox=\"0 0 24 24\" height=\"24\" width=\"24\" class=\"t2-icon t2-icon-add\" aria-hidden=\"true\" focusable=\"false\"><g stroke=\"currentColor\" stroke-linecap=\"round\" stroke-linejoin=\"round\" stroke-width=\"1\" style=\"transform: scale(1);vector-effect: non-scaling-stroke;\"><path d=\"M12 4V20\" stroke=\"currentColor\" stroke-linecap=\"round\" stroke-linejoin=\"round\"\/><path d=\"M4 12H20\" stroke=\"currentColor\" stroke-linecap=\"round\" stroke-linejoin=\"round\"\/><\/g><\/svg><\/span>\n\t\t\t\t\t<span class=\"t2-accordion-icon is-open-icon\"><svg xmlns=\"http:\/\/www.w3.org\/2000\/svg\" viewBox=\"0 0 24 24\" height=\"24\" width=\"24\" class=\"t2-icon t2-icon-remove\" aria-hidden=\"true\" focusable=\"false\"><g stroke=\"currentColor\" stroke-linecap=\"round\" stroke-linejoin=\"round\" stroke-width=\"1\" style=\"transform: scale(1);vector-effect: non-scaling-stroke;\"><path d=\"M4 12H20\" stroke=\"currentColor\" stroke-linecap=\"round\" stroke-linejoin=\"round\"\/><\/g><\/svg><\/span>\n\t\t\t\t<\/button>\n\t\t\t<\/h2>\n\t\t\t<div class=\"t2-accordion-item__inner-container is-layout-flow\" id=\"accordion-panel-68\" aria-labelledby=\"sale-of-spinchip-diagnostics-asa-to-biom\u00e9rieux-sa\" role=\"region\" hidden>\n\t\t\t\t\n\n<p><strong>Practise area: <\/strong><br><a href=\"https:\/\/wiersholm.no\/kompetanser\/ma\/\">Fusjoner og oppkj\u00f8p (M&amp;A)<\/a><br><strong>Wiersholm core team<\/strong>:<br><a href=\"https:\/\/wiersholm.no\/mennesker\/aleg\/\">Gryte, Anne Lise Ellingsen<\/a>, <a href=\"https:\/\/wiersholm.no\/mennesker\/jefi\/\">Finanger, Jens Frydenlund<\/a>, <a href=\"https:\/\/wiersholm.no\/mennesker\/mako\/\">Korslund, Martine<\/a><br><strong>Information:<\/strong> <br>Congratulations to SpinChip Diagnostics and its shareholders on their sale to bioM\u00e9rieux . Wiersholm has the pleasure of advising the sellers in the transaction, which values the shares in SpinChip to NOK 1.624 billion, making it one of the largest MedTech transactions in Norway.<br><strong>LinkedIn: <\/strong><br><a href=\"https:\/\/www.linkedin.com\/feed\/update\/urn:li:activity:7284493533070155777\">https:\/\/www.linkedin.com\/feed\/update\/urn:li:activity:7284493533070155777<\/a><br><strong>Date: <\/strong><br>January 2025<\/p>\n\n\n\t\t\t<\/div>\n\t\t<\/div>\n\n<div class=\"t2-accordion-item wp-block-t2-accordion-item\" role=\"listitem\">\n\t\t\t<h2 class=\"t2-accordion-title\">\n\t\t\t\t<button type=\"button\" class=\"t2-accordion-trigger\" id=\"nord-tr\u00f8ndelag-elektrisitetsverk-(nte)-signed-agreement-to-acquire-kvitfjell-and-raudfjell-wind-farms.\" aria-controls=\"accordion-panel-69\" aria-expanded=\"false\">\n\t\t\t\t\tNord-Tr\u00f8ndelag Elektrisitetsverk (NTE) signed agreement to acquire Kvitfjell and Raudfjell wind farms.\n\t\t\t\t\t<span class=\"t2-accordion-icon is-closed-icon\"><svg xmlns=\"http:\/\/www.w3.org\/2000\/svg\" viewBox=\"0 0 24 24\" height=\"24\" width=\"24\" class=\"t2-icon t2-icon-add\" aria-hidden=\"true\" focusable=\"false\"><g stroke=\"currentColor\" stroke-linecap=\"round\" stroke-linejoin=\"round\" stroke-width=\"1\" style=\"transform: scale(1);vector-effect: non-scaling-stroke;\"><path d=\"M12 4V20\" stroke=\"currentColor\" stroke-linecap=\"round\" stroke-linejoin=\"round\"\/><path d=\"M4 12H20\" stroke=\"currentColor\" stroke-linecap=\"round\" stroke-linejoin=\"round\"\/><\/g><\/svg><\/span>\n\t\t\t\t\t<span class=\"t2-accordion-icon is-open-icon\"><svg xmlns=\"http:\/\/www.w3.org\/2000\/svg\" viewBox=\"0 0 24 24\" height=\"24\" width=\"24\" class=\"t2-icon t2-icon-remove\" aria-hidden=\"true\" focusable=\"false\"><g stroke=\"currentColor\" stroke-linecap=\"round\" stroke-linejoin=\"round\" stroke-width=\"1\" style=\"transform: scale(1);vector-effect: non-scaling-stroke;\"><path d=\"M4 12H20\" stroke=\"currentColor\" stroke-linecap=\"round\" stroke-linejoin=\"round\"\/><\/g><\/svg><\/span>\n\t\t\t\t<\/button>\n\t\t\t<\/h2>\n\t\t\t<div class=\"t2-accordion-item__inner-container is-layout-flow\" id=\"accordion-panel-69\" aria-labelledby=\"nord-tr\u00f8ndelag-elektrisitetsverk-(nte)-signed-agreement-to-acquire-kvitfjell-and-raudfjell-wind-farms.\" role=\"region\" hidden>\n\t\t\t\t\n\n<p><strong>Practise area: <\/strong><br><a href=\"https:\/\/wiersholm.no\/kompetanser\/ma\/\">Fusjoner og oppkj\u00f8p (M&amp;A)<\/a><br><strong>Wiersholm core team<\/strong>:<br><a href=\"https:\/\/wiersholm.no\/mennesker\/ieb\/\">Bartnes, Inge Ekker<\/a>, <a href=\"https:\/\/wiersholm.no\/mennesker\/inru\/\">Rushfeldt, Ingebj\u00f8rg Aksnes<\/a>, <a href=\"https:\/\/wiersholm.no\/mennesker\/vitr\/\">Tran, Vinh<\/a> and <a href=\"https:\/\/wiersholm.no\/mennesker\/adn\/\">Dahle-Nedrelid, Audun<\/a> on financial law matters.<br><strong>Information:<\/strong> <br>Wiersholm has had the pleasure of assisting NTE in connection with the agreement to acquire Raudfjell Vind AS and Troms\u00f8 Vind AS, the companies that own the Kvitfjell and Raudfjell wind farms.<br><br>The wind farms are located at Kval\u00f8ya in Troms\u00f8 municipality. They have an installed capacity of 288 MW and generate an annual production of 750 GWh, which corresponds to the annual energy consumption of approximately 50,000 households.<br><strong>LinkedIn:<\/strong> <br><a href=\"https:\/\/www.linkedin.com\/feed\/update\/urn:li:activity:7275151478397227009\">https:\/\/www.linkedin.com\/feed\/update\/urn:li:activity:7275151478397227009<\/a> <strong>Official press release: <\/strong><br><a href=\"https:\/\/nte.no\/blogg\/nte-har-signert-avtale-om-kjop-av-kvitfjell-og-raudfjell-vindparker\/\">https:\/\/nte.no\/blogg\/nte-har-signert-avtale-om-kjop-av-kvitfjell-og-raudfjell-vindparker\/<\/a><br><strong>Date: <\/strong><br>December 2024<\/p>\n\n\n\t\t\t<\/div>\n\t\t<\/div>\n\n<div class=\"t2-accordion-item wp-block-t2-accordion-item\" role=\"listitem\">\n\t\t\t<h2 class=\"t2-accordion-title\">\n\t\t\t\t<button type=\"button\" class=\"t2-accordion-trigger\" id=\"listing-of-oncoinvent-asa\" aria-controls=\"accordion-panel-70\" aria-expanded=\"false\">\n\t\t\t\t\tListing of Oncoinvent ASA\n\t\t\t\t\t<span class=\"t2-accordion-icon is-closed-icon\"><svg xmlns=\"http:\/\/www.w3.org\/2000\/svg\" viewBox=\"0 0 24 24\" height=\"24\" width=\"24\" class=\"t2-icon t2-icon-add\" aria-hidden=\"true\" focusable=\"false\"><g stroke=\"currentColor\" stroke-linecap=\"round\" stroke-linejoin=\"round\" stroke-width=\"1\" style=\"transform: scale(1);vector-effect: non-scaling-stroke;\"><path d=\"M12 4V20\" stroke=\"currentColor\" stroke-linecap=\"round\" stroke-linejoin=\"round\"\/><path d=\"M4 12H20\" stroke=\"currentColor\" stroke-linecap=\"round\" stroke-linejoin=\"round\"\/><\/g><\/svg><\/span>\n\t\t\t\t\t<span class=\"t2-accordion-icon is-open-icon\"><svg xmlns=\"http:\/\/www.w3.org\/2000\/svg\" viewBox=\"0 0 24 24\" height=\"24\" width=\"24\" class=\"t2-icon t2-icon-remove\" aria-hidden=\"true\" focusable=\"false\"><g stroke=\"currentColor\" stroke-linecap=\"round\" stroke-linejoin=\"round\" stroke-width=\"1\" style=\"transform: scale(1);vector-effect: non-scaling-stroke;\"><path d=\"M4 12H20\" stroke=\"currentColor\" stroke-linecap=\"round\" stroke-linejoin=\"round\"\/><\/g><\/svg><\/span>\n\t\t\t\t<\/button>\n\t\t\t<\/h2>\n\t\t\t<div class=\"t2-accordion-item__inner-container is-layout-flow\" id=\"accordion-panel-70\" aria-labelledby=\"listing-of-oncoinvent-asa\" role=\"region\" hidden>\n\t\t\t\t\n\n<p><strong>Practise area: <\/strong><br><a href=\"https:\/\/wiersholm.no\/kompetanser\/kapitalmarkeder-ecm-dcm\/\">Kapitalmarkeder (ECM)<\/a><br><strong>Wiersholm core team<\/strong>:<br><a href=\"https:\/\/wiersholm.no\/mennesker\/sme\/\">Mejl\u00e6nder, Simen<\/a>, <a href=\"https:\/\/wiersholm.no\/mennesker\/kmur\/\">Ulstein-Rygnestad, Karl Magnus<\/a> and <a href=\"https:\/\/wiersholm.no\/mennesker\/cher\/\">Herredsvela, Christoffer<\/a><br><strong>Information:<\/strong> <br><a href=\"https:\/\/www.linkedin.com\/company\/wiersholm\/\">Wiersholm<\/a> has had the pleasure of advising the managers, <a href=\"https:\/\/www.linkedin.com\/company\/carnegie-investment-bank\/\">Carnegie Investment Bank<\/a> and <a href=\"https:\/\/www.linkedin.com\/company\/dnb-markets\/\">DNB Markets<\/a>, in connection with Oncoinvent&#8217;s NOK 130 million private placement and subsequent listing on Euronext Growth Oslo<br><strong>LinkedIn: <\/strong><br><a href=\"https:\/\/www.linkedin.com\/feed\/update\/urn:li:activity:7273257103199207424\">https:\/\/www.linkedin.com\/feed\/update\/urn:li:activity:7273257103199207424<\/a><br><strong>Date: <\/strong><br>December 2024<\/p>\n\n\n\t\t\t<\/div>\n\t\t<\/div>\n\n<div class=\"t2-accordion-item wp-block-t2-accordion-item\" role=\"listitem\">\n\t\t\t<h2 class=\"t2-accordion-title\">\n\t\t\t\t<button type=\"button\" class=\"t2-accordion-trigger\" id=\"lvmh-luxury-ventures-fund-i-invests-into-db\" aria-controls=\"accordion-panel-71\" aria-expanded=\"false\">\n\t\t\t\t\tLVMH Luxury Ventures Fund I invests into Db\n\t\t\t\t\t<span class=\"t2-accordion-icon is-closed-icon\"><svg xmlns=\"http:\/\/www.w3.org\/2000\/svg\" viewBox=\"0 0 24 24\" height=\"24\" width=\"24\" class=\"t2-icon t2-icon-add\" aria-hidden=\"true\" focusable=\"false\"><g stroke=\"currentColor\" stroke-linecap=\"round\" stroke-linejoin=\"round\" stroke-width=\"1\" style=\"transform: scale(1);vector-effect: non-scaling-stroke;\"><path d=\"M12 4V20\" stroke=\"currentColor\" stroke-linecap=\"round\" stroke-linejoin=\"round\"\/><path d=\"M4 12H20\" stroke=\"currentColor\" stroke-linecap=\"round\" stroke-linejoin=\"round\"\/><\/g><\/svg><\/span>\n\t\t\t\t\t<span class=\"t2-accordion-icon is-open-icon\"><svg xmlns=\"http:\/\/www.w3.org\/2000\/svg\" viewBox=\"0 0 24 24\" height=\"24\" width=\"24\" class=\"t2-icon t2-icon-remove\" aria-hidden=\"true\" focusable=\"false\"><g stroke=\"currentColor\" stroke-linecap=\"round\" stroke-linejoin=\"round\" stroke-width=\"1\" style=\"transform: scale(1);vector-effect: non-scaling-stroke;\"><path d=\"M4 12H20\" stroke=\"currentColor\" stroke-linecap=\"round\" stroke-linejoin=\"round\"\/><\/g><\/svg><\/span>\n\t\t\t\t<\/button>\n\t\t\t<\/h2>\n\t\t\t<div class=\"t2-accordion-item__inner-container is-layout-flow\" id=\"accordion-panel-71\" aria-labelledby=\"lvmh-luxury-ventures-fund-i-invests-into-db\" role=\"region\" hidden>\n\t\t\t\t\n\n<p><strong>Practise area: <\/strong><a href=\"https:\/\/wiersholm.no\/kompetanser\/venture-capital-growth-financing\/\">Venture Capital og vekstfinansiering<\/a><br><strong>Wiersholm core team<\/strong>:<br><a href=\"https:\/\/wiersholm.no\/mennesker\/hh\/\">Hellebust, Harald<\/a> <a href=\"https:\/\/wiersholm.no\/mennesker\/torp\/\">Paulsen, Tormod<\/a> <a href=\"https:\/\/wiersholm.no\/mennesker\/freh\/\">Hammerstr\u00f8m, Fredrik<\/a> and <a href=\"https:\/\/wiersholm.no\/mennesker\/jobe\/\">Berle, Joachim<\/a><br><strong>Information:<\/strong> <br>Wiersholm has had the pleasure of assisting Dbjourney in connection with a minority investment from LVMH Luxury Ventures (funds sponsored by LVMH).<br><strong>LinkedIn: <\/strong><a href=\"https:\/\/www.linkedin.com\/feed\/update\/urn:li:activity:7270759638332047360\">https:\/\/www.linkedin.com\/feed\/update\/urn:li:activity:7270759638332047360<\/a><br><strong>Date: <\/strong><br>December 2024<\/p>\n\n\n\t\t\t<\/div>\n\t\t<\/div>\n\n<div class=\"t2-accordion-item wp-block-t2-accordion-item\" role=\"listitem\">\n\t\t\t<h2 class=\"t2-accordion-title\">\n\t\t\t\t<button type=\"button\" class=\"t2-accordion-trigger\" id=\"altrad-take-praivate-of-beerenberg\" aria-controls=\"accordion-panel-72\" aria-expanded=\"false\">\n\t\t\t\t\tAltrad take-praivate of Beerenberg\n\t\t\t\t\t<span class=\"t2-accordion-icon is-closed-icon\"><svg xmlns=\"http:\/\/www.w3.org\/2000\/svg\" viewBox=\"0 0 24 24\" height=\"24\" width=\"24\" class=\"t2-icon t2-icon-add\" aria-hidden=\"true\" focusable=\"false\"><g stroke=\"currentColor\" stroke-linecap=\"round\" stroke-linejoin=\"round\" stroke-width=\"1\" style=\"transform: scale(1);vector-effect: non-scaling-stroke;\"><path d=\"M12 4V20\" stroke=\"currentColor\" stroke-linecap=\"round\" stroke-linejoin=\"round\"\/><path d=\"M4 12H20\" stroke=\"currentColor\" stroke-linecap=\"round\" stroke-linejoin=\"round\"\/><\/g><\/svg><\/span>\n\t\t\t\t\t<span class=\"t2-accordion-icon is-open-icon\"><svg xmlns=\"http:\/\/www.w3.org\/2000\/svg\" viewBox=\"0 0 24 24\" height=\"24\" width=\"24\" class=\"t2-icon t2-icon-remove\" aria-hidden=\"true\" focusable=\"false\"><g stroke=\"currentColor\" stroke-linecap=\"round\" stroke-linejoin=\"round\" stroke-width=\"1\" style=\"transform: scale(1);vector-effect: non-scaling-stroke;\"><path d=\"M4 12H20\" stroke=\"currentColor\" stroke-linecap=\"round\" stroke-linejoin=\"round\"\/><\/g><\/svg><\/span>\n\t\t\t\t<\/button>\n\t\t\t<\/h2>\n\t\t\t<div class=\"t2-accordion-item__inner-container is-layout-flow\" id=\"accordion-panel-72\" aria-labelledby=\"altrad-take-praivate-of-beerenberg\" role=\"region\" hidden>\n\t\t\t\t\n\n<p><strong>Practise area:<\/strong> <a href=\"https:\/\/wiersholm.no\/kompetanser\/ma\/\">Fusjoner og oppkj\u00f8p (M&amp;A)<\/a><br><strong>Wiersholm core team<\/strong>:<br><a href=\"https:\/\/wiersholm.no\/mennesker\/sme\/\">Mejl\u00e6nder, Simen<\/a> <a href=\"https:\/\/wiersholm.no\/mennesker\/sgj\/\">Gjengset, St\u00e5le<\/a> <a href=\"https:\/\/wiersholm.no\/mennesker\/kmur\/\">Ulstein-Rygnestad, Karl Magnus<\/a> <a href=\"https:\/\/wiersholm.no\/mennesker\/vilk\/\">K\u00e5ring, Vilde<\/a> <a href=\"https:\/\/wiersholm.no\/mennesker\/hcst\/\">St\u00f8rdal, H\u00e5kon Cosma<\/a> <a href=\"https:\/\/wiersholm.no\/mennesker\/chnm\/\">Mollestad, Christoffer Nyegaard<\/a> and <a href=\"https:\/\/wiersholm.no\/mennesker\/sifi\/\">Finnes, Sigrid Ter\u00f8y<\/a> on competiotion law matters<br><strong>Information:<\/strong> <br>Congratulations to <a href=\"https:\/\/www.linkedin.com\/company\/altrad-services-uk-ireland-nordics\/\">Altrad UK, Ireland &amp; Nordics<\/a> on the successful acquisition of Beerenberg!<br><strong>LinkedIn:<\/strong><br><a href=\"https:\/\/www.linkedin.com\/feed\/update\/urn:li:activity:7265034377133215746\">https:\/\/www.linkedin.com\/feed\/update\/urn:li:activity:7265034377133215746<\/a><br><strong>Date: <\/strong><br>November 2024<\/p>\n\n\n\t\t\t<\/div>\n\t\t<\/div>\n\n<div class=\"t2-accordion-item wp-block-t2-accordion-item\" role=\"listitem\">\n\t\t\t<h2 class=\"t2-accordion-title\">\n\t\t\t\t<button type=\"button\" class=\"t2-accordion-trigger\" id=\"paratus-energy-uplisting-on-euronext-oslo-b\u00f8rs\" aria-controls=\"accordion-panel-73\" aria-expanded=\"false\">\n\t\t\t\t\tParatus Energy uplisting on Euronext Oslo B\u00f8rs\n\t\t\t\t\t<span class=\"t2-accordion-icon is-closed-icon\"><svg xmlns=\"http:\/\/www.w3.org\/2000\/svg\" viewBox=\"0 0 24 24\" height=\"24\" width=\"24\" class=\"t2-icon t2-icon-add\" aria-hidden=\"true\" focusable=\"false\"><g stroke=\"currentColor\" stroke-linecap=\"round\" stroke-linejoin=\"round\" stroke-width=\"1\" style=\"transform: scale(1);vector-effect: non-scaling-stroke;\"><path d=\"M12 4V20\" stroke=\"currentColor\" stroke-linecap=\"round\" stroke-linejoin=\"round\"\/><path d=\"M4 12H20\" stroke=\"currentColor\" stroke-linecap=\"round\" stroke-linejoin=\"round\"\/><\/g><\/svg><\/span>\n\t\t\t\t\t<span class=\"t2-accordion-icon is-open-icon\"><svg xmlns=\"http:\/\/www.w3.org\/2000\/svg\" viewBox=\"0 0 24 24\" height=\"24\" width=\"24\" class=\"t2-icon t2-icon-remove\" aria-hidden=\"true\" focusable=\"false\"><g stroke=\"currentColor\" stroke-linecap=\"round\" stroke-linejoin=\"round\" stroke-width=\"1\" style=\"transform: scale(1);vector-effect: non-scaling-stroke;\"><path d=\"M4 12H20\" stroke=\"currentColor\" stroke-linecap=\"round\" stroke-linejoin=\"round\"\/><\/g><\/svg><\/span>\n\t\t\t\t<\/button>\n\t\t\t<\/h2>\n\t\t\t<div class=\"t2-accordion-item__inner-container is-layout-flow\" id=\"accordion-panel-73\" aria-labelledby=\"paratus-energy-uplisting-on-euronext-oslo-b\u00f8rs\" role=\"region\" hidden>\n\t\t\t\t\n\n<p><strong>Practise area:<\/strong><a href=\"https:\/\/wiersholm.no\/kompetanser\/kapitalmarkeder-ecm-dcm\/\"> Kapitalmarkeder (ECM)<\/a><br><strong>Wiersholm core team<\/strong>:<br><a href=\"https:\/\/wiersholm.no\/mennesker\/ss\/\">Sandvik, Sverre<\/a> <a href=\"https:\/\/wiersholm.no\/mennesker\/kmur\/\">Ulstein-Rygnestad, Karl Magnus<\/a> <a href=\"https:\/\/wiersholm.no\/mennesker\/vilk\/\">K\u00e5ring, Vilde<\/a><br><strong>Information:<\/strong> <br>Congratulations to <a href=\"https:\/\/www.linkedin.com\/company\/paratus-energy\/\">Paratus Energy Services Ltd.<\/a> on today&#8217;s uplisting from Euronext Growth Oslo to Euronext Oslo B\u00f8rs.<br><br>Wiersholm has had the pleasure of acting as advisor to <a href=\"https:\/\/www.linkedin.com\/company\/dnb-markets\/\">DNB Markets<\/a> in connection with the uplisting, who we also assisted in connection with the private placement and subsequent listing of Paratus Energy on Euronext Growth Oslo earlier this year.<br><strong>LinkedIn:<\/strong><br><a href=\"https:\/\/www.linkedin.com\/feed\/update\/urn:li:activity:7265034377133215746\">https:\/\/www.linkedin.com\/feed\/update\/urn:li:activity:72650343771332157<\/a><a href=\"https:\/\/www.linkedin.com\/feed\/update\/urn:li:activity:7262455516809854976\">46<\/a><br><strong>Date: <\/strong><br>November 2024<\/p>\n\n\n\t\t\t<\/div>\n\t\t<\/div>\n\n<div class=\"t2-accordion-item wp-block-t2-accordion-item\" role=\"listitem\">\n\t\t\t<h2 class=\"t2-accordion-title\">\n\t\t\t\t<button type=\"button\" class=\"t2-accordion-trigger\" id=\"norwegian-government-increasing-its-ownership-in-the-gas-transport-system-on-the-norwegian-continental-shelf.\" aria-controls=\"accordion-panel-74\" aria-expanded=\"false\">\n\t\t\t\t\tNorwegian government increasing its ownership in the gas transport system on the Norwegian continental shelf.\n\t\t\t\t\t<span class=\"t2-accordion-icon is-closed-icon\"><svg xmlns=\"http:\/\/www.w3.org\/2000\/svg\" viewBox=\"0 0 24 24\" height=\"24\" width=\"24\" class=\"t2-icon t2-icon-add\" aria-hidden=\"true\" focusable=\"false\"><g stroke=\"currentColor\" stroke-linecap=\"round\" stroke-linejoin=\"round\" stroke-width=\"1\" style=\"transform: scale(1);vector-effect: non-scaling-stroke;\"><path d=\"M12 4V20\" stroke=\"currentColor\" stroke-linecap=\"round\" stroke-linejoin=\"round\"\/><path d=\"M4 12H20\" stroke=\"currentColor\" stroke-linecap=\"round\" stroke-linejoin=\"round\"\/><\/g><\/svg><\/span>\n\t\t\t\t\t<span class=\"t2-accordion-icon is-open-icon\"><svg xmlns=\"http:\/\/www.w3.org\/2000\/svg\" viewBox=\"0 0 24 24\" height=\"24\" width=\"24\" class=\"t2-icon t2-icon-remove\" aria-hidden=\"true\" focusable=\"false\"><g stroke=\"currentColor\" stroke-linecap=\"round\" stroke-linejoin=\"round\" stroke-width=\"1\" style=\"transform: scale(1);vector-effect: non-scaling-stroke;\"><path d=\"M4 12H20\" stroke=\"currentColor\" stroke-linecap=\"round\" stroke-linejoin=\"round\"\/><\/g><\/svg><\/span>\n\t\t\t\t<\/button>\n\t\t\t<\/h2>\n\t\t\t<div class=\"t2-accordion-item__inner-container is-layout-flow\" id=\"accordion-panel-74\" aria-labelledby=\"norwegian-government-increasing-its-ownership-in-the-gas-transport-system-on-the-norwegian-continental-shelf.\" role=\"region\" hidden>\n\t\t\t\t\n\n<p><strong>Practise area:<\/strong><a href=\"https:\/\/wiersholm.no\/kompetanser\/kapitalmarkeder-ecm-dcm\/\"> <\/a><a href=\"https:\/\/wiersholm.no\/kompetanser\/ma\/\">Fusjoner og oppkj\u00f8p (M&amp;A)<\/a><br><strong>Wiersholm core team<\/strong>:<br><a href=\"https:\/\/wiersholm.no\/mennesker\/jora\/\">Rabben, Jon<\/a> <a href=\"https:\/\/wiersholm.no\/mennesker\/erkj\/\">Kjesbu, Erik Ellekj\u00e6r<\/a> <a href=\"https:\/\/wiersholm.no\/mennesker\/mamh\/\">Henden, Matilde Mork<\/a> <a href=\"https:\/\/wiersholm.no\/mennesker\/elha\/\">Haugsdal, Elisabeth Lian<\/a> <a href=\"https:\/\/wiersholm.no\/mennesker\/hnor\/\">Nordhus, Harald<\/a><a href=\"https:\/\/wiersholm.no\/mennesker\/bjre\/\"> Restan, Bj\u00f8rn Tarek<\/a><br><strong>Information:<\/strong> <br>Wiersholm had the privilege of assisting the Norwegian government in its acquisition of an increased ownership interest in the gas transport system on the Norwegian continental shelf, organized through the joint ventures Gassled, Polarled and Nyhamna. This strategic move underscores the importance of securing national interests in critical infrastructure.<br><strong>LinkedIn:<\/strong><br><a href=\"https:\/\/www.linkedin.com\/feed\/update\/urn:li:activity:7262425846718623744\">https:\/\/www.linkedin.com\/feed\/update\/urn:li:activity:72650343771332157<\/a><a href=\"https:\/\/www.linkedin.com\/feed\/update\/urn:li:activity:7262455516809854976\">46<\/a><br><strong>Date: <\/strong><br>November 2024<\/p>\n\n\n\t\t\t<\/div>\n\t\t<\/div>\n\n<div class=\"t2-accordion-item wp-block-t2-accordion-item\" role=\"listitem\">\n\t\t\t<h2 class=\"t2-accordion-title\">\n\t\t\t\t<button type=\"button\" class=\"t2-accordion-trigger\" id=\"smedvig-ventures-invests-in-glint-solar\" aria-controls=\"accordion-panel-75\" aria-expanded=\"false\">\n\t\t\t\t\tSmedvig Ventures invests in Glint Solar\n\t\t\t\t\t<span class=\"t2-accordion-icon is-closed-icon\"><svg xmlns=\"http:\/\/www.w3.org\/2000\/svg\" viewBox=\"0 0 24 24\" height=\"24\" width=\"24\" class=\"t2-icon t2-icon-add\" aria-hidden=\"true\" focusable=\"false\"><g stroke=\"currentColor\" stroke-linecap=\"round\" stroke-linejoin=\"round\" stroke-width=\"1\" style=\"transform: scale(1);vector-effect: non-scaling-stroke;\"><path d=\"M12 4V20\" stroke=\"currentColor\" stroke-linecap=\"round\" stroke-linejoin=\"round\"\/><path d=\"M4 12H20\" stroke=\"currentColor\" stroke-linecap=\"round\" stroke-linejoin=\"round\"\/><\/g><\/svg><\/span>\n\t\t\t\t\t<span class=\"t2-accordion-icon is-open-icon\"><svg xmlns=\"http:\/\/www.w3.org\/2000\/svg\" viewBox=\"0 0 24 24\" height=\"24\" width=\"24\" class=\"t2-icon t2-icon-remove\" aria-hidden=\"true\" focusable=\"false\"><g stroke=\"currentColor\" stroke-linecap=\"round\" stroke-linejoin=\"round\" stroke-width=\"1\" style=\"transform: scale(1);vector-effect: non-scaling-stroke;\"><path d=\"M4 12H20\" stroke=\"currentColor\" stroke-linecap=\"round\" stroke-linejoin=\"round\"\/><\/g><\/svg><\/span>\n\t\t\t\t<\/button>\n\t\t\t<\/h2>\n\t\t\t<div class=\"t2-accordion-item__inner-container is-layout-flow\" id=\"accordion-panel-75\" aria-labelledby=\"smedvig-ventures-invests-in-glint-solar\" role=\"region\" hidden>\n\t\t\t\t\n\n<p><strong>Practise area:<\/strong> <a href=\"https:\/\/wiersholm.no\/kompetanser\/venture-capital-growth-financing\/\">Venture Capital og vekstfinansiering<\/a><br><strong>Wiersholm core team<\/strong>:<br><a href=\"https:\/\/wiersholm.no\/mennesker\/keo\/\">Ottesen, Kristian Elvestad<\/a> <a href=\"https:\/\/wiersholm.no\/mennesker\/hh\/\">Hellebust, Harald<\/a> <a href=\"https:\/\/wiersholm.no\/mennesker\/ogob\/\">Brown, Oscar<\/a> <a href=\"https:\/\/wiersholm.no\/mennesker\/jemo\/\">Moe, Jeppe Arctander<\/a><br><strong>Information:<\/strong> <br>Wiersholm had the pleasure of assisting <a href=\"https:\/\/www.linkedin.com\/company\/smedvig-ventures\/\">Smedvig Ventures<\/a> in a transaction where Smedvig invested in Glint Solar in an $8 million Series A round.<br>The round was led by Smedvig, with additional investments from Antler Nordic, Antler Elevate, Futurum Ventures, and Momentum.<br><strong>LinkedIn:<\/strong><br><a href=\"https:\/\/www.linkedin.com\/feed\/update\/urn:li:activity:7260604252463525888\">https:\/\/www.linkedin.com\/feed\/update\/urn:li:activity:72650343771332157<\/a><a href=\"https:\/\/www.linkedin.com\/feed\/update\/urn:li:activity:7262455516809854976\">46<\/a> <br><strong>Press release:<\/strong> <br><a href=\"https:\/\/techcrunch.com\/2024\/11\/07\/glint-solar-grabs-8m-to-help-accelerate-solar-energy-adoption-across-europe\/\">https:\/\/techcrunch.com\/2024\/11\/07\/glint-solar-grabs-8m-to-help-accelerate-solar-energy-adoption-across-europe\/<\/a><br><strong>Date: <\/strong><br>November 2024<\/p>\n\n\n\t\t\t<\/div>\n\t\t<\/div>\n\n<div class=\"t2-accordion-item wp-block-t2-accordion-item\" role=\"listitem\">\n\t\t\t<h2 class=\"t2-accordion-title\">\n\t\t\t\t<button type=\"button\" class=\"t2-accordion-trigger\" id=\"bane-nor-eiendom-selger-halvparten-av-strandgata-19\" aria-controls=\"accordion-panel-76\" aria-expanded=\"false\">\n\t\t\t\t\tBane NOR Eiendom selger halvparten av Strandgata 19\n\t\t\t\t\t<span class=\"t2-accordion-icon is-closed-icon\"><svg xmlns=\"http:\/\/www.w3.org\/2000\/svg\" viewBox=\"0 0 24 24\" height=\"24\" width=\"24\" class=\"t2-icon t2-icon-add\" aria-hidden=\"true\" focusable=\"false\"><g stroke=\"currentColor\" stroke-linecap=\"round\" stroke-linejoin=\"round\" stroke-width=\"1\" style=\"transform: scale(1);vector-effect: non-scaling-stroke;\"><path d=\"M12 4V20\" stroke=\"currentColor\" stroke-linecap=\"round\" stroke-linejoin=\"round\"\/><path d=\"M4 12H20\" stroke=\"currentColor\" stroke-linecap=\"round\" stroke-linejoin=\"round\"\/><\/g><\/svg><\/span>\n\t\t\t\t\t<span class=\"t2-accordion-icon is-open-icon\"><svg xmlns=\"http:\/\/www.w3.org\/2000\/svg\" viewBox=\"0 0 24 24\" height=\"24\" width=\"24\" class=\"t2-icon t2-icon-remove\" aria-hidden=\"true\" focusable=\"false\"><g stroke=\"currentColor\" stroke-linecap=\"round\" stroke-linejoin=\"round\" stroke-width=\"1\" style=\"transform: scale(1);vector-effect: non-scaling-stroke;\"><path d=\"M4 12H20\" stroke=\"currentColor\" stroke-linecap=\"round\" stroke-linejoin=\"round\"\/><\/g><\/svg><\/span>\n\t\t\t\t<\/button>\n\t\t\t<\/h2>\n\t\t\t<div class=\"t2-accordion-item__inner-container is-layout-flow\" id=\"accordion-panel-76\" aria-labelledby=\"bane-nor-eiendom-selger-halvparten-av-strandgata-19\" role=\"region\" hidden>\n\t\t\t\t\n\n<p><strong>Practise area:<\/strong> <a href=\"https:\/\/wiersholm.no\/kompetanser\/ma\/\">Fusjoner og oppkj\u00f8p (M&amp;A)<\/a><br><strong>Wiersholm core team<\/strong>:<br><a href=\"https:\/\/wiersholm.no\/mennesker\/trl\/\">Lian, Tom Rune<\/a> and <a href=\"https:\/\/wiersholm.no\/mennesker\/angu\/\">Gustavson, Andreas<\/a><br><strong>Information:<\/strong> <br>Wiersholm har bist\u00e5tt <a href=\"https:\/\/www.linkedin.com\/company\/banenoreiendom\/\">Bane NOR Eiendom<\/a> i forbindelse med salg av 50 % av aksjene i selskapet som eier Strandgata 19 i Oslo til <a href=\"https:\/\/www.linkedin.com\/company\/thon-eiendom\/\">Thon Eiendom<\/a>. Eiendommen, som ligger sentralt i Kvadraturen, best\u00e5r i dag av et kombinert kontorbygg og parkeringshus, men er planlagt revet til fordel for et moderne kontorbygg.<br><strong>LinkedIn:<\/strong><br><a href=\"https:\/\/www.linkedin.com\/feed\/update\/urn:li:activity:7258171948076056577\">https:\/\/www.linkedin.com\/feed\/update\/urn:li:activity:72650343771332157<\/a><a href=\"https:\/\/www.linkedin.com\/feed\/update\/urn:li:activity:7262455516809854976\">46<\/a> <br><strong>Article:<\/strong> <br><a href=\"https:\/\/www.estatenyheter.no\/bane-nor-eiendom-olav-thon-gruppen\/thon-kjoper-seg-inn-for-a-bygge-kontorer-med-bane-nor-eiendom\/430477\">https:\/\/techcrunch.com\/2024\/11\/07\/glint-solar-grabs-8m-to-help-accelerate-solar-energy-adoption-across-europe\/<\/a><br><strong>Date: <\/strong><br>November 2024<\/p>\n\n\n\t\t\t<\/div>\n\t\t<\/div>\n\n<div class=\"t2-accordion-item wp-block-t2-accordion-item\" role=\"listitem\">\n\t\t\t<h2 class=\"t2-accordion-title\">\n\t\t\t\t<button type=\"button\" class=\"t2-accordion-trigger\" id=\"argeo-asa-uplists-to-euronext-oslo-b\u00f8rs\" aria-controls=\"accordion-panel-77\" aria-expanded=\"false\">\n\t\t\t\t\tArgeo ASA uplists to Euronext Oslo B\u00f8rs\n\t\t\t\t\t<span class=\"t2-accordion-icon is-closed-icon\"><svg xmlns=\"http:\/\/www.w3.org\/2000\/svg\" viewBox=\"0 0 24 24\" height=\"24\" width=\"24\" class=\"t2-icon t2-icon-add\" aria-hidden=\"true\" focusable=\"false\"><g stroke=\"currentColor\" stroke-linecap=\"round\" stroke-linejoin=\"round\" stroke-width=\"1\" style=\"transform: scale(1);vector-effect: non-scaling-stroke;\"><path d=\"M12 4V20\" stroke=\"currentColor\" stroke-linecap=\"round\" stroke-linejoin=\"round\"\/><path d=\"M4 12H20\" stroke=\"currentColor\" stroke-linecap=\"round\" stroke-linejoin=\"round\"\/><\/g><\/svg><\/span>\n\t\t\t\t\t<span class=\"t2-accordion-icon is-open-icon\"><svg xmlns=\"http:\/\/www.w3.org\/2000\/svg\" viewBox=\"0 0 24 24\" height=\"24\" width=\"24\" class=\"t2-icon t2-icon-remove\" aria-hidden=\"true\" focusable=\"false\"><g stroke=\"currentColor\" stroke-linecap=\"round\" stroke-linejoin=\"round\" stroke-width=\"1\" style=\"transform: scale(1);vector-effect: non-scaling-stroke;\"><path d=\"M4 12H20\" stroke=\"currentColor\" stroke-linecap=\"round\" stroke-linejoin=\"round\"\/><\/g><\/svg><\/span>\n\t\t\t\t<\/button>\n\t\t\t<\/h2>\n\t\t\t<div class=\"t2-accordion-item__inner-container is-layout-flow\" id=\"accordion-panel-77\" aria-labelledby=\"argeo-asa-uplists-to-euronext-oslo-b\u00f8rs\" role=\"region\" hidden>\n\t\t\t\t\n\n<p><strong>Practise area:<\/strong> <a href=\"https:\/\/wiersholm.no\/kompetanser\/kapitalmarkeder-ecm-dcm\/\">Kapitalmarkeder (ECM)<\/a><br><strong>Wiersholm core team<\/strong>:<br><a href=\"https:\/\/wiersholm.no\/mennesker\/aleg\/\">Gryte, Anne Lise Ellingsen<\/a> <a href=\"https:\/\/wiersholm.no\/mennesker\/maol\/\">Str\u00f8mmen-Olsen, Mari<\/a> <a href=\"https:\/\/wiersholm.no\/mennesker\/nohe\/\">Heiberg, Nora<\/a><br><strong>Information:<\/strong> <br>Congratulations to <a href=\"https:\/\/www.linkedin.com\/company\/argeo-as\/\">Argeo<\/a> on yesterday&#8217;s uplisting from Euronext Growth Oslo to Euronext Oslo B\u00f8rs.<br><br>Wiersholm has had the pleasure of assisting Argeo ASA as independent due diligence adviser in connection with the uplisting.<br><strong>LinkedIn:<\/strong><br><a href=\"https:\/\/www.linkedin.com\/feed\/update\/urn:li:activity:7255565779499110401\">https:\/\/www.linkedin.com\/feed\/update\/urn:li:activity:72650343771332157<\/a><a href=\"https:\/\/www.linkedin.com\/feed\/update\/urn:li:activity:7262455516809854976\">46<\/a> <br><strong>Press release:<\/strong> <br><a href=\"https:\/\/www.euronext.com\/en\/about\/media\/euronext-press-releases\/argeo-transfers-euronext-oslo-bors\">https:\/\/techcrunch.com\/2024\/11\/07\/glint-solar-grabs-8m-to-help-accelerate-solar-energy-adoption-across-europe\/<\/a><br><strong>Date: <\/strong><br>October 2024<\/p>\n\n\n\t\t\t<\/div>\n\t\t<\/div>\n\n<div class=\"t2-accordion-item wp-block-t2-accordion-item\" role=\"listitem\">\n\t\t\t<h2 class=\"t2-accordion-title\">\n\t\t\t\t<button type=\"button\" class=\"t2-accordion-trigger\" id=\"uniwater-ab-acquires-biwater-technology-as\" aria-controls=\"accordion-panel-78\" aria-expanded=\"false\">\n\t\t\t\t\tUniwater AB acquires Biwater Technology AS\n\t\t\t\t\t<span class=\"t2-accordion-icon is-closed-icon\"><svg xmlns=\"http:\/\/www.w3.org\/2000\/svg\" viewBox=\"0 0 24 24\" height=\"24\" width=\"24\" class=\"t2-icon t2-icon-add\" aria-hidden=\"true\" focusable=\"false\"><g stroke=\"currentColor\" stroke-linecap=\"round\" stroke-linejoin=\"round\" stroke-width=\"1\" style=\"transform: scale(1);vector-effect: non-scaling-stroke;\"><path d=\"M12 4V20\" stroke=\"currentColor\" stroke-linecap=\"round\" stroke-linejoin=\"round\"\/><path d=\"M4 12H20\" stroke=\"currentColor\" stroke-linecap=\"round\" stroke-linejoin=\"round\"\/><\/g><\/svg><\/span>\n\t\t\t\t\t<span class=\"t2-accordion-icon is-open-icon\"><svg xmlns=\"http:\/\/www.w3.org\/2000\/svg\" viewBox=\"0 0 24 24\" height=\"24\" width=\"24\" class=\"t2-icon t2-icon-remove\" aria-hidden=\"true\" focusable=\"false\"><g stroke=\"currentColor\" stroke-linecap=\"round\" stroke-linejoin=\"round\" stroke-width=\"1\" style=\"transform: scale(1);vector-effect: non-scaling-stroke;\"><path d=\"M4 12H20\" stroke=\"currentColor\" stroke-linecap=\"round\" stroke-linejoin=\"round\"\/><\/g><\/svg><\/span>\n\t\t\t\t<\/button>\n\t\t\t<\/h2>\n\t\t\t<div class=\"t2-accordion-item__inner-container is-layout-flow\" id=\"accordion-panel-78\" aria-labelledby=\"uniwater-ab-acquires-biwater-technology-as\" role=\"region\" hidden>\n\t\t\t\t\n\n<p><strong>Practise area:<\/strong> <a href=\"https:\/\/wiersholm.no\/kompetanser\/ma\/\">Fusjoner og oppkj\u00f8p (M&amp;A)<\/a><br><strong>Wiersholm core team<\/strong>:<br><a href=\"https:\/\/wiersholm.no\/mennesker\/hh\/\">Hellebust, Harald<\/a> <a href=\"https:\/\/wiersholm.no\/mennesker\/keo\/\">Ottesen, Kristian Elvestad<\/a> <a href=\"https:\/\/wiersholm.no\/mennesker\/jobe\/\">Berle, Joachim<\/a> <a href=\"https:\/\/wiersholm.no\/mennesker\/mkva\/\">Kvadsheim, Mathea<\/a><br><strong>Information:<\/strong> <br>Wiersholm has had the pleasure of assisting <a href=\"https:\/\/www.linkedin.com\/company\/biowater-technology-as\/\">Biowater Technology AS<\/a> and its shareholders with the sale of all shares in Biowater Technology AS to Uniwater AB, a Swedish company specializing in water infrastructure owned by Nalka.<br><strong>LinkedIn:<\/strong><br><a href=\"https:\/\/www.linkedin.com\/feed\/update\/urn:li:activity:7252678705410400256\">https:\/\/www.linkedin.com\/feed\/update\/urn:li:activity:72650343771332157<\/a><a href=\"https:\/\/www.linkedin.com\/feed\/update\/urn:li:activity:7262455516809854976\">46<\/a> <br><strong>Date: <\/strong><br>October 2024<\/p>\n\n\n\t\t\t<\/div>\n\t\t<\/div>\n\n<div class=\"t2-accordion-item wp-block-t2-accordion-item\" role=\"listitem\">\n\t\t\t<h2 class=\"t2-accordion-title\">\n\t\t\t\t<button type=\"button\" class=\"t2-accordion-trigger\" id=\"emk-capital-investing-in-and-acquiring-majority-stake-in-arctic-seafarm\" aria-controls=\"accordion-panel-79\" aria-expanded=\"false\">\n\t\t\t\t\tEMK Capital investing in and acquiring majority stake in Arctic Seafarm\n\t\t\t\t\t<span class=\"t2-accordion-icon is-closed-icon\"><svg xmlns=\"http:\/\/www.w3.org\/2000\/svg\" viewBox=\"0 0 24 24\" height=\"24\" width=\"24\" class=\"t2-icon t2-icon-add\" aria-hidden=\"true\" focusable=\"false\"><g stroke=\"currentColor\" stroke-linecap=\"round\" stroke-linejoin=\"round\" stroke-width=\"1\" style=\"transform: scale(1);vector-effect: non-scaling-stroke;\"><path d=\"M12 4V20\" stroke=\"currentColor\" stroke-linecap=\"round\" stroke-linejoin=\"round\"\/><path d=\"M4 12H20\" stroke=\"currentColor\" stroke-linecap=\"round\" stroke-linejoin=\"round\"\/><\/g><\/svg><\/span>\n\t\t\t\t\t<span class=\"t2-accordion-icon is-open-icon\"><svg xmlns=\"http:\/\/www.w3.org\/2000\/svg\" viewBox=\"0 0 24 24\" height=\"24\" width=\"24\" class=\"t2-icon t2-icon-remove\" aria-hidden=\"true\" focusable=\"false\"><g stroke=\"currentColor\" stroke-linecap=\"round\" stroke-linejoin=\"round\" stroke-width=\"1\" style=\"transform: scale(1);vector-effect: non-scaling-stroke;\"><path d=\"M4 12H20\" stroke=\"currentColor\" stroke-linecap=\"round\" stroke-linejoin=\"round\"\/><\/g><\/svg><\/span>\n\t\t\t\t<\/button>\n\t\t\t<\/h2>\n\t\t\t<div class=\"t2-accordion-item__inner-container is-layout-flow\" id=\"accordion-panel-79\" aria-labelledby=\"emk-capital-investing-in-and-acquiring-majority-stake-in-arctic-seafarm\" role=\"region\" hidden>\n\t\t\t\t\n\n<p><strong>Practise area:<\/strong> <a href=\"https:\/\/wiersholm.no\/kompetanser\/private-equity\/\">Private Equity<\/a><br><strong>Wiersholm core team<\/strong>:<br><a href=\"https:\/\/wiersholm.no\/mennesker\/shh\/\">Hanken, Svein-Helge<\/a> <a href=\"https:\/\/wiersholm.no\/mennesker\/hapa\/\">Parmann, Hans Augun<\/a> <a href=\"https:\/\/wiersholm.no\/mennesker\/vegr\/\">Grunnvoll, Vebj\u00f8rn Valle<\/a> <a href=\"https:\/\/wiersholm.no\/mennesker\/mobi\/\">Birkeland, Morten<\/a> <a href=\"https:\/\/wiersholm.no\/mennesker\/sroe\/\">\u00d8stvik, Sigrid Ratvik<\/a> <a href=\"https:\/\/wiersholm.no\/mennesker\/anbr\/\">Brekke, Andreas<\/a><br><strong>Information:<\/strong> <br>Congratulations to <a href=\"https:\/\/www.linkedin.com\/company\/emkcapital\/\">EMK Capital<\/a> and <a href=\"https:\/\/www.linkedin.com\/company\/arctic-seafarm\/\">Arctic Seafarm<\/a> on an exciting transaction!<br><br>Wiersholm has had the pleasure of assisting EMK Capital in a transaction whereby EMK Capital shall invest and become the majority shareholder in Arctic Seafarm, which is in the process of building a land-based fish farming facility in Nesna municipality, Nordland county.<br><strong>LinkedIn:<\/strong><br><a href=\"https:\/\/www.linkedin.com\/feed\/update\/urn:li:activity:7252399635078520833\">https:\/\/www.linkedin.com\/feed\/update\/urn:li:activity:72650343771332157<\/a><a href=\"https:\/\/www.linkedin.com\/feed\/update\/urn:li:activity:7262455516809854976\">46<\/a> <br><strong>Date: <\/strong><br>October 2024<\/p>\n\n\n\t\t\t<\/div>\n\t\t<\/div>\n\n<div class=\"t2-accordion-item wp-block-t2-accordion-item\" role=\"listitem\">\n\t\t\t<h2 class=\"t2-accordion-title\">\n\t\t\t\t<button type=\"button\" class=\"t2-accordion-trigger\" id=\"bankid-bankaxept-as-acquires-criipto-aps\" aria-controls=\"accordion-panel-80\" aria-expanded=\"false\">\n\t\t\t\t\tBankID BankAxept AS acquires Criipto ApS\n\t\t\t\t\t<span class=\"t2-accordion-icon is-closed-icon\"><svg xmlns=\"http:\/\/www.w3.org\/2000\/svg\" viewBox=\"0 0 24 24\" height=\"24\" width=\"24\" class=\"t2-icon t2-icon-add\" aria-hidden=\"true\" focusable=\"false\"><g stroke=\"currentColor\" stroke-linecap=\"round\" stroke-linejoin=\"round\" stroke-width=\"1\" style=\"transform: scale(1);vector-effect: non-scaling-stroke;\"><path d=\"M12 4V20\" stroke=\"currentColor\" stroke-linecap=\"round\" stroke-linejoin=\"round\"\/><path d=\"M4 12H20\" stroke=\"currentColor\" stroke-linecap=\"round\" stroke-linejoin=\"round\"\/><\/g><\/svg><\/span>\n\t\t\t\t\t<span class=\"t2-accordion-icon is-open-icon\"><svg xmlns=\"http:\/\/www.w3.org\/2000\/svg\" viewBox=\"0 0 24 24\" height=\"24\" width=\"24\" class=\"t2-icon t2-icon-remove\" aria-hidden=\"true\" focusable=\"false\"><g stroke=\"currentColor\" stroke-linecap=\"round\" stroke-linejoin=\"round\" stroke-width=\"1\" style=\"transform: scale(1);vector-effect: non-scaling-stroke;\"><path d=\"M4 12H20\" stroke=\"currentColor\" stroke-linecap=\"round\" stroke-linejoin=\"round\"\/><\/g><\/svg><\/span>\n\t\t\t\t<\/button>\n\t\t\t<\/h2>\n\t\t\t<div class=\"t2-accordion-item__inner-container is-layout-flow\" id=\"accordion-panel-80\" aria-labelledby=\"bankid-bankaxept-as-acquires-criipto-aps\" role=\"region\" hidden>\n\t\t\t\t\n\n<p><strong>Practise area:<\/strong> <a href=\"https:\/\/wiersholm.no\/kompetanser\/ma\/\">Fusjoner og oppkj\u00f8p (M&amp;A)<\/a><br><strong>Wiersholm core team<\/strong>:<br><a href=\"https:\/\/wiersholm.no\/mennesker\/keo\/\">Ottesen, Kristian Elvestad<\/a> <a href=\"https:\/\/wiersholm.no\/mennesker\/twes\/\">Westli, Tobias<\/a><br><strong>Information:<\/strong> <br>Congratulations to <a href=\"https:\/\/www.linkedin.com\/company\/bankid-bankaxept-as\/\">BankID BankAxept AS<\/a> on an exciting strategic transaction!<br><br>Wiersholm has had the pleasure of assisting BankID BankAxept AS in connection with the acquisition of <a href=\"https:\/\/www.linkedin.com\/company\/criipto\/\">Criipto<\/a> ApS.<br><strong>LinkedIn:<\/strong><br><a href=\"https:\/\/www.linkedin.com\/feed\/update\/urn:li:activity:7250494307491581952\">https:\/\/www.linkedin.com\/feed\/update\/urn:li:activity:72650343771332157<\/a><a href=\"https:\/\/www.linkedin.com\/feed\/update\/urn:li:activity:7262455516809854976\">46<\/a> <br><strong>Date: <\/strong><br>October 2024<\/p>\n\n\n\t\t\t<\/div>\n\t\t<\/div>\n\n<div class=\"t2-accordion-item wp-block-t2-accordion-item\" role=\"listitem\">\n\t\t\t<h2 class=\"t2-accordion-title\">\n\t\t\t\t<button type=\"button\" class=\"t2-accordion-trigger\" id=\"successful-transaction-for-pearl-group\" aria-controls=\"accordion-panel-81\" aria-expanded=\"false\">\n\t\t\t\t\tSuccessful transaction for Pearl Group\n\t\t\t\t\t<span class=\"t2-accordion-icon is-closed-icon\"><svg xmlns=\"http:\/\/www.w3.org\/2000\/svg\" viewBox=\"0 0 24 24\" height=\"24\" width=\"24\" class=\"t2-icon t2-icon-add\" aria-hidden=\"true\" focusable=\"false\"><g stroke=\"currentColor\" stroke-linecap=\"round\" stroke-linejoin=\"round\" stroke-width=\"1\" style=\"transform: scale(1);vector-effect: non-scaling-stroke;\"><path d=\"M12 4V20\" stroke=\"currentColor\" stroke-linecap=\"round\" stroke-linejoin=\"round\"\/><path d=\"M4 12H20\" stroke=\"currentColor\" stroke-linecap=\"round\" stroke-linejoin=\"round\"\/><\/g><\/svg><\/span>\n\t\t\t\t\t<span class=\"t2-accordion-icon is-open-icon\"><svg xmlns=\"http:\/\/www.w3.org\/2000\/svg\" viewBox=\"0 0 24 24\" height=\"24\" width=\"24\" class=\"t2-icon t2-icon-remove\" aria-hidden=\"true\" focusable=\"false\"><g stroke=\"currentColor\" stroke-linecap=\"round\" stroke-linejoin=\"round\" stroke-width=\"1\" style=\"transform: scale(1);vector-effect: non-scaling-stroke;\"><path d=\"M4 12H20\" stroke=\"currentColor\" stroke-linecap=\"round\" stroke-linejoin=\"round\"\/><\/g><\/svg><\/span>\n\t\t\t\t<\/button>\n\t\t\t<\/h2>\n\t\t\t<div class=\"t2-accordion-item__inner-container is-layout-flow\" id=\"accordion-panel-81\" aria-labelledby=\"successful-transaction-for-pearl-group\" role=\"region\" hidden>\n\t\t\t\t\n\n<p><strong>Practise area:<\/strong> <a href=\"https:\/\/wiersholm.no\/kompetanser\/ma\/\">Fusjoner og oppkj\u00f8p (M&amp;A)<\/a><br><strong>Wiersholm core team<\/strong>:<br><a href=\"https:\/\/wiersholm.no\/mennesker\/niv\/\">Vold, Nicolay<\/a> <a href=\"https:\/\/wiersholm.no\/mennesker\/frgu\/\">Gunhildrud, Fredrik<\/a> <a href=\"https:\/\/wiersholm.no\/mennesker\/bihe\/\">S\u00f8rensen, Birgitte Meistad<\/a> <a href=\"https:\/\/wiersholm.no\/mennesker\/pemo\/\">Moltu, Petter Thomren<\/a> <a href=\"https:\/\/wiersholm.no\/mennesker\/mabh\/\">Hildal, Marte Bergo<\/a> <a href=\"https:\/\/wiersholm.no\/mennesker\/peth\/\">Tharaldsen, Pernille<\/a><br><strong>Information:<\/strong> <br>We extend our congratulations to the digital ERP and Commerce house, <a href=\"https:\/\/www.linkedin.com\/company\/pearl-group-no\/\">Pearl Group<\/a>, on the successful completion of their acquisition of the Swedish company, <a href=\"https:\/\/www.linkedin.com\/company\/applicon_2\/\">Applicon Sweden<\/a>, and of <a href=\"https:\/\/www.linkedin.com\/company\/origoiceland\/\">Origo Iceland<\/a>&#8216;s SAP and banking division.<br><strong>LinkedIn:<\/strong><br><a href=\"https:\/\/www.linkedin.com\/feed\/update\/urn:li:activity:7247316827029094401\">https:\/\/www.linkedin.com\/feed\/update\/urn:li:activity:72650343771332157<\/a><a href=\"https:\/\/www.linkedin.com\/feed\/update\/urn:li:activity:7262455516809854976\">46<\/a> <br><strong>Date: <\/strong><br>October 2024<\/p>\n\n\n\t\t\t<\/div>\n\t\t<\/div>\n\n<div class=\"t2-accordion-item wp-block-t2-accordion-item\" role=\"listitem\">\n\t\t\t<h2 class=\"t2-accordion-title\">\n\t\t\t\t<button type=\"button\" class=\"t2-accordion-trigger\" id=\"avance-gas-sells-twelve-vlgc-carriers-to-bw-lpg\" aria-controls=\"accordion-panel-82\" aria-expanded=\"false\">\n\t\t\t\t\tAvance Gas sells twelve VLGC carriers to BW LPG\n\t\t\t\t\t<span class=\"t2-accordion-icon is-closed-icon\"><svg xmlns=\"http:\/\/www.w3.org\/2000\/svg\" viewBox=\"0 0 24 24\" height=\"24\" width=\"24\" class=\"t2-icon t2-icon-add\" aria-hidden=\"true\" focusable=\"false\"><g stroke=\"currentColor\" stroke-linecap=\"round\" stroke-linejoin=\"round\" stroke-width=\"1\" style=\"transform: scale(1);vector-effect: non-scaling-stroke;\"><path d=\"M12 4V20\" stroke=\"currentColor\" stroke-linecap=\"round\" stroke-linejoin=\"round\"\/><path d=\"M4 12H20\" stroke=\"currentColor\" stroke-linecap=\"round\" stroke-linejoin=\"round\"\/><\/g><\/svg><\/span>\n\t\t\t\t\t<span class=\"t2-accordion-icon is-open-icon\"><svg xmlns=\"http:\/\/www.w3.org\/2000\/svg\" viewBox=\"0 0 24 24\" height=\"24\" width=\"24\" class=\"t2-icon t2-icon-remove\" aria-hidden=\"true\" focusable=\"false\"><g stroke=\"currentColor\" stroke-linecap=\"round\" stroke-linejoin=\"round\" stroke-width=\"1\" style=\"transform: scale(1);vector-effect: non-scaling-stroke;\"><path d=\"M4 12H20\" stroke=\"currentColor\" stroke-linecap=\"round\" stroke-linejoin=\"round\"\/><\/g><\/svg><\/span>\n\t\t\t\t<\/button>\n\t\t\t<\/h2>\n\t\t\t<div class=\"t2-accordion-item__inner-container is-layout-flow\" id=\"accordion-panel-82\" aria-labelledby=\"avance-gas-sells-twelve-vlgc-carriers-to-bw-lpg\" role=\"region\" hidden>\n\t\t\t\t\n\n<p><strong>Practise area:<\/strong> <a href=\"https:\/\/wiersholm.no\/kompetanser\/ma\/\">Fusjoner og oppkj\u00f8p (M&amp;A)<\/a><br><strong>Wiersholm core team<\/strong>:<br><a href=\"https:\/\/wiersholm.no\/mennesker\/kary\/\">Rygh, Karl Even<\/a> <a href=\"https:\/\/wiersholm.no\/mennesker\/kho\/\">Hasle, Kristine<\/a> <a href=\"https:\/\/wiersholm.no\/mennesker\/ss\/\">Sandvik, Sverre<\/a> <a href=\"https:\/\/wiersholm.no\/mennesker\/hcst\/\">St\u00f8rdal, H\u00e5kon Cosma<\/a> <a href=\"https:\/\/wiersholm.no\/mennesker\/masp\/\">Spillum, Marcus Gjeruldsen<\/a> <a href=\"https:\/\/wiersholm.no\/mennesker\/kriw\/\">Wangsfjord, Kristian<\/a> <a href=\"https:\/\/wiersholm.no\/mennesker\/anny\/\">Nyhus, Anette<\/a><br><strong>Information:<\/strong> <br>Wiersholm has had the pleasure of assisting <a href=\"https:\/\/www.linkedin.com\/company\/avance-gas\/\">Avance Gas<\/a> in a transaction whereby Avance Gas has agreed to sell its fleet of twelve VLGC carriers to <a href=\"https:\/\/www.linkedin.com\/company\/bwlpg\/\">BW LPG<\/a>.<br><strong>LinkedIn:<\/strong><br><a href=\"https:\/\/www.linkedin.com\/feed\/update\/urn:li:activity:7229845995457527808\">https:\/\/www.linkedin.com\/feed\/update\/urn:li:activity:72650343771332157<\/a><a href=\"https:\/\/www.linkedin.com\/feed\/update\/urn:li:activity:7262455516809854976\">46<\/a> <br><strong>Date: <\/strong><br>August 2024<\/p>\n\n\n\t\t\t<\/div>\n\t\t<\/div>\n\n<div class=\"t2-accordion-item wp-block-t2-accordion-item\" role=\"listitem\">\n\t\t\t<h2 class=\"t2-accordion-title\">\n\t\t\t\t<button type=\"button\" class=\"t2-accordion-trigger\" id=\"longships-sells-majority-share-in-sensio-to-nordic-capital\" aria-controls=\"accordion-panel-83\" aria-expanded=\"false\">\n\t\t\t\t\tLongships sells majority share in Sensio to Nordic Capital\n\t\t\t\t\t<span class=\"t2-accordion-icon is-closed-icon\"><svg xmlns=\"http:\/\/www.w3.org\/2000\/svg\" viewBox=\"0 0 24 24\" height=\"24\" width=\"24\" class=\"t2-icon t2-icon-add\" aria-hidden=\"true\" focusable=\"false\"><g stroke=\"currentColor\" stroke-linecap=\"round\" stroke-linejoin=\"round\" stroke-width=\"1\" style=\"transform: scale(1);vector-effect: non-scaling-stroke;\"><path d=\"M12 4V20\" stroke=\"currentColor\" stroke-linecap=\"round\" stroke-linejoin=\"round\"\/><path d=\"M4 12H20\" stroke=\"currentColor\" stroke-linecap=\"round\" stroke-linejoin=\"round\"\/><\/g><\/svg><\/span>\n\t\t\t\t\t<span class=\"t2-accordion-icon is-open-icon\"><svg xmlns=\"http:\/\/www.w3.org\/2000\/svg\" viewBox=\"0 0 24 24\" height=\"24\" width=\"24\" class=\"t2-icon t2-icon-remove\" aria-hidden=\"true\" focusable=\"false\"><g stroke=\"currentColor\" stroke-linecap=\"round\" stroke-linejoin=\"round\" stroke-width=\"1\" style=\"transform: scale(1);vector-effect: non-scaling-stroke;\"><path d=\"M4 12H20\" stroke=\"currentColor\" stroke-linecap=\"round\" stroke-linejoin=\"round\"\/><\/g><\/svg><\/span>\n\t\t\t\t<\/button>\n\t\t\t<\/h2>\n\t\t\t<div class=\"t2-accordion-item__inner-container is-layout-flow\" id=\"accordion-panel-83\" aria-labelledby=\"longships-sells-majority-share-in-sensio-to-nordic-capital\" role=\"region\" hidden>\n\t\t\t\t\n\n<p><strong>Practise area:<\/strong> <a href=\"https:\/\/wiersholm.no\/kompetanser\/ma\/\">Fusjoner og oppkj\u00f8p (M&amp;A)<\/a><br><strong>Wiersholm core team<\/strong>:<br><a href=\"https:\/\/wiersholm.no\/mennesker\/shh\/\">Hanken, Svein-Helge<\/a> <a href=\"https:\/\/wiersholm.no\/mennesker\/hh\/\">Hellebust, Harald<\/a> <a href=\"https:\/\/wiersholm.no\/mennesker\/niv\/\">Vold, Nicolay<\/a> <a href=\"https:\/\/wiersholm.no\/mennesker\/torp\/\">Paulsen, Tormod<\/a> <a href=\"https:\/\/wiersholm.no\/mennesker\/edro\/\">Rojahn, Edvard Hamer<\/a> <a href=\"https:\/\/wiersholm.no\/mennesker\/lime\/\">Meyer, Line Svensdatter<\/a> <a href=\"https:\/\/wiersholm.no\/mennesker\/arsa\/\">Saraj, Ares<\/a> <a href=\"https:\/\/wiersholm.no\/mennesker\/cher\/\">Herredsvela, Christoffer<\/a><br><strong>Information:<\/strong> <br>Congratulation to <a href=\"https:\/\/www.linkedin.com\/company\/sensio-io\/\">Sensio<\/a>, <a href=\"https:\/\/www.linkedin.com\/company\/longship-as\/\">Longship AS<\/a> and <a href=\"https:\/\/www.linkedin.com\/company\/nordic-capital\/\">Nordic Capital<\/a> on an exciting transaction!<br><br>Wiersholm has had the pleasure of advising Longship and Sensio in connection with the sale of all shares in Sensio to Nordic Capital.<br><strong>LinkedIn:<\/strong><br><a href=\"https:\/\/www.linkedin.com\/feed\/update\/urn:li:activity:7217462620474253312\">https:\/\/www.linkedin.com\/feed\/update\/urn:li:activity:72650343771332157<\/a><a href=\"https:\/\/www.linkedin.com\/feed\/update\/urn:li:activity:7262455516809854976\">46<\/a> <br><strong>Date: <\/strong><br>July 2024<\/p>\n\n\n\t\t\t<\/div>\n\t\t<\/div>\n\n<div class=\"t2-accordion-item wp-block-t2-accordion-item\" role=\"listitem\">\n\t\t\t<h2 class=\"t2-accordion-title\">\n\t\t\t\t<button type=\"button\" class=\"t2-accordion-trigger\" id=\"axcel-backed-tic-elkas\/eegholm-group-has-acquired-all-shares-in-elcor-as\" aria-controls=\"accordion-panel-84\" aria-expanded=\"false\">\n\t\t\t\t\tAxcel-backed tic elkas\/Eegholm group has acquired all shares in Elcor AS\n\t\t\t\t\t<span class=\"t2-accordion-icon is-closed-icon\"><svg xmlns=\"http:\/\/www.w3.org\/2000\/svg\" viewBox=\"0 0 24 24\" height=\"24\" width=\"24\" class=\"t2-icon t2-icon-add\" aria-hidden=\"true\" focusable=\"false\"><g stroke=\"currentColor\" stroke-linecap=\"round\" stroke-linejoin=\"round\" stroke-width=\"1\" style=\"transform: scale(1);vector-effect: non-scaling-stroke;\"><path d=\"M12 4V20\" stroke=\"currentColor\" stroke-linecap=\"round\" stroke-linejoin=\"round\"\/><path d=\"M4 12H20\" stroke=\"currentColor\" stroke-linecap=\"round\" stroke-linejoin=\"round\"\/><\/g><\/svg><\/span>\n\t\t\t\t\t<span class=\"t2-accordion-icon is-open-icon\"><svg xmlns=\"http:\/\/www.w3.org\/2000\/svg\" viewBox=\"0 0 24 24\" height=\"24\" width=\"24\" class=\"t2-icon t2-icon-remove\" aria-hidden=\"true\" focusable=\"false\"><g stroke=\"currentColor\" stroke-linecap=\"round\" stroke-linejoin=\"round\" stroke-width=\"1\" style=\"transform: scale(1);vector-effect: non-scaling-stroke;\"><path d=\"M4 12H20\" stroke=\"currentColor\" stroke-linecap=\"round\" stroke-linejoin=\"round\"\/><\/g><\/svg><\/span>\n\t\t\t\t<\/button>\n\t\t\t<\/h2>\n\t\t\t<div class=\"t2-accordion-item__inner-container is-layout-flow\" id=\"accordion-panel-84\" aria-labelledby=\"axcel-backed-tic-elkas\/eegholm-group-has-acquired-all-shares-in-elcor-as\" role=\"region\" hidden>\n\t\t\t\t\n\n<p><strong>Practise area:<\/strong> <a href=\"https:\/\/wiersholm.no\/kompetanser\/ma\/\">Fusjoner og oppkj\u00f8p (M&amp;A)<\/a><br><strong>Wiersholm core team<\/strong>:<br><a href=\"https:\/\/wiersholm.no\/mennesker\/inro\/\">R\u00f8yn\u00e5s, Ingjerd<\/a> <a href=\"https:\/\/wiersholm.no\/mennesker\/cbha\/\">Berthling-Hansen, Celine<\/a> <a href=\"https:\/\/wiersholm.no\/mennesker\/cher\/\">Herredsvela, Christoffer<\/a><br><strong>Information:<\/strong> <br><a href=\"https:\/\/www.linkedin.com\/company\/axcel\/\">Axcel<\/a>-backed tic elkas\/Eegholm group has acquired all shares in the Norwegian switchboard manufacuturer <a href=\"https:\/\/www.linkedin.com\/company\/elcor\/\">Elcor<\/a> AS.<br><strong>LinkedIn:<\/strong><br><a href=\"https:\/\/www.linkedin.com\/feed\/update\/urn:li:activity:7216093688882466817\">https:\/\/www.linkedin.com\/feed\/update\/urn:li:activity:72650343771332157<\/a><a href=\"https:\/\/www.linkedin.com\/feed\/update\/urn:li:activity:7262455516809854976\">46<\/a> <br><strong>Date: <\/strong><br>July 2024<\/p>\n\n\n\t\t\t<\/div>\n\t\t<\/div>\n\n<div class=\"t2-accordion-item wp-block-t2-accordion-item\" role=\"listitem\">\n\t\t\t<h2 class=\"t2-accordion-title\">\n\t\t\t\t<button type=\"button\" class=\"t2-accordion-trigger\" id=\"init-group-acquires-all-shares-in-eldor-as-and-eldor-uk\" aria-controls=\"accordion-panel-85\" aria-expanded=\"false\">\n\t\t\t\t\tInit Group acquires all shares in Eldor AS and Eldor UK\n\t\t\t\t\t<span class=\"t2-accordion-icon is-closed-icon\"><svg xmlns=\"http:\/\/www.w3.org\/2000\/svg\" viewBox=\"0 0 24 24\" height=\"24\" width=\"24\" class=\"t2-icon t2-icon-add\" aria-hidden=\"true\" focusable=\"false\"><g stroke=\"currentColor\" stroke-linecap=\"round\" stroke-linejoin=\"round\" stroke-width=\"1\" style=\"transform: scale(1);vector-effect: non-scaling-stroke;\"><path d=\"M12 4V20\" stroke=\"currentColor\" stroke-linecap=\"round\" stroke-linejoin=\"round\"\/><path d=\"M4 12H20\" stroke=\"currentColor\" stroke-linecap=\"round\" stroke-linejoin=\"round\"\/><\/g><\/svg><\/span>\n\t\t\t\t\t<span class=\"t2-accordion-icon is-open-icon\"><svg xmlns=\"http:\/\/www.w3.org\/2000\/svg\" viewBox=\"0 0 24 24\" height=\"24\" width=\"24\" class=\"t2-icon t2-icon-remove\" aria-hidden=\"true\" focusable=\"false\"><g stroke=\"currentColor\" stroke-linecap=\"round\" stroke-linejoin=\"round\" stroke-width=\"1\" style=\"transform: scale(1);vector-effect: non-scaling-stroke;\"><path d=\"M4 12H20\" stroke=\"currentColor\" stroke-linecap=\"round\" stroke-linejoin=\"round\"\/><\/g><\/svg><\/span>\n\t\t\t\t<\/button>\n\t\t\t<\/h2>\n\t\t\t<div class=\"t2-accordion-item__inner-container is-layout-flow\" id=\"accordion-panel-85\" aria-labelledby=\"init-group-acquires-all-shares-in-eldor-as-and-eldor-uk\" role=\"region\" hidden>\n\t\t\t\t\n\n<p><strong>Practise area:<\/strong> <a href=\"https:\/\/wiersholm.no\/kompetanser\/ma\/\">Fusjoner og oppkj\u00f8p (M&amp;A)<\/a><br><strong>Wiersholm core team<\/strong>:<br><a href=\"https:\/\/wiersholm.no\/mennesker\/inro\/\">R\u00f8yn\u00e5s, Ingjerd<\/a> <a href=\"https:\/\/wiersholm.no\/mennesker\/cbha\/\">Berthling-Hansen, Celine<\/a> <a href=\"https:\/\/wiersholm.no\/mennesker\/cher\/\">Herredsvela, Christoffer<\/a><br><strong>Information:<\/strong> <br>Init Group acquires all shares in Eldor AS and Eldor UK. <span style=\"margin: var(--artdeco-reset-base-margin-zero);padding: var(--artdeco-reset-base-padding-zero);border: var(--artdeco-reset-base-border-zero);font-size: 14px;vertical-align: var(--artdeco-reset-base-vertical-align-baseline);, Helvetica, Arial, sans-serif;line-height: inherit !important\"><\/span> <span style=\"margin: var(--artdeco-reset-base-margin-zero);padding: var(--artdeco-reset-base-padding-zero);border: var(--artdeco-reset-base-border-zero);font-size: 14px;vertical-align: var(--artdeco-reset-base-vertical-align-baseline);, Helvetica, Arial, sans-serif;line-height: inherit !important\"><\/span>Wiersholm has had the pleasure of assisting Init Group in connection with the acquisition of all the shares in Eldor &#8211; Part of Init AS and Eldor UK.<br><strong>LinkedIn:<\/strong><br><a href=\"https:\/\/www.linkedin.com\/feed\/update\/urn:li:activity:7216071096112992257\">https:\/\/www.linkedin.com\/feed\/update\/urn:li:activity:72650343771332157<\/a><a href=\"https:\/\/www.linkedin.com\/feed\/update\/urn:li:activity:7262455516809854976\">46<\/a> <br><strong>Date: <\/strong><br>July 2024<\/p>\n\n\n\t\t\t<\/div>\n\t\t<\/div>\n\n<div class=\"t2-accordion-item wp-block-t2-accordion-item\" role=\"listitem\">\n\t\t\t<h2 class=\"t2-accordion-title\">\n\t\t\t\t<button type=\"button\" class=\"t2-accordion-trigger\" id=\"wiersholm-has-advised-arendals-fossekompani-in-the-voluntary-offer-for-volue\" aria-controls=\"accordion-panel-86\" aria-expanded=\"false\">\n\t\t\t\t\tWiersholm has advised Arendals Fossekompani in the voluntary offer for Volue\n\t\t\t\t\t<span class=\"t2-accordion-icon is-closed-icon\"><svg xmlns=\"http:\/\/www.w3.org\/2000\/svg\" viewBox=\"0 0 24 24\" height=\"24\" width=\"24\" class=\"t2-icon t2-icon-add\" aria-hidden=\"true\" focusable=\"false\"><g stroke=\"currentColor\" stroke-linecap=\"round\" stroke-linejoin=\"round\" stroke-width=\"1\" style=\"transform: scale(1);vector-effect: non-scaling-stroke;\"><path d=\"M12 4V20\" stroke=\"currentColor\" stroke-linecap=\"round\" stroke-linejoin=\"round\"\/><path d=\"M4 12H20\" stroke=\"currentColor\" stroke-linecap=\"round\" stroke-linejoin=\"round\"\/><\/g><\/svg><\/span>\n\t\t\t\t\t<span class=\"t2-accordion-icon is-open-icon\"><svg xmlns=\"http:\/\/www.w3.org\/2000\/svg\" viewBox=\"0 0 24 24\" height=\"24\" width=\"24\" class=\"t2-icon t2-icon-remove\" aria-hidden=\"true\" focusable=\"false\"><g stroke=\"currentColor\" stroke-linecap=\"round\" stroke-linejoin=\"round\" stroke-width=\"1\" style=\"transform: scale(1);vector-effect: non-scaling-stroke;\"><path d=\"M4 12H20\" stroke=\"currentColor\" stroke-linecap=\"round\" stroke-linejoin=\"round\"\/><\/g><\/svg><\/span>\n\t\t\t\t<\/button>\n\t\t\t<\/h2>\n\t\t\t<div class=\"t2-accordion-item__inner-container is-layout-flow\" id=\"accordion-panel-86\" aria-labelledby=\"wiersholm-has-advised-arendals-fossekompani-in-the-voluntary-offer-for-volue\" role=\"region\" hidden>\n\t\t\t\t\n\n<p><strong>Practise area:<\/strong> <a href=\"https:\/\/wiersholm.no\/kompetanser\/ma\/\">Fusjoner og oppkj\u00f8p (M&amp;A)<\/a><br><strong>Wiersholm core team<\/strong>:<br><a href=\"https:\/\/wiersholm.no\/mennesker\/ss\/\">Sandvik, Sverre<\/a> <a href=\"https:\/\/wiersholm.no\/mennesker\/sgj\/\">Gjengset, St\u00e5le<\/a> <a href=\"https:\/\/wiersholm.no\/mennesker\/rsha\/\">Hafting, Ragnar Stoknes<\/a> <a href=\"https:\/\/wiersholm.no\/mennesker\/jefi\/\">Finanger, Jens Frydenlund<\/a> <a href=\"https:\/\/wiersholm.no\/mennesker\/sjfu\/\">Funnemark, Sjur<\/a><br><strong>Information:<\/strong> <br>Wiersholm has had the pleasure of advising <a href=\"https:\/\/www.linkedin.com\/company\/arendals-fossekompani\/\">Arendals Fossekompani ASA<\/a> (AFK) in connection with the NOK 6.1 voluntary offer for <a href=\"https:\/\/www.linkedin.com\/company\/volue\/\">Volue<\/a> ASA announced today by Edison Bidco AS, a company which be controlled by AFK and by funds managed by <a href=\"https:\/\/www.linkedin.com\/company\/advent-international\/\">Advent<\/a>, and <a href=\"https:\/\/www.linkedin.com\/company\/generation-investment-management\/\">Generation Investment Management<\/a> LLP.&nbsp;<br><strong>LinkedIn:<\/strong><br><a href=\"https:\/\/www.linkedin.com\/feed\/update\/urn:li:activity:7216007746859520000\">https:\/\/www.linkedin.com\/feed\/update\/urn:li:activity:72650343771332157<\/a><a href=\"https:\/\/www.linkedin.com\/feed\/update\/urn:li:activity:7262455516809854976\">46<\/a> <br><strong>Date: <\/strong><br>July 2024<\/p>\n\n\n\t\t\t<\/div>\n\t\t<\/div>\n\n<div class=\"t2-accordion-item wp-block-t2-accordion-item\" role=\"listitem\">\n\t\t\t<h2 class=\"t2-accordion-title\">\n\t\t\t\t<button type=\"button\" class=\"t2-accordion-trigger\" id=\"haugesund-sparebank-listed-at-oslo-b\u00f8rs\" aria-controls=\"accordion-panel-87\" aria-expanded=\"false\">\n\t\t\t\t\tHaugesund Sparebank listed at Oslo B\u00f8rs\n\t\t\t\t\t<span class=\"t2-accordion-icon is-closed-icon\"><svg xmlns=\"http:\/\/www.w3.org\/2000\/svg\" viewBox=\"0 0 24 24\" height=\"24\" width=\"24\" class=\"t2-icon t2-icon-add\" aria-hidden=\"true\" focusable=\"false\"><g stroke=\"currentColor\" stroke-linecap=\"round\" stroke-linejoin=\"round\" stroke-width=\"1\" style=\"transform: scale(1);vector-effect: non-scaling-stroke;\"><path d=\"M12 4V20\" stroke=\"currentColor\" stroke-linecap=\"round\" stroke-linejoin=\"round\"\/><path d=\"M4 12H20\" stroke=\"currentColor\" stroke-linecap=\"round\" stroke-linejoin=\"round\"\/><\/g><\/svg><\/span>\n\t\t\t\t\t<span class=\"t2-accordion-icon is-open-icon\"><svg xmlns=\"http:\/\/www.w3.org\/2000\/svg\" viewBox=\"0 0 24 24\" height=\"24\" width=\"24\" class=\"t2-icon t2-icon-remove\" aria-hidden=\"true\" focusable=\"false\"><g stroke=\"currentColor\" stroke-linecap=\"round\" stroke-linejoin=\"round\" stroke-width=\"1\" style=\"transform: scale(1);vector-effect: non-scaling-stroke;\"><path d=\"M4 12H20\" stroke=\"currentColor\" stroke-linecap=\"round\" stroke-linejoin=\"round\"\/><\/g><\/svg><\/span>\n\t\t\t\t<\/button>\n\t\t\t<\/h2>\n\t\t\t<div class=\"t2-accordion-item__inner-container is-layout-flow\" id=\"accordion-panel-87\" aria-labelledby=\"haugesund-sparebank-listed-at-oslo-b\u00f8rs\" role=\"region\" hidden>\n\t\t\t\t\n\n<p><strong>Practise area:<\/strong> <a href=\"https:\/\/wiersholm.no\/kompetanser\/kapitalmarkeder-ecm-dcm\/\">Kapitalmarkeder (ECM)<\/a><br><strong>Wiersholm core team<\/strong>:<br><a href=\"https:\/\/wiersholm.no\/mennesker\/too\/\">\u00d8stensen, Tone<\/a> <a href=\"https:\/\/wiersholm.no\/mennesker\/pipe\/\">Pedersen, Pia<\/a> <a href=\"https:\/\/wiersholm.no\/mennesker\/dabo\/\">Bokliden, David<\/a> <a href=\"https:\/\/wiersholm.no\/mennesker\/tbj\/\">Bjerkan, Trond<\/a> <a href=\"https:\/\/wiersholm.no\/mennesker\/erst\/\">Styren, Erik<\/a> <a href=\"https:\/\/wiersholm.no\/mennesker\/remo\/\">Molyneux, Rebecca<\/a><br><strong>Information:<\/strong> <br><a href=\"https:\/\/www.linkedin.com\/company\/haugesund-sparebank\/\">Haugesund Sparebank<\/a> was yesterday listed at Oslo B\u00f8rs.<br><br>Wiersholm had the pleasure of assisting the sole manager <a href=\"https:\/\/www.linkedin.com\/company\/norne-securities\/\">Norne Securities<\/a> in connection with the listing<br><strong>LinkedIn:<\/strong><br><a href=\"https:\/\/www.linkedin.com\/feed\/update\/urn:li:activity:7215264395159871488\">https:\/\/www.linkedin.com\/feed\/update\/urn:li:activity:72650343771332157<\/a><a href=\"https:\/\/www.linkedin.com\/feed\/update\/urn:li:activity:7262455516809854976\">46<\/a> <br><strong>Press release:<\/strong><br><a href=\"https:\/\/www.euronext.com\/en\/about\/media\/euronext-press-releases\/haugesund-sparebank-lists-euronext-oslo-bors\">https:\/\/www.euronext.com\/en\/about\/media\/euronext-press-releases\/haugesund-sparebank-lists-euronext-oslo-bors<\/a><br><strong>Date: <\/strong><br>June 2024<\/p>\n\n\n\t\t\t<\/div>\n\t\t<\/div>\n\n<div class=\"t2-accordion-item wp-block-t2-accordion-item\" role=\"listitem\">\n\t\t\t<h2 class=\"t2-accordion-title\">\n\t\t\t\t<button type=\"button\" class=\"t2-accordion-trigger\" id=\"total-specific-solutions-acquires-all-shares-in-buypass-as\" aria-controls=\"accordion-panel-88\" aria-expanded=\"false\">\n\t\t\t\t\tTotal Specific Solutions acquires all shares in Buypass AS\n\t\t\t\t\t<span class=\"t2-accordion-icon is-closed-icon\"><svg xmlns=\"http:\/\/www.w3.org\/2000\/svg\" viewBox=\"0 0 24 24\" height=\"24\" width=\"24\" class=\"t2-icon t2-icon-add\" aria-hidden=\"true\" focusable=\"false\"><g stroke=\"currentColor\" stroke-linecap=\"round\" stroke-linejoin=\"round\" stroke-width=\"1\" style=\"transform: scale(1);vector-effect: non-scaling-stroke;\"><path d=\"M12 4V20\" stroke=\"currentColor\" stroke-linecap=\"round\" stroke-linejoin=\"round\"\/><path d=\"M4 12H20\" stroke=\"currentColor\" stroke-linecap=\"round\" stroke-linejoin=\"round\"\/><\/g><\/svg><\/span>\n\t\t\t\t\t<span class=\"t2-accordion-icon is-open-icon\"><svg xmlns=\"http:\/\/www.w3.org\/2000\/svg\" viewBox=\"0 0 24 24\" height=\"24\" width=\"24\" class=\"t2-icon t2-icon-remove\" aria-hidden=\"true\" focusable=\"false\"><g stroke=\"currentColor\" stroke-linecap=\"round\" stroke-linejoin=\"round\" stroke-width=\"1\" style=\"transform: scale(1);vector-effect: non-scaling-stroke;\"><path d=\"M4 12H20\" stroke=\"currentColor\" stroke-linecap=\"round\" stroke-linejoin=\"round\"\/><\/g><\/svg><\/span>\n\t\t\t\t<\/button>\n\t\t\t<\/h2>\n\t\t\t<div class=\"t2-accordion-item__inner-container is-layout-flow\" id=\"accordion-panel-88\" aria-labelledby=\"total-specific-solutions-acquires-all-shares-in-buypass-as\" role=\"region\" hidden>\n\t\t\t\t\n\n<p><strong>Practise area:<\/strong> <a href=\"https:\/\/wiersholm.no\/kompetanser\/ma\/\">Fusjoner og oppkj\u00f8p (M&amp;A)<\/a><br><strong>Wiersholm core team<\/strong>:<br><a href=\"https:\/\/wiersholm.no\/mennesker\/inro\/\">R\u00f8yn\u00e5s, Ingjerd<\/a> <a href=\"https:\/\/wiersholm.no\/mennesker\/hejo\/\">Johansen, Henrik Braavold<\/a> <a href=\"https:\/\/wiersholm.no\/mennesker\/mkva\/\">Kvadsheim, Mathea<\/a> <a href=\"https:\/\/wiersholm.no\/mennesker\/aleh\/\">Hanssen, Alexander Bergerud<\/a><br><strong>Information:<\/strong> <br>Wiersholm has had the privilege of assisting Total Specific Solutions in the acquisition of all the shares in Buypass AS from Norsk Tipping and Tietoevry.<span style=\"margin: var(--artdeco-reset-base-margin-zero);padding: var(--artdeco-reset-base-padding-zero);border: var(--artdeco-reset-base-border-zero);font-size: 14px;vertical-align: var(--artdeco-reset-base-vertical-align-baseline);, Helvetica, Arial, sans-serif;line-height: inherit !important\"><\/span> <br><strong>LinkedIn:<\/strong><br><a href=\"https:\/\/www.linkedin.com\/feed\/update\/urn:li:activity:7212154010466734080\">https:\/\/www.linkedin.com\/feed\/update\/urn:li:activity:72650343771332157<\/a><a href=\"https:\/\/www.linkedin.com\/feed\/update\/urn:li:activity:7262455516809854976\">46<\/a> <br><strong>Date: <\/strong><br>June 2024<\/p>\n\n\n\t\t\t<\/div>\n\t\t<\/div>\n\n<div class=\"t2-accordion-item wp-block-t2-accordion-item\" role=\"listitem\">\n\t\t\t<h2 class=\"t2-accordion-title\">\n\t\t\t\t<button type=\"button\" class=\"t2-accordion-trigger\" id=\"paratus-energy-private-placement-and-subsequent-listing\" aria-controls=\"accordion-panel-89\" aria-expanded=\"false\">\n\t\t\t\t\tParatus Energy private placement and subsequent listing\n\t\t\t\t\t<span class=\"t2-accordion-icon is-closed-icon\"><svg xmlns=\"http:\/\/www.w3.org\/2000\/svg\" viewBox=\"0 0 24 24\" height=\"24\" width=\"24\" class=\"t2-icon t2-icon-add\" aria-hidden=\"true\" focusable=\"false\"><g stroke=\"currentColor\" stroke-linecap=\"round\" stroke-linejoin=\"round\" stroke-width=\"1\" style=\"transform: scale(1);vector-effect: non-scaling-stroke;\"><path d=\"M12 4V20\" stroke=\"currentColor\" stroke-linecap=\"round\" stroke-linejoin=\"round\"\/><path d=\"M4 12H20\" stroke=\"currentColor\" stroke-linecap=\"round\" stroke-linejoin=\"round\"\/><\/g><\/svg><\/span>\n\t\t\t\t\t<span class=\"t2-accordion-icon is-open-icon\"><svg xmlns=\"http:\/\/www.w3.org\/2000\/svg\" viewBox=\"0 0 24 24\" height=\"24\" width=\"24\" class=\"t2-icon t2-icon-remove\" aria-hidden=\"true\" focusable=\"false\"><g stroke=\"currentColor\" stroke-linecap=\"round\" stroke-linejoin=\"round\" stroke-width=\"1\" style=\"transform: scale(1);vector-effect: non-scaling-stroke;\"><path d=\"M4 12H20\" stroke=\"currentColor\" stroke-linecap=\"round\" stroke-linejoin=\"round\"\/><\/g><\/svg><\/span>\n\t\t\t\t<\/button>\n\t\t\t<\/h2>\n\t\t\t<div class=\"t2-accordion-item__inner-container is-layout-flow\" id=\"accordion-panel-89\" aria-labelledby=\"paratus-energy-private-placement-and-subsequent-listing\" role=\"region\" hidden>\n\t\t\t\t\n\n<p><strong>Practise area:<\/strong> <a href=\"https:\/\/wiersholm.no\/kompetanser\/kapitalmarkeder-ecm-dcm\/\">Kapitalmarkeder (ECM)<\/a> <br><strong>Wiersholm core team<\/strong>:<br><a href=\"https:\/\/wiersholm.no\/mennesker\/ss\/\">Sandvik, Sverre<\/a> <a href=\"https:\/\/wiersholm.no\/mennesker\/kmur\/\">Ulstein-Rygnestad, Karl Magnus<\/a> <a href=\"https:\/\/wiersholm.no\/mennesker\/vilk\/\">K\u00e5ring, Vilde<\/a><br><strong>Information:<\/strong> <br>Wiersholm congratulates <a href=\"https:\/\/www.linkedin.com\/company\/paratus-energy\/\">Paratus Energy Services Ltd.<\/a> on its private placement raising gross proceeds of the NOK equivalent of USD 75 million. The private placement is carried out in relation to Paratus&#8217; contemplated listing on Euronext Growth Oslo, where the first day of trading is expected on 28 June 2024.<br><strong>LinkedIn:<\/strong><br><a href=\"https:\/\/www.linkedin.com\/feed\/update\/urn:li:activity:7211430885412225024\">https:\/\/www.linkedin.com\/feed\/update\/urn:li:activity:72650343771332157<\/a><a href=\"https:\/\/www.linkedin.com\/feed\/update\/urn:li:activity:7262455516809854976\">46<\/a> <br><strong>Date: <\/strong><br>June 2024<\/p>\n\n\n\t\t\t<\/div>\n\t\t<\/div>\n<\/div>","protected":false},"excerpt":{"rendered":"<p>Reference cases<\/p>\n","protected":false},"author":6,"featured_media":23636,"parent":0,"menu_order":0,"comment_status":"closed","ping_status":"closed","template":"","meta":{"editor_notices":[],"footnotes":""},"class_list":["post-22437","page","type-page","status-publish","has-post-thumbnail","hentry"],"yoast_head":"<!-- This site is optimized with the Yoast SEO Premium plugin v26.8 (Yoast SEO v26.8) - https:\/\/yoast.com\/product\/yoast-seo-premium-wordpress\/ -->\n<title>Recent transactions - Law firm Wiersholm<\/title>\n<meta name=\"robots\" content=\"index, follow, max-snippet:-1, max-image-preview:large, max-video-preview:-1\" \/>\n<link rel=\"canonical\" href=\"https:\/\/wiersholm.no\/en\/recent-transactions\/\" \/>\n<meta property=\"og:locale\" content=\"en_US\" \/>\n<meta property=\"og:type\" content=\"article\" \/>\n<meta property=\"og:title\" content=\"Recent transactions\" \/>\n<meta property=\"og:description\" content=\"Reference cases\" \/>\n<meta property=\"og:url\" content=\"https:\/\/wiersholm.no\/en\/recent-transactions\/\" \/>\n<meta property=\"og:site_name\" content=\"Law firm Wiersholm\" \/>\n<meta property=\"article:modified_time\" content=\"2026-04-28T07:52:00+00:00\" \/>\n<meta property=\"og:image\" content=\"https:\/\/wiersholm.no\/content\/uploads\/sites\/2\/2026\/01\/wiersholm-offices-25-scaled.jpg\" \/>\n\t<meta property=\"og:image:width\" content=\"2560\" \/>\n\t<meta property=\"og:image:height\" content=\"1440\" \/>\n\t<meta property=\"og:image:type\" content=\"image\/jpeg\" \/>\n<meta name=\"twitter:card\" content=\"summary_large_image\" \/>\n<meta name=\"twitter:label1\" content=\"Est. reading time\" \/>\n\t<meta name=\"twitter:data1\" content=\"32 minutes\" \/>\n<script type=\"application\/ld+json\" class=\"yoast-schema-graph\">{\"@context\":\"https:\/\/schema.org\",\"@graph\":[{\"@type\":\"WebPage\",\"@id\":\"https:\/\/wiersholm.no\/en\/recent-transactions\/\",\"url\":\"https:\/\/wiersholm.no\/en\/recent-transactions\/\",\"name\":\"Recent transactions - Law firm Wiersholm\",\"isPartOf\":{\"@id\":\"https:\/\/wiersholm.no\/en\/#website\"},\"primaryImageOfPage\":{\"@id\":\"https:\/\/wiersholm.no\/en\/recent-transactions\/#primaryimage\"},\"image\":{\"@id\":\"https:\/\/wiersholm.no\/en\/recent-transactions\/#primaryimage\"},\"thumbnailUrl\":\"https:\/\/wiersholm.no\/content\/uploads\/sites\/2\/2026\/01\/wiersholm-offices-25-scaled.jpg\",\"datePublished\":\"2025-02-24T11:28:37+00:00\",\"dateModified\":\"2026-04-28T07:52:00+00:00\",\"breadcrumb\":{\"@id\":\"https:\/\/wiersholm.no\/en\/recent-transactions\/#breadcrumb\"},\"inLanguage\":\"en-US\",\"potentialAction\":[{\"@type\":\"ReadAction\",\"target\":[\"https:\/\/wiersholm.no\/en\/recent-transactions\/\"]}]},{\"@type\":\"ImageObject\",\"inLanguage\":\"en-US\",\"@id\":\"https:\/\/wiersholm.no\/en\/recent-transactions\/#primaryimage\",\"url\":\"https:\/\/wiersholm.no\/content\/uploads\/sites\/2\/2026\/01\/wiersholm-offices-25-scaled.jpg\",\"contentUrl\":\"https:\/\/wiersholm.no\/content\/uploads\/sites\/2\/2026\/01\/wiersholm-offices-25-scaled.jpg\",\"width\":2560,\"height\":1440},{\"@type\":\"BreadcrumbList\",\"@id\":\"https:\/\/wiersholm.no\/en\/recent-transactions\/#breadcrumb\",\"itemListElement\":[{\"@type\":\"ListItem\",\"position\":1,\"name\":\"Home\",\"item\":\"https:\/\/wiersholm.no\/en\/\"},{\"@type\":\"ListItem\",\"position\":2,\"name\":\"Recent transactions\"}]},{\"@type\":\"WebSite\",\"@id\":\"https:\/\/wiersholm.no\/en\/#website\",\"url\":\"https:\/\/wiersholm.no\/en\/\",\"name\":\"Law firm Wiersholm\",\"description\":\"\",\"potentialAction\":[{\"@type\":\"SearchAction\",\"target\":{\"@type\":\"EntryPoint\",\"urlTemplate\":\"https:\/\/wiersholm.no\/en\/?s={search_term_string}\"},\"query-input\":{\"@type\":\"PropertyValueSpecification\",\"valueRequired\":true,\"valueName\":\"search_term_string\"}}],\"inLanguage\":\"en-US\"}]}<\/script>\n<!-- \/ Yoast SEO Premium plugin. -->","yoast_head_json":{"title":"Recent transactions - Law firm Wiersholm","robots":{"index":"index","follow":"follow","max-snippet":"max-snippet:-1","max-image-preview":"max-image-preview:large","max-video-preview":"max-video-preview:-1"},"canonical":"https:\/\/wiersholm.no\/en\/recent-transactions\/","og_locale":"en_US","og_type":"article","og_title":"Recent transactions","og_description":"Reference cases","og_url":"https:\/\/wiersholm.no\/en\/recent-transactions\/","og_site_name":"Law firm Wiersholm","article_modified_time":"2026-04-28T07:52:00+00:00","og_image":[{"width":2560,"height":1440,"url":"https:\/\/wiersholm.no\/content\/uploads\/sites\/2\/2026\/01\/wiersholm-offices-25-scaled.jpg","type":"image\/jpeg"}],"twitter_card":"summary_large_image","twitter_misc":{"Est. reading time":"32 minutes"},"schema":{"@context":"https:\/\/schema.org","@graph":[{"@type":"WebPage","@id":"https:\/\/wiersholm.no\/en\/recent-transactions\/","url":"https:\/\/wiersholm.no\/en\/recent-transactions\/","name":"Recent transactions - Law firm Wiersholm","isPartOf":{"@id":"https:\/\/wiersholm.no\/en\/#website"},"primaryImageOfPage":{"@id":"https:\/\/wiersholm.no\/en\/recent-transactions\/#primaryimage"},"image":{"@id":"https:\/\/wiersholm.no\/en\/recent-transactions\/#primaryimage"},"thumbnailUrl":"https:\/\/wiersholm.no\/content\/uploads\/sites\/2\/2026\/01\/wiersholm-offices-25-scaled.jpg","datePublished":"2025-02-24T11:28:37+00:00","dateModified":"2026-04-28T07:52:00+00:00","breadcrumb":{"@id":"https:\/\/wiersholm.no\/en\/recent-transactions\/#breadcrumb"},"inLanguage":"en-US","potentialAction":[{"@type":"ReadAction","target":["https:\/\/wiersholm.no\/en\/recent-transactions\/"]}]},{"@type":"ImageObject","inLanguage":"en-US","@id":"https:\/\/wiersholm.no\/en\/recent-transactions\/#primaryimage","url":"https:\/\/wiersholm.no\/content\/uploads\/sites\/2\/2026\/01\/wiersholm-offices-25-scaled.jpg","contentUrl":"https:\/\/wiersholm.no\/content\/uploads\/sites\/2\/2026\/01\/wiersholm-offices-25-scaled.jpg","width":2560,"height":1440},{"@type":"BreadcrumbList","@id":"https:\/\/wiersholm.no\/en\/recent-transactions\/#breadcrumb","itemListElement":[{"@type":"ListItem","position":1,"name":"Home","item":"https:\/\/wiersholm.no\/en\/"},{"@type":"ListItem","position":2,"name":"Recent transactions"}]},{"@type":"WebSite","@id":"https:\/\/wiersholm.no\/en\/#website","url":"https:\/\/wiersholm.no\/en\/","name":"Law firm Wiersholm","description":"","potentialAction":[{"@type":"SearchAction","target":{"@type":"EntryPoint","urlTemplate":"https:\/\/wiersholm.no\/en\/?s={search_term_string}"},"query-input":{"@type":"PropertyValueSpecification","valueRequired":true,"valueName":"search_term_string"}}],"inLanguage":"en-US"}]}},"_links":{"self":[{"href":"https:\/\/wiersholm.no\/en\/wp-json\/wp\/v2\/pages\/22437","targetHints":{"allow":["GET"]}}],"collection":[{"href":"https:\/\/wiersholm.no\/en\/wp-json\/wp\/v2\/pages"}],"about":[{"href":"https:\/\/wiersholm.no\/en\/wp-json\/wp\/v2\/types\/page"}],"author":[{"embeddable":true,"href":"https:\/\/wiersholm.no\/en\/wp-json\/wp\/v2\/users\/6"}],"replies":[{"embeddable":true,"href":"https:\/\/wiersholm.no\/en\/wp-json\/wp\/v2\/comments?post=22437"}],"version-history":[{"count":4,"href":"https:\/\/wiersholm.no\/en\/wp-json\/wp\/v2\/pages\/22437\/revisions"}],"predecessor-version":[{"id":23773,"href":"https:\/\/wiersholm.no\/en\/wp-json\/wp\/v2\/pages\/22437\/revisions\/23773"}],"wp:featuredmedia":[{"embeddable":true,"href":"https:\/\/wiersholm.no\/en\/wp-json\/wp\/v2\/media\/23636"}],"wp:attachment":[{"href":"https:\/\/wiersholm.no\/en\/wp-json\/wp\/v2\/media?parent=22437"}],"curies":[{"name":"wp","href":"https:\/\/api.w.org\/{rel}","templated":true}]}}